{"id":1586,"date":"2018-12-13T12:16:59","date_gmt":"2018-12-13T10:16:59","guid":{"rendered":"http:\/\/www.imuntanya.com\/catalogue\/"},"modified":"2019-07-22T13:02:33","modified_gmt":"2019-07-22T11:02:33","slug":"catalogue","status":"publish","type":"page","link":"http:\/\/www.imuntanya.com\/ar\/catalogue\/","title":{"rendered":"\u0643\u062a\u0627\u0644\u0648\u062c"},"content":{"rendered":"<p>[et_pb_section bb_built=&#8221;1&#8243; inner_width=&#8221;auto&#8221; inner_max_width=&#8221;1366px&#8221; next_background_color=&#8221;#000000&#8243;][et_pb_row _builder_version=&#8221;3.0.98&#8243; width=&#8221;80%&#8221; max_width=&#8221;1366px&#8221;][et_pb_column type=&#8221;4_4&#8243; custom_padding__hover=&#8221;|||&#8221; custom_padding=&#8221;|||&#8221;][et_pb_text _builder_version=&#8221;3.0.98&#8243; background_layout=&#8221;dark&#8221; text_font=&#8221;Rubik|300|||||||&#8221; text_font_size=&#8221;38px&#8221; text_text_color=&#8221;#999999&#8243; text_letter_spacing=&#8221;2px&#8221;]<\/p>\n<p>\nCat\u00e0leg &#8211; passarel\u00b7les penjants<\/p>\n<p>[\/et_pb_text][\/et_pb_column][\/et_pb_row][\/et_pb_section][et_pb_section bb_built=&#8221;1&#8243; inner_width=&#8221;auto&#8221; inner_max_width=&#8221;1366px&#8221; prev_background_color=&#8221;#000000&#8243; next_background_color=&#8221;#1e2930&#8243;][et_pb_row _builder_version=&#8221;3.0.98&#8243; width=&#8221;80%&#8221; max_width=&#8221;1366px&#8221;][et_pb_column type=&#8221;4_4&#8243; custom_padding__hover=&#8221;|||&#8221; custom_padding=&#8221;|||&#8221;][et_pb_button _builder_version=&#8221;3.0.98&#8243; button_text=&#8221;\u0627\u0644\u0639\u0648\u062f\u0629 \u0625\u0644\u0649 \u0627\u0644\u0646\u0645\u0627\u0630\u062c&#8221; button_url=&#8221;http:\/\/www.imuntanya.com\/ar\/%d9%86%d9%85%d8%a7%d8%b0%d8%ac-%d9%85%d9%86-%d8%a7%d9%84%d9%85%d9%85%d8%b1%d8%a7%d8%aa-%d8%a7%d9%84%d9%85%d8%b9%d9%84%d9%82%d8%a9-%d9%84%d8%b4%d8%b1%d9%83%d8%a9-%d8%a5%d9%8a%d9%85%d9%88%d9%86%d8%aa\/?lang=ar&#8221; url_new_window=&#8221;off&#8221; button_alignment=&#8221;right&#8221; background_layout=&#8221;light&#8221; custom_button=&#8221;on&#8221; button_text_size=&#8221;14&#8243; button_text_color=&#8221;#b6da1b&#8221; button_border_width=&#8221;1&#8243; button_border_color=&#8221;#b6da1b&#8221; button_letter_spacing=&#8221;0.3pt&#8221; button_font=&#8221;|300|||||||&#8221; button_use_icon=&#8221;off&#8221; button_icon_placement=&#8221;right&#8221; button_text_color_hover=&#8221;#cccccc&#8221; button_border_color_hover=&#8221;#cccccc&#8221; button_letter_spacing_hover=&#8221;0.3pt&#8221; button_text_size__hover_enabled=&#8221;off&#8221; button_text_size__hover=&#8221;null&#8221; button_one_text_size__hover_enabled=&#8221;off&#8221; button_one_text_size__hover=&#8221;null&#8221; button_two_text_size__hover_enabled=&#8221;off&#8221; button_two_text_size__hover=&#8221;null&#8221; button_text_color__hover_enabled=&#8221;on&#8221; button_text_color__hover=&#8221;#cccccc&#8221; button_one_text_color__hover_enabled=&#8221;off&#8221; button_one_text_color__hover=&#8221;null&#8221; button_two_text_color__hover_enabled=&#8221;off&#8221; button_two_text_color__hover=&#8221;null&#8221; button_border_width__hover_enabled=&#8221;off&#8221; button_border_width__hover=&#8221;null&#8221; button_one_border_width__hover_enabled=&#8221;off&#8221; button_one_border_width__hover=&#8221;null&#8221; button_two_border_width__hover_enabled=&#8221;off&#8221; button_two_border_width__hover=&#8221;null&#8221; button_border_color__hover_enabled=&#8221;on&#8221; button_border_color__hover=&#8221;#cccccc&#8221; button_one_border_color__hover_enabled=&#8221;off&#8221; button_one_border_color__hover=&#8221;null&#8221; button_two_border_color__hover_enabled=&#8221;off&#8221; button_two_border_color__hover=&#8221;null&#8221; button_border_radius__hover_enabled=&#8221;off&#8221; button_border_radius__hover=&#8221;null&#8221; button_one_border_radius__hover_enabled=&#8221;off&#8221; button_one_border_radius__hover=&#8221;null&#8221; button_two_border_radius__hover_enabled=&#8221;off&#8221; button_two_border_radius__hover=&#8221;null&#8221; button_letter_spacing__hover_enabled=&#8221;on&#8221; button_letter_spacing__hover=&#8221;0.3pt&#8221; button_one_letter_spacing__hover_enabled=&#8221;off&#8221; button_one_letter_spacing__hover=&#8221;null&#8221; button_two_letter_spacing__hover_enabled=&#8221;off&#8221; button_two_letter_spacing__hover=&#8221;null&#8221; button_bg_color__hover_enabled=&#8221;off&#8221; button_bg_color__hover=&#8221;null&#8221; button_one_bg_color__hover_enabled=&#8221;off&#8221; button_one_bg_color__hover=&#8221;null&#8221; button_two_bg_color__hover_enabled=&#8221;off&#8221; button_two_bg_color__hover=&#8221;null&#8221; \/][et_pb_tabs _builder_version=&#8221;3.0.98&#8243; width=&#8221;80%&#8221; max_width=&#8221;1366px&#8221;][et_pb_tab _builder_version=&#8221;3.0.98&#8243; title=&#8221;\u062c\u0645\u064a\u0639&#8221; use_background_color_gradient=&#8221;off&#8221; background_color_gradient_start=&#8221;#2b87da&#8221; background_color_gradient_end=&#8221;#29c4a9&#8243; background_color_gradient_type=&#8221;linear&#8221; background_color_gradient_direction=&#8221;180deg&#8221; background_color_gradient_direction_radial=&#8221;center&#8221; background_color_gradient_start_position=&#8221;0%&#8221; background_color_gradient_end_position=&#8221;100%&#8221; background_color_gradient_overlays_image=&#8221;off&#8221; parallax=&#8221;off&#8221; parallax_method=&#8221;on&#8221; background_size=&#8221;cover&#8221; background_position=&#8221;center&#8221; background_repeat=&#8221;no-repeat&#8221; background_blend=&#8221;normal&#8221; allow_player_pause=&#8221;off&#8221; tab_text_shadow_style=&#8221;none&#8221; body_text_shadow_style=&#8221;none&#8221; tab_text_shadow_horizontal_length=&#8221;0em&#8221; tab_text_shadow_vertical_length=&#8221;0em&#8221; tab_text_shadow_blur_strength=&#8221;0em&#8221; body_text_shadow_horizontal_length=&#8221;0em&#8221; body_text_shadow_vertical_length=&#8221;0em&#8221; body_text_shadow_blur_strength=&#8221;0em&#8221;]<\/p>\n\n\n\n<div id=\"wpv-view-layout-900-TCPID1586\" class=\"js-wpv-view-layout js-wpv-layout-responsive js-wpv-view-layout-900-TCPID1586\" data-viewnumber=\"900-TCPID1586\" data-pagination=\"{&quot;id&quot;:900,&quot;query&quot;:&quot;normal&quot;,&quot;type&quot;:&quot;disabled&quot;,&quot;effect&quot;:&quot;fade&quot;,&quot;duration&quot;:500,&quot;speed&quot;:5,&quot;pause_on_hover&quot;:&quot;disabled&quot;,&quot;stop_rollover&quot;:&quot;false&quot;,&quot;cache_pages&quot;:&quot;enabled&quot;,&quot;preload_images&quot;:&quot;enabled&quot;,&quot;preload_pages&quot;:&quot;enabled&quot;,&quot;preload_reach&quot;:1,&quot;spinner&quot;:&quot;builtin&quot;,&quot;spinner_image&quot;:&quot;http:\/\/imuntanya.com\/wp-content\/plugins\/wp-views\/embedded\/res\/img\/ajax-loader.gif&quot;,&quot;callback_next&quot;:&quot;&quot;,&quot;manage_history&quot;:&quot;enabled&quot;,&quot;has_controls_in_form&quot;:&quot;disabled&quot;,&quot;infinite_tolerance&quot;:&quot;0&quot;,&quot;max_pages&quot;:0,&quot;page&quot;:1,&quot;base_permalink&quot;:&quot;\/ar\/wp-json\/wp\/v2\/pages\/1586?wpv_view_count=900-TCPID1586&amp;wpv_paged=WPV_PAGE_NUM&quot;,&quot;loop&quot;:{&quot;type&quot;:&quot;&quot;,&quot;name&quot;:&quot;&quot;,&quot;data&quot;:[],&quot;id&quot;:0}}\" data-permalink=\"\/ar\/wp-json\/wp\/v2\/pages\/1586?wpv_view_count=900-TCPID1586\">\n\n\t\n\t\n\t\n\t\t\n\t\t<div class=\"row \">\n\t\t\t<div class=\"col-sm-4\"><div class=\"cataleg-info\">\r\n\t<div class=\"cataleg-tipus\">\u0646\u0645\u0627\u0630\u062c \u0628\u064a\u0631\u064a\u0646\u064a\u0648\u0633<\/div>\r\n  \t<div class=\"cataleg-title\"><a href=\"\/cataleg-p2\"><a href=\"http:\/\/www.imuntanya.com\/ar\/pont-penjant\/santa-maria-de-palautordera\/\">Santa Maria de Palautordera, Barcelona<\/a><\/a><\/div>\r\n  \t<div class=\"cataleg-link\"><a href=\"http:\/\/www.imuntanya.com\/ar\/pont-penjant\/santa-maria-de-palautordera\/\">\u0623\u0646\u0638\u0631 \u0625\u0644\u0649 \u0627\u0644\u0628\u064a\u0627\u0646\u0627\u062a<\/a><\/div>\r\n<\/div>\r\n<div class=\"cataleg-img\"><img decoding=\"async\" src=\"http:\/\/www.imuntanya.com\/wp-content\/uploads\/2022\/03\/PP_2020_SMariaPalautordera_pont_1_web-w-750x500-1.jpg\" \/> <img decoding=\"async\" src=\"http:\/\/www.imuntanya.com\/wp-content\/uploads\/2022\/03\/PP_2020_SMariaPalautordera_pont_2_web-w-750x500-1.jpg\" \/> <img decoding=\"async\" src=\"http:\/\/www.imuntanya.com\/wp-content\/uploads\/2022\/03\/PP_2020_SMariaPalautordera_pont_3_web-w-750x500-1.jpg\" \/>\r\n<\/div>\r\n\r\n\r\n<\/div>\n\t\t\n\t\t\n\t\t\t<div class=\"col-sm-4\"><div class=\"cataleg-info\">\r\n\t<div class=\"cataleg-tipus\">\u0646\u0645\u0627\u0630\u062c \u0643\u0627\u0631\u0628\u0627\u062a<\/div>\r\n  \t<div class=\"cataleg-title\"><a href=\"\/cataleg-p2\"><a href=\"http:\/\/www.imuntanya.com\/ar\/pont-penjant\/saint-paul-de-fenouillet-franca\/\">Saint-Paul-de-Fenouillet, Fran\u00e7a<\/a><\/a><\/div>\r\n  \t<div class=\"cataleg-link\"><a href=\"http:\/\/www.imuntanya.com\/ar\/pont-penjant\/saint-paul-de-fenouillet-franca\/\">\u0623\u0646\u0638\u0631 \u0625\u0644\u0649 \u0627\u0644\u0628\u064a\u0627\u0646\u0627\u062a<\/a><\/div>\r\n<\/div>\r\n<div class=\"cataleg-img\"><img decoding=\"async\" src=\"http:\/\/www.imuntanya.com\/wp-content\/uploads\/2022\/03\/PP_2020_SPaulFenouillet_pont_1_web-w-750x500-1.jpg\" \/> <img decoding=\"async\" src=\"http:\/\/www.imuntanya.com\/wp-content\/uploads\/2022\/03\/PP_2020_SPaulFenouillet_pont_2_web-w-750x500-1.jpg\" \/> <img decoding=\"async\" src=\"http:\/\/www.imuntanya.com\/wp-content\/uploads\/2022\/03\/PP_2020_SPaulFenouillet_pont_3_web-w-750x500-1.jpg\" \/>\r\n<\/div>\r\n\r\n\r\n<\/div>\n\t\t\n\t\t\n\t\t\t<div class=\"col-sm-4\"><div class=\"cataleg-info\">\r\n\t<div class=\"cataleg-tipus\">\u0646\u0645\u0627\u0630\u062c \u0623\u0637\u0644\u0633<\/div>\r\n  \t<div class=\"cataleg-title\"><a href=\"\/cataleg-p2\"><a href=\"http:\/\/www.imuntanya.com\/ar\/pont-penjant\/5855\/\">Barber\u00e0 del Vall\u00e8s, Barcelona<\/a><\/a><\/div>\r\n  \t<div class=\"cataleg-link\"><a href=\"http:\/\/www.imuntanya.com\/ar\/pont-penjant\/5855\/\">\u0623\u0646\u0638\u0631 \u0625\u0644\u0649 \u0627\u0644\u0628\u064a\u0627\u0646\u0627\u062a<\/a><\/div>\r\n<\/div>\r\n<div class=\"cataleg-img\"><img decoding=\"async\" src=\"http:\/\/www.imuntanya.com\/wp-content\/uploads\/2022\/04\/PP_2022_AMB-Barbera_pont_1-web-w-700x470-1.jpg\" \/> <img decoding=\"async\" src=\"http:\/\/www.imuntanya.com\/wp-content\/uploads\/2022\/04\/PP_2022_AMB-Barbera_pont_2-web-w-700x470-1.jpg\" \/> <img decoding=\"async\" src=\"http:\/\/www.imuntanya.com\/wp-content\/uploads\/2022\/04\/PP_2022_AMB-Barbera_pont_3-web-w-700x470-1.jpg\" \/>\r\n<\/div>\r\n\r\n\r\n<\/div>\n\t\t<\/div>\n\t\t\n\t\t\n\t\t<div class=\"row \">\n\t\t\t<div class=\"col-sm-4\"><div class=\"cataleg-info\">\r\n\t<div class=\"cataleg-tipus\">\u0639\u0631\u0648\u0636 \u0623\u0632\u064a\u0627\u0621<\/div>\r\n  \t<div class=\"cataleg-title\"><a href=\"\/cataleg-p2\"><a href=\"http:\/\/www.imuntanya.com\/ar\/pont-penjant\/rodes-pn-de-lalt-pirineu\/\">Rod\u00e9s, PN de l&#8217;Alt Pirineu<\/a><\/a><\/div>\r\n  \t<div class=\"cataleg-link\"><a href=\"http:\/\/www.imuntanya.com\/ar\/pont-penjant\/rodes-pn-de-lalt-pirineu\/\">\u0623\u0646\u0638\u0631 \u0625\u0644\u0649 \u0627\u0644\u0628\u064a\u0627\u0646\u0627\u062a<\/a><\/div>\r\n<\/div>\r\n<div class=\"cataleg-img\"><img decoding=\"async\" src=\"http:\/\/www.imuntanya.com\/wp-content\/uploads\/2022\/03\/PV_2022_Rodes-PNAltPirineu_passera_1-web-w-700x470-1.jpg\" \/> <img decoding=\"async\" src=\"http:\/\/www.imuntanya.com\/wp-content\/uploads\/2022\/03\/PV_2022_Rodes-PNAltPirineu_passera_3-web-w-700x470-1.jpg\" \/> <img decoding=\"async\" src=\"http:\/\/www.imuntanya.com\/wp-content\/uploads\/2022\/03\/PV_2022_Rodes-PNAltPirineu_passera_2-web-w-700x470-1.jpg\" \/>\r\n<\/div>\r\n\r\n\r\n<\/div>\n\t\t\n\t\t\n\t\t\t<div class=\"col-sm-4\"><div class=\"cataleg-info\">\r\n\t<div class=\"cataleg-tipus\">\u0639\u0631\u0648\u0636 \u0623\u0632\u064a\u0627\u0621<\/div>\r\n  \t<div class=\"cataleg-title\"><a href=\"\/cataleg-p2\"><a href=\"http:\/\/www.imuntanya.com\/ar\/pont-penjant\/passera-ancorada-roses-girona\/\">Far de Roses, Girona<\/a><\/a><\/div>\r\n  \t<div class=\"cataleg-link\"><a href=\"http:\/\/www.imuntanya.com\/ar\/pont-penjant\/passera-ancorada-roses-girona\/\">\u0623\u0646\u0638\u0631 \u0625\u0644\u0649 \u0627\u0644\u0628\u064a\u0627\u0646\u0627\u062a<\/a><\/div>\r\n<\/div>\r\n<div class=\"cataleg-img\"><img decoding=\"async\" src=\"http:\/\/www.imuntanya.com\/wp-content\/uploads\/2021\/06\/PV_2021_Roses-MiradorCisalla_1-web-w-700x470-1.jpg\" \/> <img decoding=\"async\" src=\"http:\/\/www.imuntanya.com\/wp-content\/uploads\/2021\/06\/PV_2021_Roses-MiradorCisalla_2-web-w-700x470-1.jpg\" \/> <img decoding=\"async\" src=\"http:\/\/www.imuntanya.com\/wp-content\/uploads\/2021\/06\/PV_2021_Roses-MiradorCisalla_3-web-w-700x470-1.jpg\" \/>\r\n<\/div>\r\n\r\n\r\n<\/div>\n\t\t\n\t\t\n\t\t\t<div class=\"col-sm-4\"><div class=\"cataleg-info\">\r\n\t<div class=\"cataleg-tipus\">\u0639\u0631\u0648\u0636 \u0623\u0632\u064a\u0627\u0621<\/div>\r\n  \t<div class=\"cataleg-title\"><a href=\"\/cataleg-p2\"><a href=\"http:\/\/www.imuntanya.com\/ar\/pont-penjant\/vall-de-toran-vall-daran\/\">Vall de Toran, Vall d&#8217;Aran<\/a><\/a><\/div>\r\n  \t<div class=\"cataleg-link\"><a href=\"http:\/\/www.imuntanya.com\/ar\/pont-penjant\/vall-de-toran-vall-daran\/\">\u0623\u0646\u0638\u0631 \u0625\u0644\u0649 \u0627\u0644\u0628\u064a\u0627\u0646\u0627\u062a<\/a><\/div>\r\n<\/div>\r\n<div class=\"cataleg-img\"><img decoding=\"async\" src=\"http:\/\/www.imuntanya.com\/wp-content\/uploads\/2022\/05\/PV_2021_ValldeToran_1_web-w-750x500-1.jpg\" \/>\r\n<\/div>\r\n\r\n\r\n<\/div>\n\t\t<\/div>\n\t\t\n\t\t\n\t\t<div class=\"row \">\n\t\t\t<div class=\"col-sm-4\"><div class=\"cataleg-info\">\r\n\t<div class=\"cataleg-tipus\">\u0639\u0631\u0648\u0636 \u0623\u0632\u064a\u0627\u0621<\/div>\r\n  \t<div class=\"cataleg-title\"><a href=\"\/cataleg-p2\"><a href=\"http:\/\/www.imuntanya.com\/ar\/pont-penjant\/un-nou-tram-del-cami-de-ronda-a-palamos\/\">Palam\u00f3s, Girona<\/a><\/a><\/div>\r\n  \t<div class=\"cataleg-link\"><a href=\"http:\/\/www.imuntanya.com\/ar\/pont-penjant\/un-nou-tram-del-cami-de-ronda-a-palamos\/\">\u0623\u0646\u0638\u0631 \u0625\u0644\u0649 \u0627\u0644\u0628\u064a\u0627\u0646\u0627\u062a<\/a><\/div>\r\n<\/div>\r\n<div class=\"cataleg-img\"><img decoding=\"async\" src=\"http:\/\/www.imuntanya.com\/wp-content\/uploads\/2021\/05\/PV_2021_Palamos-CamideRonda_1_web-w.jpg\" \/> <img decoding=\"async\" src=\"http:\/\/www.imuntanya.com\/wp-content\/uploads\/2021\/05\/PV_2021_Palamos-CamideRonda_2_web-w.jpg\" \/> <img decoding=\"async\" src=\"http:\/\/www.imuntanya.com\/wp-content\/uploads\/2021\/05\/PV_2021_Palamos-CamideRonda_3_web-w.jpg\" \/>\r\n<\/div>\r\n\r\n\r\n<\/div>\n\t\t\n\t\t\n\t\t\t<div class=\"col-sm-4\"><div class=\"cataleg-info\">\r\n\t<div class=\"cataleg-tipus\">\u0639\u0631\u0648\u0636 \u0623\u0632\u064a\u0627\u0621<\/div>\r\n  \t<div class=\"cataleg-title\"><a href=\"\/cataleg-p2\"><a href=\"http:\/\/www.imuntanya.com\/ar\/pont-penjant\/passera-sobre-el-riu-set-a-el-cogul\/\">Riu Set, El C\u00f2gul, Lleida<\/a><\/a><\/div>\r\n  \t<div class=\"cataleg-link\"><a href=\"http:\/\/www.imuntanya.com\/ar\/pont-penjant\/passera-sobre-el-riu-set-a-el-cogul\/\">\u0623\u0646\u0638\u0631 \u0625\u0644\u0649 \u0627\u0644\u0628\u064a\u0627\u0646\u0627\u062a<\/a><\/div>\r\n<\/div>\r\n<div class=\"cataleg-img\"><img decoding=\"async\" src=\"http:\/\/www.imuntanya.com\/wp-content\/uploads\/2021\/05\/PV_2020_ElCogul_RiuSet_passera_1_web-w.jpg\" \/> <img decoding=\"async\" src=\"http:\/\/www.imuntanya.com\/wp-content\/uploads\/2021\/05\/PV_2020_ElCogul_RiuSet_passera_2_web-w.jpg\" \/> <img decoding=\"async\" src=\"http:\/\/www.imuntanya.com\/wp-content\/uploads\/2021\/05\/PV_2020_ElCogul_RiuSet_passera_3_web-w.jpg\" \/>\r\n<\/div>\r\n\r\n\r\n<\/div>\n\t\t\n\t\t\n\t\t\t<div class=\"col-sm-4\"><div class=\"cataleg-info\">\r\n\t<div class=\"cataleg-tipus\">\u0646\u0645\u0627\u0630\u062c \u0623\u0648\u0631\u0627\u0644\u064a\u0633<\/div>\r\n  \t<div class=\"cataleg-title\"><a href=\"\/cataleg-p2\"><a href=\"http:\/\/www.imuntanya.com\/ar\/pont-penjant\/salardu-vall-daran\/\">Salard\u00fa, Vall d&#8217;Ar\u00e1n<\/a><\/a><\/div>\r\n  \t<div class=\"cataleg-link\"><a href=\"http:\/\/www.imuntanya.com\/ar\/pont-penjant\/salardu-vall-daran\/\">\u0623\u0646\u0638\u0631 \u0625\u0644\u0649 \u0627\u0644\u0628\u064a\u0627\u0646\u0627\u062a<\/a><\/div>\r\n<\/div>\r\n<div class=\"cataleg-img\"><img decoding=\"async\" src=\"http:\/\/www.imuntanya.com\/wp-content\/uploads\/2018\/11\/PP_2018-Salardu-2018_MUrals_1_web-w.jpg\" \/> <img decoding=\"async\" src=\"http:\/\/www.imuntanya.com\/wp-content\/uploads\/2018\/11\/PP_2018-Salardu-2018_MUrals_2_web-w.jpg\" \/> <img decoding=\"async\" src=\"http:\/\/www.imuntanya.com\/wp-content\/uploads\/2018\/11\/PP_2018-Salardu-2018_MUrals_3_web-w.jpg\" \/>\r\n<\/div>\r\n\r\n\r\n<\/div>\n\t\t<\/div>\n\t\t\n\t\t\n\t\t<div class=\"row \">\n\t\t\t<div class=\"col-sm-4\"><div class=\"cataleg-info\">\r\n\t<div class=\"cataleg-tipus\">\u0639\u0631\u0648\u0636 \u0623\u0632\u064a\u0627\u0621<\/div>\r\n  \t<div class=\"cataleg-title\"><a href=\"\/cataleg-p2\"><a href=\"http:\/\/www.imuntanya.com\/ar\/pont-penjant\/passarella-volada-de-tossa-de-mar\/\">Tossa de Mar<\/a><\/a><\/div>\r\n  \t<div class=\"cataleg-link\"><a href=\"http:\/\/www.imuntanya.com\/ar\/pont-penjant\/passarella-volada-de-tossa-de-mar\/\">\u0623\u0646\u0638\u0631 \u0625\u0644\u0649 \u0627\u0644\u0628\u064a\u0627\u0646\u0627\u062a<\/a><\/div>\r\n<\/div>\r\n<div class=\"cataleg-img\"><img decoding=\"async\" src=\"http:\/\/www.imuntanya.com\/wp-content\/uploads\/2018\/06\/PV_2018_Tossa-2018_1_web-w.jpg\" \/> <img decoding=\"async\" src=\"http:\/\/www.imuntanya.com\/wp-content\/uploads\/2018\/06\/PV_2018_Tossa-2018_2_web-w.jpg\" \/> <img decoding=\"async\" src=\"http:\/\/www.imuntanya.com\/wp-content\/uploads\/2018\/06\/PV_2018_Tossa-2018_3_web-w.jpg\" \/>\r\n<\/div>\r\n\r\n\r\n<\/div>\n\t\t\n\t\t\n\t\t\t<div class=\"col-sm-4\"><div class=\"cataleg-info\">\r\n\t<div class=\"cataleg-tipus\">\u0646\u0645\u0627\u0630\u062c \u0628\u064a\u0631\u064a\u0646\u064a\u0648\u0633<\/div>\r\n  \t<div class=\"cataleg-title\"><a href=\"\/cataleg-p2\"><a href=\"http:\/\/www.imuntanya.com\/ar\/pont-penjant\/sassis-france\/\">Sassis, France<\/a><\/a><\/div>\r\n  \t<div class=\"cataleg-link\"><a href=\"http:\/\/www.imuntanya.com\/ar\/pont-penjant\/sassis-france\/\">\u0623\u0646\u0638\u0631 \u0625\u0644\u0649 \u0627\u0644\u0628\u064a\u0627\u0646\u0627\u062a<\/a><\/div>\r\n<\/div>\r\n<div class=\"cataleg-img\"><img decoding=\"async\" src=\"http:\/\/www.imuntanya.com\/wp-content\/uploads\/2018\/11\/MPirineus_SassisFR_2017_OK.jpg\" \/>\r\n<\/div>\r\n\r\n\r\n<\/div>\n\t\t\n\t\t\n\t\t\t<div class=\"col-sm-4\"><div class=\"cataleg-info\">\r\n\t<div class=\"cataleg-tipus\">\u0646\u0645\u0627\u0630\u062c \u0623\u0648\u0631\u0627\u0644\u064a\u0633<\/div>\r\n  \t<div class=\"cataleg-title\"><a href=\"\/cataleg-p2\"><a href=\"http:\/\/www.imuntanya.com\/ar\/pont-penjant\/barrada-gedre-france\/\">Barrada Gedre, France<\/a><\/a><\/div>\r\n  \t<div class=\"cataleg-link\"><a href=\"http:\/\/www.imuntanya.com\/ar\/pont-penjant\/barrada-gedre-france\/\">\u0623\u0646\u0638\u0631 \u0625\u0644\u0649 \u0627\u0644\u0628\u064a\u0627\u0646\u0627\u062a<\/a><\/div>\r\n<\/div>\r\n<div class=\"cataleg-img\"><img decoding=\"async\" src=\"http:\/\/www.imuntanya.com\/wp-content\/uploads\/2018\/11\/MUrals_BarradaGedreFR_2017_OK.jpg\" \/>\r\n<\/div>\r\n\r\n\r\n<\/div>\n\t\t<\/div>\n\t\t\n\t\t\n\t\t<div class=\"row \">\n\t\t\t<div class=\"col-sm-4\"><div class=\"cataleg-info\">\r\n\t<div class=\"cataleg-tipus\">\u0646\u0645\u0627\u0630\u062c \u0645\u062e\u0635\u0635\u0629<\/div>\r\n  \t<div class=\"cataleg-title\"><a href=\"\/cataleg-p2\"><a href=\"http:\/\/www.imuntanya.com\/ar\/pont-penjant\/pielagos-santander\/\">Pi\u00e9lagos, Santander<\/a><\/a><\/div>\r\n  \t<div class=\"cataleg-link\"><a href=\"http:\/\/www.imuntanya.com\/ar\/pont-penjant\/pielagos-santander\/\">\u0623\u0646\u0638\u0631 \u0625\u0644\u0649 \u0627\u0644\u0628\u064a\u0627\u0646\u0627\u062a<\/a><\/div>\r\n<\/div>\r\n<div class=\"cataleg-img\"><img decoding=\"async\" src=\"http:\/\/www.imuntanya.com\/wp-content\/uploads\/2018\/09\/Mamida_Pielagos_2016_OK.jpg\" \/>\r\n<\/div>\r\n\r\n\r\n<\/div>\n\t\t\n\t\t\n\t\t\t<div class=\"col-sm-4\"><div class=\"cataleg-info\">\r\n\t<div class=\"cataleg-tipus\">\u0646\u0645\u0627\u0630\u062c \u0623\u0648\u0631\u0627\u0644\u064a\u0633<\/div>\r\n  \t<div class=\"cataleg-title\"><a href=\"\/cataleg-p2\"><a href=\"http:\/\/www.imuntanya.com\/ar\/pont-penjant\/sant-esteve-de-palautordera-barcelona\/\">Sant Esteve de Palautordera, Barcelona<\/a><\/a><\/div>\r\n  \t<div class=\"cataleg-link\"><a href=\"http:\/\/www.imuntanya.com\/ar\/pont-penjant\/sant-esteve-de-palautordera-barcelona\/\">\u0623\u0646\u0638\u0631 \u0625\u0644\u0649 \u0627\u0644\u0628\u064a\u0627\u0646\u0627\u062a<\/a><\/div>\r\n<\/div>\r\n<div class=\"cataleg-img\"><img decoding=\"async\" src=\"http:\/\/www.imuntanya.com\/wp-content\/uploads\/2018\/11\/MUrals_SantEstevePalautordera_2017_OK.jpg\" \/>\r\n<\/div>\r\n\r\n\r\n<\/div>\n\t\t\n\t\t\n\t\t\t<div class=\"col-sm-4\"><div class=\"cataleg-info\">\r\n\t<div class=\"cataleg-tipus\">\u0646\u0645\u0627\u0630\u062c \u0623\u0648\u0631\u0627\u0644\u064a\u0633<\/div>\r\n  \t<div class=\"cataleg-title\"><a href=\"\/cataleg-p2\"><a href=\"http:\/\/www.imuntanya.com\/ar\/pont-penjant\/luz-saint-sauvier-france\/\">Luz Saint Sauvier, France<\/a><\/a><\/div>\r\n  \t<div class=\"cataleg-link\"><a href=\"http:\/\/www.imuntanya.com\/ar\/pont-penjant\/luz-saint-sauvier-france\/\">\u0623\u0646\u0638\u0631 \u0625\u0644\u0649 \u0627\u0644\u0628\u064a\u0627\u0646\u0627\u062a<\/a><\/div>\r\n<\/div>\r\n<div class=\"cataleg-img\"><img decoding=\"async\" src=\"http:\/\/www.imuntanya.com\/wp-content\/uploads\/2018\/11\/MUrals_PontdelaSarreFR_2017_OK.jpg\" \/>\r\n<\/div>\r\n\r\n\r\n<\/div>\n\t\t<\/div>\n\t\t\n\t\t\n\t\t<div class=\"row \">\n\t\t\t<div class=\"col-sm-4\"><div class=\"cataleg-info\">\r\n\t<div class=\"cataleg-tipus\">\u0646\u0645\u0627\u0630\u062c \u0628\u064a\u0631\u064a\u0646\u064a\u0648\u0633<\/div>\r\n  \t<div class=\"cataleg-title\"><a href=\"\/cataleg-p2\"><a href=\"http:\/\/www.imuntanya.com\/ar\/pont-penjant\/saligos-france\/\">Saligos, France<\/a><\/a><\/div>\r\n  \t<div class=\"cataleg-link\"><a href=\"http:\/\/www.imuntanya.com\/ar\/pont-penjant\/saligos-france\/\">\u0623\u0646\u0638\u0631 \u0625\u0644\u0649 \u0627\u0644\u0628\u064a\u0627\u0646\u0627\u062a<\/a><\/div>\r\n<\/div>\r\n<div class=\"cataleg-img\"><img decoding=\"async\" src=\"http:\/\/www.imuntanya.com\/wp-content\/uploads\/2018\/09\/MPirineus_SaligosFR_2016_OK.jpg\" \/>\r\n<\/div>\r\n\r\n\r\n<\/div>\n\t\t\n\t\t\n\t\t\t<div class=\"col-sm-4\"><div class=\"cataleg-info\">\r\n\t<div class=\"cataleg-tipus\">\u0646\u0645\u0627\u0630\u062c \u0645\u062e\u0635\u0635\u0629<\/div>\r\n  \t<div class=\"cataleg-title\"><a href=\"\/cataleg-p2\"><a href=\"http:\/\/www.imuntanya.com\/ar\/pont-penjant\/la-ribere-france\/\">La Rib\u00e8re, France<\/a><\/a><\/div>\r\n  \t<div class=\"cataleg-link\"><a href=\"http:\/\/www.imuntanya.com\/ar\/pont-penjant\/la-ribere-france\/\">\u0623\u0646\u0638\u0631 \u0625\u0644\u0649 \u0627\u0644\u0628\u064a\u0627\u0646\u0627\u062a<\/a><\/div>\r\n<\/div>\r\n<div class=\"cataleg-img\"><img decoding=\"async\" src=\"http:\/\/www.imuntanya.com\/wp-content\/uploads\/2018\/11\/Mamida_LaRibereFR_2016_OK.jpg\" \/>\r\n<\/div>\r\n\r\n\r\n<\/div>\n\t\t\n\t\t\n\t\t\t<div class=\"col-sm-4\"><div class=\"cataleg-info\">\r\n\t<div class=\"cataleg-tipus\">\u0646\u0645\u0627\u0630\u062c \u0628\u064a\u0631\u064a\u0646\u064a\u0648\u0633<\/div>\r\n  \t<div class=\"cataleg-title\"><a href=\"\/cataleg-p2\"><a href=\"http:\/\/www.imuntanya.com\/ar\/pont-penjant\/gibraltar-united-kingdom\/\">Gibraltar, United Kingdom<\/a><\/a><\/div>\r\n  \t<div class=\"cataleg-link\"><a href=\"http:\/\/www.imuntanya.com\/ar\/pont-penjant\/gibraltar-united-kingdom\/\">\u0623\u0646\u0638\u0631 \u0625\u0644\u0649 \u0627\u0644\u0628\u064a\u0627\u0646\u0627\u062a<\/a><\/div>\r\n<\/div>\r\n<div class=\"cataleg-img\"><img decoding=\"async\" src=\"http:\/\/www.imuntanya.com\/wp-content\/uploads\/2018\/09\/MPirineus_GibraltarUK_2015_OK.jpg\" \/>\r\n<\/div>\r\n\r\n\r\n<\/div>\n\t\t<\/div>\n\t\t\n\t\t\n\t\t<div class=\"row \">\n\t\t\t<div class=\"col-sm-4\"><div class=\"cataleg-info\">\r\n\t<div class=\"cataleg-tipus\">\u0646\u0645\u0627\u0630\u062c \u0623\u0648\u0631\u0627\u0644\u064a\u0633<\/div>\r\n  \t<div class=\"cataleg-title\"><a href=\"\/cataleg-p2\"><a href=\"http:\/\/www.imuntanya.com\/ar\/pont-penjant\/parc-nacional-daiguestortes-lleida\/\">Parc Nacional d&#8217;Aig\u00fcestortes, Lleida<\/a><\/a><\/div>\r\n  \t<div class=\"cataleg-link\"><a href=\"http:\/\/www.imuntanya.com\/ar\/pont-penjant\/parc-nacional-daiguestortes-lleida\/\">\u0623\u0646\u0638\u0631 \u0625\u0644\u0649 \u0627\u0644\u0628\u064a\u0627\u0646\u0627\u062a<\/a><\/div>\r\n<\/div>\r\n<div class=\"cataleg-img\"><img decoding=\"async\" src=\"http:\/\/www.imuntanya.com\/wp-content\/uploads\/2018\/11\/MUrals_PantaCanBorrell_2012_OK.jpg\" \/>\r\n<\/div>\r\n\r\n\r\n<\/div>\n\t\t\n\t\t\n\t\t\t<div class=\"col-sm-4\"><div class=\"cataleg-info\">\r\n\t<div class=\"cataleg-tipus\">\u0646\u0645\u0627\u0630\u062c \u0623\u0648\u0631\u0627\u0644\u064a\u0633<\/div>\r\n  \t<div class=\"cataleg-title\"><a href=\"\/cataleg-p2\"><a href=\"http:\/\/www.imuntanya.com\/ar\/pont-penjant\/cirq-du-gavarnie-france\/\">Cirq du Gavarnie, France<\/a><\/a><\/div>\r\n  \t<div class=\"cataleg-link\"><a href=\"http:\/\/www.imuntanya.com\/ar\/pont-penjant\/cirq-du-gavarnie-france\/\">\u0623\u0646\u0638\u0631 \u0625\u0644\u0649 \u0627\u0644\u0628\u064a\u0627\u0646\u0627\u062a<\/a><\/div>\r\n<\/div>\r\n<div class=\"cataleg-img\"><img decoding=\"async\" src=\"http:\/\/www.imuntanya.com\/wp-content\/uploads\/2018\/11\/MUrals_CirqduGavarnieFR_2015_OK.jpg\" \/>\r\n<\/div>\r\n\r\n\r\n<\/div>\n\t\t\n\t\t\n\t\t\t<div class=\"col-sm-4\"><div class=\"cataleg-info\">\r\n\t<div class=\"cataleg-tipus\">\u0646\u0645\u0627\u0630\u062c \u0628\u064a\u0631\u064a\u0646\u064a\u0648\u0633<\/div>\r\n  \t<div class=\"cataleg-title\"><a href=\"\/cataleg-p2\"><a href=\"http:\/\/www.imuntanya.com\/ar\/pont-penjant\/herrera-pisuerga-palencia\/\">Herrera Pisuerga, Palencia<\/a><\/a><\/div>\r\n  \t<div class=\"cataleg-link\"><a href=\"http:\/\/www.imuntanya.com\/ar\/pont-penjant\/herrera-pisuerga-palencia\/\">\u0623\u0646\u0638\u0631 \u0625\u0644\u0649 \u0627\u0644\u0628\u064a\u0627\u0646\u0627\u062a<\/a><\/div>\r\n<\/div>\r\n<div class=\"cataleg-img\"><img decoding=\"async\" src=\"http:\/\/www.imuntanya.com\/wp-content\/uploads\/2018\/11\/MPirineus_HerreraPisuerga_2015_OK.jpg\" \/>\r\n<\/div>\r\n\r\n\r\n<\/div>\n\t\t<\/div>\n\t\t\n\t\t\n\t\t<div class=\"row \">\n\t\t\t<div class=\"col-sm-4\"><div class=\"cataleg-info\">\r\n\t<div class=\"cataleg-tipus\">\u0646\u0645\u0627\u0630\u062c \u0643\u0627\u0631\u0628\u0627\u062a<\/div>\r\n  \t<div class=\"cataleg-title\"><a href=\"\/cataleg-p2\"><a href=\"http:\/\/www.imuntanya.com\/ar\/pont-penjant\/bareges-france\/\">Bar\u00e8ges, France<\/a><\/a><\/div>\r\n  \t<div class=\"cataleg-link\"><a href=\"http:\/\/www.imuntanya.com\/ar\/pont-penjant\/bareges-france\/\">\u0623\u0646\u0638\u0631 \u0625\u0644\u0649 \u0627\u0644\u0628\u064a\u0627\u0646\u0627\u062a<\/a><\/div>\r\n<\/div>\r\n<div class=\"cataleg-img\"><img decoding=\"async\" src=\"http:\/\/www.imuntanya.com\/wp-content\/uploads\/2018\/11\/MCarpats_BaregesFR_2016_OK.jpg\" \/>\r\n<\/div>\r\n\r\n\r\n<\/div>\n\t\t\n\t\t\n\t\t\t<div class=\"col-sm-4\"><div class=\"cataleg-info\">\r\n\t<div class=\"cataleg-tipus\">\u0646\u0645\u0627\u0630\u062c \u0623\u0648\u0631\u0627\u0644\u064a\u0633<\/div>\r\n  \t<div class=\"cataleg-title\"><a href=\"\/cataleg-p2\"><a href=\"http:\/\/www.imuntanya.com\/ar\/pont-penjant\/artigouly-france\/\">Artigouly, France<\/a><\/a><\/div>\r\n  \t<div class=\"cataleg-link\"><a href=\"http:\/\/www.imuntanya.com\/ar\/pont-penjant\/artigouly-france\/\">\u0623\u0646\u0638\u0631 \u0625\u0644\u0649 \u0627\u0644\u0628\u064a\u0627\u0646\u0627\u062a<\/a><\/div>\r\n<\/div>\r\n<div class=\"cataleg-img\"><img decoding=\"async\" src=\"http:\/\/www.imuntanya.com\/wp-content\/uploads\/2018\/11\/MUrals_ArtigoulyFR_2015_OK.jpg\" \/>\r\n<\/div>\r\n\r\n\r\n<\/div>\n\t\t\n\t\t\n\t\t\t<div class=\"col-sm-4\"><div class=\"cataleg-info\">\r\n\t<div class=\"cataleg-tipus\">\u0639\u0631\u0648\u0636 \u0623\u0632\u064a\u0627\u0621<\/div>\r\n  \t<div class=\"cataleg-title\"><a href=\"\/cataleg-p2\"><a href=\"http:\/\/www.imuntanya.com\/ar\/pont-penjant\/soria-castilla-y-leon\/\">Soria, Castilla y Le\u00f3n<\/a><\/a><\/div>\r\n  \t<div class=\"cataleg-link\"><a href=\"http:\/\/www.imuntanya.com\/ar\/pont-penjant\/soria-castilla-y-leon\/\">\u0623\u0646\u0638\u0631 \u0625\u0644\u0649 \u0627\u0644\u0628\u064a\u0627\u0646\u0627\u062a<\/a><\/div>\r\n<\/div>\r\n<div class=\"cataleg-img\"><img decoding=\"async\" src=\"http:\/\/www.imuntanya.com\/wp-content\/uploads\/2022\/05\/PV_2014_Soria_2tram_1_web-w-750x500-1.jpg\" \/> <img decoding=\"async\" src=\"http:\/\/www.imuntanya.com\/wp-content\/uploads\/2022\/05\/PV_2014_Soria_2tram_3_web-w-750x500-1.jpg\" \/> <img decoding=\"async\" src=\"http:\/\/www.imuntanya.com\/wp-content\/uploads\/2022\/05\/PV_2014_Soria_2tram_4_web-w-750x500-1.jpg\" \/>\r\n<\/div>\r\n\r\n\r\n<\/div>\n\t\t<\/div>\n\t\t\n\t\t\n\t\t<div class=\"row \">\n\t\t\t<div class=\"col-sm-4\"><div class=\"cataleg-info\">\r\n\t<div class=\"cataleg-tipus\">\u0646\u0645\u0627\u0630\u062c \u0623\u0648\u0631\u0627\u0644\u064a\u0633<\/div>\r\n  \t<div class=\"cataleg-title\"><a href=\"\/cataleg-p2\"><a href=\"http:\/\/www.imuntanya.com\/ar\/pont-penjant\/panta-de-can-borrell-collserola\/\">Pant\u00e0 de Can Borrell, Collserola<\/a><\/a><\/div>\r\n  \t<div class=\"cataleg-link\"><a href=\"http:\/\/www.imuntanya.com\/ar\/pont-penjant\/panta-de-can-borrell-collserola\/\">\u0623\u0646\u0638\u0631 \u0625\u0644\u0649 \u0627\u0644\u0628\u064a\u0627\u0646\u0627\u062a<\/a><\/div>\r\n<\/div>\r\n<div class=\"cataleg-img\"><img decoding=\"async\" src=\"http:\/\/www.imuntanya.com\/wp-content\/uploads\/2018\/11\/MUrals_PantaCanBorrell_2012_OK.jpg\" \/>\r\n<\/div>\r\n\r\n\r\n<\/div>\n\t\t\n\t\t\n\t\t\t<div class=\"col-sm-4\"><div class=\"cataleg-info\">\r\n\t<div class=\"cataleg-tipus\">\u0646\u0645\u0627\u0630\u062c \u0623\u0646\u062f\u064a\u0633<\/div>\r\n  \t<div class=\"cataleg-title\"><a href=\"\/cataleg-p2\"><a href=\"http:\/\/www.imuntanya.com\/ar\/pont-penjant\/chulilla-valencia\/\">Chulilla, Val\u00e8ncia<\/a><\/a><\/div>\r\n  \t<div class=\"cataleg-link\"><a href=\"http:\/\/www.imuntanya.com\/ar\/pont-penjant\/chulilla-valencia\/\">\u0623\u0646\u0638\u0631 \u0625\u0644\u0649 \u0627\u0644\u0628\u064a\u0627\u0646\u0627\u062a<\/a><\/div>\r\n<\/div>\r\n<div class=\"cataleg-img\"><img decoding=\"async\" src=\"http:\/\/www.imuntanya.com\/wp-content\/uploads\/2018\/09\/MAndes_Chulilla_2012_OK2.jpg\" \/>\r\n<\/div>\r\n\r\n\r\n<\/div>\n\t\t\n\t\t\n\t\t\t<div class=\"col-sm-4\"><div class=\"cataleg-info\">\r\n\t<div class=\"cataleg-tipus\">\u0646\u0645\u0627\u0630\u062c \u0623\u0648\u0631\u0627\u0644\u064a\u0633<\/div>\r\n  \t<div class=\"cataleg-title\"><a href=\"\/cataleg-p2\"><a href=\"http:\/\/www.imuntanya.com\/ar\/pont-penjant\/vallfornes-parc-natural-del-montseny\/\">Vallforn\u00e8s, Parc Natural del Montseny<\/a><\/a><\/div>\r\n  \t<div class=\"cataleg-link\"><a href=\"http:\/\/www.imuntanya.com\/ar\/pont-penjant\/vallfornes-parc-natural-del-montseny\/\">\u0623\u0646\u0638\u0631 \u0625\u0644\u0649 \u0627\u0644\u0628\u064a\u0627\u0646\u0627\u062a<\/a><\/div>\r\n<\/div>\r\n<div class=\"cataleg-img\"><img decoding=\"async\" src=\"http:\/\/www.imuntanya.com\/wp-content\/uploads\/2018\/09\/MUrals_Vallfornes_2012_OK.jpg\" \/>\r\n<\/div>\r\n\r\n\r\n<\/div>\n\t\t<\/div>\n\t\t\n\t\t\n\t\t<div class=\"row \">\n\t\t\t<div class=\"col-sm-4\"><div class=\"cataleg-info\">\r\n\t<div class=\"cataleg-tipus\">\u0646\u0645\u0627\u0630\u062c \u0643\u0627\u0631\u0628\u0627\u062a<\/div>\r\n  \t<div class=\"cataleg-title\"><a href=\"\/cataleg-p2\"><a href=\"http:\/\/www.imuntanya.com\/ar\/pont-penjant\/lucena-del-cid-castello\/\">Lucena del Cid, Castell\u00f3<\/a><\/a><\/div>\r\n  \t<div class=\"cataleg-link\"><a href=\"http:\/\/www.imuntanya.com\/ar\/pont-penjant\/lucena-del-cid-castello\/\">\u0623\u0646\u0638\u0631 \u0625\u0644\u0649 \u0627\u0644\u0628\u064a\u0627\u0646\u0627\u062a<\/a><\/div>\r\n<\/div>\r\n<div class=\"cataleg-img\"><img decoding=\"async\" src=\"http:\/\/www.imuntanya.com\/wp-content\/uploads\/2018\/09\/MCarpats_LucenadelCid_2011_OK.jpg\" \/>\r\n<\/div>\r\n\r\n\r\n<\/div>\n\t\t\n\t\t\n\t\t\t<div class=\"col-sm-4\"><div class=\"cataleg-info\">\r\n\t<div class=\"cataleg-tipus\">\u0639\u0631\u0648\u0636 \u0623\u0632\u064a\u0627\u0621<\/div>\r\n  \t<div class=\"cataleg-title\"><a href=\"\/cataleg-p2\"><a href=\"http:\/\/www.imuntanya.com\/ar\/pont-penjant\/soria\/\">Soria<\/a><\/a><\/div>\r\n  \t<div class=\"cataleg-link\"><a href=\"http:\/\/www.imuntanya.com\/ar\/pont-penjant\/soria\/\">\u0623\u0646\u0638\u0631 \u0625\u0644\u0649 \u0627\u0644\u0628\u064a\u0627\u0646\u0627\u062a<\/a><\/div>\r\n<\/div>\r\n<div class=\"cataleg-img\"><img decoding=\"async\" src=\"http:\/\/www.imuntanya.com\/wp-content\/uploads\/2020\/05\/PVoladiza_Soria_2011_1_750x500.jpg\" \/> <img decoding=\"async\" src=\"http:\/\/www.imuntanya.com\/wp-content\/uploads\/2020\/05\/PVoladiza_Soria_2011_5_750x500.jpg\" \/> <img decoding=\"async\" src=\"http:\/\/www.imuntanya.com\/wp-content\/uploads\/2020\/05\/PVoladiza_Soria_2011_3_750x500.jpg\" \/>\r\n<\/div>\r\n\r\n\r\n<\/div>\n\t\t\n\t\t\n\t\t\t<div class=\"col-sm-4\"><div class=\"cataleg-info\">\r\n\t<div class=\"cataleg-tipus\">\u0646\u0645\u0627\u0630\u062c \u0623\u0637\u0644\u0633<\/div>\r\n  \t<div class=\"cataleg-title\"><a href=\"\/cataleg-p2\"><a href=\"http:\/\/www.imuntanya.com\/ar\/pont-penjant\/baro-lleida\/\">Bar\u00f3, Lleida<\/a><\/a><\/div>\r\n  \t<div class=\"cataleg-link\"><a href=\"http:\/\/www.imuntanya.com\/ar\/pont-penjant\/baro-lleida\/\">\u0623\u0646\u0638\u0631 \u0625\u0644\u0649 \u0627\u0644\u0628\u064a\u0627\u0646\u0627\u062a<\/a><\/div>\r\n<\/div>\r\n<div class=\"cataleg-img\"><img decoding=\"async\" src=\"http:\/\/www.imuntanya.com\/wp-content\/uploads\/2018\/09\/MAtles_Baro_2009_OK.jpg\" \/>\r\n<\/div>\r\n\r\n\r\n<\/div>\n\t\t<\/div>\n\t\t\n\t\t\n\t\t<div class=\"row \">\n\t\t\t<div class=\"col-sm-4\"><div class=\"cataleg-info\">\r\n\t<div class=\"cataleg-tipus\">\u0646\u0645\u0627\u0630\u062c \u0628\u064a\u0631\u064a\u0646\u064a\u0648\u0633<\/div>\r\n  \t<div class=\"cataleg-title\"><a href=\"\/cataleg-p2\"><a href=\"http:\/\/www.imuntanya.com\/ar\/pont-penjant\/pont-de-sanavastre-isovol\/\">Pont de Sanavastre, Is\u00f2vol<\/a><\/a><\/div>\r\n  \t<div class=\"cataleg-link\"><a href=\"http:\/\/www.imuntanya.com\/ar\/pont-penjant\/pont-de-sanavastre-isovol\/\">\u0623\u0646\u0638\u0631 \u0625\u0644\u0649 \u0627\u0644\u0628\u064a\u0627\u0646\u0627\u062a<\/a><\/div>\r\n<\/div>\r\n<div class=\"cataleg-img\"><img decoding=\"async\" src=\"http:\/\/www.imuntanya.com\/wp-content\/uploads\/2018\/11\/MPirineus_Isovol_2007_OK.jpg\" \/>\r\n<\/div>\r\n\r\n\r\n<\/div>\n\t\t\n\t\t\n\t\t\t<div class=\"col-sm-4\"><div class=\"cataleg-info\">\r\n\t<div class=\"cataleg-tipus\">\u0646\u0645\u0627\u0630\u062c \u0628\u064a\u0631\u064a\u0646\u064a\u0648\u0633<\/div>\r\n  \t<div class=\"cataleg-title\"><a href=\"\/cataleg-p2\"><a href=\"http:\/\/www.imuntanya.com\/ar\/pont-penjant\/rialp-lleida\/\">Rialp, Lleida<\/a><\/a><\/div>\r\n  \t<div class=\"cataleg-link\"><a href=\"http:\/\/www.imuntanya.com\/ar\/pont-penjant\/rialp-lleida\/\">\u0623\u0646\u0638\u0631 \u0625\u0644\u0649 \u0627\u0644\u0628\u064a\u0627\u0646\u0627\u062a<\/a><\/div>\r\n<\/div>\r\n<div class=\"cataleg-img\"><img decoding=\"async\" src=\"http:\/\/www.imuntanya.com\/wp-content\/uploads\/2018\/11\/MPirineus_Rialp_2007_OK.jpg\" \/>\r\n<\/div>\r\n\r\n\r\n<\/div>\n\t\t\n\t\t\n\t\t\t<div class=\"col-sm-4\"><div class=\"cataleg-info\">\r\n\t<div class=\"cataleg-tipus\">\u0646\u0645\u0627\u0630\u062c \u0628\u064a\u0631\u064a\u0646\u064a\u0648\u0633<\/div>\r\n  \t<div class=\"cataleg-title\"><a href=\"\/cataleg-p2\"><a href=\"http:\/\/www.imuntanya.com\/ar\/pont-penjant\/barruera-lleida\/\">Barruera, Lleida<\/a><\/a><\/div>\r\n  \t<div class=\"cataleg-link\"><a href=\"http:\/\/www.imuntanya.com\/ar\/pont-penjant\/barruera-lleida\/\">\u0623\u0646\u0638\u0631 \u0625\u0644\u0649 \u0627\u0644\u0628\u064a\u0627\u0646\u0627\u062a<\/a><\/div>\r\n<\/div>\r\n<div class=\"cataleg-img\"><img decoding=\"async\" src=\"http:\/\/www.imuntanya.com\/wp-content\/uploads\/2018\/11\/MPirineus_Barruera_2004_OK.jpg\" \/>\r\n<\/div>\r\n\r\n\r\n<\/div>\n\t\t<\/div>\n\t\t\n\t\n\t\n\t\n<\/div>\n\n<p>[\/et_pb_tab][et_pb_tab _builder_version=&#8221;3.0.98&#8243; title=&#8221;\u0623\u0648\u0631\u0627\u0644\u064a\u0633&#8221; use_background_color_gradient=&#8221;off&#8221; background_color_gradient_start=&#8221;#2b87da&#8221; background_color_gradient_end=&#8221;#29c4a9&#8243; background_color_gradient_type=&#8221;linear&#8221; background_color_gradient_direction=&#8221;180deg&#8221; background_color_gradient_direction_radial=&#8221;center&#8221; background_color_gradient_start_position=&#8221;0%&#8221; background_color_gradient_end_position=&#8221;100%&#8221; background_color_gradient_overlays_image=&#8221;off&#8221; parallax=&#8221;off&#8221; parallax_method=&#8221;on&#8221; background_size=&#8221;cover&#8221; background_position=&#8221;center&#8221; background_repeat=&#8221;no-repeat&#8221; background_blend=&#8221;normal&#8221; allow_player_pause=&#8221;off&#8221; tab_text_shadow_style=&#8221;none&#8221; body_text_shadow_style=&#8221;none&#8221; tab_text_shadow_horizontal_length=&#8221;0em&#8221; tab_text_shadow_vertical_length=&#8221;0em&#8221; tab_text_shadow_blur_strength=&#8221;0em&#8221; body_text_shadow_horizontal_length=&#8221;0em&#8221; body_text_shadow_vertical_length=&#8221;0em&#8221; body_text_shadow_blur_strength=&#8221;0em&#8221;]<\/p>\n\n\n\n<div id=\"wpv-view-layout-597-TCPID1586\" class=\"js-wpv-view-layout js-wpv-layout-responsive js-wpv-view-layout-597-TCPID1586\" data-viewnumber=\"597-TCPID1586\" data-pagination=\"{&quot;id&quot;:597,&quot;query&quot;:&quot;normal&quot;,&quot;type&quot;:&quot;disabled&quot;,&quot;effect&quot;:&quot;fade&quot;,&quot;duration&quot;:500,&quot;speed&quot;:5,&quot;pause_on_hover&quot;:&quot;disabled&quot;,&quot;stop_rollover&quot;:&quot;false&quot;,&quot;cache_pages&quot;:&quot;enabled&quot;,&quot;preload_images&quot;:&quot;enabled&quot;,&quot;preload_pages&quot;:&quot;enabled&quot;,&quot;preload_reach&quot;:1,&quot;spinner&quot;:&quot;builtin&quot;,&quot;spinner_image&quot;:&quot;http:\/\/imuntanya.com\/wp-content\/plugins\/wp-views\/embedded\/res\/img\/ajax-loader.gif&quot;,&quot;callback_next&quot;:&quot;&quot;,&quot;manage_history&quot;:&quot;enabled&quot;,&quot;has_controls_in_form&quot;:&quot;disabled&quot;,&quot;infinite_tolerance&quot;:&quot;0&quot;,&quot;max_pages&quot;:0,&quot;page&quot;:1,&quot;base_permalink&quot;:&quot;\/ar\/wp-json\/wp\/v2\/pages\/1586?wpv_view_count=597-TCPID1586&amp;wpv_paged=WPV_PAGE_NUM&quot;,&quot;loop&quot;:{&quot;type&quot;:&quot;&quot;,&quot;name&quot;:&quot;&quot;,&quot;data&quot;:[],&quot;id&quot;:0}}\" data-permalink=\"\/ar\/wp-json\/wp\/v2\/pages\/1586?wpv_view_count=597-TCPID1586\">\n\n\t\n\t\n\t\n\t\t\n\t\t<div class=\"row \">\n\t\t\t<div class=\"col-sm-4\"><div class=\"cataleg-info\">\r\n\t<div class=\"cataleg-tipus\">\u0646\u0645\u0627\u0630\u062c \u0623\u0648\u0631\u0627\u0644\u064a\u0633<\/div>\r\n  \t<div class=\"cataleg-title\"><a href=\"\/cataleg-p2\"><a href=\"http:\/\/www.imuntanya.com\/ar\/pont-penjant\/salardu-vall-daran\/\">Salard\u00fa, Vall d&#8217;Ar\u00e1n<\/a><\/a><\/div>\r\n  \t<div class=\"cataleg-link\"><a href=\"http:\/\/www.imuntanya.com\/ar\/pont-penjant\/salardu-vall-daran\/\">\u0623\u0646\u0638\u0631 \u0625\u0644\u0649 \u0627\u0644\u0628\u064a\u0627\u0646\u0627\u062a<\/a><\/div>\r\n<\/div>\r\n<div class=\"cataleg-img\"><img decoding=\"async\" src=\"http:\/\/www.imuntanya.com\/wp-content\/uploads\/2018\/11\/PP_2018-Salardu-2018_MUrals_1_web-w.jpg\" \/> <img decoding=\"async\" src=\"http:\/\/www.imuntanya.com\/wp-content\/uploads\/2018\/11\/PP_2018-Salardu-2018_MUrals_2_web-w.jpg\" \/> <img decoding=\"async\" src=\"http:\/\/www.imuntanya.com\/wp-content\/uploads\/2018\/11\/PP_2018-Salardu-2018_MUrals_3_web-w.jpg\" \/>\r\n<\/div>\r\n\r\n\r\n<\/div>\n\t\t\n\t\t\n\t\t\t<div class=\"col-sm-4\"><div class=\"cataleg-info\">\r\n\t<div class=\"cataleg-tipus\">\u0646\u0645\u0627\u0630\u062c \u0623\u0648\u0631\u0627\u0644\u064a\u0633<\/div>\r\n  \t<div class=\"cataleg-title\"><a href=\"\/cataleg-p2\"><a href=\"http:\/\/www.imuntanya.com\/ar\/pont-penjant\/barrada-gedre-france\/\">Barrada Gedre, France<\/a><\/a><\/div>\r\n  \t<div class=\"cataleg-link\"><a href=\"http:\/\/www.imuntanya.com\/ar\/pont-penjant\/barrada-gedre-france\/\">\u0623\u0646\u0638\u0631 \u0625\u0644\u0649 \u0627\u0644\u0628\u064a\u0627\u0646\u0627\u062a<\/a><\/div>\r\n<\/div>\r\n<div class=\"cataleg-img\"><img decoding=\"async\" src=\"http:\/\/www.imuntanya.com\/wp-content\/uploads\/2018\/11\/MUrals_BarradaGedreFR_2017_OK.jpg\" \/>\r\n<\/div>\r\n\r\n\r\n<\/div>\n\t\t\n\t\t\n\t\t\t<div class=\"col-sm-4\"><div class=\"cataleg-info\">\r\n\t<div class=\"cataleg-tipus\">\u0646\u0645\u0627\u0630\u062c \u0623\u0648\u0631\u0627\u0644\u064a\u0633<\/div>\r\n  \t<div class=\"cataleg-title\"><a href=\"\/cataleg-p2\"><a href=\"http:\/\/www.imuntanya.com\/ar\/pont-penjant\/sant-esteve-de-palautordera-barcelona\/\">Sant Esteve de Palautordera, Barcelona<\/a><\/a><\/div>\r\n  \t<div class=\"cataleg-link\"><a href=\"http:\/\/www.imuntanya.com\/ar\/pont-penjant\/sant-esteve-de-palautordera-barcelona\/\">\u0623\u0646\u0638\u0631 \u0625\u0644\u0649 \u0627\u0644\u0628\u064a\u0627\u0646\u0627\u062a<\/a><\/div>\r\n<\/div>\r\n<div class=\"cataleg-img\"><img decoding=\"async\" src=\"http:\/\/www.imuntanya.com\/wp-content\/uploads\/2018\/11\/MUrals_SantEstevePalautordera_2017_OK.jpg\" \/>\r\n<\/div>\r\n\r\n\r\n<\/div>\n\t\t<\/div>\n\t\t\n\t\t\n\t\t<div class=\"row \">\n\t\t\t<div class=\"col-sm-4\"><div class=\"cataleg-info\">\r\n\t<div class=\"cataleg-tipus\">\u0646\u0645\u0627\u0630\u062c \u0623\u0648\u0631\u0627\u0644\u064a\u0633<\/div>\r\n  \t<div class=\"cataleg-title\"><a href=\"\/cataleg-p2\"><a href=\"http:\/\/www.imuntanya.com\/ar\/pont-penjant\/luz-saint-sauvier-france\/\">Luz Saint Sauvier, France<\/a><\/a><\/div>\r\n  \t<div class=\"cataleg-link\"><a href=\"http:\/\/www.imuntanya.com\/ar\/pont-penjant\/luz-saint-sauvier-france\/\">\u0623\u0646\u0638\u0631 \u0625\u0644\u0649 \u0627\u0644\u0628\u064a\u0627\u0646\u0627\u062a<\/a><\/div>\r\n<\/div>\r\n<div class=\"cataleg-img\"><img decoding=\"async\" src=\"http:\/\/www.imuntanya.com\/wp-content\/uploads\/2018\/11\/MUrals_PontdelaSarreFR_2017_OK.jpg\" \/>\r\n<\/div>\r\n\r\n\r\n<\/div>\n\t\t\n\t\t\n\t\t\t<div class=\"col-sm-4\"><div class=\"cataleg-info\">\r\n\t<div class=\"cataleg-tipus\">\u0646\u0645\u0627\u0630\u062c \u0623\u0648\u0631\u0627\u0644\u064a\u0633<\/div>\r\n  \t<div class=\"cataleg-title\"><a href=\"\/cataleg-p2\"><a href=\"http:\/\/www.imuntanya.com\/ar\/pont-penjant\/parc-nacional-daiguestortes-lleida\/\">Parc Nacional d&#8217;Aig\u00fcestortes, Lleida<\/a><\/a><\/div>\r\n  \t<div class=\"cataleg-link\"><a href=\"http:\/\/www.imuntanya.com\/ar\/pont-penjant\/parc-nacional-daiguestortes-lleida\/\">\u0623\u0646\u0638\u0631 \u0625\u0644\u0649 \u0627\u0644\u0628\u064a\u0627\u0646\u0627\u062a<\/a><\/div>\r\n<\/div>\r\n<div class=\"cataleg-img\"><img decoding=\"async\" src=\"http:\/\/www.imuntanya.com\/wp-content\/uploads\/2018\/11\/MUrals_PantaCanBorrell_2012_OK.jpg\" \/>\r\n<\/div>\r\n\r\n\r\n<\/div>\n\t\t\n\t\t\n\t\t\t<div class=\"col-sm-4\"><div class=\"cataleg-info\">\r\n\t<div class=\"cataleg-tipus\">\u0646\u0645\u0627\u0630\u062c \u0623\u0648\u0631\u0627\u0644\u064a\u0633<\/div>\r\n  \t<div class=\"cataleg-title\"><a href=\"\/cataleg-p2\"><a href=\"http:\/\/www.imuntanya.com\/ar\/pont-penjant\/cirq-du-gavarnie-france\/\">Cirq du Gavarnie, France<\/a><\/a><\/div>\r\n  \t<div class=\"cataleg-link\"><a href=\"http:\/\/www.imuntanya.com\/ar\/pont-penjant\/cirq-du-gavarnie-france\/\">\u0623\u0646\u0638\u0631 \u0625\u0644\u0649 \u0627\u0644\u0628\u064a\u0627\u0646\u0627\u062a<\/a><\/div>\r\n<\/div>\r\n<div class=\"cataleg-img\"><img decoding=\"async\" src=\"http:\/\/www.imuntanya.com\/wp-content\/uploads\/2018\/11\/MUrals_CirqduGavarnieFR_2015_OK.jpg\" \/>\r\n<\/div>\r\n\r\n\r\n<\/div>\n\t\t<\/div>\n\t\t\n\t\t\n\t\t<div class=\"row \">\n\t\t\t<div class=\"col-sm-4\"><div class=\"cataleg-info\">\r\n\t<div class=\"cataleg-tipus\">\u0646\u0645\u0627\u0630\u062c \u0623\u0648\u0631\u0627\u0644\u064a\u0633<\/div>\r\n  \t<div class=\"cataleg-title\"><a href=\"\/cataleg-p2\"><a href=\"http:\/\/www.imuntanya.com\/ar\/pont-penjant\/artigouly-france\/\">Artigouly, France<\/a><\/a><\/div>\r\n  \t<div class=\"cataleg-link\"><a href=\"http:\/\/www.imuntanya.com\/ar\/pont-penjant\/artigouly-france\/\">\u0623\u0646\u0638\u0631 \u0625\u0644\u0649 \u0627\u0644\u0628\u064a\u0627\u0646\u0627\u062a<\/a><\/div>\r\n<\/div>\r\n<div class=\"cataleg-img\"><img decoding=\"async\" src=\"http:\/\/www.imuntanya.com\/wp-content\/uploads\/2018\/11\/MUrals_ArtigoulyFR_2015_OK.jpg\" \/>\r\n<\/div>\r\n\r\n\r\n<\/div>\n\t\t\n\t\t\n\t\t\t<div class=\"col-sm-4\"><div class=\"cataleg-info\">\r\n\t<div class=\"cataleg-tipus\">\u0646\u0645\u0627\u0630\u062c \u0623\u0648\u0631\u0627\u0644\u064a\u0633<\/div>\r\n  \t<div class=\"cataleg-title\"><a href=\"\/cataleg-p2\"><a href=\"http:\/\/www.imuntanya.com\/ar\/pont-penjant\/panta-de-can-borrell-collserola\/\">Pant\u00e0 de Can Borrell, Collserola<\/a><\/a><\/div>\r\n  \t<div class=\"cataleg-link\"><a href=\"http:\/\/www.imuntanya.com\/ar\/pont-penjant\/panta-de-can-borrell-collserola\/\">\u0623\u0646\u0638\u0631 \u0625\u0644\u0649 \u0627\u0644\u0628\u064a\u0627\u0646\u0627\u062a<\/a><\/div>\r\n<\/div>\r\n<div class=\"cataleg-img\"><img decoding=\"async\" src=\"http:\/\/www.imuntanya.com\/wp-content\/uploads\/2018\/11\/MUrals_PantaCanBorrell_2012_OK.jpg\" \/>\r\n<\/div>\r\n\r\n\r\n<\/div>\n\t\t\n\t\t\n\t\t\t<div class=\"col-sm-4\"><div class=\"cataleg-info\">\r\n\t<div class=\"cataleg-tipus\">\u0646\u0645\u0627\u0630\u062c \u0623\u0648\u0631\u0627\u0644\u064a\u0633<\/div>\r\n  \t<div class=\"cataleg-title\"><a href=\"\/cataleg-p2\"><a href=\"http:\/\/www.imuntanya.com\/ar\/pont-penjant\/vallfornes-parc-natural-del-montseny\/\">Vallforn\u00e8s, Parc Natural del Montseny<\/a><\/a><\/div>\r\n  \t<div class=\"cataleg-link\"><a href=\"http:\/\/www.imuntanya.com\/ar\/pont-penjant\/vallfornes-parc-natural-del-montseny\/\">\u0623\u0646\u0638\u0631 \u0625\u0644\u0649 \u0627\u0644\u0628\u064a\u0627\u0646\u0627\u062a<\/a><\/div>\r\n<\/div>\r\n<div class=\"cataleg-img\"><img decoding=\"async\" src=\"http:\/\/www.imuntanya.com\/wp-content\/uploads\/2018\/09\/MUrals_Vallfornes_2012_OK.jpg\" \/>\r\n<\/div>\r\n\r\n\r\n<\/div>\n\t\t<\/div>\n\t\t\n\t\n\t\n\t\n<\/div>\n\n<p>[\/et_pb_tab][et_pb_tab _builder_version=&#8221;3.0.98&#8243; title=&#8221;\u0628\u064a\u0631\u064a\u0646\u064a\u0648\u0633&#8221; use_background_color_gradient=&#8221;off&#8221; background_color_gradient_start=&#8221;#2b87da&#8221; background_color_gradient_end=&#8221;#29c4a9&#8243; background_color_gradient_type=&#8221;linear&#8221; background_color_gradient_direction=&#8221;180deg&#8221; background_color_gradient_direction_radial=&#8221;center&#8221; background_color_gradient_start_position=&#8221;0%&#8221; background_color_gradient_end_position=&#8221;100%&#8221; background_color_gradient_overlays_image=&#8221;off&#8221; parallax=&#8221;off&#8221; parallax_method=&#8221;on&#8221; background_size=&#8221;cover&#8221; background_position=&#8221;center&#8221; background_repeat=&#8221;no-repeat&#8221; background_blend=&#8221;normal&#8221; allow_player_pause=&#8221;off&#8221; tab_text_shadow_style=&#8221;none&#8221; body_text_shadow_style=&#8221;none&#8221; tab_text_shadow_horizontal_length=&#8221;0em&#8221; tab_text_shadow_vertical_length=&#8221;0em&#8221; tab_text_shadow_blur_strength=&#8221;0em&#8221; body_text_shadow_horizontal_length=&#8221;0em&#8221; body_text_shadow_vertical_length=&#8221;0em&#8221; body_text_shadow_blur_strength=&#8221;0em&#8221;]<\/p>\n\n\n\n<div id=\"wpv-view-layout-595-TCPID1586\" class=\"js-wpv-view-layout js-wpv-layout-responsive js-wpv-view-layout-595-TCPID1586\" data-viewnumber=\"595-TCPID1586\" data-pagination=\"{&quot;id&quot;:595,&quot;query&quot;:&quot;normal&quot;,&quot;type&quot;:&quot;disabled&quot;,&quot;effect&quot;:&quot;fade&quot;,&quot;duration&quot;:500,&quot;speed&quot;:5,&quot;pause_on_hover&quot;:&quot;disabled&quot;,&quot;stop_rollover&quot;:&quot;false&quot;,&quot;cache_pages&quot;:&quot;enabled&quot;,&quot;preload_images&quot;:&quot;enabled&quot;,&quot;preload_pages&quot;:&quot;enabled&quot;,&quot;preload_reach&quot;:1,&quot;spinner&quot;:&quot;builtin&quot;,&quot;spinner_image&quot;:&quot;http:\/\/imuntanya.com\/wp-content\/plugins\/wp-views\/embedded\/res\/img\/ajax-loader.gif&quot;,&quot;callback_next&quot;:&quot;&quot;,&quot;manage_history&quot;:&quot;enabled&quot;,&quot;has_controls_in_form&quot;:&quot;disabled&quot;,&quot;infinite_tolerance&quot;:&quot;0&quot;,&quot;max_pages&quot;:0,&quot;page&quot;:1,&quot;base_permalink&quot;:&quot;\/ar\/wp-json\/wp\/v2\/pages\/1586?wpv_view_count=595-TCPID1586&amp;wpv_paged=WPV_PAGE_NUM&quot;,&quot;loop&quot;:{&quot;type&quot;:&quot;&quot;,&quot;name&quot;:&quot;&quot;,&quot;data&quot;:[],&quot;id&quot;:0}}\" data-permalink=\"\/ar\/wp-json\/wp\/v2\/pages\/1586?wpv_view_count=595-TCPID1586\">\n\n\t\n\t\n\t\n\t\t\n\t\t<div class=\"row \">\n\t\t\t<div class=\"col-sm-4\"><div class=\"cataleg-info\">\r\n\t<div class=\"cataleg-tipus\">\u0646\u0645\u0627\u0630\u062c \u0628\u064a\u0631\u064a\u0646\u064a\u0648\u0633<\/div>\r\n  \t<div class=\"cataleg-title\"><a href=\"\/cataleg-p2\"><a href=\"http:\/\/www.imuntanya.com\/ar\/pont-penjant\/santa-maria-de-palautordera\/\">Santa Maria de Palautordera, Barcelona<\/a><\/a><\/div>\r\n  \t<div class=\"cataleg-link\"><a href=\"http:\/\/www.imuntanya.com\/ar\/pont-penjant\/santa-maria-de-palautordera\/\">\u0623\u0646\u0638\u0631 \u0625\u0644\u0649 \u0627\u0644\u0628\u064a\u0627\u0646\u0627\u062a<\/a><\/div>\r\n<\/div>\r\n<div class=\"cataleg-img\"><img decoding=\"async\" src=\"http:\/\/www.imuntanya.com\/wp-content\/uploads\/2022\/03\/PP_2020_SMariaPalautordera_pont_1_web-w-750x500-1.jpg\" \/> <img decoding=\"async\" src=\"http:\/\/www.imuntanya.com\/wp-content\/uploads\/2022\/03\/PP_2020_SMariaPalautordera_pont_2_web-w-750x500-1.jpg\" \/> <img decoding=\"async\" src=\"http:\/\/www.imuntanya.com\/wp-content\/uploads\/2022\/03\/PP_2020_SMariaPalautordera_pont_3_web-w-750x500-1.jpg\" \/>\r\n<\/div>\r\n\r\n\r\n<\/div>\n\t\t\n\t\t\n\t\t\t<div class=\"col-sm-4\"><div class=\"cataleg-info\">\r\n\t<div class=\"cataleg-tipus\">\u0646\u0645\u0627\u0630\u062c \u0628\u064a\u0631\u064a\u0646\u064a\u0648\u0633<\/div>\r\n  \t<div class=\"cataleg-title\"><a href=\"\/cataleg-p2\"><a href=\"http:\/\/www.imuntanya.com\/ar\/pont-penjant\/sassis-france\/\">Sassis, France<\/a><\/a><\/div>\r\n  \t<div class=\"cataleg-link\"><a href=\"http:\/\/www.imuntanya.com\/ar\/pont-penjant\/sassis-france\/\">\u0623\u0646\u0638\u0631 \u0625\u0644\u0649 \u0627\u0644\u0628\u064a\u0627\u0646\u0627\u062a<\/a><\/div>\r\n<\/div>\r\n<div class=\"cataleg-img\"><img decoding=\"async\" src=\"http:\/\/www.imuntanya.com\/wp-content\/uploads\/2018\/11\/MPirineus_SassisFR_2017_OK.jpg\" \/>\r\n<\/div>\r\n\r\n\r\n<\/div>\n\t\t\n\t\t\n\t\t\t<div class=\"col-sm-4\"><div class=\"cataleg-info\">\r\n\t<div class=\"cataleg-tipus\">\u0646\u0645\u0627\u0630\u062c \u0628\u064a\u0631\u064a\u0646\u064a\u0648\u0633<\/div>\r\n  \t<div class=\"cataleg-title\"><a href=\"\/cataleg-p2\"><a href=\"http:\/\/www.imuntanya.com\/ar\/pont-penjant\/saligos-france\/\">Saligos, France<\/a><\/a><\/div>\r\n  \t<div class=\"cataleg-link\"><a href=\"http:\/\/www.imuntanya.com\/ar\/pont-penjant\/saligos-france\/\">\u0623\u0646\u0638\u0631 \u0625\u0644\u0649 \u0627\u0644\u0628\u064a\u0627\u0646\u0627\u062a<\/a><\/div>\r\n<\/div>\r\n<div class=\"cataleg-img\"><img decoding=\"async\" src=\"http:\/\/www.imuntanya.com\/wp-content\/uploads\/2018\/09\/MPirineus_SaligosFR_2016_OK.jpg\" \/>\r\n<\/div>\r\n\r\n\r\n<\/div>\n\t\t<\/div>\n\t\t\n\t\t\n\t\t<div class=\"row \">\n\t\t\t<div class=\"col-sm-4\"><div class=\"cataleg-info\">\r\n\t<div class=\"cataleg-tipus\">\u0646\u0645\u0627\u0630\u062c \u0628\u064a\u0631\u064a\u0646\u064a\u0648\u0633<\/div>\r\n  \t<div class=\"cataleg-title\"><a href=\"\/cataleg-p2\"><a href=\"http:\/\/www.imuntanya.com\/ar\/pont-penjant\/gibraltar-united-kingdom\/\">Gibraltar, United Kingdom<\/a><\/a><\/div>\r\n  \t<div class=\"cataleg-link\"><a href=\"http:\/\/www.imuntanya.com\/ar\/pont-penjant\/gibraltar-united-kingdom\/\">\u0623\u0646\u0638\u0631 \u0625\u0644\u0649 \u0627\u0644\u0628\u064a\u0627\u0646\u0627\u062a<\/a><\/div>\r\n<\/div>\r\n<div class=\"cataleg-img\"><img decoding=\"async\" src=\"http:\/\/www.imuntanya.com\/wp-content\/uploads\/2018\/09\/MPirineus_GibraltarUK_2015_OK.jpg\" \/>\r\n<\/div>\r\n\r\n\r\n<\/div>\n\t\t\n\t\t\n\t\t\t<div class=\"col-sm-4\"><div class=\"cataleg-info\">\r\n\t<div class=\"cataleg-tipus\">\u0646\u0645\u0627\u0630\u062c \u0628\u064a\u0631\u064a\u0646\u064a\u0648\u0633<\/div>\r\n  \t<div class=\"cataleg-title\"><a href=\"\/cataleg-p2\"><a href=\"http:\/\/www.imuntanya.com\/ar\/pont-penjant\/herrera-pisuerga-palencia\/\">Herrera Pisuerga, Palencia<\/a><\/a><\/div>\r\n  \t<div class=\"cataleg-link\"><a href=\"http:\/\/www.imuntanya.com\/ar\/pont-penjant\/herrera-pisuerga-palencia\/\">\u0623\u0646\u0638\u0631 \u0625\u0644\u0649 \u0627\u0644\u0628\u064a\u0627\u0646\u0627\u062a<\/a><\/div>\r\n<\/div>\r\n<div class=\"cataleg-img\"><img decoding=\"async\" src=\"http:\/\/www.imuntanya.com\/wp-content\/uploads\/2018\/11\/MPirineus_HerreraPisuerga_2015_OK.jpg\" \/>\r\n<\/div>\r\n\r\n\r\n<\/div>\n\t\t\n\t\t\n\t\t\t<div class=\"col-sm-4\"><div class=\"cataleg-info\">\r\n\t<div class=\"cataleg-tipus\">\u0646\u0645\u0627\u0630\u062c \u0628\u064a\u0631\u064a\u0646\u064a\u0648\u0633<\/div>\r\n  \t<div class=\"cataleg-title\"><a href=\"\/cataleg-p2\"><a href=\"http:\/\/www.imuntanya.com\/ar\/pont-penjant\/pont-de-sanavastre-isovol\/\">Pont de Sanavastre, Is\u00f2vol<\/a><\/a><\/div>\r\n  \t<div class=\"cataleg-link\"><a href=\"http:\/\/www.imuntanya.com\/ar\/pont-penjant\/pont-de-sanavastre-isovol\/\">\u0623\u0646\u0638\u0631 \u0625\u0644\u0649 \u0627\u0644\u0628\u064a\u0627\u0646\u0627\u062a<\/a><\/div>\r\n<\/div>\r\n<div class=\"cataleg-img\"><img decoding=\"async\" src=\"http:\/\/www.imuntanya.com\/wp-content\/uploads\/2018\/11\/MPirineus_Isovol_2007_OK.jpg\" \/>\r\n<\/div>\r\n\r\n\r\n<\/div>\n\t\t<\/div>\n\t\t\n\t\t\n\t\t<div class=\"row \">\n\t\t\t<div class=\"col-sm-4\"><div class=\"cataleg-info\">\r\n\t<div class=\"cataleg-tipus\">\u0646\u0645\u0627\u0630\u062c \u0628\u064a\u0631\u064a\u0646\u064a\u0648\u0633<\/div>\r\n  \t<div class=\"cataleg-title\"><a href=\"\/cataleg-p2\"><a href=\"http:\/\/www.imuntanya.com\/ar\/pont-penjant\/rialp-lleida\/\">Rialp, Lleida<\/a><\/a><\/div>\r\n  \t<div class=\"cataleg-link\"><a href=\"http:\/\/www.imuntanya.com\/ar\/pont-penjant\/rialp-lleida\/\">\u0623\u0646\u0638\u0631 \u0625\u0644\u0649 \u0627\u0644\u0628\u064a\u0627\u0646\u0627\u062a<\/a><\/div>\r\n<\/div>\r\n<div class=\"cataleg-img\"><img decoding=\"async\" src=\"http:\/\/www.imuntanya.com\/wp-content\/uploads\/2018\/11\/MPirineus_Rialp_2007_OK.jpg\" \/>\r\n<\/div>\r\n\r\n\r\n<\/div>\n\t\t\n\t\t\n\t\t\t<div class=\"col-sm-4\"><div class=\"cataleg-info\">\r\n\t<div class=\"cataleg-tipus\">\u0646\u0645\u0627\u0630\u062c \u0628\u064a\u0631\u064a\u0646\u064a\u0648\u0633<\/div>\r\n  \t<div class=\"cataleg-title\"><a href=\"\/cataleg-p2\"><a href=\"http:\/\/www.imuntanya.com\/ar\/pont-penjant\/barruera-lleida\/\">Barruera, Lleida<\/a><\/a><\/div>\r\n  \t<div class=\"cataleg-link\"><a href=\"http:\/\/www.imuntanya.com\/ar\/pont-penjant\/barruera-lleida\/\">\u0623\u0646\u0638\u0631 \u0625\u0644\u0649 \u0627\u0644\u0628\u064a\u0627\u0646\u0627\u062a<\/a><\/div>\r\n<\/div>\r\n<div class=\"cataleg-img\"><img decoding=\"async\" src=\"http:\/\/www.imuntanya.com\/wp-content\/uploads\/2018\/11\/MPirineus_Barruera_2004_OK.jpg\" \/>\r\n<\/div>\r\n\r\n\r\n<\/div>\n\t\t\n\t\t\t<div class=\"col-sm-4\"><\/div>\n\t\t<\/div>\n\t\n\t\n\t\n\t\n<\/div>\n\n<p>[\/et_pb_tab][et_pb_tab _builder_version=&#8221;3.0.98&#8243; title=&#8221;\u0643\u0627\u0631\u0628\u0627\u0637\u0648\u0633&#8221; use_background_color_gradient=&#8221;off&#8221; background_color_gradient_start=&#8221;#2b87da&#8221; background_color_gradient_end=&#8221;#29c4a9&#8243; background_color_gradient_type=&#8221;linear&#8221; background_color_gradient_direction=&#8221;180deg&#8221; background_color_gradient_direction_radial=&#8221;center&#8221; background_color_gradient_start_position=&#8221;0%&#8221; background_color_gradient_end_position=&#8221;100%&#8221; background_color_gradient_overlays_image=&#8221;off&#8221; parallax=&#8221;off&#8221; parallax_method=&#8221;on&#8221; background_size=&#8221;cover&#8221; background_position=&#8221;center&#8221; background_repeat=&#8221;no-repeat&#8221; background_blend=&#8221;normal&#8221; allow_player_pause=&#8221;off&#8221; tab_text_shadow_style=&#8221;none&#8221; body_text_shadow_style=&#8221;none&#8221; tab_text_shadow_horizontal_length=&#8221;0em&#8221; tab_text_shadow_vertical_length=&#8221;0em&#8221; tab_text_shadow_blur_strength=&#8221;0em&#8221; body_text_shadow_horizontal_length=&#8221;0em&#8221; body_text_shadow_vertical_length=&#8221;0em&#8221; body_text_shadow_blur_strength=&#8221;0em&#8221;]<\/p>\n\n\n\n<div id=\"wpv-view-layout-598-TCPID1586\" class=\"js-wpv-view-layout js-wpv-layout-responsive js-wpv-view-layout-598-TCPID1586\" data-viewnumber=\"598-TCPID1586\" data-pagination=\"{&quot;id&quot;:598,&quot;query&quot;:&quot;normal&quot;,&quot;type&quot;:&quot;disabled&quot;,&quot;effect&quot;:&quot;fade&quot;,&quot;duration&quot;:500,&quot;speed&quot;:5,&quot;pause_on_hover&quot;:&quot;disabled&quot;,&quot;stop_rollover&quot;:&quot;false&quot;,&quot;cache_pages&quot;:&quot;enabled&quot;,&quot;preload_images&quot;:&quot;enabled&quot;,&quot;preload_pages&quot;:&quot;enabled&quot;,&quot;preload_reach&quot;:1,&quot;spinner&quot;:&quot;builtin&quot;,&quot;spinner_image&quot;:&quot;http:\/\/imuntanya.com\/wp-content\/plugins\/wp-views\/embedded\/res\/img\/ajax-loader.gif&quot;,&quot;callback_next&quot;:&quot;&quot;,&quot;manage_history&quot;:&quot;enabled&quot;,&quot;has_controls_in_form&quot;:&quot;disabled&quot;,&quot;infinite_tolerance&quot;:&quot;0&quot;,&quot;max_pages&quot;:0,&quot;page&quot;:1,&quot;base_permalink&quot;:&quot;\/ar\/wp-json\/wp\/v2\/pages\/1586?wpv_view_count=598-TCPID1586&amp;wpv_paged=WPV_PAGE_NUM&quot;,&quot;loop&quot;:{&quot;type&quot;:&quot;&quot;,&quot;name&quot;:&quot;&quot;,&quot;data&quot;:[],&quot;id&quot;:0}}\" data-permalink=\"\/ar\/wp-json\/wp\/v2\/pages\/1586?wpv_view_count=598-TCPID1586\">\n\n\t\n\t\n\t\n\t\t\n\t\t<div class=\"row \">\n\t\t\t<div class=\"col-sm-4\"><div class=\"cataleg-info\">\r\n\t<div class=\"cataleg-tipus\">\u0646\u0645\u0627\u0630\u062c \u0643\u0627\u0631\u0628\u0627\u062a<\/div>\r\n  \t<div class=\"cataleg-title\"><a href=\"\/cataleg-p2\"><a href=\"http:\/\/www.imuntanya.com\/ar\/pont-penjant\/saint-paul-de-fenouillet-franca\/\">Saint-Paul-de-Fenouillet, Fran\u00e7a<\/a><\/a><\/div>\r\n  \t<div class=\"cataleg-link\"><a href=\"http:\/\/www.imuntanya.com\/ar\/pont-penjant\/saint-paul-de-fenouillet-franca\/\">\u0623\u0646\u0638\u0631 \u0625\u0644\u0649 \u0627\u0644\u0628\u064a\u0627\u0646\u0627\u062a<\/a><\/div>\r\n<\/div>\r\n<div class=\"cataleg-img\"><img decoding=\"async\" src=\"http:\/\/www.imuntanya.com\/wp-content\/uploads\/2022\/03\/PP_2020_SPaulFenouillet_pont_1_web-w-750x500-1.jpg\" \/> <img decoding=\"async\" src=\"http:\/\/www.imuntanya.com\/wp-content\/uploads\/2022\/03\/PP_2020_SPaulFenouillet_pont_2_web-w-750x500-1.jpg\" \/> <img decoding=\"async\" src=\"http:\/\/www.imuntanya.com\/wp-content\/uploads\/2022\/03\/PP_2020_SPaulFenouillet_pont_3_web-w-750x500-1.jpg\" \/>\r\n<\/div>\r\n\r\n\r\n<\/div>\n\t\t\n\t\t\n\t\t\t<div class=\"col-sm-4\"><div class=\"cataleg-info\">\r\n\t<div class=\"cataleg-tipus\">\u0646\u0645\u0627\u0630\u062c \u0643\u0627\u0631\u0628\u0627\u062a<\/div>\r\n  \t<div class=\"cataleg-title\"><a href=\"\/cataleg-p2\"><a href=\"http:\/\/www.imuntanya.com\/ar\/pont-penjant\/bareges-france\/\">Bar\u00e8ges, France<\/a><\/a><\/div>\r\n  \t<div class=\"cataleg-link\"><a href=\"http:\/\/www.imuntanya.com\/ar\/pont-penjant\/bareges-france\/\">\u0623\u0646\u0638\u0631 \u0625\u0644\u0649 \u0627\u0644\u0628\u064a\u0627\u0646\u0627\u062a<\/a><\/div>\r\n<\/div>\r\n<div class=\"cataleg-img\"><img decoding=\"async\" src=\"http:\/\/www.imuntanya.com\/wp-content\/uploads\/2018\/11\/MCarpats_BaregesFR_2016_OK.jpg\" \/>\r\n<\/div>\r\n\r\n\r\n<\/div>\n\t\t\n\t\t\n\t\t\t<div class=\"col-sm-4\"><div class=\"cataleg-info\">\r\n\t<div class=\"cataleg-tipus\">\u0646\u0645\u0627\u0630\u062c \u0643\u0627\u0631\u0628\u0627\u062a<\/div>\r\n  \t<div class=\"cataleg-title\"><a href=\"\/cataleg-p2\"><a href=\"http:\/\/www.imuntanya.com\/ar\/pont-penjant\/lucena-del-cid-castello\/\">Lucena del Cid, Castell\u00f3<\/a><\/a><\/div>\r\n  \t<div class=\"cataleg-link\"><a href=\"http:\/\/www.imuntanya.com\/ar\/pont-penjant\/lucena-del-cid-castello\/\">\u0623\u0646\u0638\u0631 \u0625\u0644\u0649 \u0627\u0644\u0628\u064a\u0627\u0646\u0627\u062a<\/a><\/div>\r\n<\/div>\r\n<div class=\"cataleg-img\"><img decoding=\"async\" src=\"http:\/\/www.imuntanya.com\/wp-content\/uploads\/2018\/09\/MCarpats_LucenadelCid_2011_OK.jpg\" \/>\r\n<\/div>\r\n\r\n\r\n<\/div>\n\t\t<\/div>\n\t\t\n\t\n\t\n\t\n<\/div>\n\n<p>[\/et_pb_tab][et_pb_tab _builder_version=&#8221;3.0.98&#8243; title=&#8221; \u0623\u0637\u0644\u0633&#8221; use_background_color_gradient=&#8221;off&#8221; background_color_gradient_start=&#8221;#2b87da&#8221; background_color_gradient_end=&#8221;#29c4a9&#8243; background_color_gradient_type=&#8221;linear&#8221; background_color_gradient_direction=&#8221;180deg&#8221; background_color_gradient_direction_radial=&#8221;center&#8221; background_color_gradient_start_position=&#8221;0%&#8221; background_color_gradient_end_position=&#8221;100%&#8221; background_color_gradient_overlays_image=&#8221;off&#8221; parallax=&#8221;off&#8221; parallax_method=&#8221;on&#8221; background_size=&#8221;cover&#8221; background_position=&#8221;center&#8221; background_repeat=&#8221;no-repeat&#8221; background_blend=&#8221;normal&#8221; allow_player_pause=&#8221;off&#8221; tab_text_shadow_style=&#8221;none&#8221; body_text_shadow_style=&#8221;none&#8221; tab_text_shadow_horizontal_length=&#8221;0em&#8221; tab_text_shadow_vertical_length=&#8221;0em&#8221; tab_text_shadow_blur_strength=&#8221;0em&#8221; body_text_shadow_horizontal_length=&#8221;0em&#8221; body_text_shadow_vertical_length=&#8221;0em&#8221; body_text_shadow_blur_strength=&#8221;0em&#8221;]<\/p>\n\n\n\n<div id=\"wpv-view-layout-600-TCPID1586\" class=\"js-wpv-view-layout js-wpv-layout-responsive js-wpv-view-layout-600-TCPID1586\" data-viewnumber=\"600-TCPID1586\" data-pagination=\"{&quot;id&quot;:600,&quot;query&quot;:&quot;normal&quot;,&quot;type&quot;:&quot;disabled&quot;,&quot;effect&quot;:&quot;fade&quot;,&quot;duration&quot;:500,&quot;speed&quot;:5,&quot;pause_on_hover&quot;:&quot;disabled&quot;,&quot;stop_rollover&quot;:&quot;false&quot;,&quot;cache_pages&quot;:&quot;enabled&quot;,&quot;preload_images&quot;:&quot;enabled&quot;,&quot;preload_pages&quot;:&quot;enabled&quot;,&quot;preload_reach&quot;:1,&quot;spinner&quot;:&quot;builtin&quot;,&quot;spinner_image&quot;:&quot;http:\/\/imuntanya.com\/wp-content\/plugins\/wp-views\/embedded\/res\/img\/ajax-loader.gif&quot;,&quot;callback_next&quot;:&quot;&quot;,&quot;manage_history&quot;:&quot;enabled&quot;,&quot;has_controls_in_form&quot;:&quot;disabled&quot;,&quot;infinite_tolerance&quot;:&quot;0&quot;,&quot;max_pages&quot;:0,&quot;page&quot;:1,&quot;base_permalink&quot;:&quot;\/ar\/wp-json\/wp\/v2\/pages\/1586?wpv_view_count=600-TCPID1586&amp;wpv_paged=WPV_PAGE_NUM&quot;,&quot;loop&quot;:{&quot;type&quot;:&quot;&quot;,&quot;name&quot;:&quot;&quot;,&quot;data&quot;:[],&quot;id&quot;:0}}\" data-permalink=\"\/ar\/wp-json\/wp\/v2\/pages\/1586?wpv_view_count=600-TCPID1586\">\n\n\t\n\t\n\t\n\t\t\n\t\t<div class=\"row \">\n\t\t\t<div class=\"col-sm-4\"><div class=\"cataleg-info\">\r\n\t<div class=\"cataleg-tipus\">\u0646\u0645\u0627\u0630\u062c \u0623\u0637\u0644\u0633<\/div>\r\n  \t<div class=\"cataleg-title\"><a href=\"\/cataleg-p2\"><a href=\"http:\/\/www.imuntanya.com\/ar\/pont-penjant\/5855\/\">Barber\u00e0 del Vall\u00e8s, Barcelona<\/a><\/a><\/div>\r\n  \t<div class=\"cataleg-link\"><a href=\"http:\/\/www.imuntanya.com\/ar\/pont-penjant\/5855\/\">\u0623\u0646\u0638\u0631 \u0625\u0644\u0649 \u0627\u0644\u0628\u064a\u0627\u0646\u0627\u062a<\/a><\/div>\r\n<\/div>\r\n<div class=\"cataleg-img\"><img decoding=\"async\" src=\"http:\/\/www.imuntanya.com\/wp-content\/uploads\/2022\/04\/PP_2022_AMB-Barbera_pont_1-web-w-700x470-1.jpg\" \/> <img decoding=\"async\" src=\"http:\/\/www.imuntanya.com\/wp-content\/uploads\/2022\/04\/PP_2022_AMB-Barbera_pont_2-web-w-700x470-1.jpg\" \/> <img decoding=\"async\" src=\"http:\/\/www.imuntanya.com\/wp-content\/uploads\/2022\/04\/PP_2022_AMB-Barbera_pont_3-web-w-700x470-1.jpg\" \/>\r\n<\/div>\r\n\r\n\r\n<\/div>\n\t\t\n\t\t\n\t\t\t<div class=\"col-sm-4\"><div class=\"cataleg-info\">\r\n\t<div class=\"cataleg-tipus\">\u0646\u0645\u0627\u0630\u062c \u0623\u0637\u0644\u0633<\/div>\r\n  \t<div class=\"cataleg-title\"><a href=\"\/cataleg-p2\"><a href=\"http:\/\/www.imuntanya.com\/ar\/pont-penjant\/baro-lleida\/\">Bar\u00f3, Lleida<\/a><\/a><\/div>\r\n  \t<div class=\"cataleg-link\"><a href=\"http:\/\/www.imuntanya.com\/ar\/pont-penjant\/baro-lleida\/\">\u0623\u0646\u0638\u0631 \u0625\u0644\u0649 \u0627\u0644\u0628\u064a\u0627\u0646\u0627\u062a<\/a><\/div>\r\n<\/div>\r\n<div class=\"cataleg-img\"><img decoding=\"async\" src=\"http:\/\/www.imuntanya.com\/wp-content\/uploads\/2018\/09\/MAtles_Baro_2009_OK.jpg\" \/>\r\n<\/div>\r\n\r\n\r\n<\/div>\n\t\t\n\t\t\t<div class=\"col-sm-4\"><\/div>\n\t\t<\/div>\n\t\n\t\n\t\n\t\n<\/div>\n\n<p>[\/et_pb_tab][et_pb_tab _builder_version=&#8221;3.0.98&#8243; title=&#8221;\u0623\u0646\u062f\u064a\u0633&#8221; use_background_color_gradient=&#8221;off&#8221; background_color_gradient_start=&#8221;#2b87da&#8221; background_color_gradient_end=&#8221;#29c4a9&#8243; background_color_gradient_type=&#8221;linear&#8221; background_color_gradient_direction=&#8221;180deg&#8221; background_color_gradient_direction_radial=&#8221;center&#8221; background_color_gradient_start_position=&#8221;0%&#8221; background_color_gradient_end_position=&#8221;100%&#8221; background_color_gradient_overlays_image=&#8221;off&#8221; parallax=&#8221;off&#8221; parallax_method=&#8221;on&#8221; background_size=&#8221;cover&#8221; background_position=&#8221;center&#8221; background_repeat=&#8221;no-repeat&#8221; background_blend=&#8221;normal&#8221; allow_player_pause=&#8221;off&#8221; tab_text_shadow_style=&#8221;none&#8221; body_text_shadow_style=&#8221;none&#8221; tab_text_shadow_horizontal_length=&#8221;0em&#8221; tab_text_shadow_vertical_length=&#8221;0em&#8221; tab_text_shadow_blur_strength=&#8221;0em&#8221; body_text_shadow_horizontal_length=&#8221;0em&#8221; body_text_shadow_vertical_length=&#8221;0em&#8221; body_text_shadow_blur_strength=&#8221;0em&#8221;]<\/p>\n\n\n\n<div id=\"wpv-view-layout-599-TCPID1586\" class=\"js-wpv-view-layout js-wpv-layout-responsive js-wpv-view-layout-599-TCPID1586\" data-viewnumber=\"599-TCPID1586\" data-pagination=\"{&quot;id&quot;:599,&quot;query&quot;:&quot;normal&quot;,&quot;type&quot;:&quot;disabled&quot;,&quot;effect&quot;:&quot;fade&quot;,&quot;duration&quot;:500,&quot;speed&quot;:5,&quot;pause_on_hover&quot;:&quot;disabled&quot;,&quot;stop_rollover&quot;:&quot;false&quot;,&quot;cache_pages&quot;:&quot;enabled&quot;,&quot;preload_images&quot;:&quot;enabled&quot;,&quot;preload_pages&quot;:&quot;enabled&quot;,&quot;preload_reach&quot;:1,&quot;spinner&quot;:&quot;builtin&quot;,&quot;spinner_image&quot;:&quot;http:\/\/imuntanya.com\/wp-content\/plugins\/wp-views\/embedded\/res\/img\/ajax-loader.gif&quot;,&quot;callback_next&quot;:&quot;&quot;,&quot;manage_history&quot;:&quot;enabled&quot;,&quot;has_controls_in_form&quot;:&quot;disabled&quot;,&quot;infinite_tolerance&quot;:&quot;0&quot;,&quot;max_pages&quot;:0,&quot;page&quot;:1,&quot;base_permalink&quot;:&quot;\/ar\/wp-json\/wp\/v2\/pages\/1586?wpv_view_count=599-TCPID1586&amp;wpv_paged=WPV_PAGE_NUM&quot;,&quot;loop&quot;:{&quot;type&quot;:&quot;&quot;,&quot;name&quot;:&quot;&quot;,&quot;data&quot;:[],&quot;id&quot;:0}}\" data-permalink=\"\/ar\/wp-json\/wp\/v2\/pages\/1586?wpv_view_count=599-TCPID1586\">\n\n\t\n\t\n\t\n\t\t\n\t\t<div class=\"row \">\n\t\t\t<div class=\"col-sm-4\"><div class=\"cataleg-info\">\r\n\t<div class=\"cataleg-tipus\">\u0646\u0645\u0627\u0630\u062c \u0623\u0646\u062f\u064a\u0633<\/div>\r\n  \t<div class=\"cataleg-title\"><a href=\"\/cataleg-p2\"><a href=\"http:\/\/www.imuntanya.com\/ar\/pont-penjant\/chulilla-valencia\/\">Chulilla, Val\u00e8ncia<\/a><\/a><\/div>\r\n  \t<div class=\"cataleg-link\"><a href=\"http:\/\/www.imuntanya.com\/ar\/pont-penjant\/chulilla-valencia\/\">\u0623\u0646\u0638\u0631 \u0625\u0644\u0649 \u0627\u0644\u0628\u064a\u0627\u0646\u0627\u062a<\/a><\/div>\r\n<\/div>\r\n<div class=\"cataleg-img\"><img decoding=\"async\" src=\"http:\/\/www.imuntanya.com\/wp-content\/uploads\/2018\/09\/MAndes_Chulilla_2012_OK2.jpg\" \/>\r\n<\/div>\r\n\r\n\r\n<\/div>\n\t\t\n\t\t\t<div class=\"col-sm-4\"><\/div>\n\t\t\n\t\t\t<div class=\"col-sm-4\"><\/div>\n\t\t<\/div>\n\t\n\t\n\t\n\t\n<\/div>\n\n<p>[\/et_pb_tab][et_pb_tab _builder_version=&#8221;3.0.98&#8243; title=&#8221;\u0645\u062e\u0635\u0635\u0629 &#8221; use_background_color_gradient=&#8221;off&#8221; background_color_gradient_start=&#8221;#2b87da&#8221; background_color_gradient_end=&#8221;#29c4a9&#8243; background_color_gradient_type=&#8221;linear&#8221; background_color_gradient_direction=&#8221;180deg&#8221; background_color_gradient_direction_radial=&#8221;center&#8221; background_color_gradient_start_position=&#8221;0%&#8221; background_color_gradient_end_position=&#8221;100%&#8221; background_color_gradient_overlays_image=&#8221;off&#8221; parallax=&#8221;off&#8221; parallax_method=&#8221;on&#8221; background_size=&#8221;cover&#8221; background_position=&#8221;center&#8221; background_repeat=&#8221;no-repeat&#8221; background_blend=&#8221;normal&#8221; allow_player_pause=&#8221;off&#8221; tab_text_shadow_style=&#8221;none&#8221; body_text_shadow_style=&#8221;none&#8221; tab_text_shadow_horizontal_length=&#8221;0em&#8221; tab_text_shadow_vertical_length=&#8221;0em&#8221; tab_text_shadow_blur_strength=&#8221;0em&#8221; body_text_shadow_horizontal_length=&#8221;0em&#8221; body_text_shadow_vertical_length=&#8221;0em&#8221; body_text_shadow_blur_strength=&#8221;0em&#8221;]<\/p>\n\n\n\n<div id=\"wpv-view-layout-601-TCPID1586\" class=\"js-wpv-view-layout js-wpv-layout-responsive js-wpv-view-layout-601-TCPID1586\" data-viewnumber=\"601-TCPID1586\" data-pagination=\"{&quot;id&quot;:601,&quot;query&quot;:&quot;normal&quot;,&quot;type&quot;:&quot;disabled&quot;,&quot;effect&quot;:&quot;fade&quot;,&quot;duration&quot;:500,&quot;speed&quot;:5,&quot;pause_on_hover&quot;:&quot;disabled&quot;,&quot;stop_rollover&quot;:&quot;false&quot;,&quot;cache_pages&quot;:&quot;enabled&quot;,&quot;preload_images&quot;:&quot;enabled&quot;,&quot;preload_pages&quot;:&quot;enabled&quot;,&quot;preload_reach&quot;:1,&quot;spinner&quot;:&quot;builtin&quot;,&quot;spinner_image&quot;:&quot;http:\/\/imuntanya.com\/wp-content\/plugins\/wp-views\/embedded\/res\/img\/ajax-loader.gif&quot;,&quot;callback_next&quot;:&quot;&quot;,&quot;manage_history&quot;:&quot;enabled&quot;,&quot;has_controls_in_form&quot;:&quot;disabled&quot;,&quot;infinite_tolerance&quot;:&quot;0&quot;,&quot;max_pages&quot;:0,&quot;page&quot;:1,&quot;base_permalink&quot;:&quot;\/ar\/wp-json\/wp\/v2\/pages\/1586?wpv_view_count=601-TCPID1586&amp;wpv_paged=WPV_PAGE_NUM&quot;,&quot;loop&quot;:{&quot;type&quot;:&quot;&quot;,&quot;name&quot;:&quot;&quot;,&quot;data&quot;:[],&quot;id&quot;:0}}\" data-permalink=\"\/ar\/wp-json\/wp\/v2\/pages\/1586?wpv_view_count=601-TCPID1586\">\n\n\t\n\t\n\t\n\t\t\n\t\t<div class=\"row \">\n\t\t\t<div class=\"col-sm-4\"><div class=\"cataleg-info\">\r\n\t<div class=\"cataleg-tipus\">\u0646\u0645\u0627\u0630\u062c \u0645\u062e\u0635\u0635\u0629<\/div>\r\n  \t<div class=\"cataleg-title\"><a href=\"\/cataleg-p2\"><a href=\"http:\/\/www.imuntanya.com\/ar\/pont-penjant\/pielagos-santander\/\">Pi\u00e9lagos, Santander<\/a><\/a><\/div>\r\n  \t<div class=\"cataleg-link\"><a href=\"http:\/\/www.imuntanya.com\/ar\/pont-penjant\/pielagos-santander\/\">\u0623\u0646\u0638\u0631 \u0625\u0644\u0649 \u0627\u0644\u0628\u064a\u0627\u0646\u0627\u062a<\/a><\/div>\r\n<\/div>\r\n<div class=\"cataleg-img\"><img decoding=\"async\" src=\"http:\/\/www.imuntanya.com\/wp-content\/uploads\/2018\/09\/Mamida_Pielagos_2016_OK.jpg\" \/>\r\n<\/div>\r\n\r\n\r\n<\/div>\n\t\t\n\t\t\n\t\t\t<div class=\"col-sm-4\"><div class=\"cataleg-info\">\r\n\t<div class=\"cataleg-tipus\">\u0646\u0645\u0627\u0630\u062c \u0645\u062e\u0635\u0635\u0629<\/div>\r\n  \t<div class=\"cataleg-title\"><a href=\"\/cataleg-p2\"><a href=\"http:\/\/www.imuntanya.com\/ar\/pont-penjant\/la-ribere-france\/\">La Rib\u00e8re, France<\/a><\/a><\/div>\r\n  \t<div class=\"cataleg-link\"><a href=\"http:\/\/www.imuntanya.com\/ar\/pont-penjant\/la-ribere-france\/\">\u0623\u0646\u0638\u0631 \u0625\u0644\u0649 \u0627\u0644\u0628\u064a\u0627\u0646\u0627\u062a<\/a><\/div>\r\n<\/div>\r\n<div class=\"cataleg-img\"><img decoding=\"async\" src=\"http:\/\/www.imuntanya.com\/wp-content\/uploads\/2018\/11\/Mamida_LaRibereFR_2016_OK.jpg\" \/>\r\n<\/div>\r\n\r\n\r\n<\/div>\n\t\t\n\t\t\t<div class=\"col-sm-4\"><\/div>\n\t\t<\/div>\n\t\n\t\n\t\n\t\n<\/div>\n\n<p>[\/et_pb_tab][\/et_pb_tabs][\/et_pb_column][\/et_pb_row][\/et_pb_section][et_pb_section bb_built=&#8221;1&#8243; _builder_version=&#8221;3.25.4&#8243; background_color=&#8221;#1e2930&#8243; custom_padding=&#8221;20px||20px|&#8221; global_module=&#8221;2355&#8243; prev_background_color=&#8221;#000000&#8243;][et_pb_row global_parent=&#8221;2355&#8243; _builder_version=&#8221;3.25&#8243; background_size=&#8221;initial&#8221; background_position=&#8221;top_left&#8221; background_repeat=&#8221;repeat&#8221;][et_pb_column type=&#8221;4_4&#8243; global_parent=&#8221;2355&#8243; _builder_version=&#8221;3.0.47&#8243; custom_padding=&#8221;|||&#8221; custom_padding__hover=&#8221;|||&#8221;][et_pb_image global_parent=&#8221;2355&#8243; src=&#8221;http:\/\/imuntanya.com\/wp-content\/themes\/divi-child\/images\/imu-ar-w.png&#8221; align_tablet=&#8221;center&#8221; align_last_edited=&#8221;on|desktop&#8221; _builder_version=&#8221;3.25.4&#8243; max_width=&#8221;400px&#8221; z_index_tablet=&#8221;500&#8243; box_shadow_horizontal_tablet=&#8221;0px&#8221; box_shadow_vertical_tablet=&#8221;0px&#8221; box_shadow_blur_tablet=&#8221;40px&#8221; box_shadow_spread_tablet=&#8221;0px&#8221; \/][\/et_pb_column][\/et_pb_row][et_pb_row global_parent=&#8221;2355&#8243; _builder_version=&#8221;3.25&#8243; background_size=&#8221;initial&#8221; background_position=&#8221;top_left&#8221; background_repeat=&#8221;repeat&#8221; column_structure=&#8221;1_2,1_4,1_4&#8243;][et_pb_column type=&#8221;1_2&#8243; global_parent=&#8221;2355&#8243; _builder_version=&#8221;3.0.47&#8243; custom_padding=&#8221;|||&#8221; custom_padding__hover=&#8221;|||&#8221;][et_pb_map global_parent=&#8221;2355&#8243; address=&#8221;25265 Castellnou de Seana, Lleida, Espanya&#8221; zoom_level=&#8221;15&#8243; address_lat=&#8221;41.64091740000001&#8243; address_lng=&#8221;0.9723607999999331&#8243; use_grayscale_filter=&#8221;on&#8221; _builder_version=&#8221;3.0.98&#8243; child_filter_saturate=&#8221;0%&#8221; \/][\/et_pb_column][et_pb_column type=&#8221;1_4&#8243; global_parent=&#8221;2355&#8243; _builder_version=&#8221;3.0.47&#8243; custom_padding=&#8221;|||&#8221; custom_padding__hover=&#8221;|||&#8221;][et_pb_text global_parent=&#8221;2355&#8243; _builder_version=&#8221;3.0.98&#8243;]<\/p>\n<h4 style=\"color: #b0cc36;\">Contacte<\/h4>\n<p>Pol\u00edgon Industrial Els Plans<br \/>Carretera Castellnou N-II<br \/>25265 Castellnou de Seana (Lleida)<br \/>Tel. Fax +34 973 60 48 18<br \/>imuntanya@imuntanya.com<\/p>\n<p>[\/et_pb_text][et_pb_text global_parent=&#8221;2355&#8243; _builder_version=&#8221;3.25.4&#8243; z_index_tablet=&#8221;500&#8243; text_text_shadow_horizontal_length_tablet=&#8221;0px&#8221; text_text_shadow_vertical_length_tablet=&#8221;0px&#8221; text_text_shadow_blur_strength_tablet=&#8221;1px&#8221; link_text_shadow_horizontal_length_tablet=&#8221;0px&#8221; link_text_shadow_vertical_length_tablet=&#8221;0px&#8221; link_text_shadow_blur_strength_tablet=&#8221;1px&#8221; ul_text_shadow_horizontal_length_tablet=&#8221;0px&#8221; ul_text_shadow_vertical_length_tablet=&#8221;0px&#8221; ul_text_shadow_blur_strength_tablet=&#8221;1px&#8221; ol_text_shadow_horizontal_length_tablet=&#8221;0px&#8221; ol_text_shadow_vertical_length_tablet=&#8221;0px&#8221; ol_text_shadow_blur_strength_tablet=&#8221;1px&#8221; quote_text_shadow_horizontal_length_tablet=&#8221;0px&#8221; quote_text_shadow_vertical_length_tablet=&#8221;0px&#8221; quote_text_shadow_blur_strength_tablet=&#8221;1px&#8221; header_text_shadow_horizontal_length_tablet=&#8221;0px&#8221; header_text_shadow_vertical_length_tablet=&#8221;0px&#8221; header_text_shadow_blur_strength_tablet=&#8221;1px&#8221; header_2_text_shadow_horizontal_length_tablet=&#8221;0px&#8221; header_2_text_shadow_vertical_length_tablet=&#8221;0px&#8221; header_2_text_shadow_blur_strength_tablet=&#8221;1px&#8221; header_3_text_shadow_horizontal_length_tablet=&#8221;0px&#8221; header_3_text_shadow_vertical_length_tablet=&#8221;0px&#8221; header_3_text_shadow_blur_strength_tablet=&#8221;1px&#8221; header_4_text_shadow_horizontal_length_tablet=&#8221;0px&#8221; header_4_text_shadow_vertical_length_tablet=&#8221;0px&#8221; header_4_text_shadow_blur_strength_tablet=&#8221;1px&#8221; header_5_text_shadow_horizontal_length_tablet=&#8221;0px&#8221; header_5_text_shadow_vertical_length_tablet=&#8221;0px&#8221; header_5_text_shadow_blur_strength_tablet=&#8221;1px&#8221; header_6_text_shadow_horizontal_length_tablet=&#8221;0px&#8221; header_6_text_shadow_vertical_length_tablet=&#8221;0px&#8221; header_6_text_shadow_blur_strength_tablet=&#8221;1px&#8221; box_shadow_horizontal_tablet=&#8221;0px&#8221; box_shadow_vertical_tablet=&#8221;0px&#8221; box_shadow_blur_tablet=&#8221;40px&#8221; box_shadow_spread_tablet=&#8221;0px&#8221;]<\/p>\n<h5><span style=\"color: #b6da1b;\"><a style=\"color: #b6da1b;\" href=\"http:\/\/www.imuntanya.com\/avis-legal\/\">Av\u00eds legal<\/a><\/span><\/h5>\n<h5><span style=\"color: #b6da1b;\"><a style=\"color: #b6da1b;\" href=\"http:\/\/www.imuntanya.com\/politica-de-cookies\/\">Pol\u00edtica de cookies<\/a><\/span><\/h5>\n<h5><span style=\"color: #b6da1b;\"><a style=\"color: #b6da1b;\" href=\"http:\/\/www.imuntanya.com\/mas-informacion-sobre-las-cookies\/\">M\u00e9s informaci\u00f3 sobre les Cookies<\/a><\/span><\/h5>\n<p>[\/et_pb_text][\/et_pb_column][et_pb_column type=&#8221;1_4&#8243; global_parent=&#8221;2355&#8243; _builder_version=&#8221;3.0.47&#8243; custom_padding=&#8221;|||&#8221; custom_padding__hover=&#8221;|||&#8221;][et_pb_text global_parent=&#8221;2355&#8243; _builder_version=&#8221;3.0.98&#8243; custom_margin=&#8221;||0px|&#8221;]<\/p>\n<h4 style=\"color: #b0cc36;\">Suivez-nous sur<\/h4>\n<p>[\/et_pb_text][et_pb_social_media_follow global_parent=&#8221;2355&#8243; url_new_window=&#8221;off&#8221; _builder_version=&#8221;3.0.98&#8243;][et_pb_social_media_follow_network social_network=&#8221;facebook&#8221; url=&#8221;https:\/\/www.facebook.com\/imuntanya&#8221; _builder_version=&#8221;3.0.98&#8243; background_color=&#8221;#3b5998&#8243; follow_button=&#8221;off&#8221; url_new_window=&#8221;off&#8221;] Facebook [\/et_pb_social_media_follow_network][et_pb_social_media_follow_network social_network=&#8221;instagram&#8221; url=&#8221;https:\/\/www.instagram.com\/imuntanya\/&#8221; _builder_version=&#8221;3.0.98&#8243; background_color=&#8221;#517fa4&#8243; follow_button=&#8221;off&#8221; url_new_window=&#8221;off&#8221;] Instagram [\/et_pb_social_media_follow_network][et_pb_social_media_follow_network social_network=&#8221;google-plus&#8221; url=&#8221;https:\/\/plus.google.com\/109492812635285956629&#8243; _builder_version=&#8221;3.0.98&#8243; background_color=&#8221;#dd4b39&#8243; follow_button=&#8221;off&#8221; url_new_window=&#8221;off&#8221;] Google+ [\/et_pb_social_media_follow_network][et_pb_social_media_follow_network social_network=&#8221;twitter&#8221; _builder_version=&#8221;3.0.98&#8243; background_color=&#8221;#00aced&#8221; follow_button=&#8221;off&#8221; url_new_window=&#8221;off&#8221;] Twitter [\/et_pb_social_media_follow_network][et_pb_social_media_follow_network social_network=&#8221;linkedin&#8221; _builder_version=&#8221;3.0.98&#8243; background_color=&#8221;#007bb6&#8243; follow_button=&#8221;off&#8221; url_new_window=&#8221;off&#8221;] LinkedIn [\/et_pb_social_media_follow_network][\/et_pb_social_media_follow][et_pb_text global_parent=&#8221;2355&#8243; _builder_version=&#8221;3.0.98&#8243; custom_margin=&#8221;||0px|&#8221;]<\/p>\n<h4 style=\"color: #b0cc36;\">Collaborateurs<\/h4>\n<p>[\/et_pb_text][et_pb_image global_parent=&#8221;2355&#8243; src=&#8221;http:\/\/imuntanya.com\/wp-content\/uploads\/2018\/09\/artusa.png&#8221; align_tablet=&#8221;center&#8221; align_last_edited=&#8221;on|desktop&#8221; _builder_version=&#8221;3.23&#8243; always_center_on_mobile=&#8221;on&#8221; \/][\/et_pb_column][\/et_pb_row][\/et_pb_section]<\/p>\n","protected":false},"excerpt":{"rendered":"<p>Cat\u00e0leg &#8211; passarel\u00b7les penjants {!{wpv-view name=&#8217;p-models-general&#8217;}!} {!{wpv-view name=&#8217;p-model-urals&#8217;}!} {!{wpv-view name=&#8217;p-model-pirineus&#8217;}!} {!{wpv-view name=&#8217;p-model-carpats&#8217;}!} {!{wpv-view name=&#8217;p-model-atles&#8217;}!} {!{wpv-view name=&#8217;p-model-andes&#8217;}!} {!{wpv-view name=&#8217;p-model-a-mida&#8217;}!} Contacte Pol\u00edgon Industrial Els PlansCarretera Castellnou N-II25265 Castellnou de Seana (Lleida)Tel. Fax +34 973 60 48 18imuntanya@imuntanya.com Av\u00eds legal Pol\u00edtica de cookies M\u00e9s informaci\u00f3 sobre les Cookies Suivez-nous sur Facebook Instagram Google+ Twitter LinkedIn Collaborateurs<\/p>\n","protected":false},"author":1,"featured_media":0,"parent":0,"menu_order":0,"comment_status":"closed","ping_status":"closed","template":"","meta":{"_et_pb_use_builder":"on","_et_pb_old_content":"","_et_gb_content_width":"","footnotes":""},"class_list":["post-1586","page","type-page","status-publish","hentry"],"yoast_head":"<!-- This site is optimized with the Yoast SEO plugin v26.1.1 - https:\/\/yoast.com\/wordpress\/plugins\/seo\/ -->\n<title>\u0643\u062a\u0627\u0644\u0648\u062c | imuntanya<\/title>\n<meta name=\"robots\" content=\"index, follow, max-snippet:-1, max-image-preview:large, max-video-preview:-1\" \/>\n<link rel=\"canonical\" href=\"http:\/\/www.imuntanya.com\/ar\/catalogue\/\" \/>\n<meta property=\"og:locale\" content=\"ar_AR\" \/>\n<meta property=\"og:type\" content=\"article\" \/>\n<meta property=\"og:title\" content=\"\u0643\u062a\u0627\u0644\u0648\u062c | imuntanya\" \/>\n<meta property=\"og:description\" content=\"Cat\u00e0leg - passarel\u00b7les penjants {!{wpv-view name=&#039;p-models-general&#039;}!} {!{wpv-view name=&#039;p-model-urals&#039;}!} {!{wpv-view name=&#039;p-model-pirineus&#039;}!} {!{wpv-view name=&#039;p-model-carpats&#039;}!} {!{wpv-view name=&#039;p-model-atles&#039;}!} {!{wpv-view name=&#039;p-model-andes&#039;}!} {!{wpv-view name=&#039;p-model-a-mida&#039;}!} Contacte Pol\u00edgon Industrial Els PlansCarretera Castellnou N-II25265 Castellnou de Seana (Lleida)Tel. Fax +34 973 60 48 18imuntanya@imuntanya.com Av\u00eds legal Pol\u00edtica de cookies M\u00e9s informaci\u00f3 sobre les Cookies Suivez-nous sur Facebook Instagram Google+ Twitter LinkedIn Collaborateurs\" \/>\n<meta property=\"og:url\" content=\"http:\/\/www.imuntanya.com\/ar\/catalogue\/\" \/>\n<meta property=\"og:site_name\" content=\"imuntanya\" \/>\n<meta property=\"article:publisher\" content=\"https:\/\/www.facebook.com\/imuntanya\" \/>\n<meta property=\"article:modified_time\" content=\"2019-07-22T11:02:33+00:00\" \/>\n<meta name=\"twitter:card\" content=\"summary_large_image\" \/>\n<meta name=\"twitter:site\" content=\"@imuntanya15\" \/>\n<meta name=\"twitter:label1\" content=\"\u0648\u0642\u062a \u0627\u0644\u0642\u0631\u0627\u0621\u0629 \u0627\u0644\u0645\u064f\u0642\u062f\u0651\u0631\" \/>\n\t<meta name=\"twitter:data1\" content=\"11 \u062f\u0642\u064a\u0642\u0629\" \/>\n<script type=\"application\/ld+json\" class=\"yoast-schema-graph\">{\"@context\":\"https:\/\/schema.org\",\"@graph\":[{\"@type\":\"WebPage\",\"@id\":\"http:\/\/www.imuntanya.com\/ar\/catalogue\/\",\"url\":\"http:\/\/www.imuntanya.com\/ar\/catalogue\/\",\"name\":\"\u0643\u062a\u0627\u0644\u0648\u062c | imuntanya\",\"isPartOf\":{\"@id\":\"http:\/\/www.imuntanya.com\/#website\"},\"datePublished\":\"2018-12-13T10:16:59+00:00\",\"dateModified\":\"2019-07-22T11:02:33+00:00\",\"breadcrumb\":{\"@id\":\"http:\/\/www.imuntanya.com\/ar\/catalogue\/#breadcrumb\"},\"inLanguage\":\"ar\",\"potentialAction\":[{\"@type\":\"ReadAction\",\"target\":[\"http:\/\/www.imuntanya.com\/ar\/catalogue\/\"]}]},{\"@type\":\"BreadcrumbList\",\"@id\":\"http:\/\/www.imuntanya.com\/ar\/catalogue\/#breadcrumb\",\"itemListElement\":[{\"@type\":\"ListItem\",\"position\":1,\"name\":\"Inici\",\"item\":\"http:\/\/www.imuntanya.com\/ar\/\"},{\"@type\":\"ListItem\",\"position\":2,\"name\":\"\u0643\u062a\u0627\u0644\u0648\u062c\"}]},{\"@type\":\"WebSite\",\"@id\":\"http:\/\/www.imuntanya.com\/#website\",\"url\":\"http:\/\/www.imuntanya.com\/\",\"name\":\"iMuntanya\",\"description\":\"Infraestructures per alta muntanya i en zones de dif\u00edcil acc\u00e9s\",\"publisher\":{\"@id\":\"http:\/\/www.imuntanya.com\/#organization\"},\"potentialAction\":[{\"@type\":\"SearchAction\",\"target\":{\"@type\":\"EntryPoint\",\"urlTemplate\":\"http:\/\/www.imuntanya.com\/?s={search_term_string}\"},\"query-input\":{\"@type\":\"PropertyValueSpecification\",\"valueRequired\":true,\"valueName\":\"search_term_string\"}}],\"inLanguage\":\"ar\"},{\"@type\":\"Organization\",\"@id\":\"http:\/\/www.imuntanya.com\/#organization\",\"name\":\"iMuntanya \u00b7 Infraestructures de Muntanya S.L.\",\"url\":\"http:\/\/www.imuntanya.com\/\",\"logo\":{\"@type\":\"ImageObject\",\"inLanguage\":\"ar\",\"@id\":\"http:\/\/www.imuntanya.com\/#\/schema\/logo\/image\/\",\"url\":\"http:\/\/www.imuntanya.com\/wp-content\/uploads\/2019\/07\/imu-cat-2.png\",\"contentUrl\":\"http:\/\/www.imuntanya.com\/wp-content\/uploads\/2019\/07\/imu-cat-2.png\",\"width\":640,\"height\":83,\"caption\":\"iMuntanya \u00b7 Infraestructures de Muntanya S.L.\"},\"image\":{\"@id\":\"http:\/\/www.imuntanya.com\/#\/schema\/logo\/image\/\"},\"sameAs\":[\"https:\/\/www.facebook.com\/imuntanya\",\"https:\/\/x.com\/imuntanya15\",\"https:\/\/www.instagram.com\/imuntanya\/\",\"https:\/\/www.linkedin.com\/company\/imuntanya\/\",\"https:\/\/www.youtube.com\/user\/imuntanyaatyoutub\"]}]}<\/script>\n<!-- \/ Yoast SEO plugin. -->","yoast_head_json":{"title":"\u0643\u062a\u0627\u0644\u0648\u062c | imuntanya","robots":{"index":"index","follow":"follow","max-snippet":"max-snippet:-1","max-image-preview":"max-image-preview:large","max-video-preview":"max-video-preview:-1"},"canonical":"http:\/\/www.imuntanya.com\/ar\/catalogue\/","og_locale":"ar_AR","og_type":"article","og_title":"\u0643\u062a\u0627\u0644\u0648\u062c | imuntanya","og_description":"Cat\u00e0leg - passarel\u00b7les penjants {!{wpv-view name='p-models-general'}!} {!{wpv-view name='p-model-urals'}!} {!{wpv-view name='p-model-pirineus'}!} {!{wpv-view name='p-model-carpats'}!} {!{wpv-view name='p-model-atles'}!} {!{wpv-view name='p-model-andes'}!} {!{wpv-view name='p-model-a-mida'}!} Contacte Pol\u00edgon Industrial Els PlansCarretera Castellnou N-II25265 Castellnou de Seana (Lleida)Tel. Fax +34 973 60 48 18imuntanya@imuntanya.com Av\u00eds legal Pol\u00edtica de cookies M\u00e9s informaci\u00f3 sobre les Cookies Suivez-nous sur Facebook Instagram Google+ Twitter LinkedIn Collaborateurs","og_url":"http:\/\/www.imuntanya.com\/ar\/catalogue\/","og_site_name":"imuntanya","article_publisher":"https:\/\/www.facebook.com\/imuntanya","article_modified_time":"2019-07-22T11:02:33+00:00","twitter_card":"summary_large_image","twitter_site":"@imuntanya15","twitter_misc":{"\u0648\u0642\u062a \u0627\u0644\u0642\u0631\u0627\u0621\u0629 \u0627\u0644\u0645\u064f\u0642\u062f\u0651\u0631":"11 \u062f\u0642\u064a\u0642\u0629"},"schema":{"@context":"https:\/\/schema.org","@graph":[{"@type":"WebPage","@id":"http:\/\/www.imuntanya.com\/ar\/catalogue\/","url":"http:\/\/www.imuntanya.com\/ar\/catalogue\/","name":"\u0643\u062a\u0627\u0644\u0648\u062c | imuntanya","isPartOf":{"@id":"http:\/\/www.imuntanya.com\/#website"},"datePublished":"2018-12-13T10:16:59+00:00","dateModified":"2019-07-22T11:02:33+00:00","breadcrumb":{"@id":"http:\/\/www.imuntanya.com\/ar\/catalogue\/#breadcrumb"},"inLanguage":"ar","potentialAction":[{"@type":"ReadAction","target":["http:\/\/www.imuntanya.com\/ar\/catalogue\/"]}]},{"@type":"BreadcrumbList","@id":"http:\/\/www.imuntanya.com\/ar\/catalogue\/#breadcrumb","itemListElement":[{"@type":"ListItem","position":1,"name":"Inici","item":"http:\/\/www.imuntanya.com\/ar\/"},{"@type":"ListItem","position":2,"name":"\u0643\u062a\u0627\u0644\u0648\u062c"}]},{"@type":"WebSite","@id":"http:\/\/www.imuntanya.com\/#website","url":"http:\/\/www.imuntanya.com\/","name":"iMuntanya","description":"Infraestructures per alta muntanya i en zones de dif\u00edcil acc\u00e9s","publisher":{"@id":"http:\/\/www.imuntanya.com\/#organization"},"potentialAction":[{"@type":"SearchAction","target":{"@type":"EntryPoint","urlTemplate":"http:\/\/www.imuntanya.com\/?s={search_term_string}"},"query-input":{"@type":"PropertyValueSpecification","valueRequired":true,"valueName":"search_term_string"}}],"inLanguage":"ar"},{"@type":"Organization","@id":"http:\/\/www.imuntanya.com\/#organization","name":"iMuntanya \u00b7 Infraestructures de Muntanya S.L.","url":"http:\/\/www.imuntanya.com\/","logo":{"@type":"ImageObject","inLanguage":"ar","@id":"http:\/\/www.imuntanya.com\/#\/schema\/logo\/image\/","url":"http:\/\/www.imuntanya.com\/wp-content\/uploads\/2019\/07\/imu-cat-2.png","contentUrl":"http:\/\/www.imuntanya.com\/wp-content\/uploads\/2019\/07\/imu-cat-2.png","width":640,"height":83,"caption":"iMuntanya \u00b7 Infraestructures de Muntanya S.L."},"image":{"@id":"http:\/\/www.imuntanya.com\/#\/schema\/logo\/image\/"},"sameAs":["https:\/\/www.facebook.com\/imuntanya","https:\/\/x.com\/imuntanya15","https:\/\/www.instagram.com\/imuntanya\/","https:\/\/www.linkedin.com\/company\/imuntanya\/","https:\/\/www.youtube.com\/user\/imuntanyaatyoutub"]}]}},"_links":{"self":[{"href":"http:\/\/www.imuntanya.com\/ar\/wp-json\/wp\/v2\/pages\/1586","targetHints":{"allow":["GET"]}}],"collection":[{"href":"http:\/\/www.imuntanya.com\/ar\/wp-json\/wp\/v2\/pages"}],"about":[{"href":"http:\/\/www.imuntanya.com\/ar\/wp-json\/wp\/v2\/types\/page"}],"author":[{"embeddable":true,"href":"http:\/\/www.imuntanya.com\/ar\/wp-json\/wp\/v2\/users\/1"}],"replies":[{"embeddable":true,"href":"http:\/\/www.imuntanya.com\/ar\/wp-json\/wp\/v2\/comments?post=1586"}],"version-history":[{"count":7,"href":"http:\/\/www.imuntanya.com\/ar\/wp-json\/wp\/v2\/pages\/1586\/revisions"}],"predecessor-version":[{"id":2411,"href":"http:\/\/www.imuntanya.com\/ar\/wp-json\/wp\/v2\/pages\/1586\/revisions\/2411"}],"wp:attachment":[{"href":"http:\/\/www.imuntanya.com\/ar\/wp-json\/wp\/v2\/media?parent=1586"}],"curies":[{"name":"wp","href":"https:\/\/api.w.org\/{rel}","templated":true}]}}