{"id":1468,"date":"2018-12-04T13:08:10","date_gmt":"2018-12-04T11:08:10","guid":{"rendered":"http:\/\/www.imuntanya.com\/puentes-colgantes\/"},"modified":"2022-10-17T02:01:15","modified_gmt":"2022-10-17T00:01:15","slug":"puentes-colgantes","status":"publish","type":"page","link":"http:\/\/www.imuntanya.com\/es\/puentes-colgantes\/","title":{"rendered":"Puentes y pasarelas"},"content":{"rendered":"<p>[et_pb_section fb_built=\u00bb1&#8243; _builder_version=\u00bb4.16&#8243; global_colors_info=\u00bb{}\u00bb][et_pb_row _builder_version=\u00bb4.16&#8243; background_size=\u00bbinitial\u00bb background_position=\u00bbtop_left\u00bb background_repeat=\u00bbrepeat\u00bb global_colors_info=\u00bb{}\u00bb][et_pb_column type=\u00bb4_4&#8243; _builder_version=\u00bb4.16&#8243; custom_padding=\u00bb|||\u00bb global_colors_info=\u00bb{}\u00bb custom_padding__hover=\u00bb|||\u00bb][et_pb_text _builder_version=\u00bb4.17.4&#8243; text_font=\u00bbRubik|300|||||||\u00bb text_text_color=\u00bb#999999&#8243; text_font_size=\u00bb38px\u00bb text_letter_spacing=\u00bb2px\u00bb background_layout=\u00bbdark\u00bb inline_fonts=\u00bbRubik\u00bb global_colors_info=\u00bb{}\u00bb]Puentes y pasarelas peatonales[\/et_pb_text][\/et_pb_column][\/et_pb_row][\/et_pb_section][et_pb_section fb_built=\u00bb1&#8243; _builder_version=\u00bb4.16&#8243; global_colors_info=\u00bb{}\u00bb][et_pb_row _builder_version=\u00bb4.16&#8243; background_size=\u00bbinitial\u00bb background_position=\u00bbtop_left\u00bb background_repeat=\u00bbrepeat\u00bb global_colors_info=\u00bb{}\u00bb][et_pb_column type=\u00bb4_4&#8243; _builder_version=\u00bb4.16&#8243; custom_padding=\u00bb|||\u00bb global_colors_info=\u00bb{}\u00bb custom_padding__hover=\u00bb|||\u00bb][et_pb_button button_url=\u00bbhttp:\/\/www.imuntanya.com\/es\/catalogo\/\u00bb button_text=\u00bbCAT\u00c1LOGO DE PROYECTOS\u00bb button_alignment=\u00bbright\u00bb _builder_version=\u00bb4.17.4&#8243; custom_button=\u00bbon\u00bb button_text_size=\u00bb14&#8243; button_text_color=\u00bb#b0cc36&#8243; button_border_width=\u00bb1&#8243; button_border_color=\u00bb#b0cc36&#8243; button_letter_spacing=\u00bb0.3pt\u00bb button_font=\u00bb|300|||||||\u00bb button_use_icon=\u00bboff\u00bb button_text_color_hover=\u00bb#cccccc\u00bb button_border_color_hover=\u00bb#cccccc\u00bb button_letter_spacing_hover=\u00bb0.3pt\u00bb global_colors_info=\u00bb{}\u00bb button_text_size__hover_enabled=\u00bboff\u00bb button_text_size__hover=\u00bbnull\u00bb button_one_text_size__hover_enabled=\u00bboff\u00bb button_one_text_size__hover=\u00bbnull\u00bb button_two_text_size__hover_enabled=\u00bboff\u00bb button_two_text_size__hover=\u00bbnull\u00bb button_text_color__hover_enabled=\u00bbon\u00bb button_text_color__hover=\u00bb#cccccc\u00bb button_one_text_color__hover_enabled=\u00bboff\u00bb button_one_text_color__hover=\u00bbnull\u00bb button_two_text_color__hover_enabled=\u00bboff\u00bb button_two_text_color__hover=\u00bbnull\u00bb button_border_width__hover_enabled=\u00bboff\u00bb button_border_width__hover=\u00bbnull\u00bb button_one_border_width__hover_enabled=\u00bboff\u00bb button_one_border_width__hover=\u00bbnull\u00bb button_two_border_width__hover_enabled=\u00bboff\u00bb button_two_border_width__hover=\u00bbnull\u00bb button_border_color__hover_enabled=\u00bbon\u00bb button_border_color__hover=\u00bb#cccccc\u00bb button_one_border_color__hover_enabled=\u00bboff\u00bb button_one_border_color__hover=\u00bbnull\u00bb button_two_border_color__hover_enabled=\u00bboff\u00bb button_two_border_color__hover=\u00bbnull\u00bb button_border_radius__hover_enabled=\u00bboff\u00bb button_border_radius__hover=\u00bbnull\u00bb button_one_border_radius__hover_enabled=\u00bboff\u00bb button_one_border_radius__hover=\u00bbnull\u00bb button_two_border_radius__hover_enabled=\u00bboff\u00bb button_two_border_radius__hover=\u00bbnull\u00bb button_letter_spacing__hover_enabled=\u00bbon\u00bb button_letter_spacing__hover=\u00bb0.3pt\u00bb button_one_letter_spacing__hover_enabled=\u00bboff\u00bb button_one_letter_spacing__hover=\u00bbnull\u00bb button_two_letter_spacing__hover_enabled=\u00bboff\u00bb button_two_letter_spacing__hover=\u00bbnull\u00bb button_bg_color__hover_enabled=\u00bboff\u00bb button_bg_color__hover=\u00bbnull\u00bb button_one_bg_color__hover_enabled=\u00bboff\u00bb button_one_bg_color__hover=\u00bbnull\u00bb button_two_bg_color__hover_enabled=\u00bboff\u00bb button_two_bg_color__hover=\u00bbnull\u00bb][\/et_pb_button][et_pb_tabs _builder_version=\u00bb4.16&#8243; hover_enabled=\u00bb0&#8243; global_colors_info=\u00bb{}\u00bb sticky_enabled=\u00bb0&#8243;][et_pb_tab title=\u00bbPASARELAS ANCLADAS\u00bb _builder_version=\u00bb4.16&#8243; global_colors_info=\u00bb{}\u00bb]Cuentan con unas buenas cimentaciones, con sistemas de anclajes profundos cuando no es posible el soporte superficial, y con unas estructuras de acero aligeradas que nos permiten actuar en espacios reducidos o de dif\u00edcil accesibilidad. Las pasarelas ancladas ofrecen muchas posibilidades y acabados del piso, sea madera, religa u hormig\u00f3n que se complementan con barandillas m\u00e1s sencillas o m\u00e1s urbanas.<\/p>\n<h4><span style=\"color: #b6da1b; line-height: 26px;\">Las pasarelas ancladas en el terreno se integran con el paisaje y permiten recuperar senderos, abrir pasos alternativos o crear nuevas rutas en entornos de valor tur\u00edstico, medioambiental o de ocio.\u00a0<\/span><\/h4>\n<p>Ideal para separar el paso de peatones y ciclistas de la circulaci\u00f3n de veh\u00edculos, para recuperar senderos en alta monta\u00f1a, para ofrecer vistas panor\u00e1micas o rutas de paseo adaptadas y m\u00e1s naturalizadas evitando la afectaci\u00f3n del entorno natural. No existe limitaci\u00f3n en la longitud y la plataforma puede alcanzar los 2 metros.<\/p>\n<h2 style=\"text-align: center;\"><span style=\"color: #b6da1b; line-height: 26px;\">DESCUBRE NUESTRO<\/span><\/h2>\n<h2 style=\"text-align: center;\"><span style=\"color: #b6da1b; line-height: 26px;\"><span style=\"text-decoration: underline;\"><a title=\"Cat\u00e0leg de projectes\" href=\"http:\/\/www.imuntanya.com\/es\/catalogo\/?lang=es\"><strong>CAT\u00c1LOGO DE PROYECTOS<\/strong><\/a><\/span><\/span><\/h2>\n<p><em><span style=\"line-height: 18px !important; font-size: 12px; display: block; padding: 9px 30px 0 0;\">Los diferentes modelos son un punto de partida para solucionar las necesidades de cada proyecto. Todos cumplen con los euroc\u00f3digos vigentes y son adaptables a las necesidades normativas del pa\u00eds.<\/span><\/em>[\/et_pb_tab][et_pb_tab title=\u00bbMODELO PIRINEOS\u00bb _builder_version=\u00bb4.16&#8243; global_colors_info=\u00bb{}\u00bb]<div class='one_half'>\n\t\t\t\t\t<form autocomplete=\"off\" name=\"wpv-filter-477-TCPID1468\" action=\"\/es\/wp-json\/wp\/v2\/pages\/1468?wpv_view_count=477-TCPID1468\" method=\"get\" class=\"wpv-filter-form js-wpv-filter-form js-wpv-filter-form-477-TCPID1468 js-wpv-form-full\" data-viewnumber=\"477-TCPID1468\" data-viewid=\"477\" data-viewhash=\"eyJuYW1lIjoibS1waXJpbmV1cyJ9\" data-viewwidgetid=\"0\" data-orderby=\"\" data-order=\"\" data-orderbyas=\"\" data-orderbysecond=\"\" data-ordersecond=\"\" data-parametric=\"{&quot;query&quot;:&quot;normal&quot;,&quot;id&quot;:477,&quot;view_id&quot;:477,&quot;widget_id&quot;:0,&quot;view_hash&quot;:&quot;477-TCPID1468&quot;,&quot;action&quot;:&quot;\\\/es\\\/wp-json\\\/wp\\\/v2\\\/pages\\\/1468?wpv_view_count=477-TCPID1468&quot;,&quot;sort&quot;:{&quot;orderby&quot;:&quot;&quot;,&quot;order&quot;:&quot;&quot;,&quot;orderby_as&quot;:&quot;&quot;,&quot;orderby_second&quot;:&quot;&quot;,&quot;order_second&quot;:&quot;&quot;},&quot;orderby&quot;:&quot;&quot;,&quot;order&quot;:&quot;&quot;,&quot;orderby_as&quot;:&quot;&quot;,&quot;orderby_second&quot;:&quot;&quot;,&quot;order_second&quot;:&quot;&quot;,&quot;ajax_form&quot;:&quot;&quot;,&quot;ajax_results&quot;:&quot;&quot;,&quot;effect&quot;:&quot;fade&quot;,&quot;prebefore&quot;:&quot;&quot;,&quot;before&quot;:&quot;&quot;,&quot;after&quot;:&quot;&quot;,&quot;attributes&quot;:[],&quot;environment&quot;:{&quot;current_post_id&quot;:1468,&quot;parent_post_id&quot;:0,&quot;parent_term_id&quot;:0,&quot;parent_user_id&quot;:0,&quot;archive&quot;:{&quot;type&quot;:&quot;&quot;,&quot;name&quot;:&quot;&quot;,&quot;data&quot;:[]}},&quot;loop&quot;:{&quot;type&quot;:&quot;&quot;,&quot;name&quot;:&quot;&quot;,&quot;data&quot;:[],&quot;id&quot;:0}}\" data-attributes=\"[]\" data-environment=\"{&quot;current_post_id&quot;:1468,&quot;parent_post_id&quot;:0,&quot;parent_term_id&quot;:0,&quot;parent_user_id&quot;:0,&quot;archive&quot;:{&quot;type&quot;:&quot;&quot;,&quot;name&quot;:&quot;&quot;,&quot;data&quot;:[]}}\"><input type=\"hidden\" class=\"js-wpv-dps-filter-data js-wpv-filter-data-for-this-form\" data-action=\"\/es\/wp-json\/wp\/v2\/pages\/1468?wpv_view_count=477-TCPID1468\" data-page=\"1\" data-ajax=\"disable\" data-effect=\"fade\" data-maxpages=\"8\" data-ajaxprebefore=\"\" data-ajaxbefore=\"\" data-ajaxafter=\"\" \/><input class=\"wpv_view_count wpv_view_count-477-TCPID1468\" type=\"hidden\" name=\"wpv_view_count\" value=\"477-TCPID1468\" \/>\n\n<\/form>\n<div id=\"wpv-view-layout-477-TCPID1468\" class=\"js-wpv-view-layout js-wpv-layout-responsive js-wpv-view-layout-477-TCPID1468 wpv-pagination js-wpv-layout-has-pagination wpv-pagination-preload-images js-wpv-layout-preload-images wpv-pagination-preload-pages js-wpv-layout-preload-pages\" style=\"visibility:hidden;\" data-viewnumber=\"477-TCPID1468\" data-pagination=\"{&quot;id&quot;:477,&quot;query&quot;:&quot;normal&quot;,&quot;type&quot;:&quot;rollover&quot;,&quot;effect&quot;:&quot;fade&quot;,&quot;duration&quot;:500,&quot;speed&quot;:5,&quot;pause_on_hover&quot;:&quot;disabled&quot;,&quot;stop_rollover&quot;:&quot;true&quot;,&quot;cache_pages&quot;:&quot;enabled&quot;,&quot;preload_images&quot;:&quot;enabled&quot;,&quot;preload_pages&quot;:&quot;enabled&quot;,&quot;preload_reach&quot;:1,&quot;spinner&quot;:&quot;builtin&quot;,&quot;spinner_image&quot;:&quot;http:\/\/imuntanya.com\/wp-content\/plugins\/wp-views\/embedded\/res\/img\/ajax-loader.gif&quot;,&quot;callback_next&quot;:&quot;&quot;,&quot;manage_history&quot;:&quot;enabled&quot;,&quot;has_controls_in_form&quot;:&quot;disabled&quot;,&quot;infinite_tolerance&quot;:&quot;0&quot;,&quot;max_pages&quot;:8,&quot;page&quot;:1,&quot;base_permalink&quot;:&quot;\/es\/wp-json\/wp\/v2\/pages\/1468?wpv_view_count=477-TCPID1468&amp;wpv_paged=WPV_PAGE_NUM&quot;,&quot;loop&quot;:{&quot;type&quot;:&quot;&quot;,&quot;name&quot;:&quot;&quot;,&quot;data&quot;:[],&quot;id&quot;:0}}\" data-permalink=\"\/es\/wp-json\/wp\/v2\/pages\/1468?wpv_view_count=477-TCPID1468\">\n\n\t\n\t\n\t\n\t\t<div class=\"view-slider\">\r\n\t<div class=\"view-tax\">Modelo Pirineos<\/div>\r\n\t<div class=\"view-img\"><img decoding=\"async\" src=\"http:\/\/www.imuntanya.com\/wp-content\/uploads\/2022\/03\/PP_2020_SMariaPalautordera_pont_1_web-w-750x500-1.jpg\" \/> <img decoding=\"async\" src=\"http:\/\/www.imuntanya.com\/wp-content\/uploads\/2022\/03\/PP_2020_SMariaPalautordera_pont_2_web-w-750x500-1.jpg\" \/> <img decoding=\"async\" src=\"http:\/\/www.imuntanya.com\/wp-content\/uploads\/2022\/03\/PP_2020_SMariaPalautordera_pont_3_web-w-750x500-1.jpg\" \/><\/div>\r\n\t<a class=\"view-title\" href=\"http:\/\/www.imuntanya.com\/es\/pont-penjant\/santa-maria-de-palautordera\/\">Santa Maria de Palautordera, Barcelona<\/a>\r\n  \t<div class=\"view-link\">\r\n  \t\t<a href=\"http:\/\/www.imuntanya.com\/es\/pont-penjant\/santa-maria-de-palautordera\/\">Ver ficha<\/a>\r\n  \t<\/div>\r\n<\/div>\n\t\n\t\n\t\n\t\n<\/div>\n\t\t\t\t<\/div> <div class='one_half et_column_last'>\n\t\t\t\t\tUtilizado durante a\u00f1os en la <strong>Cordillera Pirenaica<\/strong> con muy buen resultado, este Modelo de pasarela cuenta con una plataforma modular anclada al terreno con pilares de sustentaci\u00f3n, p\u00e9ndolas flexibles de cable y un tablado de madera o de chapas de emparrillado de acero o aluminio.<\/p>\n<p><strong>Dise\u00f1ado para el cruce de r\u00edos en su tramo medio o tramo superior.\u00a0<\/strong><\/p>\n<p>Este modelo es ideal para el cruce de r\u00edos en su tramo medio o en tramo superior en la zona de valle. Los materiales son ligeros y no hay necesidad de sistemas de suspensi\u00f3n auxiliar, excepto en caso de longitudes altas donde es necesario a\u00f1adir pilares.<\/p>\n<p><strong>Perfecto para peatones y ciclistas<\/strong><\/p>\n<p>Este modelo no tiene limitaciones en la longitud y permite anchos de plataforma de entre 1,5 y 2m de ancho. Ideal para el paso de peatones y bicicletas.<\/p>\n<h2 style=\"text-align: center;\"><span style=\"color: #b6da1b; line-height: 26px;\">DESCUBRE NUESTRO<\/span><\/h2>\n<h2 style=\"text-align: center;\"><span style=\"color: #b6da1b; line-height: 26px;\"><span style=\"text-decoration: underline;\"><a title=\"Cat\u00e0leg de projectes\" href=\"http:\/\/www.imuntanya.com\/es\/catalogo\/?lang=es\"><strong>CAT\u00c1LOGO DE PROYECTOS<\/strong><\/a><\/span><\/span><\/h2>\n<h2 style=\"text-align: center;\"><span style=\"color: #b6da1b; line-height: 26px;\"><span style=\"font-size: small;\">\n\t\t\t\t<\/div><div class='clear'><\/div><\/span><\/span><\/h2>\n<p><em><span style=\"line-height: 18px !important; font-size: 12px; display: block; padding: 9px 30px 0 0;\">Los diferentes modelos son un punto de partida para solucionar las necesidades de cada proyecto. Todos cumplen con los euroc\u00f3digos vigentes y son adaptables a las necesidades normativas del pa\u00eds.<\/span><\/em>[\/et_pb_tab][et_pb_tab title=\u00bbMODELO URALES\u00bb _builder_version=\u00bb4.16&#8243; global_colors_info=\u00bb{}\u00bb]<\/p>\n<div id=\"urals\">\n<p><div class='one_half'>\n\t\t\t\t\t<form autocomplete=\"off\" name=\"wpv-filter-520-TCPID1468\" action=\"\/es\/wp-json\/wp\/v2\/pages\/1468?wpv_view_count=520-TCPID1468\" method=\"get\" class=\"wpv-filter-form js-wpv-filter-form js-wpv-filter-form-520-TCPID1468 js-wpv-form-full\" data-viewnumber=\"520-TCPID1468\" data-viewid=\"520\" data-viewhash=\"eyJuYW1lIjoibS11cmFscyJ9\" data-viewwidgetid=\"0\" data-orderby=\"\" data-order=\"\" data-orderbyas=\"\" data-orderbysecond=\"\" data-ordersecond=\"\" data-parametric=\"{&quot;query&quot;:&quot;normal&quot;,&quot;id&quot;:520,&quot;view_id&quot;:520,&quot;widget_id&quot;:0,&quot;view_hash&quot;:&quot;520-TCPID1468&quot;,&quot;action&quot;:&quot;\\\/es\\\/wp-json\\\/wp\\\/v2\\\/pages\\\/1468?wpv_view_count=520-TCPID1468&quot;,&quot;sort&quot;:{&quot;orderby&quot;:&quot;&quot;,&quot;order&quot;:&quot;&quot;,&quot;orderby_as&quot;:&quot;&quot;,&quot;orderby_second&quot;:&quot;&quot;,&quot;order_second&quot;:&quot;&quot;},&quot;orderby&quot;:&quot;&quot;,&quot;order&quot;:&quot;&quot;,&quot;orderby_as&quot;:&quot;&quot;,&quot;orderby_second&quot;:&quot;&quot;,&quot;order_second&quot;:&quot;&quot;,&quot;ajax_form&quot;:&quot;&quot;,&quot;ajax_results&quot;:&quot;&quot;,&quot;effect&quot;:&quot;fade&quot;,&quot;prebefore&quot;:&quot;&quot;,&quot;before&quot;:&quot;&quot;,&quot;after&quot;:&quot;&quot;,&quot;attributes&quot;:[],&quot;environment&quot;:{&quot;current_post_id&quot;:1468,&quot;parent_post_id&quot;:0,&quot;parent_term_id&quot;:0,&quot;parent_user_id&quot;:0,&quot;archive&quot;:{&quot;type&quot;:&quot;&quot;,&quot;name&quot;:&quot;&quot;,&quot;data&quot;:[]}},&quot;loop&quot;:{&quot;type&quot;:&quot;&quot;,&quot;name&quot;:&quot;&quot;,&quot;data&quot;:[],&quot;id&quot;:0}}\" data-attributes=\"[]\" data-environment=\"{&quot;current_post_id&quot;:1468,&quot;parent_post_id&quot;:0,&quot;parent_term_id&quot;:0,&quot;parent_user_id&quot;:0,&quot;archive&quot;:{&quot;type&quot;:&quot;&quot;,&quot;name&quot;:&quot;&quot;,&quot;data&quot;:[]}}\"><input type=\"hidden\" class=\"js-wpv-dps-filter-data js-wpv-filter-data-for-this-form\" data-action=\"\/es\/wp-json\/wp\/v2\/pages\/1468?wpv_view_count=520-TCPID1468\" data-page=\"1\" data-ajax=\"disable\" data-effect=\"fade\" data-maxpages=\"9\" data-ajaxprebefore=\"\" data-ajaxbefore=\"\" data-ajaxafter=\"\" \/><input class=\"wpv_view_count wpv_view_count-520-TCPID1468\" type=\"hidden\" name=\"wpv_view_count\" value=\"520-TCPID1468\" \/>\n\n<\/form>\n<div id=\"wpv-view-layout-520-TCPID1468\" class=\"js-wpv-view-layout js-wpv-layout-responsive js-wpv-view-layout-520-TCPID1468 wpv-pagination js-wpv-layout-has-pagination wpv-pagination-preload-images js-wpv-layout-preload-images wpv-pagination-preload-pages js-wpv-layout-preload-pages\" style=\"visibility:hidden;\" data-viewnumber=\"520-TCPID1468\" data-pagination=\"{&quot;id&quot;:520,&quot;query&quot;:&quot;normal&quot;,&quot;type&quot;:&quot;rollover&quot;,&quot;effect&quot;:&quot;fade&quot;,&quot;duration&quot;:500,&quot;speed&quot;:5,&quot;pause_on_hover&quot;:&quot;disabled&quot;,&quot;stop_rollover&quot;:&quot;true&quot;,&quot;cache_pages&quot;:&quot;enabled&quot;,&quot;preload_images&quot;:&quot;enabled&quot;,&quot;preload_pages&quot;:&quot;enabled&quot;,&quot;preload_reach&quot;:1,&quot;spinner&quot;:&quot;builtin&quot;,&quot;spinner_image&quot;:&quot;http:\/\/imuntanya.com\/wp-content\/plugins\/wp-views\/embedded\/res\/img\/ajax-loader.gif&quot;,&quot;callback_next&quot;:&quot;&quot;,&quot;manage_history&quot;:&quot;enabled&quot;,&quot;has_controls_in_form&quot;:&quot;disabled&quot;,&quot;infinite_tolerance&quot;:&quot;0&quot;,&quot;max_pages&quot;:9,&quot;page&quot;:1,&quot;base_permalink&quot;:&quot;\/es\/wp-json\/wp\/v2\/pages\/1468?wpv_view_count=520-TCPID1468&amp;wpv_paged=WPV_PAGE_NUM&quot;,&quot;loop&quot;:{&quot;type&quot;:&quot;&quot;,&quot;name&quot;:&quot;&quot;,&quot;data&quot;:[],&quot;id&quot;:0}}\" data-permalink=\"\/es\/wp-json\/wp\/v2\/pages\/1468?wpv_view_count=520-TCPID1468\">\n\n\t\n\t\n\t\n\t\t<div class=\"view-slider\">\r\n\t<div class=\"view-tax\">Modelo Urales<\/div>\r\n\t<div class=\"view-img\"><img decoding=\"async\" src=\"http:\/\/www.imuntanya.com\/wp-content\/uploads\/2018\/11\/PP_2018-Salardu-2018_MUrals_1_web-w.jpg\" \/> <img decoding=\"async\" src=\"http:\/\/www.imuntanya.com\/wp-content\/uploads\/2018\/11\/PP_2018-Salardu-2018_MUrals_2_web-w.jpg\" \/> <img decoding=\"async\" src=\"http:\/\/www.imuntanya.com\/wp-content\/uploads\/2018\/11\/PP_2018-Salardu-2018_MUrals_3_web-w.jpg\" \/><\/div>\r\n\t<a class=\"view-title\" href=\"http:\/\/www.imuntanya.com\/es\/pont-penjant\/salardu-era-val-daran\/\">Salard\u00fa, Val d&#8217;Aran<\/a>\r\n  <div class=\"view-link\">\r\n  \t\t<a href=\"http:\/\/www.imuntanya.com\/es\/pont-penjant\/salardu-era-val-daran\/\">Ver ficha<\/a>\r\n  \t<\/div>\r\n<\/div>\n\t\n\t\n\t\n\t\n<\/div>\n\t\t\t\t<\/div> <div class='one_half et_column_last'>\n\t\t\t\t\t\n\t\t\t\t<\/div><div class='clear'><\/div>Se trata de un Modelo de dimensiones reducidas creado a petici\u00f3n de nuestros clientes para romper con la monoton\u00eda de los puentes r\u00edgidos de madera. Esta formado por dos cables principales de sustentaci\u00f3n que terminan en la cabeza de los pilares. Para contrarrestar los momentos (cargas exc\u00e9ntricas), cuenta con 4 cables\/vientos anclados al terreno.<\/p>\n<p>Los pilares son de 1,5m de alto y transmiten la carga al terreno a trav\u00e9s de micropilotos. Las p\u00e9ndolas son flexibles de cable inoxidable y el tablero de madera.<\/p>\n<div><strong>Ideal para incluir dentro del recorrido de un sendero o ruta familiar.<\/strong><\/div>\n<div><\/div>\n<div>Esta pasarela pretende abrir un paso sobre un barranco o r\u00edo peque\u00f1o y tiene una longitud limitada a 15m y una anchura de 1m como m\u00e1ximo. Es un puente para peatones ideal para incluir dentro del recorrido de un sendero u ruta familiar.<\/div>\n<div><\/div>\n<div>\n<h2><\/h2>\n<h2 style=\"text-align: center;\"><span style=\"color: #b6da1b; line-height: 26px;\">DESCUBRE NUESTRO<\/span><\/h2>\n<h2 style=\"text-align: center;\"><span style=\"color: #b6da1b; line-height: 26px;\"><span style=\"text-decoration: underline;\"><a title=\"Cat\u00e0leg de projectes\" href=\"http:\/\/www.imuntanya.com\/es\/catalogo\/?lang=es\"><strong>CAT\u00c1LOGO DE PROYECTOS<\/strong><\/a><\/span><\/span><\/h2>\n<\/div>\n<\/div>\n<p>[\/et_pb_tab][et_pb_tab title=\u00bbMODELO C\u00c1RPATOS\u00bb _builder_version=\u00bb4.16&#8243; global_colors_info=\u00bb{}\u00bb]<\/p>\n<div id=\"carpats\">\n<p><div class='one_half'>\n\t\t\t\t\t<form autocomplete=\"off\" name=\"wpv-filter-526-TCPID1468\" action=\"\/es\/wp-json\/wp\/v2\/pages\/1468?wpv_view_count=526-TCPID1468\" method=\"get\" class=\"wpv-filter-form js-wpv-filter-form js-wpv-filter-form-526-TCPID1468 js-wpv-form-full\" data-viewnumber=\"526-TCPID1468\" data-viewid=\"526\" data-viewhash=\"eyJuYW1lIjoibS1jYXJwYXRzIn0=\" data-viewwidgetid=\"0\" data-orderby=\"\" data-order=\"\" data-orderbyas=\"\" data-orderbysecond=\"\" data-ordersecond=\"\" data-parametric=\"{&quot;query&quot;:&quot;normal&quot;,&quot;id&quot;:526,&quot;view_id&quot;:526,&quot;widget_id&quot;:0,&quot;view_hash&quot;:&quot;526-TCPID1468&quot;,&quot;action&quot;:&quot;\\\/es\\\/wp-json\\\/wp\\\/v2\\\/pages\\\/1468?wpv_view_count=526-TCPID1468&quot;,&quot;sort&quot;:{&quot;orderby&quot;:&quot;&quot;,&quot;order&quot;:&quot;&quot;,&quot;orderby_as&quot;:&quot;&quot;,&quot;orderby_second&quot;:&quot;&quot;,&quot;order_second&quot;:&quot;&quot;},&quot;orderby&quot;:&quot;&quot;,&quot;order&quot;:&quot;&quot;,&quot;orderby_as&quot;:&quot;&quot;,&quot;orderby_second&quot;:&quot;&quot;,&quot;order_second&quot;:&quot;&quot;,&quot;ajax_form&quot;:&quot;&quot;,&quot;ajax_results&quot;:&quot;&quot;,&quot;effect&quot;:&quot;fade&quot;,&quot;prebefore&quot;:&quot;&quot;,&quot;before&quot;:&quot;&quot;,&quot;after&quot;:&quot;&quot;,&quot;attributes&quot;:[],&quot;environment&quot;:{&quot;current_post_id&quot;:1468,&quot;parent_post_id&quot;:0,&quot;parent_term_id&quot;:0,&quot;parent_user_id&quot;:0,&quot;archive&quot;:{&quot;type&quot;:&quot;&quot;,&quot;name&quot;:&quot;&quot;,&quot;data&quot;:[]}},&quot;loop&quot;:{&quot;type&quot;:&quot;&quot;,&quot;name&quot;:&quot;&quot;,&quot;data&quot;:[],&quot;id&quot;:0}}\" data-attributes=\"[]\" data-environment=\"{&quot;current_post_id&quot;:1468,&quot;parent_post_id&quot;:0,&quot;parent_term_id&quot;:0,&quot;parent_user_id&quot;:0,&quot;archive&quot;:{&quot;type&quot;:&quot;&quot;,&quot;name&quot;:&quot;&quot;,&quot;data&quot;:[]}}\"><input type=\"hidden\" class=\"js-wpv-dps-filter-data js-wpv-filter-data-for-this-form\" data-action=\"\/es\/wp-json\/wp\/v2\/pages\/1468?wpv_view_count=526-TCPID1468\" data-page=\"1\" data-ajax=\"disable\" data-effect=\"fade\" data-maxpages=\"3\" data-ajaxprebefore=\"\" data-ajaxbefore=\"\" data-ajaxafter=\"\" \/><input class=\"wpv_view_count wpv_view_count-526-TCPID1468\" type=\"hidden\" name=\"wpv_view_count\" value=\"526-TCPID1468\" \/>\n\n<\/form>\n<div id=\"wpv-view-layout-526-TCPID1468\" class=\"js-wpv-view-layout js-wpv-layout-responsive js-wpv-view-layout-526-TCPID1468 wpv-pagination js-wpv-layout-has-pagination wpv-pagination-preload-images js-wpv-layout-preload-images wpv-pagination-preload-pages js-wpv-layout-preload-pages\" style=\"visibility:hidden;\" data-viewnumber=\"526-TCPID1468\" data-pagination=\"{&quot;id&quot;:526,&quot;query&quot;:&quot;normal&quot;,&quot;type&quot;:&quot;rollover&quot;,&quot;effect&quot;:&quot;fade&quot;,&quot;duration&quot;:500,&quot;speed&quot;:5,&quot;pause_on_hover&quot;:&quot;disabled&quot;,&quot;stop_rollover&quot;:&quot;true&quot;,&quot;cache_pages&quot;:&quot;enabled&quot;,&quot;preload_images&quot;:&quot;enabled&quot;,&quot;preload_pages&quot;:&quot;enabled&quot;,&quot;preload_reach&quot;:1,&quot;spinner&quot;:&quot;builtin&quot;,&quot;spinner_image&quot;:&quot;http:\/\/imuntanya.com\/wp-content\/plugins\/wp-views\/embedded\/res\/img\/ajax-loader.gif&quot;,&quot;callback_next&quot;:&quot;&quot;,&quot;manage_history&quot;:&quot;enabled&quot;,&quot;has_controls_in_form&quot;:&quot;disabled&quot;,&quot;infinite_tolerance&quot;:&quot;0&quot;,&quot;max_pages&quot;:3,&quot;page&quot;:1,&quot;base_permalink&quot;:&quot;\/es\/wp-json\/wp\/v2\/pages\/1468?wpv_view_count=526-TCPID1468&amp;wpv_paged=WPV_PAGE_NUM&quot;,&quot;loop&quot;:{&quot;type&quot;:&quot;&quot;,&quot;name&quot;:&quot;&quot;,&quot;data&quot;:[],&quot;id&quot;:0}}\" data-permalink=\"\/es\/wp-json\/wp\/v2\/pages\/1468?wpv_view_count=526-TCPID1468\">\n\n\t\n\t\n\t\n\t\t<div class=\"view-slider\">\r\n\t<div class=\"view-tax\">Modelo C\u00e1rpatos<\/div>\r\n\t<div class=\"view-img\"><img decoding=\"async\" src=\"http:\/\/www.imuntanya.com\/wp-content\/uploads\/2022\/03\/PP_2020_SPaulFenouillet_pont_1_web-w-750x500-1.jpg\" \/> <img decoding=\"async\" src=\"http:\/\/www.imuntanya.com\/wp-content\/uploads\/2022\/03\/PP_2020_SPaulFenouillet_pont_2_web-w-750x500-1.jpg\" \/> <img decoding=\"async\" src=\"http:\/\/www.imuntanya.com\/wp-content\/uploads\/2022\/03\/PP_2020_SPaulFenouillet_pont_3_web-w-750x500-1.jpg\" \/><\/div>\r\n\t<a class=\"view-title\" href=\"http:\/\/www.imuntanya.com\/es\/pont-penjant\/saint-paul-de-fenouillet-francia\/\">Saint-Paul-de-Fenouillet, Francia<\/a>\r\n  <div class=\"view-link\">\r\n  \t\t<a href=\"http:\/\/www.imuntanya.com\/es\/pont-penjant\/saint-paul-de-fenouillet-francia\/\">Ver ficha<\/a>\r\n  \t<\/div>\r\n<\/div>\n\t\n\t\n\t\n\t\n<\/div>\n\t\t\t\t<\/div> <div class='one_half et_column_last'>\n\t\t\t\t\t\n\t\t\t\t<\/div><div class='clear'><\/div>Este modelo de pasarela realza las posibilidades est\u00e9ticas de los puentes suspendidos con un dise\u00f1o m\u00e1s sofisticado. Los cables van anclados directamente a la roca sin apoyos o de forma mixta (un extremo con pilares de soporte y el otro anclado directamente a la roca), cuenta con p\u00e9ndolas r\u00edgidas verticales o en diagonal y un tablero r\u00edgido de madera, acero, hormig\u00f3n o mixto.<\/p>\n<p><strong>A\u00f1ade un valor patrimonial y tur\u00edstico a la zona donde se ubica<\/strong><\/p>\n<p>Este modelo aumenta el valor patrimonial de la zona, es muy flexible y permite su redise\u00f1o para encontrar est\u00e9ticas id\u00f3neas para cada proyecto. Calculado para peatones principalmente, tambi\u00e9n permite el paso de veh\u00edculos limitando su acceso.<\/p>\n<div><strong>No tiene limitaciones de longitud<\/strong><\/div>\n<div><\/div>\n<div>Sin limitaciones de longitud y con ancho de plataforma des de los 2,5m hasta los 4m, este puente es ideal para zonas urbanas o semiurbanas.<\/div>\n<div><\/div>\n<\/div>\n<div><\/div>\n<div>\n<h2 style=\"text-align: center;\"><span style=\"color: #b6da1b; line-height: 26px;\">DESCUBRE NUESTRO<\/span><\/h2>\n<h2 style=\"text-align: center;\"><span style=\"color: #b6da1b; line-height: 26px;\"><span style=\"text-decoration: underline;\"><a title=\"Cat\u00e0leg de projectes\" href=\"http:\/\/www.imuntanya.com\/es\/catalogo\/?lang=es\"><strong>CAT\u00c1LOGO DE PROYECTOS<\/strong><\/a><\/span><\/span><\/h2>\n<p><em><span style=\"line-height: 18px !important; font-size: 12px; display: block; padding: 9px 30px 0 0;\">Los diferentes modelos son un punto de partida para solucionar las necesidades de cada proyecto. Todos cumplen con los euroc\u00f3digos vigentes y son adaptables a las necesidades normativas del pa\u00eds.<\/span><\/em><\/p>\n<\/div>\n<p>[\/et_pb_tab][et_pb_tab title=\u00bbMODELO ANDES\u00bb _builder_version=\u00bb4.16&#8243; global_colors_info=\u00bb{}\u00bb]<\/p>\n<div id=\"andes\">\n<p><div class='one_half'>\n\t\t\t\t\t<form autocomplete=\"off\" name=\"wpv-filter-522-TCPID1468\" action=\"\/es\/wp-json\/wp\/v2\/pages\/1468?wpv_view_count=522-TCPID1468\" method=\"get\" class=\"wpv-filter-form js-wpv-filter-form js-wpv-filter-form-522-TCPID1468 js-wpv-form-full\" data-viewnumber=\"522-TCPID1468\" data-viewid=\"522\" data-viewhash=\"eyJuYW1lIjoibS1hbmRlcyJ9\" data-viewwidgetid=\"0\" data-orderby=\"\" data-order=\"\" data-orderbyas=\"\" data-orderbysecond=\"\" data-ordersecond=\"\" data-parametric=\"{&quot;query&quot;:&quot;normal&quot;,&quot;id&quot;:522,&quot;view_id&quot;:522,&quot;widget_id&quot;:0,&quot;view_hash&quot;:&quot;522-TCPID1468&quot;,&quot;action&quot;:&quot;\\\/es\\\/wp-json\\\/wp\\\/v2\\\/pages\\\/1468?wpv_view_count=522-TCPID1468&quot;,&quot;sort&quot;:{&quot;orderby&quot;:&quot;&quot;,&quot;order&quot;:&quot;&quot;,&quot;orderby_as&quot;:&quot;&quot;,&quot;orderby_second&quot;:&quot;&quot;,&quot;order_second&quot;:&quot;&quot;},&quot;orderby&quot;:&quot;&quot;,&quot;order&quot;:&quot;&quot;,&quot;orderby_as&quot;:&quot;&quot;,&quot;orderby_second&quot;:&quot;&quot;,&quot;order_second&quot;:&quot;&quot;,&quot;ajax_form&quot;:&quot;&quot;,&quot;ajax_results&quot;:&quot;&quot;,&quot;effect&quot;:&quot;fade&quot;,&quot;prebefore&quot;:&quot;&quot;,&quot;before&quot;:&quot;&quot;,&quot;after&quot;:&quot;&quot;,&quot;attributes&quot;:[],&quot;environment&quot;:{&quot;current_post_id&quot;:1468,&quot;parent_post_id&quot;:0,&quot;parent_term_id&quot;:0,&quot;parent_user_id&quot;:0,&quot;archive&quot;:{&quot;type&quot;:&quot;&quot;,&quot;name&quot;:&quot;&quot;,&quot;data&quot;:[]}},&quot;loop&quot;:{&quot;type&quot;:&quot;&quot;,&quot;name&quot;:&quot;&quot;,&quot;data&quot;:[],&quot;id&quot;:0}}\" data-attributes=\"[]\" data-environment=\"{&quot;current_post_id&quot;:1468,&quot;parent_post_id&quot;:0,&quot;parent_term_id&quot;:0,&quot;parent_user_id&quot;:0,&quot;archive&quot;:{&quot;type&quot;:&quot;&quot;,&quot;name&quot;:&quot;&quot;,&quot;data&quot;:[]}}\"><input type=\"hidden\" class=\"js-wpv-dps-filter-data js-wpv-filter-data-for-this-form\" data-action=\"\/es\/wp-json\/wp\/v2\/pages\/1468?wpv_view_count=522-TCPID1468\" data-page=\"1\" data-ajax=\"disable\" data-effect=\"fade\" data-maxpages=\"1\" data-ajaxprebefore=\"\" data-ajaxbefore=\"\" data-ajaxafter=\"\" \/><input class=\"wpv_view_count wpv_view_count-522-TCPID1468\" type=\"hidden\" name=\"wpv_view_count\" value=\"522-TCPID1468\" \/>\n\n<\/form>\n<div id=\"wpv-view-layout-522-TCPID1468\" class=\"js-wpv-view-layout js-wpv-layout-responsive js-wpv-view-layout-522-TCPID1468 wpv-pagination js-wpv-layout-has-pagination wpv-pagination-preload-images js-wpv-layout-preload-images wpv-pagination-preload-pages js-wpv-layout-preload-pages\" style=\"visibility:hidden;\" data-viewnumber=\"522-TCPID1468\" data-pagination=\"{&quot;id&quot;:522,&quot;query&quot;:&quot;normal&quot;,&quot;type&quot;:&quot;rollover&quot;,&quot;effect&quot;:&quot;fade&quot;,&quot;duration&quot;:500,&quot;speed&quot;:5,&quot;pause_on_hover&quot;:&quot;disabled&quot;,&quot;stop_rollover&quot;:&quot;true&quot;,&quot;cache_pages&quot;:&quot;enabled&quot;,&quot;preload_images&quot;:&quot;enabled&quot;,&quot;preload_pages&quot;:&quot;enabled&quot;,&quot;preload_reach&quot;:1,&quot;spinner&quot;:&quot;builtin&quot;,&quot;spinner_image&quot;:&quot;http:\/\/imuntanya.com\/wp-content\/plugins\/wp-views\/embedded\/res\/img\/ajax-loader.gif&quot;,&quot;callback_next&quot;:&quot;&quot;,&quot;manage_history&quot;:&quot;enabled&quot;,&quot;has_controls_in_form&quot;:&quot;disabled&quot;,&quot;infinite_tolerance&quot;:&quot;0&quot;,&quot;max_pages&quot;:1,&quot;page&quot;:1,&quot;base_permalink&quot;:&quot;\/es\/wp-json\/wp\/v2\/pages\/1468?wpv_view_count=522-TCPID1468&amp;wpv_paged=WPV_PAGE_NUM&quot;,&quot;loop&quot;:{&quot;type&quot;:&quot;&quot;,&quot;name&quot;:&quot;&quot;,&quot;data&quot;:[],&quot;id&quot;:0}}\" data-permalink=\"\/es\/wp-json\/wp\/v2\/pages\/1468?wpv_view_count=522-TCPID1468\">\n\n\t\n\t\n\t\n\t\t<div class=\"view-slider\">\r\n\t<div class=\"view-tax\">Modelo Andes<\/div>\r\n\t<div class=\"view-img\"><img decoding=\"async\" src=\"http:\/\/www.imuntanya.com\/wp-content\/uploads\/2012\/09\/PP_2012_Chulilla-2012_MAndes_web-1-w.jpg\" \/> <img decoding=\"async\" src=\"http:\/\/www.imuntanya.com\/wp-content\/uploads\/2012\/09\/PP_2012_Chulilla-2012_MAndes_web-2-w.jpg\" \/> <img decoding=\"async\" src=\"http:\/\/www.imuntanya.com\/wp-content\/uploads\/2012\/09\/PP_2012_Chulilla-2012_MAndes_web-3-w.jpg\" \/><\/div>\r\n\t<a class=\"view-title\" href=\"http:\/\/www.imuntanya.com\/es\/pont-penjant\/chulilla-valencia\/\">Chulilla, Valencia<\/a>\r\n  <div class=\"view-link\">\r\n  \t\t<a href=\"http:\/\/www.imuntanya.com\/es\/pont-penjant\/chulilla-valencia\/\">Ver ficha<\/a>\r\n  \t<\/div>\r\n<\/div>\n\t\n\t\n\t\n\t\n<\/div>\n\t\t\t\t<\/div> <div class='one_half et_column_last'>\n\t\t\t\t\t\n\t\t\t\t<\/div><div class='clear'><\/div>Es el m\u00e1s parecido al puente tibetano tradicional, consistente en dos cables anclados a la roca, sin pilares de sustentaci\u00f3n y con p\u00e9ndolas flexibles de cable. A diferencia del tibetano, donde generalmente los peatones transitan sobre un cable, el Modelo Andes tiene una plataforma que puede ser de madera, acero, mixta u otro material que permita un paso seguro sin arn\u00e9s.<\/p>\n<div><strong>Dise\u00f1ado para su instalaci\u00f3n en zonas de dif\u00edcil acceso\u00a0y con presupuestos reducidos<\/strong><\/div>\n<div><\/div>\n<div>Este modelo est\u00e1 calculado para ser instalado en zonas de acceso dif\u00edcil para el transporte de materiales como pueden ser los ca\u00f1ones y barrancos. Los elementos deben ser lo m\u00e1s ligeros posible para que su conexi\u00f3n con los cables tendedera no requiera de medios externos de suspensi\u00f3n.<\/div>\n<div><\/div>\n<div><strong>No tiene limitaciones de longitud\u00a0<\/strong><\/div>\n<div><\/div>\n<div>Sin limitaci\u00f3n en cuanto a su longitud, se recomienda un ancho entre 1m y 1,5m para el paso de peatones y bicicletas.<\/div>\n<div><\/div>\n<div><\/div>\n<div>\n<h2 style=\"text-align: center;\"><span style=\"color: #b6da1b; line-height: 26px;\">DESCUBRE NUESTRO<\/span><\/h2>\n<h2 style=\"text-align: center;\"><span style=\"color: #b6da1b; line-height: 26px;\"><span style=\"text-decoration: underline;\"><a title=\"Cat\u00e0leg de projectes\" href=\"http:\/\/www.imuntanya.com\/es\/catalogo\/?lang=es\"><strong>CAT\u00c1LOGO DE PROYECTOS<\/strong><\/a><\/span><\/span><\/h2>\n<p><em><span style=\"line-height: 18px !important; font-size: 12px; display: block; padding: 9px 30px 0 0;\">Los diferentes modelos son un punto de partida para solucionar las necesidades de cada proyecto. Todos cumplen con los euroc\u00f3digos vigentes y son adaptables a las necesidades normativas del pa\u00eds.<\/span><\/em><\/p>\n<\/div>\n<\/div>\n<p>[\/et_pb_tab][et_pb_tab title=\u00bbMODELO ATLAS\u00bb _builder_version=\u00bb4.16&#8243; global_colors_info=\u00bb{}\u00bb]<\/p>\n<div id=\"atles\">\n<p><div class='one_half'>\n\t\t\t\t\t<form autocomplete=\"off\" name=\"wpv-filter-524-TCPID1468\" action=\"\/es\/wp-json\/wp\/v2\/pages\/1468?wpv_view_count=524-TCPID1468\" method=\"get\" class=\"wpv-filter-form js-wpv-filter-form js-wpv-filter-form-524-TCPID1468 js-wpv-form-full\" data-viewnumber=\"524-TCPID1468\" data-viewid=\"524\" data-viewhash=\"eyJuYW1lIjoibS1hdGxlcyJ9\" data-viewwidgetid=\"0\" data-orderby=\"\" data-order=\"\" data-orderbyas=\"\" data-orderbysecond=\"\" data-ordersecond=\"\" data-parametric=\"{&quot;query&quot;:&quot;normal&quot;,&quot;id&quot;:524,&quot;view_id&quot;:524,&quot;widget_id&quot;:0,&quot;view_hash&quot;:&quot;524-TCPID1468&quot;,&quot;action&quot;:&quot;\\\/es\\\/wp-json\\\/wp\\\/v2\\\/pages\\\/1468?wpv_view_count=524-TCPID1468&quot;,&quot;sort&quot;:{&quot;orderby&quot;:&quot;&quot;,&quot;order&quot;:&quot;&quot;,&quot;orderby_as&quot;:&quot;&quot;,&quot;orderby_second&quot;:&quot;&quot;,&quot;order_second&quot;:&quot;&quot;},&quot;orderby&quot;:&quot;&quot;,&quot;order&quot;:&quot;&quot;,&quot;orderby_as&quot;:&quot;&quot;,&quot;orderby_second&quot;:&quot;&quot;,&quot;order_second&quot;:&quot;&quot;,&quot;ajax_form&quot;:&quot;&quot;,&quot;ajax_results&quot;:&quot;&quot;,&quot;effect&quot;:&quot;fade&quot;,&quot;prebefore&quot;:&quot;&quot;,&quot;before&quot;:&quot;&quot;,&quot;after&quot;:&quot;&quot;,&quot;attributes&quot;:[],&quot;environment&quot;:{&quot;current_post_id&quot;:1468,&quot;parent_post_id&quot;:0,&quot;parent_term_id&quot;:0,&quot;parent_user_id&quot;:0,&quot;archive&quot;:{&quot;type&quot;:&quot;&quot;,&quot;name&quot;:&quot;&quot;,&quot;data&quot;:[]}},&quot;loop&quot;:{&quot;type&quot;:&quot;&quot;,&quot;name&quot;:&quot;&quot;,&quot;data&quot;:[],&quot;id&quot;:0}}\" data-attributes=\"[]\" data-environment=\"{&quot;current_post_id&quot;:1468,&quot;parent_post_id&quot;:0,&quot;parent_term_id&quot;:0,&quot;parent_user_id&quot;:0,&quot;archive&quot;:{&quot;type&quot;:&quot;&quot;,&quot;name&quot;:&quot;&quot;,&quot;data&quot;:[]}}\"><input type=\"hidden\" class=\"js-wpv-dps-filter-data js-wpv-filter-data-for-this-form\" data-action=\"\/es\/wp-json\/wp\/v2\/pages\/1468?wpv_view_count=524-TCPID1468\" data-page=\"1\" data-ajax=\"disable\" data-effect=\"fade\" data-maxpages=\"2\" data-ajaxprebefore=\"\" data-ajaxbefore=\"\" data-ajaxafter=\"\" \/><input class=\"wpv_view_count wpv_view_count-524-TCPID1468\" type=\"hidden\" name=\"wpv_view_count\" value=\"524-TCPID1468\" \/>\n\n<\/form>\n<div id=\"wpv-view-layout-524-TCPID1468\" class=\"js-wpv-view-layout js-wpv-layout-responsive js-wpv-view-layout-524-TCPID1468 wpv-pagination js-wpv-layout-has-pagination wpv-pagination-preload-images js-wpv-layout-preload-images wpv-pagination-preload-pages js-wpv-layout-preload-pages\" style=\"visibility:hidden;\" data-viewnumber=\"524-TCPID1468\" data-pagination=\"{&quot;id&quot;:524,&quot;query&quot;:&quot;normal&quot;,&quot;type&quot;:&quot;rollover&quot;,&quot;effect&quot;:&quot;fade&quot;,&quot;duration&quot;:500,&quot;speed&quot;:5,&quot;pause_on_hover&quot;:&quot;disabled&quot;,&quot;stop_rollover&quot;:&quot;true&quot;,&quot;cache_pages&quot;:&quot;enabled&quot;,&quot;preload_images&quot;:&quot;enabled&quot;,&quot;preload_pages&quot;:&quot;enabled&quot;,&quot;preload_reach&quot;:1,&quot;spinner&quot;:&quot;builtin&quot;,&quot;spinner_image&quot;:&quot;http:\/\/imuntanya.com\/wp-content\/plugins\/wp-views\/embedded\/res\/img\/ajax-loader.gif&quot;,&quot;callback_next&quot;:&quot;&quot;,&quot;manage_history&quot;:&quot;enabled&quot;,&quot;has_controls_in_form&quot;:&quot;disabled&quot;,&quot;infinite_tolerance&quot;:&quot;0&quot;,&quot;max_pages&quot;:2,&quot;page&quot;:1,&quot;base_permalink&quot;:&quot;\/es\/wp-json\/wp\/v2\/pages\/1468?wpv_view_count=524-TCPID1468&amp;wpv_paged=WPV_PAGE_NUM&quot;,&quot;loop&quot;:{&quot;type&quot;:&quot;&quot;,&quot;name&quot;:&quot;&quot;,&quot;data&quot;:[],&quot;id&quot;:0}}\" data-permalink=\"\/es\/wp-json\/wp\/v2\/pages\/1468?wpv_view_count=524-TCPID1468\">\n\n\t\n\t\n\t\n\t\t<div class=\"view-slider\">\r\n<div class=\"view-tax\">Modelo Atlas<\/div>\r\n<div class=\"view-img\"><img decoding=\"async\" src=\"http:\/\/www.imuntanya.com\/wp-content\/uploads\/2022\/04\/PP_2022_AMB-Barbera_pont_1-web-w-700x470-1.jpg\" \/> <img decoding=\"async\" src=\"http:\/\/www.imuntanya.com\/wp-content\/uploads\/2022\/04\/PP_2022_AMB-Barbera_pont_2-web-w-700x470-1.jpg\" \/> <img decoding=\"async\" src=\"http:\/\/www.imuntanya.com\/wp-content\/uploads\/2022\/04\/PP_2022_AMB-Barbera_pont_3-web-w-700x470-1.jpg\" \/><\/div>\r\n<a class=\"view-title\" href=\"http:\/\/www.imuntanya.com\/es\/pont-penjant\/barbera-del-valles-barcelona\/\">Barber\u00e0 del Vall\u00e8s, Barcelona<\/a>\r\n<div class=\"view-link\"><a href=\"http:\/\/www.imuntanya.com\/es\/pont-penjant\/barbera-del-valles-barcelona\/\">Ver ficha<\/a><\/div>\r\n<\/div>\n\t\n\t\n\t\n\t\n<\/div>\n\t\t\t\t<\/div> <div class='one_half et_column_last'>\n\t\t\t\t\t\n\t\t\t\t<\/div><div class='clear'><\/div> Modelo de alto dise\u00f1o en colaboraci\u00f3n con arquitectos. Consiste en un puente de cable anclado al terreno, con pilares de sustentaci\u00f3n, p\u00e9ndolas r\u00edgidas de acero seg\u00fan norma, tablero r\u00edgido de acero u hormig\u00f3n postensado y con un piso que permite diferentes acabados.<\/p>\n<p><strong>Dise\u00f1ado para el uso habitual de peatones y bicicletas pero calculado para el paso de veh\u00edculos<\/strong><\/p>\n<p>Principalmente para uso peatonal, este puente permite el paso puntual de veh\u00edculos. El Modelo Atlas es de altas prestaciones pero esconde su robustez en un dise\u00f1o de l\u00edneas sencillas que le dan un aire esbelto al conjunto.<\/p>\n<div><strong>Aumenta el valor arquitect\u00f3nico y patrimonial de la zona donde se ubica<\/strong><\/div>\n<div><\/div>\n<div>Este modelo no tiene limitaciones de longitud y permite anchos des de los 2,5m a los 4m. El Modelo Atlas requiere de un estudio profundo de la zona y sus posibilidades y es ideal para la sustituci\u00f3n de puentes existentes de caracter\u00edsticas similares muy deteriorados e imposibles de restaurar.<\/div>\n<div><\/div>\n<div><\/div>\n<div>\n<h2 style=\"text-align: center;\"><span style=\"color: #b6da1b; line-height: 26px;\">DESCUBRE NUESTRO<\/span><\/h2>\n<h2 style=\"text-align: center;\"><span style=\"color: #b6da1b; line-height: 26px;\"><span style=\"text-decoration: underline;\"><a title=\"Cat\u00e0leg de projectes\" href=\"http:\/\/www.imuntanya.com\/es\/catalogo\/?lang=es\"><strong>CAT\u00c1LOGO DE PROYECTOS<\/strong><\/a><\/span><\/span><\/h2>\n<p><em><span style=\"line-height: 18px !important; font-size: 12px; display: block; padding: 9px 30px 0 0;\">Los diferentes modelos son un punto de partida para solucionar las necesidades de cada proyecto. Todos cumplen con los euroc\u00f3digos vigentes y son adaptables a las necesidades normativas del pa\u00eds.<\/span><\/em><\/p>\n<\/div>\n<\/div>\n<p>[\/et_pb_tab][et_pb_tab title=\u00bbMODELO A MEDIDA\u00bb _builder_version=\u00bb4.16&#8243; global_colors_info=\u00bb{}\u00bb]<\/p>\n<div id=\"amida\">\n<p><div class='one_half'>\n\t\t\t\t\t<form autocomplete=\"off\" name=\"wpv-filter-528-TCPID1468\" action=\"\/es\/wp-json\/wp\/v2\/pages\/1468?wpv_view_count=528-TCPID1468\" method=\"get\" class=\"wpv-filter-form js-wpv-filter-form js-wpv-filter-form-528-TCPID1468 js-wpv-form-full\" data-viewnumber=\"528-TCPID1468\" data-viewid=\"528\" data-viewhash=\"eyJuYW1lIjoibS1hLW1pZGEifQ==\" data-viewwidgetid=\"0\" data-orderby=\"\" data-order=\"\" data-orderbyas=\"\" data-orderbysecond=\"\" data-ordersecond=\"\" data-parametric=\"{&quot;query&quot;:&quot;normal&quot;,&quot;id&quot;:528,&quot;view_id&quot;:528,&quot;widget_id&quot;:0,&quot;view_hash&quot;:&quot;528-TCPID1468&quot;,&quot;action&quot;:&quot;\\\/es\\\/wp-json\\\/wp\\\/v2\\\/pages\\\/1468?wpv_view_count=528-TCPID1468&quot;,&quot;sort&quot;:{&quot;orderby&quot;:&quot;&quot;,&quot;order&quot;:&quot;&quot;,&quot;orderby_as&quot;:&quot;&quot;,&quot;orderby_second&quot;:&quot;&quot;,&quot;order_second&quot;:&quot;&quot;},&quot;orderby&quot;:&quot;&quot;,&quot;order&quot;:&quot;&quot;,&quot;orderby_as&quot;:&quot;&quot;,&quot;orderby_second&quot;:&quot;&quot;,&quot;order_second&quot;:&quot;&quot;,&quot;ajax_form&quot;:&quot;&quot;,&quot;ajax_results&quot;:&quot;&quot;,&quot;effect&quot;:&quot;fade&quot;,&quot;prebefore&quot;:&quot;&quot;,&quot;before&quot;:&quot;&quot;,&quot;after&quot;:&quot;&quot;,&quot;attributes&quot;:[],&quot;environment&quot;:{&quot;current_post_id&quot;:1468,&quot;parent_post_id&quot;:0,&quot;parent_term_id&quot;:0,&quot;parent_user_id&quot;:0,&quot;archive&quot;:{&quot;type&quot;:&quot;&quot;,&quot;name&quot;:&quot;&quot;,&quot;data&quot;:[]}},&quot;loop&quot;:{&quot;type&quot;:&quot;&quot;,&quot;name&quot;:&quot;&quot;,&quot;data&quot;:[],&quot;id&quot;:0}}\" data-attributes=\"[]\" data-environment=\"{&quot;current_post_id&quot;:1468,&quot;parent_post_id&quot;:0,&quot;parent_term_id&quot;:0,&quot;parent_user_id&quot;:0,&quot;archive&quot;:{&quot;type&quot;:&quot;&quot;,&quot;name&quot;:&quot;&quot;,&quot;data&quot;:[]}}\"><input type=\"hidden\" class=\"js-wpv-dps-filter-data js-wpv-filter-data-for-this-form\" data-action=\"\/es\/wp-json\/wp\/v2\/pages\/1468?wpv_view_count=528-TCPID1468\" data-page=\"1\" data-ajax=\"disable\" data-effect=\"fade\" data-maxpages=\"2\" data-ajaxprebefore=\"\" data-ajaxbefore=\"\" data-ajaxafter=\"\" \/><input class=\"wpv_view_count wpv_view_count-528-TCPID1468\" type=\"hidden\" name=\"wpv_view_count\" value=\"528-TCPID1468\" \/>\n\n<\/form>\n<div id=\"wpv-view-layout-528-TCPID1468\" class=\"js-wpv-view-layout js-wpv-layout-responsive js-wpv-view-layout-528-TCPID1468 wpv-pagination js-wpv-layout-has-pagination wpv-pagination-preload-images js-wpv-layout-preload-images wpv-pagination-preload-pages js-wpv-layout-preload-pages\" style=\"visibility:hidden;\" data-viewnumber=\"528-TCPID1468\" data-pagination=\"{&quot;id&quot;:528,&quot;query&quot;:&quot;normal&quot;,&quot;type&quot;:&quot;rollover&quot;,&quot;effect&quot;:&quot;fade&quot;,&quot;duration&quot;:500,&quot;speed&quot;:5,&quot;pause_on_hover&quot;:&quot;disabled&quot;,&quot;stop_rollover&quot;:&quot;true&quot;,&quot;cache_pages&quot;:&quot;enabled&quot;,&quot;preload_images&quot;:&quot;enabled&quot;,&quot;preload_pages&quot;:&quot;enabled&quot;,&quot;preload_reach&quot;:1,&quot;spinner&quot;:&quot;builtin&quot;,&quot;spinner_image&quot;:&quot;http:\/\/imuntanya.com\/wp-content\/plugins\/wp-views\/embedded\/res\/img\/ajax-loader.gif&quot;,&quot;callback_next&quot;:&quot;&quot;,&quot;manage_history&quot;:&quot;enabled&quot;,&quot;has_controls_in_form&quot;:&quot;disabled&quot;,&quot;infinite_tolerance&quot;:&quot;0&quot;,&quot;max_pages&quot;:2,&quot;page&quot;:1,&quot;base_permalink&quot;:&quot;\/es\/wp-json\/wp\/v2\/pages\/1468?wpv_view_count=528-TCPID1468&amp;wpv_paged=WPV_PAGE_NUM&quot;,&quot;loop&quot;:{&quot;type&quot;:&quot;&quot;,&quot;name&quot;:&quot;&quot;,&quot;data&quot;:[],&quot;id&quot;:0}}\" data-permalink=\"\/es\/wp-json\/wp\/v2\/pages\/1468?wpv_view_count=528-TCPID1468\">\n\n\t\n\t\n\t\n\t\t<div class=\"view-slider\">\n\t<div class=\"view-tax\">Modelo a medida<\/div>\n\t<div class=\"view-img\"><img decoding=\"async\" src=\"http:\/\/www.imuntanya.com\/wp-content\/uploads\/2017\/09\/PP_2016_Pielagos-2017_M-a-mida_1-web-w.jpg\" \/> <img decoding=\"async\" src=\"http:\/\/www.imuntanya.com\/wp-content\/uploads\/2017\/09\/PP_2016_Pielagos-2017_M-a-mida_2-web-w.jpg\" \/> <img decoding=\"async\" src=\"http:\/\/www.imuntanya.com\/wp-content\/uploads\/2017\/09\/PP_2016_Pielagos-2017_M-a-mida_3-web-w.jpg\" \/><\/div>\n\t<a class=\"view-title\" href=\"http:\/\/www.imuntanya.com\/es\/pont-penjant\/pielagos-santander\/\">Caradia-Zurita a Pi\u00e9lagos, Santander<\/a>\n  <div class=\"view-link\">\n  \t\t<a href=\"http:\/\/www.imuntanya.com\/es\/pont-penjant\/pielagos-santander\/\">Veure fitxa<\/a>\n  \t<\/div>\n<\/div>\n\t\n\t\n\t\n\t\n<\/div>\n\t\t\t\t<\/div> <div class='one_half et_column_last'>\n\t\t\t\t\t\n\t\t\t\t<\/div><div class='clear'><\/div><\/p>\n<div>En iMuntanya contamos con un equipo preparado para encontrar la soluci\u00f3n que mejor se adecue al proyecto, partiendo de un modelo propio o en colaboraci\u00f3n con otras empresas de ingenier\u00eda o construcci\u00f3n.<\/div>\n<div><\/div>\n<div>A nuestros colaboradores les ofrecemos nuestra experiencia y conocimientos especializados en la construcci\u00f3n e instalaci\u00f3n de puentes colgantes, as\u00ed como nuestro taller para la fabricaci\u00f3n de todos los elementos necesarios y un equipo humano formado en las t\u00e9cnicas del trabajo vertical, experimentado en accesos dif\u00edciles y acostumbrado a la alta monta\u00f1a y a los espacios reducidos.<\/div>\n<div><\/div>\n<div>Si formas parte de una empresa interesada en colaborar con nosotros, dale <a href=\"http:\/\/www.imuntanya.com\/es\/contacto\/\"><strong>aqu\u00ed<\/strong><\/a>.<\/div>\n<\/div>\n<div><\/div>\n<div>\n<h2 style=\"text-align: center;\"><span style=\"color: #b6da1b; line-height: 26px;\">DESCUBRE NUESTRO<\/span><\/h2>\n<h2 style=\"text-align: center;\"><span style=\"color: #b6da1b; line-height: 26px;\"><span style=\"text-decoration: underline;\"><a title=\"Cat\u00e0leg de projectes\" href=\"http:\/\/www.imuntanya.com\/es\/catalogo\/?lang=es\"><strong>CAT\u00c1LOGO DE PROYECTOS<\/strong><\/a><\/span><\/span><\/h2>\n<p><em><span style=\"line-height: 18px !important; font-size: 12px; display: block; padding: 9px 30px 0 0;\">Los diferentes modelos son un punto de partida para solucionar las necesidades de cada proyecto. Todos cumplen con los euroc\u00f3digos vigentes y son adaptables a las necesidades normativas del pa\u00eds.<\/span><\/em><\/p>\n<\/div>\n<p>[\/et_pb_tab][\/et_pb_tabs][\/et_pb_column][\/et_pb_row][\/et_pb_section][et_pb_section fb_built=\u00bb1&#8243; _builder_version=\u00bb4.16&#8243; custom_padding=\u00bb||20px|\u00bb global_colors_info=\u00bb{}\u00bb][et_pb_row module_id=\u00bbidea\u00bb _builder_version=\u00bb4.16&#8243; background_size=\u00bbinitial\u00bb background_position=\u00bbtop_left\u00bb background_repeat=\u00bbrepeat\u00bb global_colors_info=\u00bb{}\u00bb][et_pb_column type=\u00bb4_4&#8243; _builder_version=\u00bb4.16&#8243; custom_padding=\u00bb|||\u00bb global_colors_info=\u00bb{}\u00bb custom_padding__hover=\u00bb|||\u00bb][et_pb_text admin_label=\u00bbde la idea al projecte\u00bb _builder_version=\u00bb4.16&#8243; text_font=\u00bbRubik|300|||||||\u00bb text_text_color=\u00bb#999999&#8243; text_font_size=\u00bb38px\u00bb global_colors_info=\u00bb{}\u00bb]De la idea al proyecto<br \/>\n[\/et_pb_text][\/et_pb_column][\/et_pb_row][et_pb_row column_structure=\u00bb1_2,1_2&#8243; _builder_version=\u00bb4.16&#8243; background_size=\u00bbinitial\u00bb background_position=\u00bbtop_left\u00bb background_repeat=\u00bbrepeat\u00bb global_colors_info=\u00bb{}\u00bb][et_pb_column type=\u00bb1_2&#8243; _builder_version=\u00bb4.16&#8243; custom_padding=\u00bb|||\u00bb global_colors_info=\u00bb{}\u00bb custom_padding__hover=\u00bb|||\u00bb][et_pb_image src=\u00bbhttp:\/\/www.imuntanya.com\/wp-content\/uploads\/2018\/11\/constPP_2009_Baro-2009_MAtles-FC-4.jpg\u00bb align_tablet=\u00bbcenter\u00bb align_phone=\u00bb\u00bb align_last_edited=\u00bbon|desktop\u00bb _builder_version=\u00bb4.16&#8243; always_center_on_mobile=\u00bbon\u00bb global_colors_info=\u00bb{}\u00bb][\/et_pb_image][\/et_pb_column][et_pb_column type=\u00bb1_2&#8243; _builder_version=\u00bb4.16&#8243; custom_padding=\u00bb|||\u00bb global_colors_info=\u00bb{}\u00bb custom_padding__hover=\u00bb|||\u00bb][et_pb_text _builder_version=\u00bb4.16&#8243; text_font=\u00bbRubik||||||||\u00bb text_line_height=\u00bb24px\u00bb global_colors_info=\u00bb{}\u00bb]<\/p>\n<h4><span style=\"color: #b6da1b; line-height: 26px;\"><strong>Los<\/strong> <strong>puentes o pasarelas colgantes<\/strong> son infraestructuras ligeras que ofrecen nuevas v\u00edas de comunicaci\u00f3n para peatones y bicicletas a\u00f1adiendo un valor tur\u00edstico singular. Dise\u00f1adas para su integraci\u00f3n ambiental, son soluciones ideales para el cruce de r\u00edos y barrancos as\u00ed como para salvar depresiones orogr\u00e1ficas.<\/span><\/h4>\n<div>iMuntanya dispone de un equipo multidisciplinar de ingenieros y t\u00e9cnicos para calcular y dise\u00f1ar un proyecto a medida partiendo de nuestros modelos o en colaboraci\u00f3n con otras empresas y teniendo en cuenta cu\u00e1l ser\u00e1 el sistema de instalaci\u00f3n \u00f3ptimo seg\u00fan la ubicaci\u00f3n de la pasarela.<\/div>\n<p>Con el encargo de un nuevo proyecto, en nuestro departamento t\u00e9cnico realizamos un dise\u00f1o ejecutivo de los elementos, analizamos las opciones de conexi\u00f3n y transmisi\u00f3n de las cargas del cable principal al terreno, buscamos las mejores uniones de cable principal con la plataforma y las p\u00e9ndolas y finalmente, trabajamos con esmero la est\u00e9tica del puente para que resulte en una estructura que se integre y aporte belleza al espacio que ocupa.<\/p>\n<p>Con la aprobaci\u00f3n del dise\u00f1o, en nuestro taller preparamos la estructura y fabricamos los componentes del puente suspendido. Desde las piezas catalogadas, hasta la fabricaci\u00f3n especial de piezas para el proyecto, tenemos la capacidad de producir y ensamblar todos los componentes de la pasarela siguiendo la normativa en vigor de la UE y el reglamento del pa\u00eds donde se instale. En iMuntanya somos expertos en cable y trabajamos con toda la gama existente en el mercado. Conocemos este material, sus propiedades y la tipolog\u00eda id\u00f3nea para sacarle el mejor rendimiento seg\u00fan las necesidades del proyecto.<\/p>\n<p>Por \u00faltimo, instalamos el puente con nuestro equipo o suministramos\u00a0todos los componentes necesarios a empresas instaladoras como son las grapas de uni\u00f3n cable-p\u00e9ndulos y p\u00e9ndulos-estructura y las p\u00e9ndolas de acero r\u00edgidas o flexibles.<br \/>\n[\/et_pb_text][\/et_pb_column][\/et_pb_row][\/et_pb_section][et_pb_section fb_built=\u00bb1&#8243; fullwidth=\u00bbon\u00bb module_id=\u00bbmapa\u00bb _builder_version=\u00bb4.16&#8243; global_colors_info=\u00bb{}\u00bb][et_pb_fullwidth_code disabled_on=\u00bbon|on|on\u00bb admin_label=\u00bbMapa Merc\u00e8\u00bb _builder_version=\u00bb4.16&#8243; custom_css_main_element=\u00bb.iframe {||width:100%;}\u00bb disabled=\u00bbon\u00bb global_colors_info=\u00bb{}\u00bb]<iframe loading=\"lazy\" src=\"https:\/\/www.google.com\/maps\/d\/u\/1\/embed?mid=1iAoDZTdsU3-BQ5Rr3fT6EvpC45hewMBX\" width=\"640\" height=\"480\"><\/iframe>[\/et_pb_fullwidth_code][et_pb_fullwidth_map address=\u00bbEspanya\u00bb zoom_level=\u00bb5&#8243; address_lat=\u00bb40.46366700000001&#8243; address_lng=\u00bb-3.7492200000000366&#8243; mouse_wheel=\u00bboff\u00bb mobile_dragging=\u00bboff\u00bb disabled_on=\u00bboff|off|off\u00bb _builder_version=\u00bb4.16&#8243; custom_padding=\u00bb||0px|\u00bb child_mix_blend_mode=\u00bbsoft-light\u00bb global_colors_info=\u00bb{}\u00bb][et_pb_map_pin title=\u00bbWindsor Suspension Bridge, Gibraltar, UK\u00bb pin_address=\u00bbRoyal Anglian Way,, Gibraltar\u00bb pin_address_lat=\u00bb36.13015&#8243; pin_address_lng=\u00bb-5.347430000000031&#8243; _builder_version=\u00bb3.17.6&#8243; global_colors_info=\u00bb{}\u00bb]<\/p>\n<div class=\"boxes gibraltar\">\n<div class=\"title\">Gibraltar, Reino Unido<\/div>\n<div class=\"image\"><img decoding=\"async\" src=\"http:\/\/www.imuntanya.com\/wp-content\/uploads\/2015\/09\/PP_2016_Gibraltar-UK-2016_MPirineus_3-web-w.jpg\" alt=\"Windsor suspended bridge in Gibraltar\" title=\"\"Windsor\" suspension bridge in Gibraltar, United Kingdom, 2015 \u00b7 3\" class=\"attachment-full\" \/>, <img decoding=\"async\" src=\"http:\/\/www.imuntanya.com\/wp-content\/uploads\/2015\/09\/PP_2016_Gibraltar-UK-2016_MPirineus_2-web-w.jpg\" alt=\"Windsor suspended bridge in Gibraltar\" title=\"\"Windsor\" suspension bridge in Gibraltar, United Kingdom, 2015 \u00b7 2\" class=\"attachment-full\" \/>, <img decoding=\"async\" src=\"http:\/\/www.imuntanya.com\/wp-content\/uploads\/2015\/09\/PP_2016_Gibraltar-UK-2016_MPirineus_1-web-w.jpg\" alt=\"Windsor suspended bridge in Gibraltar\" title=\"\"Windsor\" suspension bridge in Gibraltar, United Kingdom, 2015 \u00b7 1\" class=\"attachment-full\" \/><\/div>\n<div class=\"link\"><a href=\"http:\/\/www.imuntanya.com\/es\/pont-penjant\/gibraltar-reino-unido\/\">Ver ficha<\/a><\/div>\n<\/div>\n<p>[\/et_pb_map_pin][et_pb_map_pin title=\u00bbLucena del Cid\u00bb pin_address=\u00bbCalle Solana, 12120 Llucena, Castell\u00f3n, Espanya\u00bb pin_address_lat=\u00bb40.13823&#8243; pin_address_lng=\u00bb-0.2726900000000114&#8243; _builder_version=\u00bb3.17.6&#8243; global_colors_info=\u00bb{}\u00bb]<\/p>\n<div class=\"boxes lucena\">\n<div class=\"title\">Lucena del Cid, Castell\u00f3<\/div>\n<div class=\"image\"><img decoding=\"async\" src=\"http:\/\/www.imuntanya.com\/wp-content\/uploads\/2018\/09\/MCarpats_LucenadelCid_2011_OK.jpg\" alt=\"Puente colgante en Lucena del Cid, Castell\u00f3n\" title=\"Puente colgante de Lucena del Cid, Castell\u00f3n 2011\" class=\"attachment-full\" \/>, <img decoding=\"async\" src=\"http:\/\/www.imuntanya.com\/wp-content\/uploads\/2011\/09\/PP_2011_Lucena-del-Cid-2011_MCarpats-_w2-700x470-1.jpg\" alt=\"Puente colgante en Lucena del Cid, Castell\u00f3n\" title=\"Puente colgante de Lucena del Cid, Castell\u00f3n 2011\" class=\"attachment-full\" \/>, <img decoding=\"async\" src=\"http:\/\/www.imuntanya.com\/wp-content\/uploads\/2011\/09\/PP_2011_Lucena-del-Cid-2011_MCarpats_w3-700x470-1.jpg\" alt=\"Puente colgante en Lucena del Cid, Castell\u00f3n\" title=\"Puente colgante de Lucena del Cid, Castell\u00f3n 2011\" class=\"attachment-full\" \/><\/div>\n<div class=\"link\"><a href=\"http:\/\/www.imuntanya.com\/es\/pont-penjant\/lucena-del-cid-castello\/\">Ver ficha<\/a><\/div>\n<\/div>\n<p>[\/et_pb_map_pin][et_pb_map_pin title=\u00bbBar\u00f3\u00bb pin_address=\u00bbCarrer Unica; Baro, 16, 25593 Soriguera, Lleida, Espanya\u00bb pin_address_lat=\u00bb42.35987&#8243; pin_address_lng=\u00bb1.0851999999999862&#8243; _builder_version=\u00bb3.17.6&#8243; global_colors_info=\u00bb{}\u00bb]<\/p>\n<div class=\"boxes baro\">\n<div class=\"title\">Bar\u00f3, Lleida<\/div>\n<div class=\"image\"><img decoding=\"async\" src=\"http:\/\/www.imuntanya.com\/wp-content\/uploads\/2018\/09\/MAtles_Baro_2009_OK.jpg\" alt=\"Pont penjant de Bar\u00f3, Pallars Sobir\u00e0, Lleida\" title=\"Pont penjant de Bar\u00f3, Pallars Sobir\u00e0, Lleida 2009\" class=\"attachment-full\" \/>, <img decoding=\"async\" src=\"http:\/\/www.imuntanya.com\/wp-content\/uploads\/2009\/09\/PP_2009_Baro-2013_MAtles-FC_w2-700x470-1.jpg\" alt=\"Pont penjant de Bar\u00f3, Pallars Sobir\u00e0, Lleida\" title=\"Pont penjant de Bar\u00f3, Pallars Sobir\u00e0, Lleida\" class=\"attachment-full\" \/>, <img decoding=\"async\" src=\"http:\/\/www.imuntanya.com\/wp-content\/uploads\/2009\/09\/PP_2009_Baro-2013_MAtles-FC_w3-700x470-1.jpg\" alt=\"Pont penjant de Bar\u00f3, Pallars Sobir\u00e0, Lleida\" title=\"Pont penjant de Bar\u00f3, Pallars Sobir\u00e0, Lleida\" class=\"attachment-full\" \/><\/div>\n<div class=\"link\"><a href=\"http:\/\/www.imuntanya.com\/es\/pont-penjant\/baro\/\">Ver ficha<\/a><\/div>\n<\/div>\n<p>[\/et_pb_map_pin][et_pb_map_pin title=\u00bbPi\u00e9lagos\u00bb pin_address=\u00bbBarrio la Macorra, 18C, 39479 Carand\u00eda, Cantabria, Espanya\u00bb pin_address_lat=\u00bb43.34126&#8243; pin_address_lng=\u00bb-3.976570000000038&#8243; _builder_version=\u00bb3.17.6&#8243; global_colors_info=\u00bb{}\u00bb]<\/p>\n<div class=\"boxes pielagos\">\n<div class=\"title\">Caradia-Zurita a Pi\u00e9lagos, Santander<\/div>\n<div class=\"image\"><img decoding=\"async\" src=\"http:\/\/www.imuntanya.com\/wp-content\/uploads\/2017\/09\/PP_2016_Pielagos-2017_M-a-mida_1-web-w.jpg\" alt=\"Walkway in Pi\u00e9lagos, Cantabria, Spain ,2017\" title=\"PP_2016_Pielagos 2017_M a mida_1 web w\" class=\"attachment-full\" \/>, <img decoding=\"async\" src=\"http:\/\/www.imuntanya.com\/wp-content\/uploads\/2017\/09\/PP_2016_Pielagos-2017_M-a-mida_2-web-w.jpg\" title=\"PP_2016_Pielagos 2017_M a mida_2 web w\" class=\"attachment-full\" \/>, <img decoding=\"async\" src=\"http:\/\/www.imuntanya.com\/wp-content\/uploads\/2017\/09\/PP_2016_Pielagos-2017_M-a-mida_3-web-w.jpg\" title=\"PP_2016_Pielagos 2017_M a mida_3 web w\" class=\"attachment-full\" \/><\/div>\n<div class=\"link\"><a href=\"http:\/\/www.imuntanya.com\/es\/pont-penjant\/pielagos-santander\/\">Ver ficha<\/a><\/div>\n<\/div>\n<p>[\/et_pb_map_pin][et_pb_map_pin title=\u00bbChulilla\u00bb pin_address=\u00bbUnnamed Road, 46160 Chulilla, Valencia, Espanya\u00bb pin_address_lat=\u00bb39.66773&#8243; pin_address_lng=\u00bb-0.8947000000000571&#8243; _builder_version=\u00bb3.17.6&#8243; global_colors_info=\u00bb{}\u00bb]<\/p>\n<div class=\"boxes chulilla\">\n<div class=\"title\">Chulilla, Valencia<\/div>\n<div class=\"image\"><img decoding=\"async\" src=\"http:\/\/www.imuntanya.com\/wp-content\/uploads\/2012\/09\/PP_2012_Chulilla-2012_MAndes_web-1-w.jpg\" alt=\"Suspended footbridges in Chulilla, Valencia\" title=\"PP_2012_Chulilla 2012_MAndes_web 1 w\" class=\"attachment-full\" \/>, <img decoding=\"async\" src=\"http:\/\/www.imuntanya.com\/wp-content\/uploads\/2012\/09\/PP_2012_Chulilla-2012_MAndes_web-2-w.jpg\" alt=\"Suspended footbridges in Chulilla, Valencia\" title=\"PP_2012_Chulilla 2012_MAndes_web 2 w\" class=\"attachment-full\" \/>, <img decoding=\"async\" src=\"http:\/\/www.imuntanya.com\/wp-content\/uploads\/2012\/09\/PP_2012_Chulilla-2012_MAndes_web-3-w.jpg\" alt=\"Suspended footbridges in Chulilla, Valencia\" title=\"PP_2012_Chulilla 2012_MAndes_web 3 w\" class=\"attachment-full\" \/><\/div>\n<div class=\"link\"><a href=\"http:\/\/www.imuntanya.com\/es\/pont-penjant\/chulilla-valencia\/\">Ver ficha<\/a><\/div>\n<\/div>\n<p>[\/et_pb_map_pin][et_pb_map_pin title=\u00bbVallforn\u00e9s\u00bb pin_address=\u00bbDiseminado Casas Campo, 75, 08445, Barcelona, Espanya\u00bb pin_address_lat=\u00bb41.70486&#8243; pin_address_lng=\u00bb2.3512799999999743&#8243; _builder_version=\u00bb3.17.6&#8243; global_colors_info=\u00bb{}\u00bb]<\/p>\n<div class=\"boxes vallforners\">\n<div class=\"title\">Vallforn\u00e8s, Parque Natural Montseny<\/div>\n<div class=\"image\"><img decoding=\"async\" src=\"http:\/\/www.imuntanya.com\/wp-content\/uploads\/2018\/09\/MUrals_Vallfornes_2012_OK.jpg\" alt=\"pont penjant PN del Montseny\" title=\"Pont de Vallforn\u00e9s, Parc Natural del Montseny 2012\" class=\"attachment-full\" \/><\/div>\n<div class=\"link\"><a href=\"http:\/\/www.imuntanya.com\/es\/pont-penjant\/vallfornes-parque-natural-montseny\/\">Ver ficha<\/a><\/div>\n<\/div>\n<p>[\/et_pb_map_pin][et_pb_map_pin title=\u00bbSalig\u00f2s, FR\u00bb pin_address=\u00bbD921, 65120 Saligos, Fran\u00e7a\u00bb pin_address_lat=\u00bb42.89025&#8243; pin_address_lng=\u00bb-0.021349999999983993&#8243; _builder_version=\u00bb3.17.6&#8243; global_colors_info=\u00bb{}\u00bb]<\/p>\n<div class=\"boxes saligos\">\n<div class=\"title\">Saligos, Francia<\/div>\n<div class=\"image\"><img decoding=\"async\" src=\"http:\/\/www.imuntanya.com\/wp-content\/uploads\/2016\/09\/PP_2016_Saligos-FR-2016_MPirineus_1-web-w.jpg\" alt=\"Footbridge in Saligos, France\" title=\"PP_2016_Saligos FR 2016_MPirineus_1 web w\" class=\"attachment-full\" \/>, <img decoding=\"async\" src=\"http:\/\/www.imuntanya.com\/wp-content\/uploads\/2016\/09\/PP_2016_Saligos-FR-2016_MPirineus_2-web-w.jpg\" alt=\"Footbridge in Saligos, France\" title=\"PP_2016_Saligos FR 2016_MPirineus_2 web w\" class=\"attachment-full\" \/>, <img decoding=\"async\" src=\"http:\/\/www.imuntanya.com\/wp-content\/uploads\/2016\/09\/PP_2016_Saligos-FR-2016_MPirineus_3-web-w.jpg\" alt=\"Footbridge in Saligos, France\" title=\"PP_2016_Saligos FR 2016_MPirineus_3 web w\" class=\"attachment-full\" \/><\/div>\n<div class=\"link\"><a href=\"http:\/\/www.imuntanya.com\/es\/pont-penjant\/saligos-francia\/\">Ver ficha<\/a><\/div>\n<\/div>\n<p>[\/et_pb_map_pin][et_pb_map_pin title=\u00bbBarruera\u00bb pin_address=\u00bbPont Penjant de Barruera, Carrer Esgl\u00e9sia, 25527, L\u00e9rida, Espanya\u00bb pin_address_lat=\u00bb42.50337&#8243; pin_address_lng=\u00bb0.8031399999999849&#8243; _builder_version=\u00bb3.17.6&#8243; global_colors_info=\u00bb{}\u00bb]<\/p>\n<div class=\"boxes saligos\">\n<div class=\"title\">Barruera, Lleida<\/div>\n<div class=\"image\"><img decoding=\"async\" src=\"http:\/\/www.imuntanya.com\/wp-content\/uploads\/2018\/11\/MPirineus_Barruera_2004_OK.jpg\" alt=\"Pont Suspendu de Barruera, Lleida 2004\" title=\"Pont Suspendu de Barruera, Lleida 2004 1\/3\" class=\"attachment-full\" \/>, <img decoding=\"async\" src=\"http:\/\/www.imuntanya.com\/wp-content\/uploads\/2018\/11\/PP_2004_Barruera_MPirineus_700x470.jpg\" alt=\"Pont Suspendu de Barruera, Lleida 2004\" title=\"Pont Suspendu de Barruera, Lleida 2004 2\/3\" class=\"attachment-full\" \/>, <img decoding=\"async\" src=\"http:\/\/www.imuntanya.com\/wp-content\/uploads\/2018\/11\/PP_2004_Barruera_MPirineus_700x470_2.jpg\" alt=\"Pont Suspendu de Barruera, Lleida 2004\" title=\"Pont Suspendu de Barruera, Lleida 2004 3\/3\" class=\"attachment-full\" \/><\/div>\n<div class=\"link\"><a href=\"http:\/\/http:\/\/www.imuntanya.com\/es\/pont-penjant\/barruera\/\">Ver ficha<\/a><\/div>\n<\/div>\n<p>[\/et_pb_map_pin][et_pb_map_pin title=\u00bbPont de Sanavastre, Is\u00f2vol\u00bb pin_address=\u00bbUnnamed Road, 17539 Is\u00f2vol, Girona, Espanya\u00bb pin_address_lat=\u00bb42.38998&#8243; pin_address_lng=\u00bb1.8487199999999575&#8243; _builder_version=\u00bb3.17.6&#8243; global_colors_info=\u00bb{}\u00bb]<\/p>\n<div class=\"boxes saligos\">\n<div class=\"title\">Puente de Sanavastre, Is\u00f2vol<\/div>\n<div class=\"image\"><img decoding=\"async\" src=\"http:\/\/www.imuntanya.com\/wp-content\/uploads\/2018\/11\/MPirineus_Isovol_2007_OK.jpg\" alt=\"Puente colgante de Sanavastre, Is\u00f2vol, Cerdanya\" title=\"Pont Penjant de Sanavastre, Is\u00f2vol, Cerdanya 2007\" class=\"attachment-full\" \/>, <img decoding=\"async\" src=\"http:\/\/www.imuntanya.com\/wp-content\/uploads\/2018\/11\/PP_2007_Isovol_MPirineus-w1_700x470.jpg\" alt=\"Puente colgante de Sanavastre, Is\u00f2vol, Cerdanya\" title=\"PP_2007_Isovol_MPirineus w1_700x470\" class=\"attachment-full\" \/>, <img decoding=\"async\" src=\"http:\/\/www.imuntanya.com\/wp-content\/uploads\/2018\/11\/PP_2007_Isovol_MPirineus-w2_700x470.jpg\" alt=\"Puente colgante de Sanavastre, Is\u00f2vol, Cerdanya\" title=\"PP_2007_Isovol_MPirineus w2_700x470\" class=\"attachment-full\" \/><\/div>\n<div class=\"link\"><a href=\"http:\/\/http:\/\/www.imuntanya.com\/es\/pont-penjant\/barruera\/\">Ver ficha<\/a><\/div>\n<\/div>\n<p>[\/et_pb_map_pin][et_pb_map_pin title=\u00bbLa Rib\u00e8re, FR\u00bb pin_address=\u00bb28 Route de Labatsus, 65120 Bar\u00e8ges, Fran\u00e7a\u00bb pin_address_lat=\u00bb42.89581&#8243; pin_address_lng=\u00bb0.05788000000006832&#8243; _builder_version=\u00bb3.17.6&#8243; global_colors_info=\u00bb{}\u00bb]<\/p>\n<div class=\"boxes saligos\">\n<div class=\"title\">La Rib\u00e8re, Bar\u00e8ges, Fran\u00e7a<\/div>\n<div class=\"image\"><img decoding=\"async\" src=\"http:\/\/www.imuntanya.com\/wp-content\/uploads\/2016\/07\/PP_2016_La-Ribere-FR-2016_Mamida_1-web-w.jpg\" title=\"Suspension bridge at La Rib\u00e8re, Bar\u00e8ges, France, 2016 \u00b7 3\" class=\"attachment-full\" \/>, <img decoding=\"async\" src=\"http:\/\/www.imuntanya.com\/wp-content\/uploads\/2016\/07\/PP_2016_La-Ribere-FR-2016_Mamida_2-web-w.jpg\" title=\"Suspension bridge at La Rib\u00e8re, Bar\u00e8ges, France, 2016 \u00b7 2\" class=\"attachment-full\" \/>, <img decoding=\"async\" src=\"http:\/\/www.imuntanya.com\/wp-content\/uploads\/2016\/07\/PP_2016_La-Ribere-FR-2016_Mamida_3-web-w.jpg\" title=\"Suspension bridge at La Rib\u00e8re, Bar\u00e8ges, France, 2016 \u00b7 1\" class=\"attachment-full\" \/><\/div>\n<div class=\"link\"><a href=\"http:\/\/http:\/\/www.imuntanya.com\/es\/pont-penjant\/barruera\/\">Ver ficha<\/a><\/div>\n<\/div>\n<p>[\/et_pb_map_pin][et_pb_map_pin title=\u00bbBar\u00e8ges, FR\u00bb pin_address=\u00bb9 Avenue Louvois, 65120 Bar\u00e8ges, Fran\u00e7a\u00bb pin_address_lat=\u00bb42.89726&#8243; pin_address_lng=\u00bb0.06421000000000276&#8243; _builder_version=\u00bb3.17.6&#8243; global_colors_info=\u00bb{}\u00bb]<\/p>\n<div class=\"boxes saligos\">\n<div class=\"title\">Bar\u00e8ges, Fran\u00e7a<\/div>\n<div class=\"image\"><img decoding=\"async\" src=\"http:\/\/www.imuntanya.com\/wp-content\/uploads\/2015\/03\/PP_2015_Bareges-FR-2015_MCarpats_1-web-w-1.jpg\" alt=\"Pedestrian walkway Ducos in Bar\u00e8ges, France, 2015. Model Carpathians\" title=\"PP_2015_Bareges FR 2015_MCarpats_1 web w\" class=\"attachment-full\" \/>, <img decoding=\"async\" src=\"http:\/\/www.imuntanya.com\/wp-content\/uploads\/2015\/03\/PP_2015_Bareges-FR-2015_MCarpats_2-web-w-1.jpg\" alt=\"Pedestrian walkwayDucos in Bar\u00e8ges, France, 2015. Model Carpathians\" title=\"PP_2015_Bareges FR 2015_MCarpats_2 web w\" class=\"attachment-full\" \/>, <img decoding=\"async\" src=\"http:\/\/www.imuntanya.com\/wp-content\/uploads\/2015\/03\/PP_2015_Bareges-FR-2015_MCarpats_3-web-w-1.jpg\" alt=\"Pedestrian walkway Ducos in Bar\u00e8ges, France, 2015. Model Carpathians\" title=\"PP_2015_Bareges FR 2015_MCarpats_3 web w\" class=\"attachment-full\" \/><\/div>\n<div class=\"link\"><a href=\"http:\/\/http:\/\/www.imuntanya.com\/es\/pont-penjant\/barruera\/\">Ver ficha<\/a><\/div>\n<\/div>\n<p>[\/et_pb_map_pin][et_pb_map_pin title=\u00bbPant\u00e0 de Can Borrell, Parc Natural de Collserola\u00bb pin_address=\u00bbCam\u00ed de Can Borrell, 08173 Sant Cugat del Vall\u00e8s, Barcelona, Espanya\u00bb pin_address_lat=\u00bb41.45151&#8243; pin_address_lng=\u00bb2.111530000000016&#8243; _builder_version=\u00bb3.17.6&#8243; global_colors_info=\u00bb{}\u00bb]<\/p>\n<div class=\"boxes saligos\">\n<div class=\"title\">Pantano de Can Borrell, Collserola<\/div>\n<div class=\"image\"><img decoding=\"async\" src=\"http:\/\/www.imuntanya.com\/wp-content\/uploads\/2012\/11\/PP_2014_Collserola-2015_MUrals_1-web-w.jpg\" alt=\"Walkways in the Can Borrell Swamp, Collserola Park\" title=\"PP_2014_Collserola 2015_MUrals_1 web w\" class=\"attachment-full\" \/>, <img decoding=\"async\" src=\"http:\/\/www.imuntanya.com\/wp-content\/uploads\/2012\/11\/PP_2014_Collserola-2015_MUrals_2-web-w.jpg\" alt=\"Walkways in the Can Borrell Swamp, Collserola Park\" title=\"PP_2014_Collserola 2015_MUrals_2 web w\" class=\"attachment-full\" \/>, <img decoding=\"async\" src=\"http:\/\/www.imuntanya.com\/wp-content\/uploads\/2012\/11\/PP_2014_Collserola-2015_MUrals_3-web-w.jpg\" alt=\"Walkways in the Can Borrell Swamp, Collserola Park\" title=\"PP_2014_Collserola 2015_MUrals_3 web w\" class=\"attachment-full\" \/><\/div>\n<div class=\"link\"><a href=\"http:\/\/http:\/\/www.imuntanya.com\/es\/pont-penjant\/barruera\/\">Ver ficha<\/a><\/div>\n<\/div>\n<p>[\/et_pb_map_pin][et_pb_map_pin title=\u00bbParc Nacional d&#8217;Aig\u00fcestortes i Estany de San Maurici\u00bb pin_address=\u00bbUnnamed Road, 25528, Lleida, Espanya\u00bb pin_address_lat=\u00bb42.54435&#8243; pin_address_lng=\u00bb0.8681300000000647&#8243; _builder_version=\u00bb3.17.6&#8243; global_colors_info=\u00bb{}\u00bb]<\/p>\n<div class=\"boxes saligos\">\n<div class=\"title\">Parque Nacional de Aig\u00fcestortes, Lleida<\/div>\n<div class=\"image\"><img decoding=\"async\" src=\"http:\/\/www.imuntanya.com\/wp-content\/uploads\/2018\/11\/MUrals_PantaCanBorrell_2012_OK.jpg\" alt=\"Passarel\u00b7les suspeses al Pant\u00e0 de Can Borrel, Parc de Collserola\" title=\"Passarel\u00b7les suspeses al Pant\u00e0 de Can Borrel, Parc de Collserola 2012\" class=\"attachment-full\" \/><\/div>\n<div class=\"link\"><a href=\"http:\/\/http:\/\/www.imuntanya.com\/es\/pont-penjant\/barruera\/\">Ver ficha<\/a><\/div>\n<\/div>\n<p>[\/et_pb_map_pin][et_pb_map_pin title=\u00bbArtigouly, FR\u00bb pin_address=\u00bbD128, 65120 Gavarnie, Fran\u00e7a\u00bb pin_address_lat=\u00bb42.7465&#8243; pin_address_lng=\u00bb-0.05386999999996078&#8243; _builder_version=\u00bb3.17.6&#8243; global_colors_info=\u00bb{}\u00bb]<\/p>\n<div class=\"boxes saligos\">\n<div class=\"title\">Artigouly, Francia<\/div>\n<div class=\"image\"><img decoding=\"async\" src=\"http:\/\/www.imuntanya.com\/wp-content\/uploads\/2015\/03\/PP_2015_Artigouly-FR-2015_MUrals_1-web-w.jpg\" alt=\"Cirq du Gavarnier bridge, France, 2015\" title=\"Cirq du Gavarnier bridge, France, 2015\" class=\"attachment-full\" \/>, <img decoding=\"async\" src=\"http:\/\/www.imuntanya.com\/wp-content\/uploads\/2015\/03\/PP_2015_Artigouly-FR-2015_MUrals_2-web-w.jpg\" alt=\"Cirq du Gavarnier bridge, France, 2015\" title=\"Cirq du Gavarnier bridge, France, 2015\" class=\"attachment-full\" \/>, <img decoding=\"async\" src=\"http:\/\/www.imuntanya.com\/wp-content\/uploads\/2015\/03\/PP_2015_Artigouly-FR-2015_MUrals_3-web-w.jpg\" alt=\"Cirq du Gavarnier bridge, France, 2015\" title=\"Cirq du Gavarnier bridge, France, 2015\" class=\"attachment-full\" \/><\/div>\n<div class=\"link\"><a href=\"http:\/\/http:\/\/www.imuntanya.com\/es\/pont-penjant\/barruera\/\">Ver ficha<\/a><\/div>\n<\/div>\n<p>[\/et_pb_map_pin][et_pb_map_pin title=\u00bbCirq du Gavarnie, FR\u00bb pin_address=\u00bbCaousillet, 65120 Gavarnie, Fran\u00e7a\u00bb pin_address_lat=\u00bb42.70287&#8243; pin_address_lng=\u00bb-0.007399999999961437&#8243; _builder_version=\u00bb3.17.6&#8243; global_colors_info=\u00bb{}\u00bb]<\/p>\n<div class=\"boxes saligos\">\n<div class=\"title\">Cirque du Gavarnie, Francia<\/div>\n<div class=\"image\"><img decoding=\"async\" src=\"http:\/\/www.imuntanya.com\/wp-content\/uploads\/2015\/05\/PP_2015_Cirq-du-Gavarnie-FR-2015_MUrals_1a-web-w-1.jpg\" alt=\"Bridge that can be unmounted in Cirque du Gavarnie, France\" title=\"PP_2015_Cirq du Gavarnie FR 2015_MUrals_1a web w\" class=\"attachment-full\" \/>, <img decoding=\"async\" src=\"http:\/\/www.imuntanya.com\/wp-content\/uploads\/2015\/05\/PP_2015_Cirq-du-Gavarnie-FR-2015_MUrals_2-web-w.jpg\" alt=\"Bridge that can be unmounted in Cirque du Gavarnie, France\" title=\"PP_2015_Cirq du Gavarnie FR 2015_MUrals_2 web w\" class=\"attachment-full\" \/>, <img decoding=\"async\" src=\"http:\/\/www.imuntanya.com\/wp-content\/uploads\/2015\/05\/PP_2015_Cirq-du-Gavarnie-FR-2015_MUrals_3-web-w.jpg\" title=\"PP_2015_Cirq du Gavarnie FR 2015_MUrals_3 web w\" class=\"attachment-full\" \/><\/div>\n<div class=\"link\"><a href=\"http:\/\/http:\/\/www.imuntanya.com\/es\/pont-penjant\/barruera\/\">Ver ficha<\/a><\/div>\n<\/div>\n<p>[\/et_pb_map_pin][et_pb_map_pin title=\u00bbSant Esteve de Palautordera\u00bb pin_address=\u00bbCarrer Tim\u00f3, 14, 08461 Sant Esteve de Palautordera, Barcelona, Espanya\u00bb pin_address_lat=\u00bb41.71719&#8243; pin_address_lng=\u00bb2.4323200000000043&#8243; _builder_version=\u00bb3.17.6&#8243; global_colors_info=\u00bb{}\u00bb]<\/p>\n<div class=\"boxes saligos\">\n<div class=\"title\">Sant Esteve de Palautordera, Barcelona<\/div>\n<div class=\"image\"><img decoding=\"async\" src=\"http:\/\/www.imuntanya.com\/wp-content\/uploads\/2017\/09\/PP_2017-Sant-Esteve-Palautordera-2017_MUrals_1-web-w.jpg\" alt=\"Sant Esteve Palautordera Suspension Bridge, Barcelona 2017\" title=\"PP_2017 Sant Esteve Palautordera 2017_MUrals_1 web w\" class=\"attachment-full\" \/>, <img decoding=\"async\" src=\"http:\/\/www.imuntanya.com\/wp-content\/uploads\/2017\/09\/PP_2017-Sant-Esteve-Palautordera-2017_MUrals_2-web-w.jpg\" alt=\"Sant Esteve Palautordera Suspension Bridge, Barcelona 2017\" title=\"PP_2017 Sant Esteve Palautordera 2017_MUrals_2 web w\" class=\"attachment-full\" \/>, <img decoding=\"async\" src=\"http:\/\/www.imuntanya.com\/wp-content\/uploads\/2017\/09\/PP_2017-Sant-Esteve-Palautordera-2017_MUrals_3-web-w.jpg\" alt=\"Sant Esteve Palautordera Suspension Bridge, Barcelona 2017\" title=\"PP_2017 Sant Esteve Palautordera 2017_MUrals_3 web w\" class=\"attachment-full\" \/><\/div>\n<div class=\"link\"><a href=\"http:\/\/http:\/\/www.imuntanya.com\/es\/pont-penjant\/barruera\/\">Ver ficha<\/a><\/div>\n<\/div>\n<p>[\/et_pb_map_pin][et_pb_map_pin title=\u00bbPont de la Sarre, Luz Saint-Sauveur, FR\u00bb pin_address=\u00bb6 Rue du Pont de la Sarre, 65120 Luz-Saint-Sauveur, Fran\u00e7a\u00bb pin_address_lat=\u00bb42.86983&#8243; pin_address_lng=\u00bb-0.008260000000063883&#8243; _builder_version=\u00bb3.17.6&#8243; global_colors_info=\u00bb{}\u00bb]<\/p>\n<div class=\"boxes saligos\">\n<div class=\"title\">Luz-Saint-Sauveur, Francia<\/div>\n<div class=\"image\"><img decoding=\"async\" src=\"http:\/\/www.imuntanya.com\/wp-content\/uploads\/2017\/03\/PP_2017-Luz-Saint-Sauveur-FR-2017_MUrals_1-web-w.jpg\" alt=\"Footbridge in Luz Saint Sauvier, France, 2017\" title=\"PP_2017 Luz Saint Sauveur FR 2017_MUrals_1 web w\" class=\"attachment-full\" \/><\/div>\n<div class=\"link\"><a href=\"http:\/\/http:\/\/www.imuntanya.com\/es\/pont-penjant\/barruera\/\">Ver ficha<\/a><\/div>\n<\/div>\n<p>[\/et_pb_map_pin][et_pb_map_pin title=\u00bbBarrada Gedre, FR\u00bb pin_address=\u00bbPragneres D\u00e9bat, 65120 G\u00e8dre, Fran\u00e7a\u00bb pin_address_lat=\u00bb42.81976&#8243; pin_address_lng=\u00bb0.01094999999997981&#8243; _builder_version=\u00bb3.17.6&#8243; global_colors_info=\u00bb{}\u00bb]<\/p>\n<div class=\"boxes saligos\">\n<div class=\"title\">Barrada Gedre, Francia<\/div>\n<div class=\"image\"><img decoding=\"async\" src=\"http:\/\/www.imuntanya.com\/wp-content\/uploads\/2017\/09\/PP_2017-Barrada-FR-2017_MUrals_1_web-w.jpg\" title=\"PP_2017 Barrada FR 2017_MUrals_1_web w\" class=\"attachment-full\" \/>, <img decoding=\"async\" src=\"http:\/\/www.imuntanya.com\/wp-content\/uploads\/2017\/09\/PP_2017-Barrada-FR-2017_MUrals_2_web-w.jpg\" title=\"PP_2017 Barrada FR 2017_MUrals_2_web w\" class=\"attachment-full\" \/>, <img decoding=\"async\" src=\"http:\/\/www.imuntanya.com\/wp-content\/uploads\/2017\/09\/PP_2017-Barrada-FR-2017_MUrals_3_web-w.jpg\" title=\"PP_2017 Barrada FR 2017_MUrals_3_web w\" class=\"attachment-full\" \/>, <\/div>\n<div class=\"link\"><a href=\"http:\/\/http:\/\/www.imuntanya.com\/es\/pont-penjant\/barruera\/\">Ver ficha<\/a><\/div>\n<\/div>\n<p>[\/et_pb_map_pin][et_pb_map_pin title=\u00bbRialp\u00bb pin_address=\u00bbPassarel\u00b7la Penjant de Rialp, Cami B, 15,25594, Lleida, Espanya\u00bb pin_address_lat=\u00bb42.44538&#8243; pin_address_lng=\u00bb1.1372099999999818&#8243; _builder_version=\u00bb3.17.6&#8243; global_colors_info=\u00bb{}\u00bb]<\/p>\n<div class=\"boxes saligos\">\n<div class=\"title\">Rialp<\/div>\n<div class=\"image\"><img decoding=\"async\" src=\"http:\/\/www.imuntanya.com\/wp-content\/uploads\/2018\/11\/MPirineus_Rialp_2007_OK.jpg\" alt=\"Pont penjant de Rialp, Lleida\" title=\"Pont Penjant de Rialp, Pallars Sobir\u00e0\" class=\"attachment-full\" \/>, <img decoding=\"async\" src=\"http:\/\/www.imuntanya.com\/wp-content\/uploads\/2007\/05\/PP_2007_Rialp_MPirineus-w2_700x470-1.jpg\" alt=\"Vista dels pilars del pont penjant a Rialp\" title=\"Pont Penjant a Rialp, 2007\" class=\"attachment-full\" \/>, <img decoding=\"async\" src=\"http:\/\/www.imuntanya.com\/wp-content\/uploads\/2007\/05\/PP_2007_Rialp_MPirineus-w3_700x470.jpg\" alt=\"Pont Penjant a Rialp, Pallars Sobir\u00e0 2007\" title=\"Pont Penjant a Rialp, 2007\" class=\"attachment-full\" \/><\/div>\n<div class=\"link\"><a href=\"http:\/\/http:\/\/www.imuntanya.com\/es\/pont-penjant\/barruera\/\">Ver ficha<\/a><\/div>\n<\/div>\n<p>[\/et_pb_map_pin][et_pb_map_pin title=\u00bbHerrera Pisuerga\u00bb pin_address=\u00bbDiseminado Diseminados, 244, 34400 Herrera de Pisuerga, Palencia, Espanya\u00bb pin_address_lat=\u00bb42.57821&#8243; pin_address_lng=\u00bb-4.316059999999993&#8243; _builder_version=\u00bb3.17.6&#8243; global_colors_info=\u00bb{}\u00bb]<\/p>\n<div class=\"boxes saligos\">\n<div class=\"title\">Herrera Pisuerga, Palencia<\/div>\n<div class=\"image\"><img decoding=\"async\" src=\"http:\/\/www.imuntanya.com\/wp-content\/uploads\/2015\/04\/PP_2015_Herrera-Pisuerga-2015_MPirineus_1-web-w.jpg\" alt=\"Herrera de Pisuerga footbridge, Pyrenees Model, 2015\" title=\"PP_2015_Herrera Pisuerga 2015_MPirineus_1 web w\" class=\"attachment-full\" \/>, <img decoding=\"async\" src=\"http:\/\/www.imuntanya.com\/wp-content\/uploads\/2015\/04\/PP_2015_Herrera-Pisuerga-2015_MPirineus_3-web-w.jpg\" alt=\"Herrera de Pisuerga footbridge, Pyrenees Model, 2015\" title=\"PP_2015_Herrera Pisuerga 2015_MPirineus_3 web w\" class=\"attachment-full\" \/>, <img decoding=\"async\" src=\"http:\/\/www.imuntanya.com\/wp-content\/uploads\/2015\/04\/PP_2015_Herrera-Pisuerga-2015_MPirineus_2-web-w.jpg\" alt=\"Herrera de Pisuerga footbridge, Pyrenees Model, 2015\" title=\"PP_2015_Herrera Pisuerga 2015_MPirineus_2 web w\" class=\"attachment-full\" \/><\/div>\n<div class=\"link\"><a href=\"http:\/\/http:\/\/www.imuntanya.com\/es\/pont-penjant\/barruera\/\">Ver ficha<\/a><\/div>\n<\/div>\n<p>[\/et_pb_map_pin][et_pb_map_pin title=\u00bbSassis, FR\u00bb pin_address=\u00bb51 Rue de la Lanne, 65120 Luz-Saint-Sauveur, Fran\u00e7a\u00bb pin_address_lat=\u00bb42.87658&#8243; pin_address_lng=\u00bb-0.015859999999975116&#8243; _builder_version=\u00bb3.17.6&#8243; global_colors_info=\u00bb{}\u00bb]<\/p>\n<div class=\"boxes saligos\">\n<div class=\"title\">Sassis, Francia<\/div>\n<div class=\"image\"><img decoding=\"async\" src=\"http:\/\/www.imuntanya.com\/wp-content\/uploads\/2017\/11\/PP_2017-Sassis-FR-2017_MPirineus_1_web-w.jpg\" title=\"PP_2017 Sassis FR 2017_MPirineus_1_web w\" class=\"attachment-full\" \/>, <img decoding=\"async\" src=\"http:\/\/www.imuntanya.com\/wp-content\/uploads\/2017\/11\/PP_2017-Sassis-FR-2017_MPirineus_2_web-w.jpg\" title=\"PP_2017 Sassis FR 2017_MPirineus_2_web w\" class=\"attachment-full\" \/>, <img decoding=\"async\" src=\"http:\/\/www.imuntanya.com\/wp-content\/uploads\/2017\/11\/PP_2017-Sassis-FR-2017_MPirineus_3_web-w.jpg\" title=\"PP_2017 Sassis FR 2017_MPirineus_3_web w\" class=\"attachment-full\" \/>, <\/div>\n<div class=\"link\"><a href=\"http:\/\/http:\/\/www.imuntanya.com\/es\/pont-penjant\/barruera\/\">Ver ficha<\/a><\/div>\n<\/div>\n<p>[\/et_pb_map_pin][et_pb_map_pin title=\u00bbSalard\u00fa, Vall d&#8217;Ar\u00e1n\u00bb pin_address=\u00bb25598 Salard\u00fa, Lleida, Espanya\u00bb pin_address_lat=\u00bb42.7070256&#8243; pin_address_lng=\u00bb0.9010216000000355&#8243; _builder_version=\u00bb3.17.6&#8243; global_colors_info=\u00bb{}\u00bb]<\/p>\n<div class=\"boxes saligos\">\n<div class=\"title\">Salard\u00fa, Val d&#8217;Aran<\/div>\n<div class=\"image\"><img decoding=\"async\" src=\"http:\/\/www.imuntanya.com\/wp-content\/uploads\/2018\/11\/PP_2018-Salardu-2018_MUrals_1_web-w.jpg\" alt=\"Footbridge Pyrenees\" title=\"PP_2018 Salardu 2018_MUrals_1_web w\" class=\"attachment-full\" \/>, <img decoding=\"async\" src=\"http:\/\/www.imuntanya.com\/wp-content\/uploads\/2018\/11\/PP_2018-Salardu-2018_MUrals_2_web-w.jpg\" alt=\"Footbridge Pyrenees\" title=\"PP_2018 Salardu 2018_MUrals_2_web w\" class=\"attachment-full\" \/>, <img decoding=\"async\" src=\"http:\/\/www.imuntanya.com\/wp-content\/uploads\/2018\/11\/PP_2018-Salardu-2018_MUrals_3_web-w.jpg\" alt=\"Footbridge Pyrenees\" title=\"PP_2018 Salardu 2018_MUrals_3_web w\" class=\"attachment-full\" \/><\/div>\n<div class=\"link\"><a href=\"http:\/\/http:\/\/www.imuntanya.com\/es\/pont-penjant\/barruera\/\">Ver ficha<\/a><\/div>\n<\/div>\n<p>[\/et_pb_map_pin][\/et_pb_fullwidth_map][\/et_pb_section][et_pb_section fb_built=\u00bb1&#8243; module_id=\u00bbmontaje\u00bb _builder_version=\u00bb4.16&#8243; global_colors_info=\u00bb{}\u00bb][et_pb_row _builder_version=\u00bb4.16&#8243; background_size=\u00bbinitial\u00bb background_position=\u00bbtop_left\u00bb background_repeat=\u00bbrepeat\u00bb global_colors_info=\u00bb{}\u00bb][et_pb_column type=\u00bb4_4&#8243; _builder_version=\u00bb4.16&#8243; custom_padding=\u00bb|||\u00bb global_colors_info=\u00bb{}\u00bb custom_padding__hover=\u00bb|||\u00bb][et_pb_text admin_label=\u00bbmuntatge\u00bb _builder_version=\u00bb4.16&#8243; text_font=\u00bbRubik|300|||||||\u00bb text_text_color=\u00bb#999999&#8243; text_font_size=\u00bb48px\u00bb custom_css_main_element=\u00bbpadding-top: 28px;\u00bb global_colors_info=\u00bb{}\u00bb]Montaje<br \/>\n[\/et_pb_text][\/et_pb_column][\/et_pb_row][et_pb_row column_structure=\u00bb1_2,1_2&#8243; _builder_version=\u00bb4.16&#8243; background_size=\u00bbinitial\u00bb background_position=\u00bbtop_left\u00bb background_repeat=\u00bbrepeat\u00bb global_colors_info=\u00bb{}\u00bb][et_pb_column type=\u00bb1_2&#8243; _builder_version=\u00bb4.16&#8243; custom_padding=\u00bb|||\u00bb global_colors_info=\u00bb{}\u00bb custom_padding__hover=\u00bb|||\u00bb][et_pb_text _builder_version=\u00bb4.16&#8243; text_font=\u00bbRubik||||||||\u00bb text_line_height=\u00bb24px\u00bb global_colors_info=\u00bb{}\u00bb]<\/p>\n<h4><span style=\"color: #b6da1b; font-size: 18px; line-height: 26px;\">En iMuntanya ofrecemos dos opciones para la instalaci\u00f3n de pasarelas suspendidas: por parte de nuestro equipo formado y homologado o por parte de una empresa externa con la supervisi\u00f3n de obra de iMuntanya para su correcto montaje.<\/span><\/h4>\n<div><strong>Equipo de montaje iMuntanya<\/strong><\/div>\n<div>Disponemos de maquinaria especialmente adaptada para la perforaci\u00f3n e inyecci\u00f3n del terreno y las herramientas y t\u00e9cnicas necesarias para el montaje del puente colgante. Nuestro equipo humano tiene una amplia experiencia, conoce las t\u00e9cnicas de soldadura y la correcta manipulaci\u00f3n de madera y hormig\u00f3n. Adem\u00e1s, est\u00e1 homologado en las t\u00e9cnicas de trabajos verticales y trabajos en espacios confinados y certificados a nivel europeo en materia de prevenci\u00f3n de riesgos laborales.<\/div>\n<p>Tenemos una larga experiencia en zonas de orograf\u00eda dificultosa y podemos garantizar el m\u00e1ximo nivel en la ejecuci\u00f3n de las infraestructuras.<\/p>\n<div><strong>Instalaci\u00f3n externa con supervisi\u00f3n de iMuntanya<\/strong><\/div>\n<p>Bajo la supervisi\u00f3n y direcci\u00f3n de un director de obra de iMuntanya, el montaje del puente suspendido puede ir a cargo de una empresa externa que disponga del equipamiento adecuado y certifique los conocimientos y capacidad de sus operarios en t\u00e9cnicas de trabajo vertical y prevenci\u00f3n de riesgos laborales.<\/p>\n<p>Todas las pasarelas se entregan con un manual para su correcta instalaci\u00f3n.<br \/>\n[\/et_pb_text][\/et_pb_column][et_pb_column type=\u00bb1_2&#8243; _builder_version=\u00bb4.16&#8243; custom_padding=\u00bb|||\u00bb global_colors_info=\u00bb{}\u00bb custom_padding__hover=\u00bb|||\u00bb][et_pb_image src=\u00bbhttp:\/\/www.imuntanya.com\/wp-content\/uploads\/2018\/11\/constPP_2015_Bareges-FR-2015_MCarpats-14_prova.jpg\u00bb align_tablet=\u00bbcenter\u00bb align_phone=\u00bb\u00bb align_last_edited=\u00bbon|desktop\u00bb _builder_version=\u00bb4.16&#8243; always_center_on_mobile=\u00bbon\u00bb global_colors_info=\u00bb{}\u00bb][\/et_pb_image][\/et_pb_column][\/et_pb_row][\/et_pb_section]<\/p>\n","protected":false},"excerpt":{"rendered":"<p>Puentes y pasarelas peatonalesCuentan con unas buenas cimentaciones, con sistemas de anclajes profundos cuando no es posible el soporte superficial, y con unas estructuras de acero aligeradas que nos permiten actuar en espacios reducidos o de dif\u00edcil accesibilidad. Las pasarelas ancladas ofrecen muchas posibilidades y acabados del piso, sea madera, religa u hormig\u00f3n que se [&hellip;]<\/p>\n","protected":false},"author":1,"featured_media":0,"parent":0,"menu_order":0,"comment_status":"closed","ping_status":"closed","template":"","meta":{"_et_pb_use_builder":"on","_et_pb_old_content":"","_et_gb_content_width":"","footnotes":""},"class_list":["post-1468","page","type-page","status-publish","hentry"],"yoast_head":"<!-- This site is optimized with the Yoast SEO plugin v26.1.1 - https:\/\/yoast.com\/wordpress\/plugins\/seo\/ -->\n<title>Puentes y pasarelas | imuntanya<\/title>\n<meta name=\"robots\" content=\"index, follow, max-snippet:-1, max-image-preview:large, max-video-preview:-1\" \/>\n<link rel=\"canonical\" href=\"http:\/\/www.imuntanya.com\/ponts-penjants\/\" \/>\n<meta property=\"og:locale\" content=\"es_ES\" \/>\n<meta property=\"og:type\" content=\"article\" \/>\n<meta property=\"og:title\" content=\"Puentes y pasarelas | imuntanya\" \/>\n<meta property=\"og:description\" content=\"Puentes y pasarelas peatonalesCuentan con unas buenas cimentaciones, con sistemas de anclajes profundos cuando no es posible el soporte superficial, y con unas estructuras de acero aligeradas que nos permiten actuar en espacios reducidos o de dif\u00edcil accesibilidad. Las pasarelas ancladas ofrecen muchas posibilidades y acabados del piso, sea madera, religa u hormig\u00f3n que se [&hellip;]\" \/>\n<meta property=\"og:url\" content=\"http:\/\/www.imuntanya.com\/ponts-penjants\/\" \/>\n<meta property=\"og:site_name\" content=\"imuntanya\" \/>\n<meta property=\"article:publisher\" content=\"https:\/\/www.facebook.com\/imuntanya\" \/>\n<meta property=\"article:modified_time\" content=\"2022-10-17T00:01:15+00:00\" \/>\n<meta name=\"twitter:card\" content=\"summary_large_image\" \/>\n<meta name=\"twitter:site\" content=\"@imuntanya15\" \/>\n<meta name=\"twitter:label1\" content=\"Tiempo de lectura\" \/>\n\t<meta name=\"twitter:data1\" content=\"21 minutos\" \/>\n<script type=\"application\/ld+json\" class=\"yoast-schema-graph\">{\"@context\":\"https:\/\/schema.org\",\"@graph\":[{\"@type\":\"WebPage\",\"@id\":\"http:\/\/www.imuntanya.com\/ponts-penjants\/\",\"url\":\"http:\/\/www.imuntanya.com\/ponts-penjants\/\",\"name\":\"Puentes y pasarelas | imuntanya\",\"isPartOf\":{\"@id\":\"http:\/\/www.imuntanya.com\/#website\"},\"datePublished\":\"2018-12-04T11:08:10+00:00\",\"dateModified\":\"2022-10-17T00:01:15+00:00\",\"breadcrumb\":{\"@id\":\"http:\/\/www.imuntanya.com\/ponts-penjants\/#breadcrumb\"},\"inLanguage\":\"es\",\"potentialAction\":[{\"@type\":\"ReadAction\",\"target\":[\"http:\/\/www.imuntanya.com\/ponts-penjants\/\"]}]},{\"@type\":\"BreadcrumbList\",\"@id\":\"http:\/\/www.imuntanya.com\/ponts-penjants\/#breadcrumb\",\"itemListElement\":[{\"@type\":\"ListItem\",\"position\":1,\"name\":\"Inici\",\"item\":\"http:\/\/www.imuntanya.com\/\"},{\"@type\":\"ListItem\",\"position\":2,\"name\":\"Puentes y pasarelas\"}]},{\"@type\":\"WebSite\",\"@id\":\"http:\/\/www.imuntanya.com\/#website\",\"url\":\"http:\/\/www.imuntanya.com\/\",\"name\":\"iMuntanya\",\"description\":\"Infraestructures per alta muntanya i en zones de dif\u00edcil acc\u00e9s\",\"publisher\":{\"@id\":\"http:\/\/www.imuntanya.com\/#organization\"},\"potentialAction\":[{\"@type\":\"SearchAction\",\"target\":{\"@type\":\"EntryPoint\",\"urlTemplate\":\"http:\/\/www.imuntanya.com\/?s={search_term_string}\"},\"query-input\":{\"@type\":\"PropertyValueSpecification\",\"valueRequired\":true,\"valueName\":\"search_term_string\"}}],\"inLanguage\":\"es\"},{\"@type\":\"Organization\",\"@id\":\"http:\/\/www.imuntanya.com\/#organization\",\"name\":\"iMuntanya \u00b7 Infraestructures de Muntanya S.L.\",\"url\":\"http:\/\/www.imuntanya.com\/\",\"logo\":{\"@type\":\"ImageObject\",\"inLanguage\":\"es\",\"@id\":\"http:\/\/www.imuntanya.com\/#\/schema\/logo\/image\/\",\"url\":\"http:\/\/www.imuntanya.com\/wp-content\/uploads\/2019\/07\/imu-cat-2.png\",\"contentUrl\":\"http:\/\/www.imuntanya.com\/wp-content\/uploads\/2019\/07\/imu-cat-2.png\",\"width\":640,\"height\":83,\"caption\":\"iMuntanya \u00b7 Infraestructures de Muntanya S.L.\"},\"image\":{\"@id\":\"http:\/\/www.imuntanya.com\/#\/schema\/logo\/image\/\"},\"sameAs\":[\"https:\/\/www.facebook.com\/imuntanya\",\"https:\/\/x.com\/imuntanya15\",\"https:\/\/www.instagram.com\/imuntanya\/\",\"https:\/\/www.linkedin.com\/company\/imuntanya\/\",\"https:\/\/www.youtube.com\/user\/imuntanyaatyoutub\"]}]}<\/script>\n<!-- \/ Yoast SEO plugin. -->","yoast_head_json":{"title":"Puentes y pasarelas | imuntanya","robots":{"index":"index","follow":"follow","max-snippet":"max-snippet:-1","max-image-preview":"max-image-preview:large","max-video-preview":"max-video-preview:-1"},"canonical":"http:\/\/www.imuntanya.com\/ponts-penjants\/","og_locale":"es_ES","og_type":"article","og_title":"Puentes y pasarelas | imuntanya","og_description":"Puentes y pasarelas peatonalesCuentan con unas buenas cimentaciones, con sistemas de anclajes profundos cuando no es posible el soporte superficial, y con unas estructuras de acero aligeradas que nos permiten actuar en espacios reducidos o de dif\u00edcil accesibilidad. Las pasarelas ancladas ofrecen muchas posibilidades y acabados del piso, sea madera, religa u hormig\u00f3n que se [&hellip;]","og_url":"http:\/\/www.imuntanya.com\/ponts-penjants\/","og_site_name":"imuntanya","article_publisher":"https:\/\/www.facebook.com\/imuntanya","article_modified_time":"2022-10-17T00:01:15+00:00","twitter_card":"summary_large_image","twitter_site":"@imuntanya15","twitter_misc":{"Tiempo de lectura":"21 minutos"},"schema":{"@context":"https:\/\/schema.org","@graph":[{"@type":"WebPage","@id":"http:\/\/www.imuntanya.com\/ponts-penjants\/","url":"http:\/\/www.imuntanya.com\/ponts-penjants\/","name":"Puentes y pasarelas | imuntanya","isPartOf":{"@id":"http:\/\/www.imuntanya.com\/#website"},"datePublished":"2018-12-04T11:08:10+00:00","dateModified":"2022-10-17T00:01:15+00:00","breadcrumb":{"@id":"http:\/\/www.imuntanya.com\/ponts-penjants\/#breadcrumb"},"inLanguage":"es","potentialAction":[{"@type":"ReadAction","target":["http:\/\/www.imuntanya.com\/ponts-penjants\/"]}]},{"@type":"BreadcrumbList","@id":"http:\/\/www.imuntanya.com\/ponts-penjants\/#breadcrumb","itemListElement":[{"@type":"ListItem","position":1,"name":"Inici","item":"http:\/\/www.imuntanya.com\/"},{"@type":"ListItem","position":2,"name":"Puentes y pasarelas"}]},{"@type":"WebSite","@id":"http:\/\/www.imuntanya.com\/#website","url":"http:\/\/www.imuntanya.com\/","name":"iMuntanya","description":"Infraestructures per alta muntanya i en zones de dif\u00edcil acc\u00e9s","publisher":{"@id":"http:\/\/www.imuntanya.com\/#organization"},"potentialAction":[{"@type":"SearchAction","target":{"@type":"EntryPoint","urlTemplate":"http:\/\/www.imuntanya.com\/?s={search_term_string}"},"query-input":{"@type":"PropertyValueSpecification","valueRequired":true,"valueName":"search_term_string"}}],"inLanguage":"es"},{"@type":"Organization","@id":"http:\/\/www.imuntanya.com\/#organization","name":"iMuntanya \u00b7 Infraestructures de Muntanya S.L.","url":"http:\/\/www.imuntanya.com\/","logo":{"@type":"ImageObject","inLanguage":"es","@id":"http:\/\/www.imuntanya.com\/#\/schema\/logo\/image\/","url":"http:\/\/www.imuntanya.com\/wp-content\/uploads\/2019\/07\/imu-cat-2.png","contentUrl":"http:\/\/www.imuntanya.com\/wp-content\/uploads\/2019\/07\/imu-cat-2.png","width":640,"height":83,"caption":"iMuntanya \u00b7 Infraestructures de Muntanya S.L."},"image":{"@id":"http:\/\/www.imuntanya.com\/#\/schema\/logo\/image\/"},"sameAs":["https:\/\/www.facebook.com\/imuntanya","https:\/\/x.com\/imuntanya15","https:\/\/www.instagram.com\/imuntanya\/","https:\/\/www.linkedin.com\/company\/imuntanya\/","https:\/\/www.youtube.com\/user\/imuntanyaatyoutub"]}]}},"_links":{"self":[{"href":"http:\/\/www.imuntanya.com\/es\/wp-json\/wp\/v2\/pages\/1468","targetHints":{"allow":["GET"]}}],"collection":[{"href":"http:\/\/www.imuntanya.com\/es\/wp-json\/wp\/v2\/pages"}],"about":[{"href":"http:\/\/www.imuntanya.com\/es\/wp-json\/wp\/v2\/types\/page"}],"author":[{"embeddable":true,"href":"http:\/\/www.imuntanya.com\/es\/wp-json\/wp\/v2\/users\/1"}],"replies":[{"embeddable":true,"href":"http:\/\/www.imuntanya.com\/es\/wp-json\/wp\/v2\/comments?post=1468"}],"version-history":[{"count":85,"href":"http:\/\/www.imuntanya.com\/es\/wp-json\/wp\/v2\/pages\/1468\/revisions"}],"predecessor-version":[{"id":6768,"href":"http:\/\/www.imuntanya.com\/es\/wp-json\/wp\/v2\/pages\/1468\/revisions\/6768"}],"wp:attachment":[{"href":"http:\/\/www.imuntanya.com\/es\/wp-json\/wp\/v2\/media?parent=1468"}],"curies":[{"name":"wp","href":"https:\/\/api.w.org\/{rel}","templated":true}]}}