{"id":1516,"date":"2018-12-10T12:33:12","date_gmt":"2018-12-10T10:33:12","guid":{"rendered":"http:\/\/www.imuntanya.com\/blog\/"},"modified":"2022-06-08T16:30:01","modified_gmt":"2022-06-08T14:30:01","slug":"blog","status":"publish","type":"page","link":"http:\/\/www.imuntanya.com\/es\/blog\/","title":{"rendered":"blog"},"content":{"rendered":"<p>[et_pb_section fb_built=\u00bb1&#8243; fullwidth=\u00bbon\u00bb _builder_version=\u00bb3.22&#8243; custom_padding=\u00bb0px|||\u00bb custom_css_main_element=\u00bbpadding:0;\u00bb][et_pb_fullwidth_code module_class=\u00bbcontainer\u00bb background_size=\u00bbinitial\u00bb background_position=\u00bbtop_left\u00bb background_repeat=\u00bbrepeat\u00bb text_orientation=\u00bbleft\u00bb width=\u00bb80%\u00bb max_width=\u00bb1366px\u00bb custom_padding=\u00bb0px|||\u00bb]<pee style=\"color:#999999; font-weight: 100; font-size: 38px !important; text-left;\">Blog<\/pee>[\/et_pb_fullwidth_code][\/et_pb_section][et_pb_section fb_built=\u00bb1&#8243; _builder_version=\u00bb3.22&#8243; custom_margin=\u00bb0px|0px|0px|0px\u00bb custom_padding=\u00bb0px|0px|0px|0px\u00bb][et_pb_row column_structure=\u00bb3_4,1_4&#8243; _builder_version=\u00bb3.25&#8243;][et_pb_column type=\u00bb3_4&#8243; _builder_version=\u00bb3.0.47&#8243; custom_padding=\u00bb|||\u00bb custom_padding__hover=\u00bb|||\u00bb][et_pb_code width=\u00bb80%\u00bb max_width=\u00bb1366px\u00bb]    <div data-options='{&quot;id&quot;:&quot;389&quot;,&quot;lazy_load&quot;:&quot;no&quot;,&quot;masonry_enable&quot;:&quot;no&quot;,&quot;view_type&quot;:&quot;grid&quot;}' id=\"post-grid-389\" class=\"post-grid grid\">\n        <div class=\"grid-items\">\n      <div class=\"item item-6576 skin flat even 0 \">\n        <div class=\"layer-wrapper layout-\">\n        <div class=\"layer-media\"><\/div>\n  <div class=\"layer-content\">\n        <div class=\"element element_1537456738986  title_link \">\n                    <a target=\"_blank\"\n                href=\"http:\/\/www.imuntanya.com\/es\/blog\/retos-de-un-proyecto-de-miradores-y-pasarelas-ancladas\/\">Retos de un proyecto de miradores y pasarelas ancladas<\/a>\n            <\/div>\n    <div class=\"element element_1537456760227  post_date \">\n                    30-08-2022            <\/div>\n    <div class=\"element element_1537456770010  tags \">\n        <a target=\"\" href=\"http:\/\/www.imuntanya.com\/es\/tag\/pasarela-anclada\/\">Pasarela anclada<\/a>, <a target=\"\" href=\"http:\/\/www.imuntanya.com\/tag\/passera-ancorada\/\">Passera ancorada<\/a>, <a target=\"\" href=\"http:\/\/www.imuntanya.com\/tag\/ponts-penjants\/\">Ponts penjants<\/a>    <\/div>\n    <div\n        class=\"element element_1537456749044  excerpt_read_more \">\n        Escaleras, pasarelas ancladas y miradores forman parte de la nueva atracci\u00f3n tur\u00edstica del paraje natural de Castroviejo, Soria, ofreciendo vistas        <a target=\"_blank\"\n            href=\"http:\/\/www.imuntanya.com\/es\/blog\/retos-de-un-proyecto-de-miradores-y-pasarelas-ancladas\/\"><\/a>\n    <\/div>\n  <\/div>\n    <\/div>\n  <\/div><div class=\"item item-6510 skin flat odd 1 \">\n        <div class=\"layer-wrapper layout-\">\n        <div class=\"layer-media\"><\/div>\n  <div class=\"layer-content\">\n        <div class=\"element element_1537456738986  title_link \">\n                    <a target=\"_blank\"\n                href=\"http:\/\/www.imuntanya.com\/es\/blog\/la-monitorizacion-y-la-actuacion-de-emergencia-claves-para-evitar-la-caida-de-un-gran-bloque-de-piedra\/\">La monitorizaci\u00f3n y la actuaci\u00f3n de emergencia, claves para evitar la ca\u00edda de un gran bloque de piedra<\/a>\n            <\/div>\n    <div class=\"element element_1537456760227  post_date \">\n                    28-06-2022            <\/div>\n    <div class=\"element element_1537456770010  tags \">\n        <a target=\"\" href=\"http:\/\/www.imuntanya.com\/tag\/geotecnia-vertical\/\">geotecnia vertical<\/a>, <a target=\"\" href=\"http:\/\/www.imuntanya.com\/tag\/geotecnica-vertical\/\">Geot\u00e8cnica vertical<\/a>    <\/div>\n    <div\n        class=\"element element_1537456749044  excerpt_read_more \">\n        iMuntanya ha llevado a cabo los trabajos de emergencia para estabilizar una gran roca que amenazaba caer y afectar viviendas        <a target=\"_blank\"\n            href=\"http:\/\/www.imuntanya.com\/es\/blog\/la-monitorizacion-y-la-actuacion-de-emergencia-claves-para-evitar-la-caida-de-un-gran-bloque-de-piedra\/\"><\/a>\n    <\/div>\n  <\/div>\n    <\/div>\n  <\/div><div class=\"item item-5957 skin flat even 2 \">\n        <div class=\"layer-wrapper layout-\">\n        <div class=\"layer-media\"><\/div>\n  <div class=\"layer-content\">\n        <div class=\"element element_1537456731060  thumb_link \">\n                    <a target=\"\" href=\"http:\/\/www.imuntanya.com\/es\/blog\/puentes-peatonales-tres-modelos-imuntanya-adaptados-al-proyecto\/\"><img decoding=\"async\"\n                    alt=\"Puente peatonal y para ciclistas en Barber\u00e0 del Vall\u00e8s\" src=\"http:\/\/www.imuntanya.com\/wp-content\/uploads\/2022\/05\/consPP_2022-Barbera-del-Valles_web-1-700x470-no-logo.jpg\"><\/a>\n            <\/div>\n    <div class=\"element element_1537456738986  title_link \">\n                    <a target=\"_blank\"\n                href=\"http:\/\/www.imuntanya.com\/es\/blog\/puentes-peatonales-tres-modelos-imuntanya-adaptados-al-proyecto\/\">Puentes peatonales, tres modelos iMuntanya adaptados al proyecto<\/a>\n            <\/div>\n    <div class=\"element element_1537456760227  post_date \">\n                    05-05-2022            <\/div>\n    <div class=\"element element_1537456770010  tags \">\n        <a target=\"\" href=\"http:\/\/www.imuntanya.com\/es\/tag\/puentes-colgantes\/\">Puentes colgantes<\/a>    <\/div>\n    <div\n        class=\"element element_1537456749044  excerpt_read_more \">\n        Los Modelos de pasarelas peatonales y para ciclistas de iMuntanya son el punto de partida desde donde nos adaptamos a        <a target=\"_blank\"\n            href=\"http:\/\/www.imuntanya.com\/es\/blog\/puentes-peatonales-tres-modelos-imuntanya-adaptados-al-proyecto\/\"><\/a>\n    <\/div>\n  <\/div>\n    <\/div>\n  <\/div><div class=\"item item-5728 skin flat odd 3 \">\n        <div class=\"layer-wrapper layout-\">\n        <div class=\"layer-media\"><\/div>\n  <div class=\"layer-content\">\n        <div class=\"element element_1537456731060  thumb_link \">\n                    <a target=\"\" href=\"http:\/\/www.imuntanya.com\/es\/blog-es\/las-pasarelas-ancladas-permiten-recuperar-senderos-y-abrir-nuevas-rutas\/\"><img decoding=\"async\"\n                    alt=\"\" src=\"http:\/\/www.imuntanya.com\/wp-content\/uploads\/2022\/02\/PV_2018_Tossa-2018-4_logoIMU-700x470-1.jpg\"><\/a>\n            <\/div>\n    <div class=\"element element_1537456738986  title_link \">\n                    <a target=\"_blank\"\n                href=\"http:\/\/www.imuntanya.com\/es\/blog-es\/las-pasarelas-ancladas-permiten-recuperar-senderos-y-abrir-nuevas-rutas\/\">Las pasarelas ancladas permiten recuperar senderos y abrir nuevas rutas<\/a>\n            <\/div>\n    <div class=\"element element_1537456760227  post_date \">\n                    26-02-2022            <\/div>\n    <div class=\"element element_1537456770010  tags \">\n        <a target=\"\" href=\"http:\/\/www.imuntanya.com\/es\/tag\/alta-muntanya-es\/\">alta muntanya<\/a>, <a target=\"\" href=\"http:\/\/www.imuntanya.com\/es\/tag\/pasarela-anclada\/\">Pasarela anclada<\/a>    <\/div>\n    <div\n        class=\"element element_1537456749044  excerpt_read_more \">\n        Las pasarelas ancladas permiten recuperar caminos que han sufrido p\u00e9rdida de anchura y tambi\u00e9n crear nuevas rutas, a menudo con        <a target=\"_blank\"\n            href=\"http:\/\/www.imuntanya.com\/es\/blog-es\/las-pasarelas-ancladas-permiten-recuperar-senderos-y-abrir-nuevas-rutas\/\"><\/a>\n    <\/div>\n  <\/div>\n    <\/div>\n  <\/div><div class=\"item item-5595 skin flat even 4 \">\n        <div class=\"layer-wrapper layout-\">\n        <div class=\"layer-media\"><\/div>\n  <div class=\"layer-content\">\n        <div class=\"element element_1537456731060  thumb_link \">\n                    <a target=\"\" href=\"http:\/\/www.imuntanya.com\/es\/blog-es\/las-obras-a-las-cuevas-de-najera-permiten-reabrir-este-enclave-turistico\/\"><img decoding=\"async\"\n                    alt=\"\" src=\"http:\/\/www.imuntanya.com\/wp-content\/uploads\/2021\/11\/TE_2021-Najera-Cuevas-Estab-1-1024x768.jpeg\"><\/a>\n            <\/div>\n    <div class=\"element element_1537456738986  title_link \">\n                    <a target=\"_blank\"\n                href=\"http:\/\/www.imuntanya.com\/es\/blog-es\/las-obras-a-las-cuevas-de-najera-permiten-reabrir-este-enclave-turistico\/\">Las obras a las Cuevas de N\u00e1jera permiten reabrir este enclave tur\u00edstico<\/a>\n            <\/div>\n    <div class=\"element element_1537456760227  post_date \">\n                    23-12-2021            <\/div>\n    <div class=\"element element_1537456770010  tags \">\n        <a target=\"\" href=\"http:\/\/www.imuntanya.com\/es\/tag\/treballs-especials-es\/\">Treballs especials<\/a>    <\/div>\n    <div\n        class=\"element element_1537456749044  excerpt_read_more \">\n        La estabilizaci\u00f3n del talud junto con las nuevas barandillas y escalas permiten reabrir despu\u00e9s de casi 30 a\u00f1os.        <a target=\"_blank\"\n            href=\"http:\/\/www.imuntanya.com\/es\/blog-es\/las-obras-a-las-cuevas-de-najera-permiten-reabrir-este-enclave-turistico\/\"><\/a>\n    <\/div>\n  <\/div>\n    <\/div>\n  <\/div><div class=\"item item-5425 skin flat odd 5 \">\n        <div class=\"layer-wrapper layout-\">\n        <div class=\"layer-media\"><\/div>\n  <div class=\"layer-content\">\n        <div class=\"element element_1537456731060  thumb_link \">\n                    <a target=\"\" href=\"http:\/\/www.imuntanya.com\/es\/blog\/somiedo-retos-de-unas-obras-de-acceso-muy-complicado\/\"><img decoding=\"async\"\n                    alt=\"Equipo iMuntanya en el Parque Natural de Somiedo\" src=\"http:\/\/www.imuntanya.com\/wp-content\/uploads\/2021\/09\/GV_2020-Somiedo-Asturies_Est-Talus_web3-470x700-nologo.jpg\"><\/a>\n            <\/div>\n    <div class=\"element element_1537456738986  title_link \">\n                    <a target=\"_blank\"\n                href=\"http:\/\/www.imuntanya.com\/es\/blog\/somiedo-retos-de-unas-obras-de-acceso-muy-complicado\/\">Somiedo, retos de unas obras de acceso muy complicado<\/a>\n            <\/div>\n    <div class=\"element element_1537456760227  post_date \">\n                    21-09-2021            <\/div>\n    <div class=\"element element_1537456770010  tags \">\n        <a target=\"\" href=\"http:\/\/www.imuntanya.com\/es\/tag\/geotecnia-vertical-es\/\">geotecnia vertical<\/a>, <a target=\"\" href=\"http:\/\/www.imuntanya.com\/es\/tag\/geotecnica-vertical-es\/\">Geot\u00e8cnica vertical<\/a>    <\/div>\n    <div\n        class=\"element element_1537456749044  excerpt_read_more \">\n        Las obras de estabilizaci\u00f3n en el Parque Natural de Somiedo han contado con numerosos retos como la dificultad del acceso        <a target=\"_blank\"\n            href=\"http:\/\/www.imuntanya.com\/es\/blog\/somiedo-retos-de-unas-obras-de-acceso-muy-complicado\/\"><\/a>\n    <\/div>\n  <\/div>\n    <\/div>\n  <\/div><div class=\"item item-5004 skin flat even 6 \">\n        <div class=\"layer-wrapper layout-\">\n        <div class=\"layer-media\"><\/div>\n  <div class=\"layer-content\">\n        <div class=\"element element_1537456731060  thumb_link \">\n                    <a target=\"\" href=\"http:\/\/www.imuntanya.com\/es\/blog-es\/la-pasarela-de-roses-nos-acerca-al-patrimonio-geologico\/\"><img decoding=\"async\"\n                    alt=\"Construcci\u00f3n de la pasarela de Roses\" src=\"http:\/\/www.imuntanya.com\/wp-content\/uploads\/2021\/06\/PV_2021_Roses-MiradorCisalla_web2-700x470nologo.jpg\"><\/a>\n            <\/div>\n    <div class=\"element element_1537456738986  title_link \">\n                    <a target=\"_blank\"\n                href=\"http:\/\/www.imuntanya.com\/es\/blog-es\/la-pasarela-de-roses-nos-acerca-al-patrimonio-geologico\/\">La pasarela de Roses nos acerca al patrimonio geol\u00f3gico<\/a>\n            <\/div>\n    <div class=\"element element_1537456760227  post_date \">\n                    17-06-2021            <\/div>\n    <div class=\"element element_1537456770010  tags \">\n        <a target=\"\" href=\"http:\/\/www.imuntanya.com\/es\/tag\/pasarela-anclada\/\">Pasarela anclada<\/a>    <\/div>\n    <div\n        class=\"element element_1537456749044  excerpt_read_more \">\n        La pasarela permite acercarse al patrimonio geol\u00f3gico de la cizalla de Roses.        <a target=\"_blank\"\n            href=\"http:\/\/www.imuntanya.com\/es\/blog-es\/la-pasarela-de-roses-nos-acerca-al-patrimonio-geologico\/\"><\/a>\n    <\/div>\n  <\/div>\n    <\/div>\n  <\/div><div class=\"item item-4910 skin flat odd 7 \">\n        <div class=\"layer-wrapper layout-\">\n        <div class=\"layer-media\"><\/div>\n  <div class=\"layer-content\">\n        <div class=\"element element_1537456731060  thumb_link \">\n                    <a target=\"\" href=\"http:\/\/www.imuntanya.com\/es\/blog-es\/la-pasarela-anclada-de-palamos-un-mirador-privilegiado-al-mundo-maritimo\/\"><img decoding=\"async\"\n                    alt=\"Vistas al puerto desde la pasarela anclada del camino de ronda en Palam\u00f3s\" src=\"http:\/\/www.imuntanya.com\/wp-content\/uploads\/2021\/04\/PV_2021_Palamos-CamideRonda_web3-nologo-700x470-1.jpg\"><\/a>\n            <\/div>\n    <div class=\"element element_1537456738986  title_link \">\n                    <a target=\"_blank\"\n                href=\"http:\/\/www.imuntanya.com\/es\/blog-es\/la-pasarela-anclada-de-palamos-un-mirador-privilegiado-al-mundo-maritimo\/\">La pasarela anclada de Palam\u00f3s, un mirador privilegiado al mundo mar\u00edtimo<\/a>\n            <\/div>\n    <div class=\"element element_1537456760227  post_date \">\n                    01-06-2021            <\/div>\n    <div class=\"element element_1537456770010  tags \">\n        <a target=\"\" href=\"http:\/\/www.imuntanya.com\/es\/tag\/pasarela-anclada\/\">Pasarela anclada<\/a>    <\/div>\n    <div\n        class=\"element element_1537456749044  excerpt_read_more \">\n        Da continuidad lineal al trazado del \"Cam\u00ed de ronda\" y une la zona urbana con la playa del Castell        <a target=\"_blank\"\n            href=\"http:\/\/www.imuntanya.com\/es\/blog-es\/la-pasarela-anclada-de-palamos-un-mirador-privilegiado-al-mundo-maritimo\/\"><\/a>\n    <\/div>\n  <\/div>\n    <\/div>\n  <\/div><div class=\"item item-4689 skin flat even 8 \">\n        <div class=\"layer-wrapper layout-\">\n        <div class=\"layer-media\"><\/div>\n  <div class=\"layer-content\">\n        <div class=\"element element_1537456731060  thumb_link \">\n                    <a target=\"\" href=\"http:\/\/www.imuntanya.com\/es\/blog\/obra-de-emergencia-en-el-desprendimiento-que-ocasiono-el-descarrilamiento-de-un-tren\/\"><img decoding=\"async\"\n                    alt=\"Trabajadores de iMuntanya colgados en el talud realizando tareas de ca\u00edda controlada de rocas\" src=\"http:\/\/www.imuntanya.com\/wp-content\/uploads\/2021\/03\/GV_2021-Santa-Linya_-Emergencia-Tren_Est-Talus_web3-700x470-1.jpg\"><\/a>\n            <\/div>\n    <div class=\"element element_1537456738986  title_link \">\n                    <a target=\"_blank\"\n                href=\"http:\/\/www.imuntanya.com\/es\/blog\/obra-de-emergencia-en-el-desprendimiento-que-ocasiono-el-descarrilamiento-de-un-tren\/\">Obra de emergencia en el desprendimiento que ocasion\u00f3 el descarrilamiento de un tren<\/a>\n            <\/div>\n    <div class=\"element element_1537456760227  post_date \">\n                    12-04-2021            <\/div>\n    <div class=\"element element_1537456770010  tags \">\n        <a target=\"\" href=\"http:\/\/www.imuntanya.com\/es\/tag\/geotecnica-vertical-es\/\">Geot\u00e8cnica vertical<\/a>, <a target=\"\" href=\"http:\/\/www.imuntanya.com\/es\/tag\/lineas-ferroviarias\/\">L\u00edneas ferroviarias<\/a>    <\/div>\n    <div\n        class=\"element element_1537456749044  excerpt_read_more \">\n        Despu\u00e9s del descarrilamiento de un tren provocado por una ca\u00edda de rocas, llevamos a cabo un saneamiento de bloques inestables        <a target=\"_blank\"\n            href=\"http:\/\/www.imuntanya.com\/es\/blog\/obra-de-emergencia-en-el-desprendimiento-que-ocasiono-el-descarrilamiento-de-un-tren\/\"><\/a>\n    <\/div>\n  <\/div>\n    <\/div>\n  <\/div><div class=\"item item-4188 skin flat odd 9 \">\n        <div class=\"layer-wrapper layout-\">\n        <div class=\"layer-media\"><\/div>\n  <div class=\"layer-content\">\n        <div class=\"element element_1537456731060  thumb_link \">\n                    <a target=\"\" href=\"http:\/\/www.imuntanya.com\/es\/blog-es\/retos-de-los-trabajos-en-entornos-ferroviarios\/\"><img decoding=\"async\"\n                    alt=\"Estabilitaci\u00f3 tal\u00fas l\u00ednia ferrovi\u00e0ria\" src=\"http:\/\/www.imuntanya.com\/wp-content\/uploads\/2021\/02\/GV_2020_Falset-Vies-Ferroviaries_Est-Talus-web2_700x470-2.jpg\"><\/a>\n            <\/div>\n    <div class=\"element element_1537456738986  title_link \">\n                    <a target=\"_blank\"\n                href=\"http:\/\/www.imuntanya.com\/es\/blog-es\/retos-de-los-trabajos-en-entornos-ferroviarios\/\">Retos de los trabajos en entornos ferroviarios<\/a>\n            <\/div>\n    <div class=\"element element_1537456760227  post_date \">\n                    26-02-2021            <\/div>\n    <div class=\"element element_1537456770010  tags \">\n        <a target=\"\" href=\"http:\/\/www.imuntanya.com\/es\/tag\/geotecnica-vertical-es\/\">Geot\u00e8cnica vertical<\/a>, <a target=\"\" href=\"http:\/\/www.imuntanya.com\/es\/tag\/lineas-ferroviarias\/\">L\u00edneas ferroviarias<\/a>    <\/div>\n    <div\n        class=\"element element_1537456749044  excerpt_read_more \">\n        Conocemos muy bien los retos de mantener las v\u00edas ferroviarias protegidas de desprendimientos de tierra y rocas. Estamos preparados para        <a target=\"_blank\"\n            href=\"http:\/\/www.imuntanya.com\/es\/blog-es\/retos-de-los-trabajos-en-entornos-ferroviarios\/\"><\/a>\n    <\/div>\n  <\/div>\n    <\/div>\n  <\/div>    <\/div>\n    <div class=\"pagination\">\n      <div class=\"paginate\">\n    <span aria-current=\"page\" class=\"page-numbers current\">1<\/span>\n<a class=\"page-numbers\" href=\"http:\/\/www.imuntanya.com\/es\/wp-json\/wp\/v2\/pages\/1516\/page\/2\/\">2<\/a>\n<a class=\"page-numbers\" href=\"http:\/\/www.imuntanya.com\/es\/wp-json\/wp\/v2\/pages\/1516\/page\/3\/\">3<\/a>\n<a class=\"next page-numbers\" href=\"http:\/\/www.imuntanya.com\/es\/wp-json\/wp\/v2\/pages\/1516\/page\/2\/\">Next \u00bb<\/a>  <\/div>\n  <style type=\"text\/css\">\n    #post-grid-389 .pagination .page-numbers {\n      font-size: 17px;\n      color: #646464;\n      background: #646464;\n    }\n\n    #post-grid-389 .pagination .page-numbers:hover,\n    #post-grid-389 .pagination .page-numbers.current {\n      background: #4b4b4b;\n    }\n  <\/style>\n  <\/div>\n      <style type=\"text\/css\">\n      \/*Write your CSS code here*\/    <\/style>\n      <script>\n          \/*Write your js code here*\/          <\/script>\n    <style type=\"text\/css\">\n    #post-grid-389 .element_1537456731060 {\n      font-size:12px;display:block;padding:10px;    }\n\n    #post-grid-389 .element_1537456738986 {\n      font-size:12px;display:block;padding:10px;    }\n\n    #post-grid-389 .element_1537456760227 {\n      font-size:12px;display:block;padding:10px;    }\n\n    #post-grid-389 .element_1537456770010a {\n      font-size:12px;display:block;padding:10px;    }\n\n    #post-grid-389 .element_1537456749044 {\n      font-size:12px;display:block;padding:10px;    }\n\n    #post-grid-389 .element_1537456731060:hover{}#post-grid-389 .element_1537456738986:hover{}#post-grid-389 .element_1537456760227:hover{}#post-grid-389 .element_1537456770010:hover{}#post-grid-389 .element_1537456749044:hover{}  <\/style>\n  <style type=\"text\/css\">\n    #post-grid-389 {\n      background-color: #fff;\n          }\n\n    #post-grid-389 .item {\n      background: #fff;\n          }\n\n    #post-grid-389 .item .layer-media {\n      height:auto;    }\n\n    @media only screen and (min-width: 0px) and (max-width: 767px) {\n      #post-grid-389 .grid-items {\n        text-align: center;\n              }\n\n      #post-grid-389 .item {\n        width: 90%;\n        margin: 10px;\n        display: inline-block;\n        vertical-align: top;\n        height:auto;      }\n    }\n\n    @media only screen and (min-width: 768px) and (max-width: 1023px) {\n      #post-grid-389 .grid-items {\n        text-align: center;\n              }\n\n      #post-grid-389 .item {\n        width: 310px;\n        margin: 10px;\n        display: inline-block;\n        vertical-align: top;\n        max-height:auto;      }\n    }\n\n    @media only screen and (min-width: 1024px) {\n      #post-grid-389 .grid-items {\n        text-align: center;\n              }\n\n      #post-grid-389 .item {\n        width: 310px;\n        display: inline-block;\n        margin: 10px;\n        vertical-align: top;\n        height:auto;      }\n    }\n\n      <\/style>\n  <\/div>\n[\/et_pb_code][\/et_pb_column][et_pb_column type=\u00bb1_4&#8243; _builder_version=\u00bb3.0.47&#8243; custom_padding=\u00bb|||\u00bb custom_padding__hover=\u00bb|||\u00bb][et_pb_sidebar area=\u00bbsidebar-1&#8243; _builder_version=\u00bb3.0.98&#8243; custom_margin=\u00bb||0px|\u00bb][\/et_pb_sidebar][et_pb_code width=\u00bb80%\u00bb max_width=\u00bb1366px\u00bb]    <div data-options='{&quot;id&quot;:&quot;389&quot;,&quot;lazy_load&quot;:&quot;no&quot;,&quot;masonry_enable&quot;:&quot;no&quot;,&quot;view_type&quot;:&quot;grid&quot;}' id=\"post-grid-389\" class=\"post-grid grid\">\n        <div class=\"grid-items\">\n      <div class=\"item item-6576 skin flat even 0 \">\n        <div class=\"layer-wrapper layout-\">\n        <div class=\"layer-media\"><\/div>\n  <div class=\"layer-content\">\n        <div class=\"element element_1537456738986  title_link \">\n                    <a target=\"_blank\"\n                href=\"http:\/\/www.imuntanya.com\/es\/blog\/retos-de-un-proyecto-de-miradores-y-pasarelas-ancladas\/\">Retos de un proyecto de miradores y pasarelas ancladas<\/a>\n            <\/div>\n    <div class=\"element element_1537456760227  post_date \">\n                    30-08-2022            <\/div>\n    <div class=\"element element_1537456770010  tags \">\n        <a target=\"\" href=\"http:\/\/www.imuntanya.com\/es\/tag\/pasarela-anclada\/\">Pasarela anclada<\/a>, <a target=\"\" href=\"http:\/\/www.imuntanya.com\/tag\/passera-ancorada\/\">Passera ancorada<\/a>, <a target=\"\" href=\"http:\/\/www.imuntanya.com\/tag\/ponts-penjants\/\">Ponts penjants<\/a>    <\/div>\n    <div\n        class=\"element element_1537456749044  excerpt_read_more \">\n        Escaleras, pasarelas ancladas y miradores forman parte de la nueva atracci\u00f3n tur\u00edstica del paraje natural de Castroviejo, Soria, ofreciendo vistas        <a target=\"_blank\"\n            href=\"http:\/\/www.imuntanya.com\/es\/blog\/retos-de-un-proyecto-de-miradores-y-pasarelas-ancladas\/\"><\/a>\n    <\/div>\n  <\/div>\n    <\/div>\n  <\/div><div class=\"item item-6510 skin flat odd 1 \">\n        <div class=\"layer-wrapper layout-\">\n        <div class=\"layer-media\"><\/div>\n  <div class=\"layer-content\">\n        <div class=\"element element_1537456738986  title_link \">\n                    <a target=\"_blank\"\n                href=\"http:\/\/www.imuntanya.com\/es\/blog\/la-monitorizacion-y-la-actuacion-de-emergencia-claves-para-evitar-la-caida-de-un-gran-bloque-de-piedra\/\">La monitorizaci\u00f3n y la actuaci\u00f3n de emergencia, claves para evitar la ca\u00edda de un gran bloque de piedra<\/a>\n            <\/div>\n    <div class=\"element element_1537456760227  post_date \">\n                    28-06-2022            <\/div>\n    <div class=\"element element_1537456770010  tags \">\n        <a target=\"\" href=\"http:\/\/www.imuntanya.com\/tag\/geotecnia-vertical\/\">geotecnia vertical<\/a>, <a target=\"\" href=\"http:\/\/www.imuntanya.com\/tag\/geotecnica-vertical\/\">Geot\u00e8cnica vertical<\/a>    <\/div>\n    <div\n        class=\"element element_1537456749044  excerpt_read_more \">\n        iMuntanya ha llevado a cabo los trabajos de emergencia para estabilizar una gran roca que amenazaba caer y afectar viviendas        <a target=\"_blank\"\n            href=\"http:\/\/www.imuntanya.com\/es\/blog\/la-monitorizacion-y-la-actuacion-de-emergencia-claves-para-evitar-la-caida-de-un-gran-bloque-de-piedra\/\"><\/a>\n    <\/div>\n  <\/div>\n    <\/div>\n  <\/div><div class=\"item item-5957 skin flat even 2 \">\n        <div class=\"layer-wrapper layout-\">\n        <div class=\"layer-media\"><\/div>\n  <div class=\"layer-content\">\n        <div class=\"element element_1537456731060  thumb_link \">\n                    <a target=\"\" href=\"http:\/\/www.imuntanya.com\/es\/blog\/puentes-peatonales-tres-modelos-imuntanya-adaptados-al-proyecto\/\"><img decoding=\"async\"\n                    alt=\"Puente peatonal y para ciclistas en Barber\u00e0 del Vall\u00e8s\" src=\"http:\/\/www.imuntanya.com\/wp-content\/uploads\/2022\/05\/consPP_2022-Barbera-del-Valles_web-1-700x470-no-logo.jpg\"><\/a>\n            <\/div>\n    <div class=\"element element_1537456738986  title_link \">\n                    <a target=\"_blank\"\n                href=\"http:\/\/www.imuntanya.com\/es\/blog\/puentes-peatonales-tres-modelos-imuntanya-adaptados-al-proyecto\/\">Puentes peatonales, tres modelos iMuntanya adaptados al proyecto<\/a>\n            <\/div>\n    <div class=\"element element_1537456760227  post_date \">\n                    05-05-2022            <\/div>\n    <div class=\"element element_1537456770010  tags \">\n        <a target=\"\" href=\"http:\/\/www.imuntanya.com\/es\/tag\/puentes-colgantes\/\">Puentes colgantes<\/a>    <\/div>\n    <div\n        class=\"element element_1537456749044  excerpt_read_more \">\n        Los Modelos de pasarelas peatonales y para ciclistas de iMuntanya son el punto de partida desde donde nos adaptamos a        <a target=\"_blank\"\n            href=\"http:\/\/www.imuntanya.com\/es\/blog\/puentes-peatonales-tres-modelos-imuntanya-adaptados-al-proyecto\/\"><\/a>\n    <\/div>\n  <\/div>\n    <\/div>\n  <\/div><div class=\"item item-5728 skin flat odd 3 \">\n        <div class=\"layer-wrapper layout-\">\n        <div class=\"layer-media\"><\/div>\n  <div class=\"layer-content\">\n        <div class=\"element element_1537456731060  thumb_link \">\n                    <a target=\"\" href=\"http:\/\/www.imuntanya.com\/es\/blog-es\/las-pasarelas-ancladas-permiten-recuperar-senderos-y-abrir-nuevas-rutas\/\"><img decoding=\"async\"\n                    alt=\"\" src=\"http:\/\/www.imuntanya.com\/wp-content\/uploads\/2022\/02\/PV_2018_Tossa-2018-4_logoIMU-700x470-1.jpg\"><\/a>\n            <\/div>\n    <div class=\"element element_1537456738986  title_link \">\n                    <a target=\"_blank\"\n                href=\"http:\/\/www.imuntanya.com\/es\/blog-es\/las-pasarelas-ancladas-permiten-recuperar-senderos-y-abrir-nuevas-rutas\/\">Las pasarelas ancladas permiten recuperar senderos y abrir nuevas rutas<\/a>\n            <\/div>\n    <div class=\"element element_1537456760227  post_date \">\n                    26-02-2022            <\/div>\n    <div class=\"element element_1537456770010  tags \">\n        <a target=\"\" href=\"http:\/\/www.imuntanya.com\/es\/tag\/alta-muntanya-es\/\">alta muntanya<\/a>, <a target=\"\" href=\"http:\/\/www.imuntanya.com\/es\/tag\/pasarela-anclada\/\">Pasarela anclada<\/a>    <\/div>\n    <div\n        class=\"element element_1537456749044  excerpt_read_more \">\n        Las pasarelas ancladas permiten recuperar caminos que han sufrido p\u00e9rdida de anchura y tambi\u00e9n crear nuevas rutas, a menudo con        <a target=\"_blank\"\n            href=\"http:\/\/www.imuntanya.com\/es\/blog-es\/las-pasarelas-ancladas-permiten-recuperar-senderos-y-abrir-nuevas-rutas\/\"><\/a>\n    <\/div>\n  <\/div>\n    <\/div>\n  <\/div><div class=\"item item-5595 skin flat even 4 \">\n        <div class=\"layer-wrapper layout-\">\n        <div class=\"layer-media\"><\/div>\n  <div class=\"layer-content\">\n        <div class=\"element element_1537456731060  thumb_link \">\n                    <a target=\"\" href=\"http:\/\/www.imuntanya.com\/es\/blog-es\/las-obras-a-las-cuevas-de-najera-permiten-reabrir-este-enclave-turistico\/\"><img decoding=\"async\"\n                    alt=\"\" src=\"http:\/\/www.imuntanya.com\/wp-content\/uploads\/2021\/11\/TE_2021-Najera-Cuevas-Estab-1-1024x768.jpeg\"><\/a>\n            <\/div>\n    <div class=\"element element_1537456738986  title_link \">\n                    <a target=\"_blank\"\n                href=\"http:\/\/www.imuntanya.com\/es\/blog-es\/las-obras-a-las-cuevas-de-najera-permiten-reabrir-este-enclave-turistico\/\">Las obras a las Cuevas de N\u00e1jera permiten reabrir este enclave tur\u00edstico<\/a>\n            <\/div>\n    <div class=\"element element_1537456760227  post_date \">\n                    23-12-2021            <\/div>\n    <div class=\"element element_1537456770010  tags \">\n        <a target=\"\" href=\"http:\/\/www.imuntanya.com\/es\/tag\/treballs-especials-es\/\">Treballs especials<\/a>    <\/div>\n    <div\n        class=\"element element_1537456749044  excerpt_read_more \">\n        La estabilizaci\u00f3n del talud junto con las nuevas barandillas y escalas permiten reabrir despu\u00e9s de casi 30 a\u00f1os.        <a target=\"_blank\"\n            href=\"http:\/\/www.imuntanya.com\/es\/blog-es\/las-obras-a-las-cuevas-de-najera-permiten-reabrir-este-enclave-turistico\/\"><\/a>\n    <\/div>\n  <\/div>\n    <\/div>\n  <\/div><div class=\"item item-5425 skin flat odd 5 \">\n        <div class=\"layer-wrapper layout-\">\n        <div class=\"layer-media\"><\/div>\n  <div class=\"layer-content\">\n        <div class=\"element element_1537456731060  thumb_link \">\n                    <a target=\"\" href=\"http:\/\/www.imuntanya.com\/es\/blog\/somiedo-retos-de-unas-obras-de-acceso-muy-complicado\/\"><img decoding=\"async\"\n                    alt=\"Equipo iMuntanya en el Parque Natural de Somiedo\" src=\"http:\/\/www.imuntanya.com\/wp-content\/uploads\/2021\/09\/GV_2020-Somiedo-Asturies_Est-Talus_web3-470x700-nologo.jpg\"><\/a>\n            <\/div>\n    <div class=\"element element_1537456738986  title_link \">\n                    <a target=\"_blank\"\n                href=\"http:\/\/www.imuntanya.com\/es\/blog\/somiedo-retos-de-unas-obras-de-acceso-muy-complicado\/\">Somiedo, retos de unas obras de acceso muy complicado<\/a>\n            <\/div>\n    <div class=\"element element_1537456760227  post_date \">\n                    21-09-2021            <\/div>\n    <div class=\"element element_1537456770010  tags \">\n        <a target=\"\" href=\"http:\/\/www.imuntanya.com\/es\/tag\/geotecnia-vertical-es\/\">geotecnia vertical<\/a>, <a target=\"\" href=\"http:\/\/www.imuntanya.com\/es\/tag\/geotecnica-vertical-es\/\">Geot\u00e8cnica vertical<\/a>    <\/div>\n    <div\n        class=\"element element_1537456749044  excerpt_read_more \">\n        Las obras de estabilizaci\u00f3n en el Parque Natural de Somiedo han contado con numerosos retos como la dificultad del acceso        <a target=\"_blank\"\n            href=\"http:\/\/www.imuntanya.com\/es\/blog\/somiedo-retos-de-unas-obras-de-acceso-muy-complicado\/\"><\/a>\n    <\/div>\n  <\/div>\n    <\/div>\n  <\/div><div class=\"item item-5004 skin flat even 6 \">\n        <div class=\"layer-wrapper layout-\">\n        <div class=\"layer-media\"><\/div>\n  <div class=\"layer-content\">\n        <div class=\"element element_1537456731060  thumb_link \">\n                    <a target=\"\" href=\"http:\/\/www.imuntanya.com\/es\/blog-es\/la-pasarela-de-roses-nos-acerca-al-patrimonio-geologico\/\"><img decoding=\"async\"\n                    alt=\"Construcci\u00f3n de la pasarela de Roses\" src=\"http:\/\/www.imuntanya.com\/wp-content\/uploads\/2021\/06\/PV_2021_Roses-MiradorCisalla_web2-700x470nologo.jpg\"><\/a>\n            <\/div>\n    <div class=\"element element_1537456738986  title_link \">\n                    <a target=\"_blank\"\n                href=\"http:\/\/www.imuntanya.com\/es\/blog-es\/la-pasarela-de-roses-nos-acerca-al-patrimonio-geologico\/\">La pasarela de Roses nos acerca al patrimonio geol\u00f3gico<\/a>\n            <\/div>\n    <div class=\"element element_1537456760227  post_date \">\n                    17-06-2021            <\/div>\n    <div class=\"element element_1537456770010  tags \">\n        <a target=\"\" href=\"http:\/\/www.imuntanya.com\/es\/tag\/pasarela-anclada\/\">Pasarela anclada<\/a>    <\/div>\n    <div\n        class=\"element element_1537456749044  excerpt_read_more \">\n        La pasarela permite acercarse al patrimonio geol\u00f3gico de la cizalla de Roses.        <a target=\"_blank\"\n            href=\"http:\/\/www.imuntanya.com\/es\/blog-es\/la-pasarela-de-roses-nos-acerca-al-patrimonio-geologico\/\"><\/a>\n    <\/div>\n  <\/div>\n    <\/div>\n  <\/div><div class=\"item item-4910 skin flat odd 7 \">\n        <div class=\"layer-wrapper layout-\">\n        <div class=\"layer-media\"><\/div>\n  <div class=\"layer-content\">\n        <div class=\"element element_1537456731060  thumb_link \">\n                    <a target=\"\" href=\"http:\/\/www.imuntanya.com\/es\/blog-es\/la-pasarela-anclada-de-palamos-un-mirador-privilegiado-al-mundo-maritimo\/\"><img decoding=\"async\"\n                    alt=\"Vistas al puerto desde la pasarela anclada del camino de ronda en Palam\u00f3s\" src=\"http:\/\/www.imuntanya.com\/wp-content\/uploads\/2021\/04\/PV_2021_Palamos-CamideRonda_web3-nologo-700x470-1.jpg\"><\/a>\n            <\/div>\n    <div class=\"element element_1537456738986  title_link \">\n                    <a target=\"_blank\"\n                href=\"http:\/\/www.imuntanya.com\/es\/blog-es\/la-pasarela-anclada-de-palamos-un-mirador-privilegiado-al-mundo-maritimo\/\">La pasarela anclada de Palam\u00f3s, un mirador privilegiado al mundo mar\u00edtimo<\/a>\n            <\/div>\n    <div class=\"element element_1537456760227  post_date \">\n                    01-06-2021            <\/div>\n    <div class=\"element element_1537456770010  tags \">\n        <a target=\"\" href=\"http:\/\/www.imuntanya.com\/es\/tag\/pasarela-anclada\/\">Pasarela anclada<\/a>    <\/div>\n    <div\n        class=\"element element_1537456749044  excerpt_read_more \">\n        Da continuidad lineal al trazado del \"Cam\u00ed de ronda\" y une la zona urbana con la playa del Castell        <a target=\"_blank\"\n            href=\"http:\/\/www.imuntanya.com\/es\/blog-es\/la-pasarela-anclada-de-palamos-un-mirador-privilegiado-al-mundo-maritimo\/\"><\/a>\n    <\/div>\n  <\/div>\n    <\/div>\n  <\/div><div class=\"item item-4689 skin flat even 8 \">\n        <div class=\"layer-wrapper layout-\">\n        <div class=\"layer-media\"><\/div>\n  <div class=\"layer-content\">\n        <div class=\"element element_1537456731060  thumb_link \">\n                    <a target=\"\" href=\"http:\/\/www.imuntanya.com\/es\/blog\/obra-de-emergencia-en-el-desprendimiento-que-ocasiono-el-descarrilamiento-de-un-tren\/\"><img decoding=\"async\"\n                    alt=\"Trabajadores de iMuntanya colgados en el talud realizando tareas de ca\u00edda controlada de rocas\" src=\"http:\/\/www.imuntanya.com\/wp-content\/uploads\/2021\/03\/GV_2021-Santa-Linya_-Emergencia-Tren_Est-Talus_web3-700x470-1.jpg\"><\/a>\n            <\/div>\n    <div class=\"element element_1537456738986  title_link \">\n                    <a target=\"_blank\"\n                href=\"http:\/\/www.imuntanya.com\/es\/blog\/obra-de-emergencia-en-el-desprendimiento-que-ocasiono-el-descarrilamiento-de-un-tren\/\">Obra de emergencia en el desprendimiento que ocasion\u00f3 el descarrilamiento de un tren<\/a>\n            <\/div>\n    <div class=\"element element_1537456760227  post_date \">\n                    12-04-2021            <\/div>\n    <div class=\"element element_1537456770010  tags \">\n        <a target=\"\" href=\"http:\/\/www.imuntanya.com\/es\/tag\/geotecnica-vertical-es\/\">Geot\u00e8cnica vertical<\/a>, <a target=\"\" href=\"http:\/\/www.imuntanya.com\/es\/tag\/lineas-ferroviarias\/\">L\u00edneas ferroviarias<\/a>    <\/div>\n    <div\n        class=\"element element_1537456749044  excerpt_read_more \">\n        Despu\u00e9s del descarrilamiento de un tren provocado por una ca\u00edda de rocas, llevamos a cabo un saneamiento de bloques inestables        <a target=\"_blank\"\n            href=\"http:\/\/www.imuntanya.com\/es\/blog\/obra-de-emergencia-en-el-desprendimiento-que-ocasiono-el-descarrilamiento-de-un-tren\/\"><\/a>\n    <\/div>\n  <\/div>\n    <\/div>\n  <\/div><div class=\"item item-4188 skin flat odd 9 \">\n        <div class=\"layer-wrapper layout-\">\n        <div class=\"layer-media\"><\/div>\n  <div class=\"layer-content\">\n        <div class=\"element element_1537456731060  thumb_link \">\n                    <a target=\"\" href=\"http:\/\/www.imuntanya.com\/es\/blog-es\/retos-de-los-trabajos-en-entornos-ferroviarios\/\"><img decoding=\"async\"\n                    alt=\"Estabilitaci\u00f3 tal\u00fas l\u00ednia ferrovi\u00e0ria\" src=\"http:\/\/www.imuntanya.com\/wp-content\/uploads\/2021\/02\/GV_2020_Falset-Vies-Ferroviaries_Est-Talus-web2_700x470-2.jpg\"><\/a>\n            <\/div>\n    <div class=\"element element_1537456738986  title_link \">\n                    <a target=\"_blank\"\n                href=\"http:\/\/www.imuntanya.com\/es\/blog-es\/retos-de-los-trabajos-en-entornos-ferroviarios\/\">Retos de los trabajos en entornos ferroviarios<\/a>\n            <\/div>\n    <div class=\"element element_1537456760227  post_date \">\n                    26-02-2021            <\/div>\n    <div class=\"element element_1537456770010  tags \">\n        <a target=\"\" href=\"http:\/\/www.imuntanya.com\/es\/tag\/geotecnica-vertical-es\/\">Geot\u00e8cnica vertical<\/a>, <a target=\"\" href=\"http:\/\/www.imuntanya.com\/es\/tag\/lineas-ferroviarias\/\">L\u00edneas ferroviarias<\/a>    <\/div>\n    <div\n        class=\"element element_1537456749044  excerpt_read_more \">\n        Conocemos muy bien los retos de mantener las v\u00edas ferroviarias protegidas de desprendimientos de tierra y rocas. Estamos preparados para        <a target=\"_blank\"\n            href=\"http:\/\/www.imuntanya.com\/es\/blog-es\/retos-de-los-trabajos-en-entornos-ferroviarios\/\"><\/a>\n    <\/div>\n  <\/div>\n    <\/div>\n  <\/div>    <\/div>\n    <div class=\"pagination\">\n      <div class=\"paginate\">\n    <span aria-current=\"page\" class=\"page-numbers current\">1<\/span>\n<a class=\"page-numbers\" href=\"http:\/\/www.imuntanya.com\/es\/wp-json\/wp\/v2\/pages\/1516\/page\/2\/\">2<\/a>\n<a class=\"page-numbers\" href=\"http:\/\/www.imuntanya.com\/es\/wp-json\/wp\/v2\/pages\/1516\/page\/3\/\">3<\/a>\n<a class=\"next page-numbers\" href=\"http:\/\/www.imuntanya.com\/es\/wp-json\/wp\/v2\/pages\/1516\/page\/2\/\">Next \u00bb<\/a>  <\/div>\n  <style type=\"text\/css\">\n    #post-grid-389 .pagination .page-numbers {\n      font-size: 17px;\n      color: #646464;\n      background: #646464;\n    }\n\n    #post-grid-389 .pagination .page-numbers:hover,\n    #post-grid-389 .pagination .page-numbers.current {\n      background: #4b4b4b;\n    }\n  <\/style>\n  <\/div>\n      <style type=\"text\/css\">\n      \/*Write your CSS code here*\/    <\/style>\n      <script>\n          \/*Write your js code here*\/          <\/script>\n    <style type=\"text\/css\">\n    #post-grid-389 .element_1537456731060 {\n      font-size:12px;display:block;padding:10px;    }\n\n    #post-grid-389 .element_1537456738986 {\n      font-size:12px;display:block;padding:10px;    }\n\n    #post-grid-389 .element_1537456760227 {\n      font-size:12px;display:block;padding:10px;    }\n\n    #post-grid-389 .element_1537456770010a {\n      font-size:12px;display:block;padding:10px;    }\n\n    #post-grid-389 .element_1537456749044 {\n      font-size:12px;display:block;padding:10px;    }\n\n    #post-grid-389 .element_1537456731060:hover{}#post-grid-389 .element_1537456738986:hover{}#post-grid-389 .element_1537456760227:hover{}#post-grid-389 .element_1537456770010:hover{}#post-grid-389 .element_1537456749044:hover{}  <\/style>\n  <style type=\"text\/css\">\n    #post-grid-389 {\n      background-color: #fff;\n          }\n\n    #post-grid-389 .item {\n      background: #fff;\n          }\n\n    #post-grid-389 .item .layer-media {\n      height:auto;    }\n\n    @media only screen and (min-width: 0px) and (max-width: 767px) {\n      #post-grid-389 .grid-items {\n        text-align: center;\n              }\n\n      #post-grid-389 .item {\n        width: 90%;\n        margin: 10px;\n        display: inline-block;\n        vertical-align: top;\n        height:auto;      }\n    }\n\n    @media only screen and (min-width: 768px) and (max-width: 1023px) {\n      #post-grid-389 .grid-items {\n        text-align: center;\n              }\n\n      #post-grid-389 .item {\n        width: 310px;\n        margin: 10px;\n        display: inline-block;\n        vertical-align: top;\n        max-height:auto;      }\n    }\n\n    @media only screen and (min-width: 1024px) {\n      #post-grid-389 .grid-items {\n        text-align: center;\n              }\n\n      #post-grid-389 .item {\n        width: 310px;\n        display: inline-block;\n        margin: 10px;\n        vertical-align: top;\n        height:auto;      }\n    }\n\n      <\/style>\n  <\/div>\n[\/et_pb_code][\/et_pb_column][\/et_pb_row][\/et_pb_section]<\/p>\n","protected":false},"excerpt":{"rendered":"<p>[et_pb_section fb_built=\u00bb1&#8243; fullwidth=\u00bbon\u00bb _builder_version=\u00bb3.22&#8243; custom_padding=\u00bb0px|||\u00bb custom_css_main_element=\u00bbpadding:0;\u00bb][et_pb_fullwidth_code module_class=\u00bbcontainer\u00bb background_size=\u00bbinitial\u00bb background_position=\u00bbtop_left\u00bb background_repeat=\u00bbrepeat\u00bb text_orientation=\u00bbleft\u00bb width=\u00bb80%\u00bb max_width=\u00bb1366px\u00bb custom_padding=\u00bb0px|||\u00bb]Blog[\/et_pb_fullwidth_code][\/et_pb_section][et_pb_section fb_built=\u00bb1&#8243; _builder_version=\u00bb3.22&#8243; custom_margin=\u00bb0px|0px|0px|0px\u00bb custom_padding=\u00bb0px|0px|0px|0px\u00bb][et_pb_row column_structure=\u00bb3_4,1_4&#8243; _builder_version=\u00bb3.25&#8243;][et_pb_column type=\u00bb3_4&#8243; _builder_version=\u00bb3.0.47&#8243; custom_padding=\u00bb|||\u00bb custom_padding__hover=\u00bb|||\u00bb][et_pb_code width=\u00bb80%\u00bb max_width=\u00bb1366px\u00bb][\/et_pb_code][\/et_pb_column][et_pb_column type=\u00bb1_4&#8243; _builder_version=\u00bb3.0.47&#8243; custom_padding=\u00bb|||\u00bb custom_padding__hover=\u00bb|||\u00bb][et_pb_sidebar area=\u00bbsidebar-1&#8243; _builder_version=\u00bb3.0.98&#8243; custom_margin=\u00bb||0px|\u00bb][\/et_pb_sidebar][et_pb_code width=\u00bb80%\u00bb max_width=\u00bb1366px\u00bb][\/et_pb_code][\/et_pb_column][\/et_pb_row][\/et_pb_section]<\/p>\n","protected":false},"author":1,"featured_media":0,"parent":0,"menu_order":0,"comment_status":"closed","ping_status":"closed","template":"","meta":{"_et_pb_use_builder":"on","_et_pb_old_content":"","_et_gb_content_width":"","footnotes":""},"class_list":["post-1516","page","type-page","status-publish","hentry"],"yoast_head":"<!-- This site is optimized with the Yoast SEO plugin v26.1.1 - https:\/\/yoast.com\/wordpress\/plugins\/seo\/ -->\n<title>blog | imuntanya<\/title>\n<meta name=\"robots\" content=\"index, follow, max-snippet:-1, max-image-preview:large, max-video-preview:-1\" \/>\n<link rel=\"canonical\" href=\"http:\/\/www.imuntanya.com\/blog\/\" \/>\n<meta property=\"og:locale\" content=\"es_ES\" \/>\n<meta property=\"og:type\" content=\"article\" \/>\n<meta property=\"og:title\" content=\"blog | imuntanya\" \/>\n<meta property=\"og:description\" content=\"[et_pb_section fb_built=\u00bb1&#8243; fullwidth=\u00bbon\u00bb _builder_version=\u00bb3.22&#8243; custom_padding=\u00bb0px|||\u00bb custom_css_main_element=\u00bbpadding:0;\u00bb][et_pb_fullwidth_code module_class=\u00bbcontainer\u00bb background_size=\u00bbinitial\u00bb background_position=\u00bbtop_left\u00bb background_repeat=\u00bbrepeat\u00bb text_orientation=\u00bbleft\u00bb width=\u00bb80%\u00bb max_width=\u00bb1366px\u00bb custom_padding=\u00bb0px|||\u00bb]Blog[\/et_pb_fullwidth_code][\/et_pb_section][et_pb_section fb_built=\u00bb1&#8243; _builder_version=\u00bb3.22&#8243; custom_margin=\u00bb0px|0px|0px|0px\u00bb custom_padding=\u00bb0px|0px|0px|0px\u00bb][et_pb_row column_structure=\u00bb3_4,1_4&#8243; _builder_version=\u00bb3.25&#8243;][et_pb_column type=\u00bb3_4&#8243; _builder_version=\u00bb3.0.47&#8243; custom_padding=\u00bb|||\u00bb custom_padding__hover=\u00bb|||\u00bb][et_pb_code width=\u00bb80%\u00bb max_width=\u00bb1366px\u00bb][\/et_pb_code][\/et_pb_column][et_pb_column type=\u00bb1_4&#8243; _builder_version=\u00bb3.0.47&#8243; custom_padding=\u00bb|||\u00bb custom_padding__hover=\u00bb|||\u00bb][et_pb_sidebar area=\u00bbsidebar-1&#8243; _builder_version=\u00bb3.0.98&#8243; custom_margin=\u00bb||0px|\u00bb][\/et_pb_sidebar][et_pb_code width=\u00bb80%\u00bb max_width=\u00bb1366px\u00bb][\/et_pb_code][\/et_pb_column][\/et_pb_row][\/et_pb_section]\" \/>\n<meta property=\"og:url\" content=\"http:\/\/www.imuntanya.com\/blog\/\" \/>\n<meta property=\"og:site_name\" content=\"imuntanya\" \/>\n<meta property=\"article:publisher\" content=\"https:\/\/www.facebook.com\/imuntanya\" \/>\n<meta property=\"article:modified_time\" content=\"2022-06-08T14:30:01+00:00\" \/>\n<meta name=\"twitter:card\" content=\"summary_large_image\" \/>\n<meta name=\"twitter:site\" content=\"@imuntanya15\" \/>\n<meta name=\"twitter:label1\" content=\"Tiempo de lectura\" \/>\n\t<meta name=\"twitter:data1\" content=\"1 minuto\" \/>\n<script type=\"application\/ld+json\" class=\"yoast-schema-graph\">{\"@context\":\"https:\/\/schema.org\",\"@graph\":[{\"@type\":\"WebPage\",\"@id\":\"http:\/\/www.imuntanya.com\/blog\/\",\"url\":\"http:\/\/www.imuntanya.com\/blog\/\",\"name\":\"blog | imuntanya\",\"isPartOf\":{\"@id\":\"http:\/\/www.imuntanya.com\/#website\"},\"datePublished\":\"2018-12-10T10:33:12+00:00\",\"dateModified\":\"2022-06-08T14:30:01+00:00\",\"breadcrumb\":{\"@id\":\"http:\/\/www.imuntanya.com\/blog\/#breadcrumb\"},\"inLanguage\":\"es\",\"potentialAction\":[{\"@type\":\"ReadAction\",\"target\":[\"http:\/\/www.imuntanya.com\/blog\/\"]}]},{\"@type\":\"BreadcrumbList\",\"@id\":\"http:\/\/www.imuntanya.com\/blog\/#breadcrumb\",\"itemListElement\":[{\"@type\":\"ListItem\",\"position\":1,\"name\":\"Inici\",\"item\":\"http:\/\/www.imuntanya.com\/\"},{\"@type\":\"ListItem\",\"position\":2,\"name\":\"blog\"}]},{\"@type\":\"WebSite\",\"@id\":\"http:\/\/www.imuntanya.com\/#website\",\"url\":\"http:\/\/www.imuntanya.com\/\",\"name\":\"iMuntanya\",\"description\":\"Infraestructures per alta muntanya i en zones de dif\u00edcil acc\u00e9s\",\"publisher\":{\"@id\":\"http:\/\/www.imuntanya.com\/#organization\"},\"potentialAction\":[{\"@type\":\"SearchAction\",\"target\":{\"@type\":\"EntryPoint\",\"urlTemplate\":\"http:\/\/www.imuntanya.com\/?s={search_term_string}\"},\"query-input\":{\"@type\":\"PropertyValueSpecification\",\"valueRequired\":true,\"valueName\":\"search_term_string\"}}],\"inLanguage\":\"es\"},{\"@type\":\"Organization\",\"@id\":\"http:\/\/www.imuntanya.com\/#organization\",\"name\":\"iMuntanya \u00b7 Infraestructures de Muntanya S.L.\",\"url\":\"http:\/\/www.imuntanya.com\/\",\"logo\":{\"@type\":\"ImageObject\",\"inLanguage\":\"es\",\"@id\":\"http:\/\/www.imuntanya.com\/#\/schema\/logo\/image\/\",\"url\":\"http:\/\/www.imuntanya.com\/wp-content\/uploads\/2019\/07\/imu-cat-2.png\",\"contentUrl\":\"http:\/\/www.imuntanya.com\/wp-content\/uploads\/2019\/07\/imu-cat-2.png\",\"width\":640,\"height\":83,\"caption\":\"iMuntanya \u00b7 Infraestructures de Muntanya S.L.\"},\"image\":{\"@id\":\"http:\/\/www.imuntanya.com\/#\/schema\/logo\/image\/\"},\"sameAs\":[\"https:\/\/www.facebook.com\/imuntanya\",\"https:\/\/x.com\/imuntanya15\",\"https:\/\/www.instagram.com\/imuntanya\/\",\"https:\/\/www.linkedin.com\/company\/imuntanya\/\",\"https:\/\/www.youtube.com\/user\/imuntanyaatyoutub\"]}]}<\/script>\n<!-- \/ Yoast SEO plugin. -->","yoast_head_json":{"title":"blog | imuntanya","robots":{"index":"index","follow":"follow","max-snippet":"max-snippet:-1","max-image-preview":"max-image-preview:large","max-video-preview":"max-video-preview:-1"},"canonical":"http:\/\/www.imuntanya.com\/blog\/","og_locale":"es_ES","og_type":"article","og_title":"blog | imuntanya","og_description":"[et_pb_section fb_built=\u00bb1&#8243; fullwidth=\u00bbon\u00bb _builder_version=\u00bb3.22&#8243; custom_padding=\u00bb0px|||\u00bb custom_css_main_element=\u00bbpadding:0;\u00bb][et_pb_fullwidth_code module_class=\u00bbcontainer\u00bb background_size=\u00bbinitial\u00bb background_position=\u00bbtop_left\u00bb background_repeat=\u00bbrepeat\u00bb text_orientation=\u00bbleft\u00bb width=\u00bb80%\u00bb max_width=\u00bb1366px\u00bb custom_padding=\u00bb0px|||\u00bb]Blog[\/et_pb_fullwidth_code][\/et_pb_section][et_pb_section fb_built=\u00bb1&#8243; _builder_version=\u00bb3.22&#8243; custom_margin=\u00bb0px|0px|0px|0px\u00bb custom_padding=\u00bb0px|0px|0px|0px\u00bb][et_pb_row column_structure=\u00bb3_4,1_4&#8243; _builder_version=\u00bb3.25&#8243;][et_pb_column type=\u00bb3_4&#8243; _builder_version=\u00bb3.0.47&#8243; custom_padding=\u00bb|||\u00bb custom_padding__hover=\u00bb|||\u00bb][et_pb_code width=\u00bb80%\u00bb max_width=\u00bb1366px\u00bb][\/et_pb_code][\/et_pb_column][et_pb_column type=\u00bb1_4&#8243; _builder_version=\u00bb3.0.47&#8243; custom_padding=\u00bb|||\u00bb custom_padding__hover=\u00bb|||\u00bb][et_pb_sidebar area=\u00bbsidebar-1&#8243; _builder_version=\u00bb3.0.98&#8243; custom_margin=\u00bb||0px|\u00bb][\/et_pb_sidebar][et_pb_code width=\u00bb80%\u00bb max_width=\u00bb1366px\u00bb][\/et_pb_code][\/et_pb_column][\/et_pb_row][\/et_pb_section]","og_url":"http:\/\/www.imuntanya.com\/blog\/","og_site_name":"imuntanya","article_publisher":"https:\/\/www.facebook.com\/imuntanya","article_modified_time":"2022-06-08T14:30:01+00:00","twitter_card":"summary_large_image","twitter_site":"@imuntanya15","twitter_misc":{"Tiempo de lectura":"1 minuto"},"schema":{"@context":"https:\/\/schema.org","@graph":[{"@type":"WebPage","@id":"http:\/\/www.imuntanya.com\/blog\/","url":"http:\/\/www.imuntanya.com\/blog\/","name":"blog | imuntanya","isPartOf":{"@id":"http:\/\/www.imuntanya.com\/#website"},"datePublished":"2018-12-10T10:33:12+00:00","dateModified":"2022-06-08T14:30:01+00:00","breadcrumb":{"@id":"http:\/\/www.imuntanya.com\/blog\/#breadcrumb"},"inLanguage":"es","potentialAction":[{"@type":"ReadAction","target":["http:\/\/www.imuntanya.com\/blog\/"]}]},{"@type":"BreadcrumbList","@id":"http:\/\/www.imuntanya.com\/blog\/#breadcrumb","itemListElement":[{"@type":"ListItem","position":1,"name":"Inici","item":"http:\/\/www.imuntanya.com\/"},{"@type":"ListItem","position":2,"name":"blog"}]},{"@type":"WebSite","@id":"http:\/\/www.imuntanya.com\/#website","url":"http:\/\/www.imuntanya.com\/","name":"iMuntanya","description":"Infraestructures per alta muntanya i en zones de dif\u00edcil acc\u00e9s","publisher":{"@id":"http:\/\/www.imuntanya.com\/#organization"},"potentialAction":[{"@type":"SearchAction","target":{"@type":"EntryPoint","urlTemplate":"http:\/\/www.imuntanya.com\/?s={search_term_string}"},"query-input":{"@type":"PropertyValueSpecification","valueRequired":true,"valueName":"search_term_string"}}],"inLanguage":"es"},{"@type":"Organization","@id":"http:\/\/www.imuntanya.com\/#organization","name":"iMuntanya \u00b7 Infraestructures de Muntanya S.L.","url":"http:\/\/www.imuntanya.com\/","logo":{"@type":"ImageObject","inLanguage":"es","@id":"http:\/\/www.imuntanya.com\/#\/schema\/logo\/image\/","url":"http:\/\/www.imuntanya.com\/wp-content\/uploads\/2019\/07\/imu-cat-2.png","contentUrl":"http:\/\/www.imuntanya.com\/wp-content\/uploads\/2019\/07\/imu-cat-2.png","width":640,"height":83,"caption":"iMuntanya \u00b7 Infraestructures de Muntanya S.L."},"image":{"@id":"http:\/\/www.imuntanya.com\/#\/schema\/logo\/image\/"},"sameAs":["https:\/\/www.facebook.com\/imuntanya","https:\/\/x.com\/imuntanya15","https:\/\/www.instagram.com\/imuntanya\/","https:\/\/www.linkedin.com\/company\/imuntanya\/","https:\/\/www.youtube.com\/user\/imuntanyaatyoutub"]}]}},"_links":{"self":[{"href":"http:\/\/www.imuntanya.com\/es\/wp-json\/wp\/v2\/pages\/1516","targetHints":{"allow":["GET"]}}],"collection":[{"href":"http:\/\/www.imuntanya.com\/es\/wp-json\/wp\/v2\/pages"}],"about":[{"href":"http:\/\/www.imuntanya.com\/es\/wp-json\/wp\/v2\/types\/page"}],"author":[{"embeddable":true,"href":"http:\/\/www.imuntanya.com\/es\/wp-json\/wp\/v2\/users\/1"}],"replies":[{"embeddable":true,"href":"http:\/\/www.imuntanya.com\/es\/wp-json\/wp\/v2\/comments?post=1516"}],"version-history":[{"count":8,"href":"http:\/\/www.imuntanya.com\/es\/wp-json\/wp\/v2\/pages\/1516\/revisions"}],"predecessor-version":[{"id":6402,"href":"http:\/\/www.imuntanya.com\/es\/wp-json\/wp\/v2\/pages\/1516\/revisions\/6402"}],"wp:attachment":[{"href":"http:\/\/www.imuntanya.com\/es\/wp-json\/wp\/v2\/media?parent=1516"}],"curies":[{"name":"wp","href":"https:\/\/api.w.org\/{rel}","templated":true}]}}