{"id":2138,"date":"2019-05-28T11:31:59","date_gmt":"2019-05-28T09:31:59","guid":{"rendered":"http:\/\/www.imuntanya.com\/?page_id=2138"},"modified":"2019-05-28T11:49:06","modified_gmt":"2019-05-28T09:49:06","slug":"politica-de-privacitat","status":"publish","type":"page","link":"http:\/\/www.imuntanya.com\/es\/politica-de-privacitat\/","title":{"rendered":"Pol\u00edtica de privacitat"},"content":{"rendered":"<p>[et_pb_section bb_built=\u00bb1&#8243; _builder_version=\u00bb3.0.47&#8243; next_background_color=\u00bb#1e2930&#8243;][et_pb_row _builder_version=\u00bb3.0.47&#8243; background_size=\u00bbinitial\u00bb background_position=\u00bbtop_left\u00bb background_repeat=\u00bbrepeat\u00bb][et_pb_column type=\u00bb4_4&#8243;][et_pb_text background_layout=\u00bbdark\u00bb _builder_version=\u00bb3.17.6&#8243; text_font=\u00bbRubik|300|||||||\u00bb text_font_size=\u00bb38px\u00bb text_text_color=\u00bb#999999&#8243; text_letter_spacing=\u00bb2px\u00bb inline_fonts=\u00bbRubik\u00bb]<\/p>\n<p>Pol\u00edtica de privacitat<\/p>\n<p>[\/et_pb_text][\/et_pb_column][\/et_pb_row][et_pb_row _builder_version=\u00bb3.0.98&#8243;][et_pb_column type=\u00bb4_4&#8243;][et_pb_text _builder_version=\u00bb3.17.6&#8243;]<\/p>\n<p><b>Introducci\u00f3<\/b><\/p>\n<p><span style=\"font-weight: 400;\">La present Pol\u00edtica de Privacitat ha estat desenvolupada tenint en compte el que disposa la Llei Org\u00e0nica de Protecci\u00f3 de Dades de car\u00e0cter personal en vigor, aix\u00ed com pel Reglament 2016\/679 del Parlament Europeu i del Consell del 27 d&#8217;abril de 2016 relatiu a la protecci\u00f3 de les persones f\u00edsiques pel que fa al tractament de dades personals i a la circulaci\u00f3 d&#8217;aquestes dades, d&#8217;ara endavant el RGPD.<\/span><\/p>\n<p><span style=\"font-weight: 400;\"><br \/><\/span><span style=\"font-weight: 400;\">Aquesta pol\u00edtica de privacitat t\u00e9 per objecte posar en coneixement dels titulars de les dades personals, respecte dels quals s&#8217;est\u00e0 recollint informaci\u00f3, els aspectes espec\u00edfics relatius al tractament les seves dades, entre altres coses, les finalitats dels tractaments, les dades de contacte per exercir els drets que l&#8217;assisteixen, els terminis de conservaci\u00f3 de la informaci\u00f3 i les mesures de seguretat entre altres coses.<\/span><\/p>\n<p><b>Responsable del Tractament<\/b><\/p>\n<p><span style=\"font-weight: 400;\">En termes de protecci\u00f3 de dades INFRASTRUCTURES DE MUNTANYA S.L., ha de ser considerat Responsable del Tractament, en relaci\u00f3 als fitxers \/ tractaments identificats en la present pol\u00edtica, concretament en l&#8217;apartat Tractaments de dades.<\/span><\/p>\n<p><span style=\"font-weight: 400;\"><br \/><\/span><span style=\"font-weight: 400;\">A continuaci\u00f3 s&#8217;indiquen les dades identificatives del titular del present lloc web:<\/span><\/p>\n<p><span style=\"font-weight: 400;\">Responsable del Tractament: INFRASTRUCTURES DE MUNTANYA S.L. <\/span><\/p>\n<p><span style=\"font-weight: 400;\">Adre\u00e7a postal: <\/span><span style=\"font-weight: 400;\">Pol. Ind. Els Plans, Ctra. Castellnou &#8211; NII, Nau 12, de Castellnou de Seana, 25265, (Lleida).<\/span><\/p>\n<p><span style=\"font-weight: 400;\">Adre\u00e7a electr\u00f2nica: <\/span><a href=\"mailto:safel@muntatgessafel.com\"><span style=\"font-weight: 400;\">administracio@imuntanya.com<\/span><\/a><\/p>\n<p><b>Tractaments de dades<\/b><\/p>\n<p><span style=\"font-weight: 400;\">Les dades de car\u00e0cter personal que es sol\u00b7licitin, si s\u2019 escau, consistiran \u00fanicament en aquelles estrictament imprescindibles per identificar i atendre la sol\u00b7licitud realitzada pel titular de les mateixes, d&#8217;ara endavant, l&#8217;interessat. Aquesta informaci\u00f3 ser\u00e0 tractada de forma lleial, l\u00edcita i transparent en relaci\u00f3 amb l&#8217;interessat. D&#8217;altra banda, les dades personals seran recollides per a finalitats determinades, expl\u00edcites i leg\u00edtimes, no sent tractades ulteriorment de manera incompatible amb aquestes finalitats.<\/span><\/p>\n<p><span style=\"font-weight: 400;\">Les dades recollides de cada interessat seran adequades, pertinents i no excessives en relaci\u00f3 a les finalitats corresponents per a cada cas, i seran actualitzades sempre que sigui necessari.<\/span><\/p>\n<p><span style=\"font-weight: 400;\">El titular de les dades ser\u00e0 informat, amb car\u00e0cter previ a la recollida de les seves dades, dels extrems generals regulats en aquesta pol\u00edtica per tal que pugui prestar el consentiment expr\u00e9s, prec\u00eds i inequ\u00edvoc per al tractament de les seves dades, d&#8217;acord amb els seg\u00fcents aspectes.<\/span><\/p>\n<p><i><span style=\"font-weight: 400;\">Finalitats del tractament.<\/span><\/i><\/p>\n<p><span style=\"font-weight: 400;\">Les finalitats expl\u00edcites per a les quals es duen a terme cada un dels tractaments v\u00e9nen recollides en les cl\u00e0usules informatives incorporades en cadascuna de les vies de presa de dades (formularis web, formularis en paper, locucions o cartells i notes informatives).<\/span><\/p>\n<p><span style=\"font-weight: 400;\">No obstant aix\u00f2, les dades de car\u00e0cter personal de l&#8217;interessat seran tractades amb l&#8217;exclusiva finalitat de proporcionar-los una resposta efectiva i atendre les sol\u00b7licituds practicades per l&#8217;usuari, especificades al costat de l&#8217;opci\u00f3, servei, formulari o sistema de presa de dades que el titular faci servir.<\/span><\/p>\n<p><span style=\"font-weight: 400;\"><br \/><\/span><i><span style=\"font-weight: 400;\">Legitimaci\u00f3 <\/span><\/i><\/p>\n<p><span style=\"font-weight: 400;\">Per regla general, previ al tractament de les dades personals, INFRASTRUCTURES DE MUNTANYA S.L. obt\u00e9 consentiment expr\u00e9s i inequ\u00edvoc del titular de les mateixes, mitjan\u00e7ant la incorporaci\u00f3 de cl\u00e0usules de consentiment informat en els diferents sistemes de recollida d&#8217;informaci\u00f3. <\/span><\/p>\n<p><span style=\"font-weight: 400;\">No obstant aix\u00f2, en cas que no es requereixi el consentiment de l&#8217;interessat, la base legitimadora del tractament en la qual s&#8217;empara INFRASTRUCTURES DE MUNTANYA S.L. \u00e9s l&#8217;exist\u00e8ncia d&#8217;una llei o norma espec\u00edfica que autoritzi o exigeixi el tractament de les dades de l&#8217;interessat. <\/span><\/p>\n<p><i><span style=\"font-weight: 400;\">Destinataris <\/span><\/i><\/p>\n<p><span style=\"font-weight: 400;\">Per regla general, INFRASTRUCTURES DE MUNTANYA S.L. no procedeix a la cessi\u00f3 o comunicaci\u00f3 de les dades a terceres entitats, excepte les requerides legalment, no obstant, en cas que fos necessari, aquestes cessions o comunicacions de dades s&#8217;informen a l&#8217;interessat a trav\u00e9s de les cl\u00e0usules de consentiment informat contingudes en les diferents vies de recollida de dades personals. <\/span><\/p>\n<p><i><span style=\"font-weight: 400;\">Proced\u00e8ncia <\/span><\/i><\/p>\n<p><span style=\"font-weight: 400;\">Per regla general, les dades personals es recullen sempre directament de la persona interessada, per\u00f2, en determinades excepcions, les dades poden ser recollides a trav\u00e9s de terceres persones, entitats o serveis diferents de l&#8217;interessat. En aquest sentit, aquest extrem ser\u00e0 traslladat a l&#8217;interessat a trav\u00e9s de les cl\u00e0usules de consentiment informat contingudes en les diferents vies de recollida d&#8217;informaci\u00f3 i dins d&#8217;un termini raonable, un cop obtingudes les dades, i com a molt tard en el termini d\u2019un mes.<\/span><\/p>\n<p><span style=\"font-weight: 400;\"><br \/><\/span><i><span style=\"font-weight: 400;\">Terminis de conservaci\u00f3 <\/span><\/i><\/p>\n<p><span style=\"font-weight: 400;\">La informaci\u00f3 recollida de l&#8217;interessat ser\u00e0 conservada mentre sigui necess\u00e0ria per complir amb la finalitat per a la qual van ser recollides les dades personals, de manera que, un cop complerta la finalitat les dades seran cancel\u00b7lats. La dita cancel\u00b7laci\u00f3 donar\u00e0 lloc al bloqueig de les dades conservant-se \u00fanicament a disposici\u00f3 de les AAPP, jutges i tribunals, per atendre les possibles responsabilitats nascudes del tractament, durant el termini de prescripci\u00f3 d&#8217;aquestes, complert el citat termini es procedir\u00e0 a la destrucci\u00f3 de la informaci\u00f3 . <\/span><\/p>\n<p><span style=\"font-weight: 400;\">A t\u00edtol informatiu, a continuaci\u00f3 es recullen els terminis legals de conservaci\u00f3 de la informaci\u00f3 en relaci\u00f3 a diferents mat\u00e8ries:<\/span><\/p>\n<table>\n<tbody>\n<tr>\n<td>\n<p><span style=\"font-weight: 400;\">DOCUMENTO<\/span><\/p>\n<\/td>\n<td>\n<p><span style=\"font-weight: 400;\">PLAZO<\/span><\/p>\n<\/td>\n<td>\n<p><span style=\"font-weight: 400;\">REF.\u00a0 LEGAL<\/span><\/p>\n<\/td>\n<\/tr>\n<tr>\n<td>\n<p><span style=\"font-weight: 400;\">Documentaci\u00f3 de car\u00e0cter laboral o relacionada con la seguretat social <\/span><\/p>\n<\/td>\n<td>\n<p><span style=\"font-weight: 400;\">4 anys<\/span><\/p>\n<\/td>\n<td>\n<p><span style=\"font-weight: 400;\">Article 21 del Real Decreto Legislatiu 5\/2000, de 4 de agosto, por el que se aprovi el text refet de la Llei sobre Infraccions i Sancions en el Ordre Social<\/span><\/p>\n<\/td>\n<\/tr>\n<tr>\n<td>\n<p><span style=\"font-weight: 400;\">Documentaci\u00f3 comptable i fiscal a efectes mercantils<\/span><\/p>\n<\/td>\n<td>\n<p><span style=\"font-weight: 400;\">6 anys<\/span><\/p>\n<\/td>\n<td>\n<p><span style=\"font-weight: 400;\">Art. 30 Codi Comer\u00e7<\/span><\/p>\n<\/td>\n<\/tr>\n<tr>\n<td>\n<p><span style=\"font-weight: 400;\">Documentaci\u00f3 comptable i fiscal a efectes fiscals<\/span><\/p>\n<\/td>\n<td>\n<p><span style=\"font-weight: 400;\">4 anys<\/span><\/p>\n<\/td>\n<td>\n<p><span style=\"font-weight: 400;\">Article 66 a 70 Llei General Tributaria<\/span><\/p>\n<\/td>\n<\/tr>\n<tr>\n<td>\n<p><span style=\"font-weight: 400;\">Control de accessos a edificis<\/span><\/p>\n<\/td>\n<td>\n<p><span style=\"font-weight: 400;\">1 mes<\/span><\/p>\n<\/td>\n<td>\n<p><span style=\"font-weight: 400;\">Instrucci\u00f3 1\/1996 de la AEPD<\/span><\/p>\n<\/td>\n<\/tr>\n<tr>\n<td>\n<p><span style=\"font-weight: 400;\">Videovigil\u00e0ncia<\/span><\/p>\n<\/td>\n<td>\n<p><span style=\"font-weight: 400;\">1 mes<\/span><\/p>\n<\/td>\n<td>\n<p><span style=\"font-weight: 400;\">Instrucci\u00f3 1\/2006 de la AEPD<\/span><\/p>\n<p><span style=\"font-weight: 400;\">Llei Org\u00e0nica 4\/1997<\/span><\/p>\n<\/td>\n<\/tr>\n<\/tbody>\n<\/table>\n<p><b>Dades de navegaci\u00f3.<\/b><\/p>\n<p><span style=\"font-weight: 400;\"><br \/><\/span><span style=\"font-weight: 400;\">En relaci\u00f3 a les dades de navegaci\u00f3 que es puguin tractar a trav\u00e9s del lloc web, en cas que es recullin dades sotmeses a la normativa, es recomana consultar la Pol\u00edtica de Cookies publicada al nostre lloc web.<\/span><\/p>\n<p><b>Drets dels interessats.<\/b><\/p>\n<p><span style=\"font-weight: 400;\"><br \/><\/span><span style=\"font-weight: 400;\">La normativa en mat\u00e8ria de protecci\u00f3 de dades atorga una s\u00e8rie de drets als interessats o titulars de les dades, usuaris del lloc web o usuaris dels perfils de les xarxes socials de INFRASTRUCTURES DE MUNTANYA S.L.<\/span><\/p>\n<p><span style=\"font-weight: 400;\"><br \/><\/span><span style=\"font-weight: 400;\">Aquests drets que assisteixen a les persones interessades s\u00f3n els seg\u00fcents:<\/span><\/p>\n<ul>\n<li style=\"font-weight: 400;\"><span style=\"font-weight: 400;\">Dret d&#8217;acc\u00e9s: dret a obtenir informaci\u00f3 sobre si les seves pr\u00f2pies dades estan sent objecte de tractament, la finalitat del tractament que s&#8217;estigui realitzant, les categories de dades que es tracti, els destinataris o categories de destinataris, el termini de conservaci\u00f3 i el origen de les dades.<\/span><\/li>\n<\/ul>\n<ul>\n<li style=\"font-weight: 400;\"><span style=\"font-weight: 400;\">Dret de rectificaci\u00f3: dret a obtenir la rectificaci\u00f3 de les dades personals inexactes o incompletes.<\/span><\/li>\n<\/ul>\n<ul>\n<li style=\"font-weight: 400;\"><span style=\"font-weight: 400;\">Dret de supressi\u00f3: dret a obtenir la supressi\u00f3 de les dades en els seg\u00fcents sup\u00f2sits:<\/span><\/li>\n<\/ul>\n<ul>\n<li style=\"list-style-type: none;\">\n<ul>\n<li style=\"font-weight: 400;\"><span style=\"font-weight: 400;\">Quan les dades ja no siguin necessaris per a la finalitat per a la qual van ser recollides<\/span><\/li>\n<li style=\"font-weight: 400;\"><span style=\"font-weight: 400;\">Quan el titular dels mateixos retiri el consentiment<\/span><\/li>\n<li style=\"font-weight: 400;\"><span style=\"font-weight: 400;\">Quan l&#8217;interessat s&#8217;oposi al tractament<\/span><\/li>\n<li style=\"font-weight: 400;\"><span style=\"font-weight: 400;\">Quan s&#8217;hagin suprimir-se en compliment d&#8217;una obligaci\u00f3 legal<\/span><\/li>\n<li style=\"font-weight: 400;\"><span style=\"font-weight: 400;\">Quan les dades s&#8217;hagin obtingut en virtut d&#8217;un servei de societat de la informaci\u00f3 en base al que disposa l&#8217;art. 8 apt. 1 del Reglament Europeu sobre Protecci\u00f3 de dades.<\/span><\/li>\n<\/ul>\n<\/li>\n<\/ul>\n<ul>\n<li style=\"font-weight: 400;\"><span style=\"font-weight: 400;\">Dret d&#8217;oposici\u00f3: dret a oposar-se a un determinat tractament basat en el consentiment de l&#8217;interessat.<\/span><\/li>\n<\/ul>\n<ul>\n<li style=\"font-weight: 400;\"><span style=\"font-weight: 400;\">Dret de limitaci\u00f3: dret a obtenir la limitaci\u00f3 del tractament de les dades quan es doni algun dels seg\u00fcents sup\u00f2sits:<\/span><\/li>\n<\/ul>\n<ul>\n<li style=\"font-weight: 400;\"><span style=\"font-weight: 400;\">Quan l&#8217;interessat impugni l&#8217;exactitud de les dades personals, durant un termini que permeti a l&#8217;empresa verificar l&#8217;exactitud dels mateixos. <\/span><\/li>\n<li style=\"font-weight: 400;\"><span style=\"font-weight: 400;\">Quan el tractament sigui il\u00b7l\u00edcit i l&#8217;interessat s&#8217;oposi a la supressi\u00f3 de les dades. <\/span><\/li>\n<li style=\"font-weight: 400;\"><span style=\"font-weight: 400;\">Quan l&#8217;empresa ja no necessiti les dades per als fins per als quals van ser recollides, per\u00f2 l&#8217;interessat els necessiti per a la formulaci\u00f3, l&#8217;exercici o la defensa de reclamacions. <\/span><\/li>\n<li style=\"font-weight: 400;\"><span style=\"font-weight: 400;\">Quan l&#8217;interessat s&#8217;hagi oposat al tractament mentre es verifica si els motius leg\u00edtims de l&#8217;empresa prevalen sobre els de l&#8217;interessat.<\/span><\/li>\n<\/ul>\n<ul>\n<li style=\"font-weight: 400;\"><span style=\"font-weight: 400;\">Dret a la portabilitat: dret a obtenir les dades en un format estructurat, d&#8217;\u00fas com\u00fa i de lectura mec\u00e0nica, i a transmetre&#8217;ls a un altre responsable del tractament quan:<\/span><\/li>\n<\/ul>\n<ul>\n<li style=\"font-weight: 400;\"><span style=\"font-weight: 400;\">El tractament estigui basat en el consentiment <\/span><\/li>\n<li style=\"font-weight: 400;\"><span style=\"font-weight: 400;\">El tractament s&#8217;efectu\u00ef per mitjans automatitzats<\/span><\/li>\n<\/ul>\n<ul>\n<li style=\"font-weight: 400;\"><span style=\"font-weight: 400;\">Dret a presentar una reclamaci\u00f3 davant l&#8217;autoritat de control competent<\/span><\/li>\n<\/ul>\n<p><span style=\"font-weight: 400;\"><\/p>\n<p><\/span><\/p>\n<p><span style=\"font-weight: 400;\">Els interessats podran exercir els drets indicats, dirigint-se a INFRASTRUCTURES DE MUNTANYA S.L., mitjan\u00e7ant escrit, rem\u00e8s a la seg\u00fcent adre\u00e7a: <\/span><a href=\"mailto:safel@muntatgessafel.com\"><span style=\"font-weight: 400;\">administracio@imuntanya.com<\/span><\/a><span style=\"font-weight: 400;\"> indicant en la l\u00ednia de Assumpte el dret que desitja exercitar. <\/span><\/p>\n<p><span style=\"font-weight: 400;\">En aquest sentit INFRASTRUCTURES DE MUNTANYA S.L. atendr\u00e0 la seva sol\u00b7licitud al m\u00e9s aviat possible i tenint en compte els terminis previstos a la normativa en mat\u00e8ria de protecci\u00f3 de dades.<\/span><\/p>\n<p><b>Seguretat<\/b><\/p>\n<p><span style=\"font-weight: 400;\">Les mesures de seguretat adoptades per INFRASTRUCTURES DE MUNTANYA S.L. s\u00f3n aquelles requerides, de conformitat amb el que estableix l&#8217;article 32 del RGPD. En aquest sentit, INFRASTRUCTURES DE MUNTANYA S.L., tenint en compte l&#8217;estat de la t\u00e8cnica, els costos d&#8217;aplicaci\u00f3 i la naturalesa, l&#8217;abast, el context i les finalitats del tractament, aix\u00ed com els riscos de probabilitat i gravetat variables per als drets i les llibertats de les persones f\u00edsiques, t\u00e9 establertes les mesures t\u00e8cniques i organitzatives apropiades per garantir el nivell de seguretat adequat al risc existent.<\/span><\/p>\n<p><span style=\"font-weight: 400;\">En tot cas, INFRASTRUCTURES DE MUNTANYA S.L. t\u00e9 implementats els mecanismes suficients per a:<\/span><\/p>\n<ol>\n<li style=\"font-weight: 400;\"><span style=\"font-weight: 400;\">Garantir la confidencialitat, integritat, disponibilitat i resili\u00e8ncia permanents dels sistemes i serveis de tractament. <\/span><\/li>\n<li style=\"font-weight: 400;\"><span style=\"font-weight: 400;\">Restaurar la disponibilitat i l&#8217;acc\u00e9s a les dades personals de forma r\u00e0pida, en cas d&#8217;incident f\u00edsic o t\u00e8cnic. <\/span><\/li>\n<li style=\"font-weight: 400;\"><span style=\"font-weight: 400;\">Verificar, avaluar i valorar, de manera regular, l&#8217;efic\u00e0cia de les mesures t\u00e8cniques i organitzatives implantades per garantir la seguretat del tractament. <\/span><\/li>\n<li style=\"font-weight: 400;\"><span style=\"font-weight: 400;\">Seudonimizar i xifrar les dades personals, si s&#8217;escau.<\/span><\/li>\n<\/ol>\n<p>[\/et_pb_text][\/et_pb_column][\/et_pb_row][\/et_pb_section][et_pb_section bb_built=\u00bb1&#8243; _builder_version=\u00bb3.0.98&#8243; background_color=\u00bb#1e2930&#8243; prev_background_color=\u00bb#ffffff\u00bb][et_pb_row][et_pb_column type=\u00bb4_4&#8243;][et_pb_image _builder_version=\u00bb3.0.98&#8243; src=\u00bbhttp:\/\/imuntanya.com\/wp-content\/themes\/divi-child\/images\/logo.svg\u00bb show_in_lightbox=\u00bboff\u00bb url_new_window=\u00bboff\u00bb use_overlay=\u00bboff\u00bb always_center_on_mobile=\u00bbon\u00bb force_fullwidth=\u00bboff\u00bb show_bottom_space=\u00bbon\u00bb max_width=\u00bb400&#8243; \/][\/et_pb_column][\/et_pb_row][et_pb_row][et_pb_column type=\u00bb1_2&#8243;][et_pb_map _builder_version=\u00bb3.0.98&#8243; address=\u00bb25265 Castellnou de Seana, Lleida, Espanya\u00bb address_lat=\u00bb41.64091740000001&#8243; address_lng=\u00bb0.9723607999999331&#8243; mouse_wheel=\u00bbon\u00bb mobile_dragging=\u00bbon\u00bb use_grayscale_filter=\u00bbon\u00bb child_filter_saturate=\u00bb0%\u00bb zoom_level=\u00bb15&#8243; \/][\/et_pb_column][et_pb_column type=\u00bb1_4&#8243;][et_pb_text _builder_version=\u00bb3.0.98&#8243; background_layout=\u00bblight\u00bb]<\/p>\n<h4 style=\"color: #b0cc36;\">Contacto<\/h4>\n<p>Pol\u00edgon Industrial Els Plans<br \/>\nCarretera Castellnou N-II<br \/>\n25265 Castellnou de Seana (Lleida)<br \/>\nTel. Fax +34 973 60 48 18<br \/>\nimuntanya@imuntanya.com<\/p>\n<p>[\/et_pb_text][\/et_pb_column][et_pb_column type=\u00bb1_4&#8243;][et_pb_text _builder_version=\u00bb3.0.98&#8243; background_layout=\u00bblight\u00bb custom_margin=\u00bb||0px|\u00bb]<\/p>\n<h4 style=\"color: #b0cc36;\">S\u00edguenos en<\/h4>\n<p>[\/et_pb_text][et_pb_social_media_follow _builder_version=\u00bb3.0.98&#8243; url_new_window=\u00bboff\u00bb follow_button=\u00bboff\u00bb background_layout=\u00bblight\u00bb][et_pb_social_media_follow_network _builder_version=\u00bb3.0.98&#8243; social_network=\u00bbfacebook\u00bb skype_action=\u00bbcall\u00bb url=\u00bbhttps:\/\/www.facebook.com\/imuntanya\u00bb background_color=\u00bb#3b5998&#8243; use_background_color_gradient=\u00bboff\u00bb background_color_gradient_start=\u00bb#2b87da\u00bb background_color_gradient_end=\u00bb#29c4a9&#8243; background_color_gradient_type=\u00bblinear\u00bb background_color_gradient_direction=\u00bb180deg\u00bb background_color_gradient_direction_radial=\u00bbcenter\u00bb background_color_gradient_start_position=\u00bb0%\u00bb background_color_gradient_end_position=\u00bb100%\u00bb background_color_gradient_overlays_image=\u00bboff\u00bb parallax=\u00bboff\u00bb parallax_method=\u00bbon\u00bb background_size=\u00bbcover\u00bb background_position=\u00bbcenter\u00bb background_repeat=\u00bbno-repeat\u00bb background_blend=\u00bbnormal\u00bb allow_player_pause=\u00bboff\u00bb box_shadow_style=\u00bbnone\u00bb] Facebook [\/et_pb_social_media_follow_network][et_pb_social_media_follow_network _builder_version=\u00bb3.0.98&#8243; social_network=\u00bbinstagram\u00bb skype_action=\u00bbcall\u00bb url=\u00bbhttps:\/\/www.instagram.com\/imuntanya\/\u00bb background_color=\u00bb#517fa4&#8243; use_background_color_gradient=\u00bboff\u00bb background_color_gradient_start=\u00bb#2b87da\u00bb background_color_gradient_end=\u00bb#29c4a9&#8243; background_color_gradient_type=\u00bblinear\u00bb background_color_gradient_direction=\u00bb180deg\u00bb background_color_gradient_direction_radial=\u00bbcenter\u00bb background_color_gradient_start_position=\u00bb0%\u00bb background_color_gradient_end_position=\u00bb100%\u00bb background_color_gradient_overlays_image=\u00bboff\u00bb parallax=\u00bboff\u00bb parallax_method=\u00bbon\u00bb background_size=\u00bbcover\u00bb background_position=\u00bbcenter\u00bb background_repeat=\u00bbno-repeat\u00bb background_blend=\u00bbnormal\u00bb allow_player_pause=\u00bboff\u00bb box_shadow_style=\u00bbnone\u00bb] Instagram [\/et_pb_social_media_follow_network][et_pb_social_media_follow_network _builder_version=\u00bb3.0.98&#8243; social_network=\u00bbgoogle-plus\u00bb skype_action=\u00bbcall\u00bb url=\u00bbhttps:\/\/plus.google.com\/109492812635285956629&#8243; background_color=\u00bb#dd4b39&#8243; use_background_color_gradient=\u00bboff\u00bb background_color_gradient_start=\u00bb#2b87da\u00bb background_color_gradient_end=\u00bb#29c4a9&#8243; background_color_gradient_type=\u00bblinear\u00bb background_color_gradient_direction=\u00bb180deg\u00bb background_color_gradient_direction_radial=\u00bbcenter\u00bb background_color_gradient_start_position=\u00bb0%\u00bb background_color_gradient_end_position=\u00bb100%\u00bb background_color_gradient_overlays_image=\u00bboff\u00bb parallax=\u00bboff\u00bb parallax_method=\u00bbon\u00bb background_size=\u00bbcover\u00bb background_position=\u00bbcenter\u00bb background_repeat=\u00bbno-repeat\u00bb background_blend=\u00bbnormal\u00bb allow_player_pause=\u00bboff\u00bb box_shadow_style=\u00bbnone\u00bb] Google+ [\/et_pb_social_media_follow_network][et_pb_social_media_follow_network _builder_version=\u00bb3.0.98&#8243; social_network=\u00bbtwitter\u00bb skype_action=\u00bbcall\u00bb background_color=\u00bb#00aced\u00bb use_background_color_gradient=\u00bboff\u00bb background_color_gradient_start=\u00bb#2b87da\u00bb background_color_gradient_end=\u00bb#29c4a9&#8243; background_color_gradient_type=\u00bblinear\u00bb background_color_gradient_direction=\u00bb180deg\u00bb background_color_gradient_direction_radial=\u00bbcenter\u00bb background_color_gradient_start_position=\u00bb0%\u00bb background_color_gradient_end_position=\u00bb100%\u00bb background_color_gradient_overlays_image=\u00bboff\u00bb parallax=\u00bboff\u00bb parallax_method=\u00bbon\u00bb background_size=\u00bbcover\u00bb background_position=\u00bbcenter\u00bb background_repeat=\u00bbno-repeat\u00bb background_blend=\u00bbnormal\u00bb allow_player_pause=\u00bboff\u00bb box_shadow_style=\u00bbnone\u00bb] Twitter [\/et_pb_social_media_follow_network][et_pb_social_media_follow_network _builder_version=\u00bb3.0.98&#8243; social_network=\u00bblinkedin\u00bb skype_action=\u00bbcall\u00bb background_color=\u00bb#007bb6&#8243; use_background_color_gradient=\u00bboff\u00bb background_color_gradient_start=\u00bb#2b87da\u00bb background_color_gradient_end=\u00bb#29c4a9&#8243; background_color_gradient_type=\u00bblinear\u00bb background_color_gradient_direction=\u00bb180deg\u00bb background_color_gradient_direction_radial=\u00bbcenter\u00bb background_color_gradient_start_position=\u00bb0%\u00bb background_color_gradient_end_position=\u00bb100%\u00bb background_color_gradient_overlays_image=\u00bboff\u00bb parallax=\u00bboff\u00bb parallax_method=\u00bbon\u00bb background_size=\u00bbcover\u00bb background_position=\u00bbcenter\u00bb background_repeat=\u00bbno-repeat\u00bb background_blend=\u00bbnormal\u00bb allow_player_pause=\u00bboff\u00bb box_shadow_style=\u00bbnone\u00bb] LinkedIn [\/et_pb_social_media_follow_network][\/et_pb_social_media_follow][et_pb_text _builder_version=\u00bb3.0.98&#8243; background_layout=\u00bblight\u00bb custom_margin=\u00bb||0px|\u00bb]<\/p>\n<h4 style=\"color: #b0cc36;\">Colaboradores<\/h4>\n<p>[\/et_pb_text][et_pb_image _builder_version=\u00bb3.0.98&#8243; src=\u00bbhttp:\/\/imuntanya.com\/wp-content\/uploads\/2018\/09\/artusa.png\u00bb show_in_lightbox=\u00bboff\u00bb url_new_window=\u00bboff\u00bb use_overlay=\u00bboff\u00bb always_center_on_mobile=\u00bbon\u00bb force_fullwidth=\u00bboff\u00bb show_bottom_space=\u00bbon\u00bb \/][\/et_pb_column][\/et_pb_row][\/et_pb_section]<\/p>\n","protected":false},"excerpt":{"rendered":"<p>Pol\u00edtica de privacitat Introducci\u00f3 La present Pol\u00edtica de Privacitat ha estat desenvolupada tenint en compte el que disposa la Llei Org\u00e0nica de Protecci\u00f3 de Dades de car\u00e0cter personal en vigor, aix\u00ed com pel Reglament 2016\/679 del Parlament Europeu i del Consell del 27 d&#8217;abril de 2016 relatiu a la protecci\u00f3 de les persones f\u00edsiques pel [&hellip;]<\/p>\n","protected":false},"author":1,"featured_media":0,"parent":0,"menu_order":0,"comment_status":"closed","ping_status":"closed","template":"","meta":{"_et_pb_use_builder":"on","_et_pb_old_content":"","_et_gb_content_width":"","footnotes":""},"class_list":["post-2138","page","type-page","status-publish","hentry"],"yoast_head":"<!-- This site is optimized with the Yoast SEO plugin v26.1.1 - https:\/\/yoast.com\/wordpress\/plugins\/seo\/ -->\n<title>Pol\u00edtica de privacitat | imuntanya<\/title>\n<meta name=\"robots\" content=\"index, follow, max-snippet:-1, max-image-preview:large, max-video-preview:-1\" \/>\n<link rel=\"canonical\" href=\"http:\/\/www.imuntanya.com\/es\/politica-de-privacitat\/\" \/>\n<meta property=\"og:locale\" content=\"es_ES\" \/>\n<meta property=\"og:type\" content=\"article\" \/>\n<meta property=\"og:title\" content=\"Pol\u00edtica de privacitat | imuntanya\" \/>\n<meta property=\"og:description\" content=\"Pol\u00edtica de privacitat Introducci\u00f3 La present Pol\u00edtica de Privacitat ha estat desenvolupada tenint en compte el que disposa la Llei Org\u00e0nica de Protecci\u00f3 de Dades de car\u00e0cter personal en vigor, aix\u00ed com pel Reglament 2016\/679 del Parlament Europeu i del Consell del 27 d&#039;abril de 2016 relatiu a la protecci\u00f3 de les persones f\u00edsiques pel [&hellip;]\" \/>\n<meta property=\"og:url\" content=\"http:\/\/www.imuntanya.com\/es\/politica-de-privacitat\/\" \/>\n<meta property=\"og:site_name\" content=\"imuntanya\" \/>\n<meta property=\"article:publisher\" content=\"https:\/\/www.facebook.com\/imuntanya\" \/>\n<meta property=\"article:modified_time\" content=\"2019-05-28T09:49:06+00:00\" \/>\n<meta name=\"twitter:card\" content=\"summary_large_image\" \/>\n<meta name=\"twitter:site\" content=\"@imuntanya15\" \/>\n<meta name=\"twitter:label1\" content=\"Tiempo de lectura\" \/>\n\t<meta name=\"twitter:data1\" content=\"12 minutos\" \/>\n<script type=\"application\/ld+json\" class=\"yoast-schema-graph\">{\"@context\":\"https:\/\/schema.org\",\"@graph\":[{\"@type\":\"WebPage\",\"@id\":\"http:\/\/www.imuntanya.com\/es\/politica-de-privacitat\/\",\"url\":\"http:\/\/www.imuntanya.com\/es\/politica-de-privacitat\/\",\"name\":\"Pol\u00edtica de privacitat | imuntanya\",\"isPartOf\":{\"@id\":\"http:\/\/www.imuntanya.com\/#website\"},\"datePublished\":\"2019-05-28T09:31:59+00:00\",\"dateModified\":\"2019-05-28T09:49:06+00:00\",\"breadcrumb\":{\"@id\":\"http:\/\/www.imuntanya.com\/es\/politica-de-privacitat\/#breadcrumb\"},\"inLanguage\":\"es\",\"potentialAction\":[{\"@type\":\"ReadAction\",\"target\":[\"http:\/\/www.imuntanya.com\/es\/politica-de-privacitat\/\"]}]},{\"@type\":\"BreadcrumbList\",\"@id\":\"http:\/\/www.imuntanya.com\/es\/politica-de-privacitat\/#breadcrumb\",\"itemListElement\":[{\"@type\":\"ListItem\",\"position\":1,\"name\":\"Inici\",\"item\":\"http:\/\/www.imuntanya.com\/\"},{\"@type\":\"ListItem\",\"position\":2,\"name\":\"Pol\u00edtica de privacitat\"}]},{\"@type\":\"WebSite\",\"@id\":\"http:\/\/www.imuntanya.com\/#website\",\"url\":\"http:\/\/www.imuntanya.com\/\",\"name\":\"iMuntanya\",\"description\":\"Infraestructures per alta muntanya i en zones de dif\u00edcil acc\u00e9s\",\"publisher\":{\"@id\":\"http:\/\/www.imuntanya.com\/#organization\"},\"potentialAction\":[{\"@type\":\"SearchAction\",\"target\":{\"@type\":\"EntryPoint\",\"urlTemplate\":\"http:\/\/www.imuntanya.com\/?s={search_term_string}\"},\"query-input\":{\"@type\":\"PropertyValueSpecification\",\"valueRequired\":true,\"valueName\":\"search_term_string\"}}],\"inLanguage\":\"es\"},{\"@type\":\"Organization\",\"@id\":\"http:\/\/www.imuntanya.com\/#organization\",\"name\":\"iMuntanya \u00b7 Infraestructures de Muntanya S.L.\",\"url\":\"http:\/\/www.imuntanya.com\/\",\"logo\":{\"@type\":\"ImageObject\",\"inLanguage\":\"es\",\"@id\":\"http:\/\/www.imuntanya.com\/#\/schema\/logo\/image\/\",\"url\":\"http:\/\/www.imuntanya.com\/wp-content\/uploads\/2019\/07\/imu-cat-2.png\",\"contentUrl\":\"http:\/\/www.imuntanya.com\/wp-content\/uploads\/2019\/07\/imu-cat-2.png\",\"width\":640,\"height\":83,\"caption\":\"iMuntanya \u00b7 Infraestructures de Muntanya S.L.\"},\"image\":{\"@id\":\"http:\/\/www.imuntanya.com\/#\/schema\/logo\/image\/\"},\"sameAs\":[\"https:\/\/www.facebook.com\/imuntanya\",\"https:\/\/x.com\/imuntanya15\",\"https:\/\/www.instagram.com\/imuntanya\/\",\"https:\/\/www.linkedin.com\/company\/imuntanya\/\",\"https:\/\/www.youtube.com\/user\/imuntanyaatyoutub\"]}]}<\/script>\n<!-- \/ Yoast SEO plugin. -->","yoast_head_json":{"title":"Pol\u00edtica de privacitat | imuntanya","robots":{"index":"index","follow":"follow","max-snippet":"max-snippet:-1","max-image-preview":"max-image-preview:large","max-video-preview":"max-video-preview:-1"},"canonical":"http:\/\/www.imuntanya.com\/es\/politica-de-privacitat\/","og_locale":"es_ES","og_type":"article","og_title":"Pol\u00edtica de privacitat | imuntanya","og_description":"Pol\u00edtica de privacitat Introducci\u00f3 La present Pol\u00edtica de Privacitat ha estat desenvolupada tenint en compte el que disposa la Llei Org\u00e0nica de Protecci\u00f3 de Dades de car\u00e0cter personal en vigor, aix\u00ed com pel Reglament 2016\/679 del Parlament Europeu i del Consell del 27 d'abril de 2016 relatiu a la protecci\u00f3 de les persones f\u00edsiques pel [&hellip;]","og_url":"http:\/\/www.imuntanya.com\/es\/politica-de-privacitat\/","og_site_name":"imuntanya","article_publisher":"https:\/\/www.facebook.com\/imuntanya","article_modified_time":"2019-05-28T09:49:06+00:00","twitter_card":"summary_large_image","twitter_site":"@imuntanya15","twitter_misc":{"Tiempo de lectura":"12 minutos"},"schema":{"@context":"https:\/\/schema.org","@graph":[{"@type":"WebPage","@id":"http:\/\/www.imuntanya.com\/es\/politica-de-privacitat\/","url":"http:\/\/www.imuntanya.com\/es\/politica-de-privacitat\/","name":"Pol\u00edtica de privacitat | imuntanya","isPartOf":{"@id":"http:\/\/www.imuntanya.com\/#website"},"datePublished":"2019-05-28T09:31:59+00:00","dateModified":"2019-05-28T09:49:06+00:00","breadcrumb":{"@id":"http:\/\/www.imuntanya.com\/es\/politica-de-privacitat\/#breadcrumb"},"inLanguage":"es","potentialAction":[{"@type":"ReadAction","target":["http:\/\/www.imuntanya.com\/es\/politica-de-privacitat\/"]}]},{"@type":"BreadcrumbList","@id":"http:\/\/www.imuntanya.com\/es\/politica-de-privacitat\/#breadcrumb","itemListElement":[{"@type":"ListItem","position":1,"name":"Inici","item":"http:\/\/www.imuntanya.com\/"},{"@type":"ListItem","position":2,"name":"Pol\u00edtica de privacitat"}]},{"@type":"WebSite","@id":"http:\/\/www.imuntanya.com\/#website","url":"http:\/\/www.imuntanya.com\/","name":"iMuntanya","description":"Infraestructures per alta muntanya i en zones de dif\u00edcil acc\u00e9s","publisher":{"@id":"http:\/\/www.imuntanya.com\/#organization"},"potentialAction":[{"@type":"SearchAction","target":{"@type":"EntryPoint","urlTemplate":"http:\/\/www.imuntanya.com\/?s={search_term_string}"},"query-input":{"@type":"PropertyValueSpecification","valueRequired":true,"valueName":"search_term_string"}}],"inLanguage":"es"},{"@type":"Organization","@id":"http:\/\/www.imuntanya.com\/#organization","name":"iMuntanya \u00b7 Infraestructures de Muntanya S.L.","url":"http:\/\/www.imuntanya.com\/","logo":{"@type":"ImageObject","inLanguage":"es","@id":"http:\/\/www.imuntanya.com\/#\/schema\/logo\/image\/","url":"http:\/\/www.imuntanya.com\/wp-content\/uploads\/2019\/07\/imu-cat-2.png","contentUrl":"http:\/\/www.imuntanya.com\/wp-content\/uploads\/2019\/07\/imu-cat-2.png","width":640,"height":83,"caption":"iMuntanya \u00b7 Infraestructures de Muntanya S.L."},"image":{"@id":"http:\/\/www.imuntanya.com\/#\/schema\/logo\/image\/"},"sameAs":["https:\/\/www.facebook.com\/imuntanya","https:\/\/x.com\/imuntanya15","https:\/\/www.instagram.com\/imuntanya\/","https:\/\/www.linkedin.com\/company\/imuntanya\/","https:\/\/www.youtube.com\/user\/imuntanyaatyoutub"]}]}},"_links":{"self":[{"href":"http:\/\/www.imuntanya.com\/es\/wp-json\/wp\/v2\/pages\/2138","targetHints":{"allow":["GET"]}}],"collection":[{"href":"http:\/\/www.imuntanya.com\/es\/wp-json\/wp\/v2\/pages"}],"about":[{"href":"http:\/\/www.imuntanya.com\/es\/wp-json\/wp\/v2\/types\/page"}],"author":[{"embeddable":true,"href":"http:\/\/www.imuntanya.com\/es\/wp-json\/wp\/v2\/users\/1"}],"replies":[{"embeddable":true,"href":"http:\/\/www.imuntanya.com\/es\/wp-json\/wp\/v2\/comments?post=2138"}],"version-history":[{"count":3,"href":"http:\/\/www.imuntanya.com\/es\/wp-json\/wp\/v2\/pages\/2138\/revisions"}],"predecessor-version":[{"id":2141,"href":"http:\/\/www.imuntanya.com\/es\/wp-json\/wp\/v2\/pages\/2138\/revisions\/2141"}],"wp:attachment":[{"href":"http:\/\/www.imuntanya.com\/es\/wp-json\/wp\/v2\/media?parent=2138"}],"curies":[{"name":"wp","href":"https:\/\/api.w.org\/{rel}","templated":true}]}}