{"id":1527,"date":"2018-12-10T12:55:53","date_gmt":"2018-12-10T10:55:53","guid":{"rendered":"http:\/\/www.imuntanya.com\/nous-connaitre\/"},"modified":"2022-06-08T18:15:43","modified_gmt":"2022-06-08T16:15:43","slug":"nous-connaitre","status":"publish","type":"page","link":"http:\/\/www.imuntanya.com\/fr\/nous-connaitre\/","title":{"rendered":"nous conna\u00eetre"},"content":{"rendered":"<p>[et_pb_section fb_built=\u00a0\u00bb1&Prime; module_class=\u00a0\u00bbque-fem-video-text\u00a0\u00bb _builder_version=\u00a0\u00bb4.4.5&Prime; collapsed=\u00a0\u00bbon\u00a0\u00bb][et_pb_row _builder_version=\u00a0\u00bb3.25&Prime; background_size=\u00a0\u00bbinitial\u00a0\u00bb background_position=\u00a0\u00bbtop_left\u00a0\u00bb background_repeat=\u00a0\u00bbrepeat\u00a0\u00bb][et_pb_column type=\u00a0\u00bb4_4&Prime; _builder_version=\u00a0\u00bb3.0.47&Prime; custom_padding=\u00a0\u00bb|||\u00a0\u00bb custom_padding__hover=\u00a0\u00bb|||\u00a0\u00bb][et_pb_text _builder_version=\u00a0\u00bb3.27.4&Prime; text_font=\u00a0\u00bbRubik|300|||||||\u00a0\u00bb text_text_color=\u00a0\u00bb#999999&Prime; text_font_size=\u00a0\u00bb38px\u00a0\u00bb text_letter_spacing=\u00a0\u00bb2px\u00a0\u00bb background_layout=\u00a0\u00bbdark\u00a0\u00bb inline_fonts=\u00a0\u00bbRubik\u00a0\u00bb]Que faisons-nous?<br \/>\n[\/et_pb_text][\/et_pb_column][\/et_pb_row][et_pb_row column_structure=\u00a0\u00bb1_2,1_2&Prime; _builder_version=\u00a0\u00bb3.25&Prime; custom_margin=\u00a0\u00bb|||\u00a0\u00bb custom_padding=\u00a0\u00bb|||\u00a0\u00bb][et_pb_column type=\u00a0\u00bb1_2&Prime; _builder_version=\u00a0\u00bb3.0.47&Prime; custom_padding=\u00a0\u00bb|||\u00a0\u00bb custom_padding__hover=\u00a0\u00bb|||\u00a0\u00bb][et_pb_video src=\u00a0\u00bbhttps:\/\/www.youtube.com\/watch?v=Yr6zwABxiPo&#038;feature=youtu.be\u00a0\u00bb _builder_version=\u00a0\u00bb3.25.4&Prime; locked=\u00a0\u00bboff\u00a0\u00bb][\/et_pb_video][\/et_pb_column][et_pb_column type=\u00a0\u00bb1_2&Prime; _builder_version=\u00a0\u00bb3.0.47&Prime; custom_padding=\u00a0\u00bb|||\u00a0\u00bb custom_padding__hover=\u00a0\u00bb|||\u00a0\u00bb][et_pb_text _builder_version=\u00a0\u00bb4.4.5&Prime; text_font=\u00a0\u00bbRubik||||||||\u00a0\u00bb text_line_height=\u00a0\u00bb24px\u00a0\u00bb]<\/p>\n<h3 style=\"text-align: left;\"><span style=\"color: #808080;\">Infraestructures de Muntanya S.L. est une entreprise qui offre des solutions de\u00a0<span style=\"font-size: 28px;\"><a href=\"http:\/\/www.imuntanya.com\/treballs-especials\/\"><span style=\"color: #e18942;\">g\u00e9otechnie et r\u00e9alise des projets uniques dans des zones difficiles d\u2019acc\u00e8s et en haute montagne<\/span><\/a><\/span>. Nous sommes experts en\u00a0<span style=\"font-size: 28px;\"><a href=\"http:\/\/www.imuntanya.com\/geotecnia-vertical\/\"><span style=\"color: #e18942;\">passerelles suspendues<\/span><\/a><\/span>principalement pour les pi\u00e9tons et v\u00e9los.<\/h3>\n<p>[\/et_pb_text][\/et_pb_column][\/et_pb_row][\/et_pb_section][et_pb_section fb_built=\u00a0\u00bb1&Prime; admin_label=\u00a0\u00bbInstagram Feed\u00a0\u00bb module_id=\u00a0\u00bbqualitat-medi-ambient\u00a0\u00bb _builder_version=\u00a0\u00bb4.4.5&Prime; custom_margin=\u00a0\u00bb0px||30px||false|false\u00a0\u00bb custom_padding=\u00a0\u00bb90px||60px\u00a0\u00bb locked=\u00a0\u00bboff\u00a0\u00bb collapsed=\u00a0\u00bboff\u00a0\u00bb][et_pb_row _builder_version=\u00a0\u00bb3.25.4&Prime; custom_margin=\u00a0\u00bb|||\u00a0\u00bb custom_padding=\u00a0\u00bb0px|||||\u00a0\u00bb][et_pb_column type=\u00a0\u00bb4_4&Prime; _builder_version=\u00a0\u00bb3.25.4&Prime; custom_padding=\u00a0\u00bb|||\u00a0\u00bb custom_padding__hover=\u00a0\u00bb|||\u00a0\u00bb][et_pb_code module_id=\u00a0\u00bbsb_instagram\u00a0\u00bb _builder_version=\u00a0\u00bb4.4.5&Prime; custom_margin=\u00a0\u00bb-90px||\u00a0\u00bb]\n<div id=\"sb_instagram\"  class=\"sbi sbi_mob_col_1 sbi_tab_col_2 sbi_col_10\" style=\"padding-bottom: 10px; width: 100%;\"\t data-feedid=\"sbi_imuntanya#10\"  data-res=\"auto\" data-cols=\"10\" data-colsmobile=\"1\" data-colstablet=\"2\" data-num=\"10\" data-nummobile=\"\" data-item-padding=\"5\"\t data-shortcode-atts=\"{}\"  data-postid=\"1527\" data-locatornonce=\"a3fa3f46db\" data-imageaspectratio=\"1:1\" data-sbi-flags=\"favorLocal\">\n\t<div class=\"sb_instagram_header \"   >\n\t<a class=\"sbi_header_link\" target=\"_blank\"\n\t   rel=\"nofollow noopener\" href=\"https:\/\/www.instagram.com\/imuntanya\/\" title=\"@imuntanya\">\n\t\t<div class=\"sbi_header_text sbi_no_bio\">\n\t\t\t<div class=\"sbi_header_img\"  data-avatar-url=\"https:\/\/scontent-ecv1-1.xx.fbcdn.net\/v\/t51.2885-15\/40034194_289400928338211_8685855471011102720_n.jpg?_nc_cat=103&amp;ccb=1-7&amp;_nc_sid=86c713&amp;_nc_ohc=N7vjGdOcRmkAX-lekFV&amp;_nc_ht=scontent-ecv1-1.xx&amp;edm=AL-3X8kEAAAA&amp;oh=00_AT_1oDmE9Z8CFkXSS2TZJf3W8roWIg5rG0DMFKD0x7CRaA&amp;oe=635741FC\">\n\t\t\t\t\t\t\t\t\t<div class=\"sbi_header_img_hover\"  ><svg class=\"sbi_new_logo fa-instagram fa-w-14\" aria-hidden=\"true\" data-fa-processed=\"\" aria-label=\"Instagram\" data-prefix=\"fab\" data-icon=\"instagram\" role=\"img\" viewBox=\"0 0 448 512\">\n                    <path fill=\"currentColor\" d=\"M224.1 141c-63.6 0-114.9 51.3-114.9 114.9s51.3 114.9 114.9 114.9S339 319.5 339 255.9 287.7 141 224.1 141zm0 189.6c-41.1 0-74.7-33.5-74.7-74.7s33.5-74.7 74.7-74.7 74.7 33.5 74.7 74.7-33.6 74.7-74.7 74.7zm146.4-194.3c0 14.9-12 26.8-26.8 26.8-14.9 0-26.8-12-26.8-26.8s12-26.8 26.8-26.8 26.8 12 26.8 26.8zm76.1 27.2c-1.7-35.9-9.9-67.7-36.2-93.9-26.2-26.2-58-34.4-93.9-36.2-37-2.1-147.9-2.1-184.9 0-35.8 1.7-67.6 9.9-93.9 36.1s-34.4 58-36.2 93.9c-2.1 37-2.1 147.9 0 184.9 1.7 35.9 9.9 67.7 36.2 93.9s58 34.4 93.9 36.2c37 2.1 147.9 2.1 184.9 0 35.9-1.7 67.7-9.9 93.9-36.2 26.2-26.2 34.4-58 36.2-93.9 2.1-37 2.1-147.8 0-184.8zM398.8 388c-7.8 19.6-22.9 34.7-42.6 42.6-29.5 11.7-99.5 9-132.1 9s-102.7 2.6-132.1-9c-19.6-7.8-34.7-22.9-42.6-42.6-11.7-29.5-9-99.5-9-132.1s-2.6-102.7 9-132.1c7.8-19.6 22.9-34.7 42.6-42.6 29.5-11.7 99.5-9 132.1-9s102.7-2.6 132.1 9c19.6 7.8 34.7 22.9 42.6 42.6 11.7 29.5 9 99.5 9 132.1s2.7 102.7-9 132.1z\"><\/path>\n                <\/svg><\/div>\n\t\t\t\t\t<img loading=\"lazy\" decoding=\"async\"  src=\"http:\/\/www.imuntanya.com\/wp-content\/uploads\/sb-instagram-feed-images\/imuntanya.jpg\" alt=\"\" width=\"50\" height=\"50\">\n\t\t\t\t\n\t\t\t\t\t\t\t<\/div>\n\n\t\t\t<div class=\"sbi_feedtheme_header_text\">\n\t\t\t\t<h3>imuntanya<\/h3>\n\t\t\t\t\t\t\t<\/div>\n\t\t<\/div>\n\t<\/a>\n<\/div>\n\n\t<div id=\"sbi_images\"  style=\"gap: 10px;\">\n\t\t<div class=\"sbi_item sbi_type_carousel sbi_new sbi_transition\"\n\tid=\"sbi_18058497049343644\" data-date=\"1666222514\">\n\t<div class=\"sbi_photo_wrap\">\n\t\t<a class=\"sbi_photo\" href=\"https:\/\/www.instagram.com\/p\/Cj6feQoBWXk\/\" target=\"_blank\" rel=\"noopener nofollow\"\n\t\t\tdata-full-res=\"https:\/\/scontent-ecv1-1.cdninstagram.com\/v\/t51.29350-15\/312064931_432340502373906_8193819767404002975_n.jpg?_nc_cat=108&#038;ccb=1-7&#038;_nc_sid=8ae9d6&#038;_nc_ohc=qcbCz89N0BIAX9V0MWP&#038;_nc_oc=AQkaJrrjk0fMteL7u5DnmaRQuzGNbFx8h34nsqWPPI5HkHxquSElB5gawTYMLO9osl8&#038;_nc_ht=scontent-ecv1-1.cdninstagram.com&#038;edm=AM6HXa8EAAAA&#038;oh=00_AT8Owm5QvCNRYqXuDNTMsEOs9ts66qvbHqGXjRHZ6p2efw&#038;oe=6356FA8C\"\n\t\t\tdata-img-src-set=\"{&quot;d&quot;:&quot;https:\\\/\\\/scontent-ecv1-1.cdninstagram.com\\\/v\\\/t51.29350-15\\\/312064931_432340502373906_8193819767404002975_n.jpg?_nc_cat=108&amp;ccb=1-7&amp;_nc_sid=8ae9d6&amp;_nc_ohc=qcbCz89N0BIAX9V0MWP&amp;_nc_oc=AQkaJrrjk0fMteL7u5DnmaRQuzGNbFx8h34nsqWPPI5HkHxquSElB5gawTYMLO9osl8&amp;_nc_ht=scontent-ecv1-1.cdninstagram.com&amp;edm=AM6HXa8EAAAA&amp;oh=00_AT8Owm5QvCNRYqXuDNTMsEOs9ts66qvbHqGXjRHZ6p2efw&amp;oe=6356FA8C&quot;,&quot;150&quot;:&quot;https:\\\/\\\/scontent-ecv1-1.cdninstagram.com\\\/v\\\/t51.29350-15\\\/312064931_432340502373906_8193819767404002975_n.jpg?_nc_cat=108&amp;ccb=1-7&amp;_nc_sid=8ae9d6&amp;_nc_ohc=qcbCz89N0BIAX9V0MWP&amp;_nc_oc=AQkaJrrjk0fMteL7u5DnmaRQuzGNbFx8h34nsqWPPI5HkHxquSElB5gawTYMLO9osl8&amp;_nc_ht=scontent-ecv1-1.cdninstagram.com&amp;edm=AM6HXa8EAAAA&amp;oh=00_AT8Owm5QvCNRYqXuDNTMsEOs9ts66qvbHqGXjRHZ6p2efw&amp;oe=6356FA8C&quot;,&quot;320&quot;:&quot;https:\\\/\\\/scontent-ecv1-1.cdninstagram.com\\\/v\\\/t51.29350-15\\\/312064931_432340502373906_8193819767404002975_n.jpg?_nc_cat=108&amp;ccb=1-7&amp;_nc_sid=8ae9d6&amp;_nc_ohc=qcbCz89N0BIAX9V0MWP&amp;_nc_oc=AQkaJrrjk0fMteL7u5DnmaRQuzGNbFx8h34nsqWPPI5HkHxquSElB5gawTYMLO9osl8&amp;_nc_ht=scontent-ecv1-1.cdninstagram.com&amp;edm=AM6HXa8EAAAA&amp;oh=00_AT8Owm5QvCNRYqXuDNTMsEOs9ts66qvbHqGXjRHZ6p2efw&amp;oe=6356FA8C&quot;,&quot;640&quot;:&quot;https:\\\/\\\/scontent-ecv1-1.cdninstagram.com\\\/v\\\/t51.29350-15\\\/312064931_432340502373906_8193819767404002975_n.jpg?_nc_cat=108&amp;ccb=1-7&amp;_nc_sid=8ae9d6&amp;_nc_ohc=qcbCz89N0BIAX9V0MWP&amp;_nc_oc=AQkaJrrjk0fMteL7u5DnmaRQuzGNbFx8h34nsqWPPI5HkHxquSElB5gawTYMLO9osl8&amp;_nc_ht=scontent-ecv1-1.cdninstagram.com&amp;edm=AM6HXa8EAAAA&amp;oh=00_AT8Owm5QvCNRYqXuDNTMsEOs9ts66qvbHqGXjRHZ6p2efw&amp;oe=6356FA8C&quot;}\">\n\t\t\t<span class=\"sbi-screenreader\">\ud83c\udff0 CAT \u2022 Inici dels treballs d\u2019adequaci\u00f3 i <\/span>\n\t\t\t<svg class=\"svg-inline--fa fa-clone fa-w-16 sbi_lightbox_carousel_icon\" aria-hidden=\"true\" aria-label=\"Clone\" data-fa-pro\u0192cessed=\"\" data-prefix=\"far\" data-icon=\"clone\" role=\"img\" xmlns=\"http:\/\/www.w3.org\/2000\/svg\" viewBox=\"0 0 512 512\">\n                    <path fill=\"currentColor\" d=\"M464 0H144c-26.51 0-48 21.49-48 48v48H48c-26.51 0-48 21.49-48 48v320c0 26.51 21.49 48 48 48h320c26.51 0 48-21.49 48-48v-48h48c26.51 0 48-21.49 48-48V48c0-26.51-21.49-48-48-48zM362 464H54a6 6 0 0 1-6-6V150a6 6 0 0 1 6-6h42v224c0 26.51 21.49 48 48 48h224v42a6 6 0 0 1-6 6zm96-96H150a6 6 0 0 1-6-6V54a6 6 0 0 1 6-6h308a6 6 0 0 1 6 6v308a6 6 0 0 1-6 6z\"><\/path>\n                <\/svg>\t\t\t\t\t\t<img decoding=\"async\" src=\"http:\/\/www.imuntanya.com\/wp-content\/plugins\/instagram-feed\/img\/placeholder.png\" alt=\"\ud83c\udff0 CAT \u2022 Inici dels treballs d\u2019adequaci\u00f3 i millora de l\u2019accessibilitat a la part alta del #castell d\u2019#Aitona. Posteriorment, s&#039;hi instal\u00b7lar\u00e0 una passarel\u00b7la i escales al mirador, des d\u2019on es podr\u00e0 observar la fortalesa i gaudir a la primavera de l\u2019espectacle dels arbres en flor, una de les propostes de @fruiturisme . \n\nAquest monument est\u00e0 catalogat com a #BCIN (b\u00e9 cultural d\u2019inter\u00e8s nacional). \n\n\ud83c\udff0 ESP \u2022 Inicio de los trabajos para dar de accesibilidad el mirador del #castellaitona en la provincia de Lleida. Este monumento est\u00e1 catalogado y permitir\u00e1 acceder a vistas espectaculares durante la floraci\u00f3n de los \u00e1rboles. \n\n\ud83c\udff0 ENG \u2022 Working on #culturalheritage , making this castle accesible with a walkway to a balcony to beautiful views of flourished fruit trees in Spring. \n\n#proteccionpatrimoniocultural #bensculturalsinteresnacional #bensculturalsdinteresnacional\" aria-hidden=\"true\">\n\t\t<\/a>\n\t<\/div>\n<\/div><div class=\"sbi_item sbi_type_video sbi_new sbi_transition\"\n\tid=\"sbi_18239822200130655\" data-date=\"1666054636\">\n\t<div class=\"sbi_photo_wrap\">\n\t\t<a class=\"sbi_photo\" href=\"https:\/\/www.instagram.com\/reel\/Cj1fGsWPbrG\/\" target=\"_blank\" rel=\"noopener nofollow\"\n\t\t\tdata-full-res=\"https:\/\/scontent-ecv1-1.cdninstagram.com\/v\/t51.29350-15\/309298859_859552341727988_3094135676533252408_n.jpg?_nc_cat=101&#038;ccb=1-7&#038;_nc_sid=8ae9d6&#038;_nc_ohc=kqqRf_oB-AMAX-rhuma&#038;_nc_ht=scontent-ecv1-1.cdninstagram.com&#038;edm=AM6HXa8EAAAA&#038;oh=00_AT8AumoK-AgB-hYvdtO_mAl5ZPwEgU9_5lNSh8RNVhhQhA&#038;oe=6356B5AC\"\n\t\t\tdata-img-src-set=\"{&quot;d&quot;:&quot;https:\\\/\\\/scontent-ecv1-1.cdninstagram.com\\\/v\\\/t51.29350-15\\\/309298859_859552341727988_3094135676533252408_n.jpg?_nc_cat=101&amp;ccb=1-7&amp;_nc_sid=8ae9d6&amp;_nc_ohc=kqqRf_oB-AMAX-rhuma&amp;_nc_ht=scontent-ecv1-1.cdninstagram.com&amp;edm=AM6HXa8EAAAA&amp;oh=00_AT8AumoK-AgB-hYvdtO_mAl5ZPwEgU9_5lNSh8RNVhhQhA&amp;oe=6356B5AC&quot;,&quot;150&quot;:&quot;https:\\\/\\\/scontent-ecv1-1.cdninstagram.com\\\/v\\\/t51.29350-15\\\/309298859_859552341727988_3094135676533252408_n.jpg?_nc_cat=101&amp;ccb=1-7&amp;_nc_sid=8ae9d6&amp;_nc_ohc=kqqRf_oB-AMAX-rhuma&amp;_nc_ht=scontent-ecv1-1.cdninstagram.com&amp;edm=AM6HXa8EAAAA&amp;oh=00_AT8AumoK-AgB-hYvdtO_mAl5ZPwEgU9_5lNSh8RNVhhQhA&amp;oe=6356B5AC&quot;,&quot;320&quot;:&quot;https:\\\/\\\/scontent-ecv1-1.cdninstagram.com\\\/v\\\/t51.29350-15\\\/309298859_859552341727988_3094135676533252408_n.jpg?_nc_cat=101&amp;ccb=1-7&amp;_nc_sid=8ae9d6&amp;_nc_ohc=kqqRf_oB-AMAX-rhuma&amp;_nc_ht=scontent-ecv1-1.cdninstagram.com&amp;edm=AM6HXa8EAAAA&amp;oh=00_AT8AumoK-AgB-hYvdtO_mAl5ZPwEgU9_5lNSh8RNVhhQhA&amp;oe=6356B5AC&quot;,&quot;640&quot;:&quot;https:\\\/\\\/scontent-ecv1-1.cdninstagram.com\\\/v\\\/t51.29350-15\\\/309298859_859552341727988_3094135676533252408_n.jpg?_nc_cat=101&amp;ccb=1-7&amp;_nc_sid=8ae9d6&amp;_nc_ohc=kqqRf_oB-AMAX-rhuma&amp;_nc_ht=scontent-ecv1-1.cdninstagram.com&amp;edm=AM6HXa8EAAAA&amp;oh=00_AT8AumoK-AgB-hYvdtO_mAl5ZPwEgU9_5lNSh8RNVhhQhA&amp;oe=6356B5AC&quot;}\">\n\t\t\t<span class=\"sbi-screenreader\">\ud83d\udc77\ud83c\udffc\u200d\u2642\ufe0f\ud83d\udc77\u200d\u2642\ufe0f Buscamos operarios <\/span>\n\t\t\t\t\t\t<svg style=\"color: rgba(255,255,255,1)\" class=\"svg-inline--fa fa-play fa-w-14 sbi_playbtn\" aria-label=\"Play\" aria-hidden=\"true\" data-fa-processed=\"\" data-prefix=\"fa\" data-icon=\"play\" role=\"presentation\" xmlns=\"http:\/\/www.w3.org\/2000\/svg\" viewBox=\"0 0 448 512\"><path fill=\"currentColor\" d=\"M424.4 214.7L72.4 6.6C43.8-10.3 0 6.1 0 47.9V464c0 37.5 40.7 60.1 72.4 41.3l352-208c31.4-18.5 31.5-64.1 0-82.6z\"><\/path><\/svg>\t\t\t<img decoding=\"async\" src=\"http:\/\/www.imuntanya.com\/wp-content\/plugins\/instagram-feed\/img\/placeholder.png\" alt=\"\ud83d\udc77\ud83c\udffc\u200d\u2642\ufe0f\ud83d\udc77\u200d\u2642\ufe0f Buscamos operarios de obra! Para m\u00e1s informaci\u00f3n, contactad con nosotros: imuntanya@imuntanya.com \n\n\ud83d\udc77\ud83c\udffd\u200d\u2642\ufe0f\ud83d\udc77\ud83c\udffb\u200d\u2642\ufe0fCerquem operaris d\u2019obra amb formaci\u00f3 en treballs verticals, amb disponibilitat per a viatjar a nivell nacional. Treballs diversos en entorns naturals i obres de valor patrimonial, talussos i t\u00fanels. M\u00e9s informaci\u00f3 contacteu amb nosaltres a: imuntanya@imuntanya.com\n\n#ofertafeina #operariosdeobra #operarisdeobra #ofertatrabajo #treballsverticals #trabajosenaltura\" aria-hidden=\"true\">\n\t\t<\/a>\n\t<\/div>\n<\/div><div class=\"sbi_item sbi_type_carousel sbi_new sbi_transition\"\n\tid=\"sbi_18024344614422679\" data-date=\"1665448068\">\n\t<div class=\"sbi_photo_wrap\">\n\t\t<a class=\"sbi_photo\" href=\"https:\/\/www.instagram.com\/p\/CjjaVcdvFqP\/\" target=\"_blank\" rel=\"noopener nofollow\"\n\t\t\tdata-full-res=\"https:\/\/scontent-ecv1-1.cdninstagram.com\/v\/t51.29350-15\/311004773_411319697840741_1890376904453732176_n.jpg?_nc_cat=102&#038;ccb=1-7&#038;_nc_sid=8ae9d6&#038;_nc_ohc=ZMGp-jaKHBUAX--Ujeh&#038;_nc_oc=AQkokF8Q6UG40tqdFZjqKWsI8pue9ugqOJTnoS0kM_T_p3mZHC2xP_okNLJlJnC2s-Q&#038;_nc_ht=scontent-ecv1-1.cdninstagram.com&#038;edm=AM6HXa8EAAAA&#038;oh=00_AT-_eJfDgtMRA8HOs6b1HWu63Rt39ZlQ3Z2q_3h21kS5kQ&#038;oe=635722B8\"\n\t\t\tdata-img-src-set=\"{&quot;d&quot;:&quot;https:\\\/\\\/scontent-ecv1-1.cdninstagram.com\\\/v\\\/t51.29350-15\\\/311004773_411319697840741_1890376904453732176_n.jpg?_nc_cat=102&amp;ccb=1-7&amp;_nc_sid=8ae9d6&amp;_nc_ohc=ZMGp-jaKHBUAX--Ujeh&amp;_nc_oc=AQkokF8Q6UG40tqdFZjqKWsI8pue9ugqOJTnoS0kM_T_p3mZHC2xP_okNLJlJnC2s-Q&amp;_nc_ht=scontent-ecv1-1.cdninstagram.com&amp;edm=AM6HXa8EAAAA&amp;oh=00_AT-_eJfDgtMRA8HOs6b1HWu63Rt39ZlQ3Z2q_3h21kS5kQ&amp;oe=635722B8&quot;,&quot;150&quot;:&quot;https:\\\/\\\/scontent-ecv1-1.cdninstagram.com\\\/v\\\/t51.29350-15\\\/311004773_411319697840741_1890376904453732176_n.jpg?_nc_cat=102&amp;ccb=1-7&amp;_nc_sid=8ae9d6&amp;_nc_ohc=ZMGp-jaKHBUAX--Ujeh&amp;_nc_oc=AQkokF8Q6UG40tqdFZjqKWsI8pue9ugqOJTnoS0kM_T_p3mZHC2xP_okNLJlJnC2s-Q&amp;_nc_ht=scontent-ecv1-1.cdninstagram.com&amp;edm=AM6HXa8EAAAA&amp;oh=00_AT-_eJfDgtMRA8HOs6b1HWu63Rt39ZlQ3Z2q_3h21kS5kQ&amp;oe=635722B8&quot;,&quot;320&quot;:&quot;https:\\\/\\\/scontent-ecv1-1.cdninstagram.com\\\/v\\\/t51.29350-15\\\/311004773_411319697840741_1890376904453732176_n.jpg?_nc_cat=102&amp;ccb=1-7&amp;_nc_sid=8ae9d6&amp;_nc_ohc=ZMGp-jaKHBUAX--Ujeh&amp;_nc_oc=AQkokF8Q6UG40tqdFZjqKWsI8pue9ugqOJTnoS0kM_T_p3mZHC2xP_okNLJlJnC2s-Q&amp;_nc_ht=scontent-ecv1-1.cdninstagram.com&amp;edm=AM6HXa8EAAAA&amp;oh=00_AT-_eJfDgtMRA8HOs6b1HWu63Rt39ZlQ3Z2q_3h21kS5kQ&amp;oe=635722B8&quot;,&quot;640&quot;:&quot;https:\\\/\\\/scontent-ecv1-1.cdninstagram.com\\\/v\\\/t51.29350-15\\\/311004773_411319697840741_1890376904453732176_n.jpg?_nc_cat=102&amp;ccb=1-7&amp;_nc_sid=8ae9d6&amp;_nc_ohc=ZMGp-jaKHBUAX--Ujeh&amp;_nc_oc=AQkokF8Q6UG40tqdFZjqKWsI8pue9ugqOJTnoS0kM_T_p3mZHC2xP_okNLJlJnC2s-Q&amp;_nc_ht=scontent-ecv1-1.cdninstagram.com&amp;edm=AM6HXa8EAAAA&amp;oh=00_AT-_eJfDgtMRA8HOs6b1HWu63Rt39ZlQ3Z2q_3h21kS5kQ&amp;oe=635722B8&quot;}\">\n\t\t\t<span class=\"sbi-screenreader\">\ud83c\udfd7FR \u2022 La derni\u00e8re partie du montage du #pont<\/span>\n\t\t\t<svg class=\"svg-inline--fa fa-clone fa-w-16 sbi_lightbox_carousel_icon\" aria-hidden=\"true\" aria-label=\"Clone\" data-fa-pro\u0192cessed=\"\" data-prefix=\"far\" data-icon=\"clone\" role=\"img\" xmlns=\"http:\/\/www.w3.org\/2000\/svg\" viewBox=\"0 0 512 512\">\n                    <path fill=\"currentColor\" d=\"M464 0H144c-26.51 0-48 21.49-48 48v48H48c-26.51 0-48 21.49-48 48v320c0 26.51 21.49 48 48 48h320c26.51 0 48-21.49 48-48v-48h48c26.51 0 48-21.49 48-48V48c0-26.51-21.49-48-48-48zM362 464H54a6 6 0 0 1-6-6V150a6 6 0 0 1 6-6h42v224c0 26.51 21.49 48 48 48h224v42a6 6 0 0 1-6 6zm96-96H150a6 6 0 0 1-6-6V54a6 6 0 0 1 6-6h308a6 6 0 0 1 6 6v308a6 6 0 0 1-6 6z\"><\/path>\n                <\/svg>\t\t\t\t\t\t<img decoding=\"async\" src=\"http:\/\/www.imuntanya.com\/wp-content\/plugins\/instagram-feed\/img\/placeholder.png\" alt=\"\ud83c\udfd7FR \u2022 La derni\u00e8re partie du montage du #pontahaubans de l&#039;\u00eele de l&#039;Oiselay commence dans la ville fran\u00e7aise de #Sorgues, en r\u00e9gion Provence-Alpes-C\u00f4te d&#039;Azur.\n\n\ud83c\udfd7CAT \u2022 Comen\u00e7a la part final del muntatge del #pontatirantat de l&#039;illa de l&#039;Oiselay a la localitat francesa Sorgues, a la regi\u00f3 Provence-Alpes-C\u00f4te d&#039;Azur.\n\n\ud83c\udfd7ESP \u2022 Empieza la parte final montaje del #puenteatirantado en la localidad francesa Sorgues, en la regi\u00f3n Provenza - Alpes - Costa Azul.\n\n\ud83c\udfd7 ENG \u2022 It\u2019s the last and most beautiful part\u2026 when you get to see a #footbridge like this one put together. Is happening near Avi\u00f1\u00f3n, in France.\n\n#pontsuspendu #puentecolgante #puentescolgantes #pontspenjants #geotecniavertical #passerelledusorgues #passerellehimalayene #suspendedwalkway\" aria-hidden=\"true\">\n\t\t<\/a>\n\t<\/div>\n<\/div><div class=\"sbi_item sbi_type_carousel sbi_new sbi_transition\"\n\tid=\"sbi_17902883606657620\" data-date=\"1665011409\">\n\t<div class=\"sbi_photo_wrap\">\n\t\t<a class=\"sbi_photo\" href=\"https:\/\/www.instagram.com\/p\/CjWZeU1POEb\/\" target=\"_blank\" rel=\"noopener nofollow\"\n\t\t\tdata-full-res=\"https:\/\/scontent-ecv1-1.cdninstagram.com\/v\/t51.29350-15\/310458257_5309478662434491_59655211665029113_n.jpg?_nc_cat=104&#038;ccb=1-7&#038;_nc_sid=8ae9d6&#038;_nc_ohc=lelbbRQiSvkAX88DYT_&#038;_nc_ht=scontent-ecv1-1.cdninstagram.com&#038;edm=AM6HXa8EAAAA&#038;oh=00_AT9PZ2xNrxkX3qnm4p9Epi9OlvWsqexQ51lT0t9_f23zjQ&#038;oe=6355F093\"\n\t\t\tdata-img-src-set=\"{&quot;d&quot;:&quot;https:\\\/\\\/scontent-ecv1-1.cdninstagram.com\\\/v\\\/t51.29350-15\\\/310458257_5309478662434491_59655211665029113_n.jpg?_nc_cat=104&amp;ccb=1-7&amp;_nc_sid=8ae9d6&amp;_nc_ohc=lelbbRQiSvkAX88DYT_&amp;_nc_ht=scontent-ecv1-1.cdninstagram.com&amp;edm=AM6HXa8EAAAA&amp;oh=00_AT9PZ2xNrxkX3qnm4p9Epi9OlvWsqexQ51lT0t9_f23zjQ&amp;oe=6355F093&quot;,&quot;150&quot;:&quot;https:\\\/\\\/scontent-ecv1-1.cdninstagram.com\\\/v\\\/t51.29350-15\\\/310458257_5309478662434491_59655211665029113_n.jpg?_nc_cat=104&amp;ccb=1-7&amp;_nc_sid=8ae9d6&amp;_nc_ohc=lelbbRQiSvkAX88DYT_&amp;_nc_ht=scontent-ecv1-1.cdninstagram.com&amp;edm=AM6HXa8EAAAA&amp;oh=00_AT9PZ2xNrxkX3qnm4p9Epi9OlvWsqexQ51lT0t9_f23zjQ&amp;oe=6355F093&quot;,&quot;320&quot;:&quot;https:\\\/\\\/scontent-ecv1-1.cdninstagram.com\\\/v\\\/t51.29350-15\\\/310458257_5309478662434491_59655211665029113_n.jpg?_nc_cat=104&amp;ccb=1-7&amp;_nc_sid=8ae9d6&amp;_nc_ohc=lelbbRQiSvkAX88DYT_&amp;_nc_ht=scontent-ecv1-1.cdninstagram.com&amp;edm=AM6HXa8EAAAA&amp;oh=00_AT9PZ2xNrxkX3qnm4p9Epi9OlvWsqexQ51lT0t9_f23zjQ&amp;oe=6355F093&quot;,&quot;640&quot;:&quot;https:\\\/\\\/scontent-ecv1-1.cdninstagram.com\\\/v\\\/t51.29350-15\\\/310458257_5309478662434491_59655211665029113_n.jpg?_nc_cat=104&amp;ccb=1-7&amp;_nc_sid=8ae9d6&amp;_nc_ohc=lelbbRQiSvkAX88DYT_&amp;_nc_ht=scontent-ecv1-1.cdninstagram.com&amp;edm=AM6HXa8EAAAA&amp;oh=00_AT9PZ2xNrxkX3qnm4p9Epi9OlvWsqexQ51lT0t9_f23zjQ&amp;oe=6355F093&quot;}\">\n\t\t\t<span class=\"sbi-screenreader\">\ud83d\udea7ESP \u2022 Antes y despu\u00e9s, de un lado y del otr<\/span>\n\t\t\t<svg class=\"svg-inline--fa fa-clone fa-w-16 sbi_lightbox_carousel_icon\" aria-hidden=\"true\" aria-label=\"Clone\" data-fa-pro\u0192cessed=\"\" data-prefix=\"far\" data-icon=\"clone\" role=\"img\" xmlns=\"http:\/\/www.w3.org\/2000\/svg\" viewBox=\"0 0 512 512\">\n                    <path fill=\"currentColor\" d=\"M464 0H144c-26.51 0-48 21.49-48 48v48H48c-26.51 0-48 21.49-48 48v320c0 26.51 21.49 48 48 48h320c26.51 0 48-21.49 48-48v-48h48c26.51 0 48-21.49 48-48V48c0-26.51-21.49-48-48-48zM362 464H54a6 6 0 0 1-6-6V150a6 6 0 0 1 6-6h42v224c0 26.51 21.49 48 48 48h224v42a6 6 0 0 1-6 6zm96-96H150a6 6 0 0 1-6-6V54a6 6 0 0 1 6-6h308a6 6 0 0 1 6 6v308a6 6 0 0 1-6 6z\"><\/path>\n                <\/svg>\t\t\t\t\t\t<img decoding=\"async\" src=\"http:\/\/www.imuntanya.com\/wp-content\/plugins\/instagram-feed\/img\/placeholder.png\" alt=\"\ud83d\udea7ESP \u2022 Antes y despu\u00e9s, de un lado y del otro, las cimentaciones de un #puentecolgante que estamos construyendo en #jubrique, M\u00e1laga.\n\n\ud83d\udea7CAT\u2022 Abans i despr\u00e9s, d\u2019un cant\u00f3 i de l\u2019altre, les fonamentacions d\u2019un #pontpenjant que estem construint a Jubrique, M\u00e0laga.\n\n\ud83d\udea7 ENG \u2022 Foundations of a future #footbridge we\u2019re building in the beautiful region of #Malaga, south of Spain. \n\n#walkway #pedestrianbridge #passarelasuspesa #pasarelapeatonal #suspendedwalkway #puentescolgantes\" aria-hidden=\"true\">\n\t\t<\/a>\n\t<\/div>\n<\/div><div class=\"sbi_item sbi_type_carousel sbi_new sbi_transition\"\n\tid=\"sbi_17986974163543139\" data-date=\"1664522451\">\n\t<div class=\"sbi_photo_wrap\">\n\t\t<a class=\"sbi_photo\" href=\"https:\/\/www.instagram.com\/p\/CjH03E3LNMV\/\" target=\"_blank\" rel=\"noopener nofollow\"\n\t\t\tdata-full-res=\"https:\/\/scontent-ecv1-1.cdninstagram.com\/v\/t51.29350-15\/309165650_555070736377870_5231020589490189583_n.jpg?_nc_cat=101&#038;ccb=1-7&#038;_nc_sid=8ae9d6&#038;_nc_ohc=e8CaZw1KOdEAX-Uj2U8&#038;_nc_ht=scontent-ecv1-1.cdninstagram.com&#038;edm=AM6HXa8EAAAA&#038;oh=00_AT_oMT5Db6YGc28ZlInDvFOaI8SiGFpWszsWEDwNVn2K8Q&#038;oe=63561DE6\"\n\t\t\tdata-img-src-set=\"{&quot;d&quot;:&quot;https:\\\/\\\/scontent-ecv1-1.cdninstagram.com\\\/v\\\/t51.29350-15\\\/309165650_555070736377870_5231020589490189583_n.jpg?_nc_cat=101&amp;ccb=1-7&amp;_nc_sid=8ae9d6&amp;_nc_ohc=e8CaZw1KOdEAX-Uj2U8&amp;_nc_ht=scontent-ecv1-1.cdninstagram.com&amp;edm=AM6HXa8EAAAA&amp;oh=00_AT_oMT5Db6YGc28ZlInDvFOaI8SiGFpWszsWEDwNVn2K8Q&amp;oe=63561DE6&quot;,&quot;150&quot;:&quot;https:\\\/\\\/scontent-ecv1-1.cdninstagram.com\\\/v\\\/t51.29350-15\\\/309165650_555070736377870_5231020589490189583_n.jpg?_nc_cat=101&amp;ccb=1-7&amp;_nc_sid=8ae9d6&amp;_nc_ohc=e8CaZw1KOdEAX-Uj2U8&amp;_nc_ht=scontent-ecv1-1.cdninstagram.com&amp;edm=AM6HXa8EAAAA&amp;oh=00_AT_oMT5Db6YGc28ZlInDvFOaI8SiGFpWszsWEDwNVn2K8Q&amp;oe=63561DE6&quot;,&quot;320&quot;:&quot;https:\\\/\\\/scontent-ecv1-1.cdninstagram.com\\\/v\\\/t51.29350-15\\\/309165650_555070736377870_5231020589490189583_n.jpg?_nc_cat=101&amp;ccb=1-7&amp;_nc_sid=8ae9d6&amp;_nc_ohc=e8CaZw1KOdEAX-Uj2U8&amp;_nc_ht=scontent-ecv1-1.cdninstagram.com&amp;edm=AM6HXa8EAAAA&amp;oh=00_AT_oMT5Db6YGc28ZlInDvFOaI8SiGFpWszsWEDwNVn2K8Q&amp;oe=63561DE6&quot;,&quot;640&quot;:&quot;https:\\\/\\\/scontent-ecv1-1.cdninstagram.com\\\/v\\\/t51.29350-15\\\/309165650_555070736377870_5231020589490189583_n.jpg?_nc_cat=101&amp;ccb=1-7&amp;_nc_sid=8ae9d6&amp;_nc_ohc=e8CaZw1KOdEAX-Uj2U8&amp;_nc_ht=scontent-ecv1-1.cdninstagram.com&amp;edm=AM6HXa8EAAAA&amp;oh=00_AT_oMT5Db6YGc28ZlInDvFOaI8SiGFpWszsWEDwNVn2K8Q&amp;oe=63561DE6&quot;}\">\n\t\t\t<span class=\"sbi-screenreader\">\ud83c\udfdeCAT \u2022 A la Vall de Card\u00f3s, #pallarssobir\u00e0 <\/span>\n\t\t\t<svg class=\"svg-inline--fa fa-clone fa-w-16 sbi_lightbox_carousel_icon\" aria-hidden=\"true\" aria-label=\"Clone\" data-fa-pro\u0192cessed=\"\" data-prefix=\"far\" data-icon=\"clone\" role=\"img\" xmlns=\"http:\/\/www.w3.org\/2000\/svg\" viewBox=\"0 0 512 512\">\n                    <path fill=\"currentColor\" d=\"M464 0H144c-26.51 0-48 21.49-48 48v48H48c-26.51 0-48 21.49-48 48v320c0 26.51 21.49 48 48 48h320c26.51 0 48-21.49 48-48v-48h48c26.51 0 48-21.49 48-48V48c0-26.51-21.49-48-48-48zM362 464H54a6 6 0 0 1-6-6V150a6 6 0 0 1 6-6h42v224c0 26.51 21.49 48 48 48h224v42a6 6 0 0 1-6 6zm96-96H150a6 6 0 0 1-6-6V54a6 6 0 0 1 6-6h308a6 6 0 0 1 6 6v308a6 6 0 0 1-6 6z\"><\/path>\n                <\/svg>\t\t\t\t\t\t<img decoding=\"async\" src=\"http:\/\/www.imuntanya.com\/wp-content\/plugins\/instagram-feed\/img\/placeholder.png\" alt=\"\ud83c\udfdeCAT \u2022 A la Vall de Card\u00f3s, #pallarssobir\u00e0 , aquest #sender que estem obrint donar\u00e0 acc\u00e9s a les bordes. \u00c9s un projecte molt reivindicat pels ve\u00efns i la entitat municipal descentralitzada (EMD) d\u2019Estaon. \n\n\ud83c\udfdeESP \u2022 Apertura de nuevos #senderos en el Valle de Card\u00f3s para dar acceso a las bordas. \n\n\ud83c\udfdeENG \u2022 New #pathways in a northeast valley of Spain. \n\n#camins #estaon #valldecardos\" aria-hidden=\"true\">\n\t\t<\/a>\n\t<\/div>\n<\/div><div class=\"sbi_item sbi_type_carousel sbi_new sbi_transition\"\n\tid=\"sbi_17967719959847253\" data-date=\"1663720231\">\n\t<div class=\"sbi_photo_wrap\">\n\t\t<a class=\"sbi_photo\" href=\"https:\/\/www.instagram.com\/p\/Civ6v3SPw1c\/\" target=\"_blank\" rel=\"noopener nofollow\"\n\t\t\tdata-full-res=\"https:\/\/scontent-ecv1-1.cdninstagram.com\/v\/t51.29350-15\/307772227_601077075060431_4838153233422742659_n.jpg?_nc_cat=103&#038;ccb=1-7&#038;_nc_sid=8ae9d6&#038;_nc_ohc=7zQ5MWgqgbUAX-jtYT8&#038;_nc_ht=scontent-ecv1-1.cdninstagram.com&#038;edm=AM6HXa8EAAAA&#038;oh=00_AT9uF5X2KOVKzYiDQccU2azLUJNJpVAnDXKGJp4gfNNABQ&#038;oe=6356BBCF\"\n\t\t\tdata-img-src-set=\"{&quot;d&quot;:&quot;https:\\\/\\\/scontent-ecv1-1.cdninstagram.com\\\/v\\\/t51.29350-15\\\/307772227_601077075060431_4838153233422742659_n.jpg?_nc_cat=103&amp;ccb=1-7&amp;_nc_sid=8ae9d6&amp;_nc_ohc=7zQ5MWgqgbUAX-jtYT8&amp;_nc_ht=scontent-ecv1-1.cdninstagram.com&amp;edm=AM6HXa8EAAAA&amp;oh=00_AT9uF5X2KOVKzYiDQccU2azLUJNJpVAnDXKGJp4gfNNABQ&amp;oe=6356BBCF&quot;,&quot;150&quot;:&quot;https:\\\/\\\/scontent-ecv1-1.cdninstagram.com\\\/v\\\/t51.29350-15\\\/307772227_601077075060431_4838153233422742659_n.jpg?_nc_cat=103&amp;ccb=1-7&amp;_nc_sid=8ae9d6&amp;_nc_ohc=7zQ5MWgqgbUAX-jtYT8&amp;_nc_ht=scontent-ecv1-1.cdninstagram.com&amp;edm=AM6HXa8EAAAA&amp;oh=00_AT9uF5X2KOVKzYiDQccU2azLUJNJpVAnDXKGJp4gfNNABQ&amp;oe=6356BBCF&quot;,&quot;320&quot;:&quot;https:\\\/\\\/scontent-ecv1-1.cdninstagram.com\\\/v\\\/t51.29350-15\\\/307772227_601077075060431_4838153233422742659_n.jpg?_nc_cat=103&amp;ccb=1-7&amp;_nc_sid=8ae9d6&amp;_nc_ohc=7zQ5MWgqgbUAX-jtYT8&amp;_nc_ht=scontent-ecv1-1.cdninstagram.com&amp;edm=AM6HXa8EAAAA&amp;oh=00_AT9uF5X2KOVKzYiDQccU2azLUJNJpVAnDXKGJp4gfNNABQ&amp;oe=6356BBCF&quot;,&quot;640&quot;:&quot;https:\\\/\\\/scontent-ecv1-1.cdninstagram.com\\\/v\\\/t51.29350-15\\\/307772227_601077075060431_4838153233422742659_n.jpg?_nc_cat=103&amp;ccb=1-7&amp;_nc_sid=8ae9d6&amp;_nc_ohc=7zQ5MWgqgbUAX-jtYT8&amp;_nc_ht=scontent-ecv1-1.cdninstagram.com&amp;edm=AM6HXa8EAAAA&amp;oh=00_AT9uF5X2KOVKzYiDQccU2azLUJNJpVAnDXKGJp4gfNNABQ&amp;oe=6356BBCF&quot;}\">\n\t\t\t<span class=\"sbi-screenreader\">\ud83c\udf01ESP\u2022 Materiales de los #puentescolgantes de <\/span>\n\t\t\t<svg class=\"svg-inline--fa fa-clone fa-w-16 sbi_lightbox_carousel_icon\" aria-hidden=\"true\" aria-label=\"Clone\" data-fa-pro\u0192cessed=\"\" data-prefix=\"far\" data-icon=\"clone\" role=\"img\" xmlns=\"http:\/\/www.w3.org\/2000\/svg\" viewBox=\"0 0 512 512\">\n                    <path fill=\"currentColor\" d=\"M464 0H144c-26.51 0-48 21.49-48 48v48H48c-26.51 0-48 21.49-48 48v320c0 26.51 21.49 48 48 48h320c26.51 0 48-21.49 48-48v-48h48c26.51 0 48-21.49 48-48V48c0-26.51-21.49-48-48-48zM362 464H54a6 6 0 0 1-6-6V150a6 6 0 0 1 6-6h42v224c0 26.51 21.49 48 48 48h224v42a6 6 0 0 1-6 6zm96-96H150a6 6 0 0 1-6-6V54a6 6 0 0 1 6-6h308a6 6 0 0 1 6 6v308a6 6 0 0 1-6 6z\"><\/path>\n                <\/svg>\t\t\t\t\t\t<img decoding=\"async\" src=\"http:\/\/www.imuntanya.com\/wp-content\/plugins\/instagram-feed\/img\/placeholder.png\" alt=\"\ud83c\udf01ESP\u2022 Materiales de los #puentescolgantes de #Jubrique antes y despu\u00e9s del premontaje en nuestro taller. Por la elevada dificultad de transporte y acceso al lugar de su construcci\u00f3n, hemos mejorado el dise\u00f1o original reduciendo soldadura en obra y evitando al m\u00e1ximo imprevistos durante su instalaci\u00f3n. \n\n\ud83c\udf09CAT \u2022 Materials dels #pontspenjants que instal\u00b7larem a Jubrique, M\u00e0laga, abans i despr\u00e9s del premuntatge que hem dut a terme al nostre taller. Hem millorat el disseny dels ponts per redu\u00efr les soldadures en obra ja que l\u2019acc\u00e9s i transport a la seva ubicaci\u00f3 \u00e9s molt complicat. \n\n\ud83c\udf01ENG \u2022 In our workshop we tested and pre-assembled two new #footbridges that will be soon installed in an area of very difficult access in the south of Spain. \n\n#walkway #passarelasuspesa #pasarelapeatonal #suspendedwalkway #pontpenjant #puentecolgante\" aria-hidden=\"true\">\n\t\t<\/a>\n\t<\/div>\n<\/div><div class=\"sbi_item sbi_type_carousel sbi_new sbi_transition\"\n\tid=\"sbi_18026498311405897\" data-date=\"1663397854\">\n\t<div class=\"sbi_photo_wrap\">\n\t\t<a class=\"sbi_photo\" href=\"https:\/\/www.instagram.com\/p\/CimT3LpLv4o\/\" target=\"_blank\" rel=\"noopener nofollow\"\n\t\t\tdata-full-res=\"https:\/\/scontent-ecv1-1.cdninstagram.com\/v\/t51.29350-15\/307309280_135898339159647_2351055287679535420_n.jpg?_nc_cat=101&#038;ccb=1-7&#038;_nc_sid=8ae9d6&#038;_nc_ohc=Jf456-ZNsKYAX9E08YQ&#038;_nc_ht=scontent-ecv1-1.cdninstagram.com&#038;edm=AM6HXa8EAAAA&#038;oh=00_AT8PALMuvpZPC98-KVeTk_t6bi3V9fKX5sgkLccURR0scA&#038;oe=6357044D\"\n\t\t\tdata-img-src-set=\"{&quot;d&quot;:&quot;https:\\\/\\\/scontent-ecv1-1.cdninstagram.com\\\/v\\\/t51.29350-15\\\/307309280_135898339159647_2351055287679535420_n.jpg?_nc_cat=101&amp;ccb=1-7&amp;_nc_sid=8ae9d6&amp;_nc_ohc=Jf456-ZNsKYAX9E08YQ&amp;_nc_ht=scontent-ecv1-1.cdninstagram.com&amp;edm=AM6HXa8EAAAA&amp;oh=00_AT8PALMuvpZPC98-KVeTk_t6bi3V9fKX5sgkLccURR0scA&amp;oe=6357044D&quot;,&quot;150&quot;:&quot;https:\\\/\\\/scontent-ecv1-1.cdninstagram.com\\\/v\\\/t51.29350-15\\\/307309280_135898339159647_2351055287679535420_n.jpg?_nc_cat=101&amp;ccb=1-7&amp;_nc_sid=8ae9d6&amp;_nc_ohc=Jf456-ZNsKYAX9E08YQ&amp;_nc_ht=scontent-ecv1-1.cdninstagram.com&amp;edm=AM6HXa8EAAAA&amp;oh=00_AT8PALMuvpZPC98-KVeTk_t6bi3V9fKX5sgkLccURR0scA&amp;oe=6357044D&quot;,&quot;320&quot;:&quot;https:\\\/\\\/scontent-ecv1-1.cdninstagram.com\\\/v\\\/t51.29350-15\\\/307309280_135898339159647_2351055287679535420_n.jpg?_nc_cat=101&amp;ccb=1-7&amp;_nc_sid=8ae9d6&amp;_nc_ohc=Jf456-ZNsKYAX9E08YQ&amp;_nc_ht=scontent-ecv1-1.cdninstagram.com&amp;edm=AM6HXa8EAAAA&amp;oh=00_AT8PALMuvpZPC98-KVeTk_t6bi3V9fKX5sgkLccURR0scA&amp;oe=6357044D&quot;,&quot;640&quot;:&quot;https:\\\/\\\/scontent-ecv1-1.cdninstagram.com\\\/v\\\/t51.29350-15\\\/307309280_135898339159647_2351055287679535420_n.jpg?_nc_cat=101&amp;ccb=1-7&amp;_nc_sid=8ae9d6&amp;_nc_ohc=Jf456-ZNsKYAX9E08YQ&amp;_nc_ht=scontent-ecv1-1.cdninstagram.com&amp;edm=AM6HXa8EAAAA&amp;oh=00_AT8PALMuvpZPC98-KVeTk_t6bi3V9fKX5sgkLccURR0scA&amp;oe=6357044D&quot;}\">\n\t\t\t<span class=\"sbi-screenreader\">\ud83d\udc77\ud83c\udffc\u200d\u2640\ufe0f\ud83d\udc77\ud83c\udffd\u200d\u2642\ufe0fCAT \u2022 Cerquem <\/span>\n\t\t\t<svg class=\"svg-inline--fa fa-clone fa-w-16 sbi_lightbox_carousel_icon\" aria-hidden=\"true\" aria-label=\"Clone\" data-fa-pro\u0192cessed=\"\" data-prefix=\"far\" data-icon=\"clone\" role=\"img\" xmlns=\"http:\/\/www.w3.org\/2000\/svg\" viewBox=\"0 0 512 512\">\n                    <path fill=\"currentColor\" d=\"M464 0H144c-26.51 0-48 21.49-48 48v48H48c-26.51 0-48 21.49-48 48v320c0 26.51 21.49 48 48 48h320c26.51 0 48-21.49 48-48v-48h48c26.51 0 48-21.49 48-48V48c0-26.51-21.49-48-48-48zM362 464H54a6 6 0 0 1-6-6V150a6 6 0 0 1 6-6h42v224c0 26.51 21.49 48 48 48h224v42a6 6 0 0 1-6 6zm96-96H150a6 6 0 0 1-6-6V54a6 6 0 0 1 6-6h308a6 6 0 0 1 6 6v308a6 6 0 0 1-6 6z\"><\/path>\n                <\/svg>\t\t\t\t\t\t<img decoding=\"async\" src=\"http:\/\/www.imuntanya.com\/wp-content\/plugins\/instagram-feed\/img\/placeholder.png\" alt=\"\ud83d\udc77\ud83c\udffc\u200d\u2640\ufe0f\ud83d\udc77\ud83c\udffd\u200d\u2642\ufe0fCAT \u2022 Cerquem operaris d\u2019obra amb formaci\u00f3 en treballs verticals, amb disponibilitat per viatjar a nivell nacional per a obres en talussos, t\u00fanels i de paleta. M\u00e9s informaci\u00f3, contacteu amb nosaltres! \n\n#ofertafeina #estabilitzaciovessant #estabilitzaciotalussos #ofertatrabajo #estabilizaciondetaludes #geotecnia\" aria-hidden=\"true\">\n\t\t<\/a>\n\t<\/div>\n<\/div><div class=\"sbi_item sbi_type_carousel sbi_new sbi_transition\"\n\tid=\"sbi_17967263863858521\" data-date=\"1663030771\">\n\t<div class=\"sbi_photo_wrap\">\n\t\t<a class=\"sbi_photo\" href=\"https:\/\/www.instagram.com\/p\/CibXtNsPgz4\/\" target=\"_blank\" rel=\"noopener nofollow\"\n\t\t\tdata-full-res=\"https:\/\/scontent-ecv1-1.cdninstagram.com\/v\/t51.29350-15\/306520949_4943662745734406_7903246370543982266_n.jpg?_nc_cat=108&#038;ccb=1-7&#038;_nc_sid=8ae9d6&#038;_nc_ohc=i9VjTeKG7iIAX92iqnv&#038;_nc_ht=scontent-ecv1-1.cdninstagram.com&#038;edm=AM6HXa8EAAAA&#038;oh=00_AT_kPP3zJXhrYGTWHxEfFGCa7Q22jlzUFeFncMEKAYxUCg&#038;oe=6355F9BB\"\n\t\t\tdata-img-src-set=\"{&quot;d&quot;:&quot;https:\\\/\\\/scontent-ecv1-1.cdninstagram.com\\\/v\\\/t51.29350-15\\\/306520949_4943662745734406_7903246370543982266_n.jpg?_nc_cat=108&amp;ccb=1-7&amp;_nc_sid=8ae9d6&amp;_nc_ohc=i9VjTeKG7iIAX92iqnv&amp;_nc_ht=scontent-ecv1-1.cdninstagram.com&amp;edm=AM6HXa8EAAAA&amp;oh=00_AT_kPP3zJXhrYGTWHxEfFGCa7Q22jlzUFeFncMEKAYxUCg&amp;oe=6355F9BB&quot;,&quot;150&quot;:&quot;https:\\\/\\\/scontent-ecv1-1.cdninstagram.com\\\/v\\\/t51.29350-15\\\/306520949_4943662745734406_7903246370543982266_n.jpg?_nc_cat=108&amp;ccb=1-7&amp;_nc_sid=8ae9d6&amp;_nc_ohc=i9VjTeKG7iIAX92iqnv&amp;_nc_ht=scontent-ecv1-1.cdninstagram.com&amp;edm=AM6HXa8EAAAA&amp;oh=00_AT_kPP3zJXhrYGTWHxEfFGCa7Q22jlzUFeFncMEKAYxUCg&amp;oe=6355F9BB&quot;,&quot;320&quot;:&quot;https:\\\/\\\/scontent-ecv1-1.cdninstagram.com\\\/v\\\/t51.29350-15\\\/306520949_4943662745734406_7903246370543982266_n.jpg?_nc_cat=108&amp;ccb=1-7&amp;_nc_sid=8ae9d6&amp;_nc_ohc=i9VjTeKG7iIAX92iqnv&amp;_nc_ht=scontent-ecv1-1.cdninstagram.com&amp;edm=AM6HXa8EAAAA&amp;oh=00_AT_kPP3zJXhrYGTWHxEfFGCa7Q22jlzUFeFncMEKAYxUCg&amp;oe=6355F9BB&quot;,&quot;640&quot;:&quot;https:\\\/\\\/scontent-ecv1-1.cdninstagram.com\\\/v\\\/t51.29350-15\\\/306520949_4943662745734406_7903246370543982266_n.jpg?_nc_cat=108&amp;ccb=1-7&amp;_nc_sid=8ae9d6&amp;_nc_ohc=i9VjTeKG7iIAX92iqnv&amp;_nc_ht=scontent-ecv1-1.cdninstagram.com&amp;edm=AM6HXa8EAAAA&amp;oh=00_AT_kPP3zJXhrYGTWHxEfFGCa7Q22jlzUFeFncMEKAYxUCg&amp;oe=6355F9BB&quot;}\">\n\t\t\t<span class=\"sbi-screenreader\">\ud83c\udfdeESP \u2022 Caminos empedrados para salvar una fue<\/span>\n\t\t\t<svg class=\"svg-inline--fa fa-clone fa-w-16 sbi_lightbox_carousel_icon\" aria-hidden=\"true\" aria-label=\"Clone\" data-fa-pro\u0192cessed=\"\" data-prefix=\"far\" data-icon=\"clone\" role=\"img\" xmlns=\"http:\/\/www.w3.org\/2000\/svg\" viewBox=\"0 0 512 512\">\n                    <path fill=\"currentColor\" d=\"M464 0H144c-26.51 0-48 21.49-48 48v48H48c-26.51 0-48 21.49-48 48v320c0 26.51 21.49 48 48 48h320c26.51 0 48-21.49 48-48v-48h48c26.51 0 48-21.49 48-48V48c0-26.51-21.49-48-48-48zM362 464H54a6 6 0 0 1-6-6V150a6 6 0 0 1 6-6h42v224c0 26.51 21.49 48 48 48h224v42a6 6 0 0 1-6 6zm96-96H150a6 6 0 0 1-6-6V54a6 6 0 0 1 6-6h308a6 6 0 0 1 6 6v308a6 6 0 0 1-6 6z\"><\/path>\n                <\/svg>\t\t\t\t\t\t<img decoding=\"async\" src=\"http:\/\/www.imuntanya.com\/wp-content\/plugins\/instagram-feed\/img\/placeholder.png\" alt=\"\ud83c\udfdeESP \u2022 Caminos empedrados para salvar una fuerte pendiente de los nuevos senderos en #Jubrique #malaga. Pronto os mostraremos los #puentescolgantes que forman parte de esta obra. \n\n\ud83c\udfdeCAT \u2022 Empedrat dels camins que formen part de nous recorreguts a La Costa del Sol espanyola. Pr\u00f2ximament us mostrarem els treballs en #pontspenjants d\u2019aquesta obra. \n\n\ud83c\udfdeENG \u2022 New pathways that will include two #footbridges designed and built by us in #Andalusia, south of Spain. \n\n#senders #senderos #walkways #footbridge #camins #empedrat #caminos\" aria-hidden=\"true\">\n\t\t<\/a>\n\t<\/div>\n<\/div><div class=\"sbi_item sbi_type_carousel sbi_new sbi_transition\"\n\tid=\"sbi_17861741957789494\" data-date=\"1662428334\">\n\t<div class=\"sbi_photo_wrap\">\n\t\t<a class=\"sbi_photo\" href=\"https:\/\/www.instagram.com\/p\/CiJapl1rbUl\/\" target=\"_blank\" rel=\"noopener nofollow\"\n\t\t\tdata-full-res=\"https:\/\/scontent-ecv1-1.cdninstagram.com\/v\/t51.29350-15\/305409637_481382483535505_1662132541209340558_n.jpg?_nc_cat=103&#038;ccb=1-7&#038;_nc_sid=8ae9d6&#038;_nc_ohc=yrpUEjDtEP4AX9N9egP&#038;_nc_ht=scontent-ecv1-1.cdninstagram.com&#038;edm=AM6HXa8EAAAA&#038;oh=00_AT_m6qhEl96TEre6Z6Tz7v-FX_xF8EQpFPkOR43nFQ9Isg&#038;oe=63571524\"\n\t\t\tdata-img-src-set=\"{&quot;d&quot;:&quot;https:\\\/\\\/scontent-ecv1-1.cdninstagram.com\\\/v\\\/t51.29350-15\\\/305409637_481382483535505_1662132541209340558_n.jpg?_nc_cat=103&amp;ccb=1-7&amp;_nc_sid=8ae9d6&amp;_nc_ohc=yrpUEjDtEP4AX9N9egP&amp;_nc_ht=scontent-ecv1-1.cdninstagram.com&amp;edm=AM6HXa8EAAAA&amp;oh=00_AT_m6qhEl96TEre6Z6Tz7v-FX_xF8EQpFPkOR43nFQ9Isg&amp;oe=63571524&quot;,&quot;150&quot;:&quot;https:\\\/\\\/scontent-ecv1-1.cdninstagram.com\\\/v\\\/t51.29350-15\\\/305409637_481382483535505_1662132541209340558_n.jpg?_nc_cat=103&amp;ccb=1-7&amp;_nc_sid=8ae9d6&amp;_nc_ohc=yrpUEjDtEP4AX9N9egP&amp;_nc_ht=scontent-ecv1-1.cdninstagram.com&amp;edm=AM6HXa8EAAAA&amp;oh=00_AT_m6qhEl96TEre6Z6Tz7v-FX_xF8EQpFPkOR43nFQ9Isg&amp;oe=63571524&quot;,&quot;320&quot;:&quot;https:\\\/\\\/scontent-ecv1-1.cdninstagram.com\\\/v\\\/t51.29350-15\\\/305409637_481382483535505_1662132541209340558_n.jpg?_nc_cat=103&amp;ccb=1-7&amp;_nc_sid=8ae9d6&amp;_nc_ohc=yrpUEjDtEP4AX9N9egP&amp;_nc_ht=scontent-ecv1-1.cdninstagram.com&amp;edm=AM6HXa8EAAAA&amp;oh=00_AT_m6qhEl96TEre6Z6Tz7v-FX_xF8EQpFPkOR43nFQ9Isg&amp;oe=63571524&quot;,&quot;640&quot;:&quot;https:\\\/\\\/scontent-ecv1-1.cdninstagram.com\\\/v\\\/t51.29350-15\\\/305409637_481382483535505_1662132541209340558_n.jpg?_nc_cat=103&amp;ccb=1-7&amp;_nc_sid=8ae9d6&amp;_nc_ohc=yrpUEjDtEP4AX9N9egP&amp;_nc_ht=scontent-ecv1-1.cdninstagram.com&amp;edm=AM6HXa8EAAAA&amp;oh=00_AT_m6qhEl96TEre6Z6Tz7v-FX_xF8EQpFPkOR43nFQ9Isg&amp;oe=63571524&quot;}\">\n\t\t\t<span class=\"sbi-screenreader\">ESP \u2022 \ud83d\udc77\ud83c\udffd\u200d\u2642\ufe0f Estamos donde nos necesi<\/span>\n\t\t\t<svg class=\"svg-inline--fa fa-clone fa-w-16 sbi_lightbox_carousel_icon\" aria-hidden=\"true\" aria-label=\"Clone\" data-fa-pro\u0192cessed=\"\" data-prefix=\"far\" data-icon=\"clone\" role=\"img\" xmlns=\"http:\/\/www.w3.org\/2000\/svg\" viewBox=\"0 0 512 512\">\n                    <path fill=\"currentColor\" d=\"M464 0H144c-26.51 0-48 21.49-48 48v48H48c-26.51 0-48 21.49-48 48v320c0 26.51 21.49 48 48 48h320c26.51 0 48-21.49 48-48v-48h48c26.51 0 48-21.49 48-48V48c0-26.51-21.49-48-48-48zM362 464H54a6 6 0 0 1-6-6V150a6 6 0 0 1 6-6h42v224c0 26.51 21.49 48 48 48h224v42a6 6 0 0 1-6 6zm96-96H150a6 6 0 0 1-6-6V54a6 6 0 0 1 6-6h308a6 6 0 0 1 6 6v308a6 6 0 0 1-6 6z\"><\/path>\n                <\/svg>\t\t\t\t\t\t<img decoding=\"async\" src=\"http:\/\/www.imuntanya.com\/wp-content\/plugins\/instagram-feed\/img\/placeholder.png\" alt=\"ESP \u2022 \ud83d\udc77\ud83c\udffd\u200d\u2642\ufe0f Estamos donde nos necesiten! \ud83d\udcf7 Estabilizaci\u00f3n de un muro de terrapl\u00e9n en la peque\u00f1a aldea de #Chinamada, en el norte de Santa Cruz de Tenerife. \n\nCAT \u2022 \ud83d\udc77\ud83c\udffb\u200d\u2642\ufe0f Serem all\u00ed on faci falta! #estabilitzacioterraple en una petita vila del nord de l\u2019illa de #Tenerife. \n\nENG \u2022 \ud83d\udc77\ud83c\udfff\u200d\u2642\ufe0f Working on a remote yet touristy hamlet in the north of #tenerifeisland known for it\u2019s cave dwellings and good walks.\n\n#estabilizaciondetaludes #estabilitzaciovessant #estabilitzaciotalussos #slopestability #geotecniavertical\" aria-hidden=\"true\">\n\t\t<\/a>\n\t<\/div>\n<\/div><div class=\"sbi_item sbi_type_carousel sbi_new sbi_transition\"\n\tid=\"sbi_17953651952067901\" data-date=\"1661470354\">\n\t<div class=\"sbi_photo_wrap\">\n\t\t<a class=\"sbi_photo\" href=\"https:\/\/www.instagram.com\/p\/Chs3cocvDrm\/\" target=\"_blank\" rel=\"noopener nofollow\"\n\t\t\tdata-full-res=\"https:\/\/scontent-ecv1-1.cdninstagram.com\/v\/t51.29350-15\/301273989_478774703744764_4658379006958460692_n.jpg?_nc_cat=107&#038;ccb=1-7&#038;_nc_sid=8ae9d6&#038;_nc_ohc=tw8prZODE7gAX9ggmMW&#038;_nc_ht=scontent-ecv1-1.cdninstagram.com&#038;edm=AM6HXa8EAAAA&#038;oh=00_AT_bYYCYn2RkVgOhOxahHXcHGAJhLsPu1jVYprChAiDnUQ&#038;oe=6356578D\"\n\t\t\tdata-img-src-set=\"{&quot;d&quot;:&quot;https:\\\/\\\/scontent-ecv1-1.cdninstagram.com\\\/v\\\/t51.29350-15\\\/301273989_478774703744764_4658379006958460692_n.jpg?_nc_cat=107&amp;ccb=1-7&amp;_nc_sid=8ae9d6&amp;_nc_ohc=tw8prZODE7gAX9ggmMW&amp;_nc_ht=scontent-ecv1-1.cdninstagram.com&amp;edm=AM6HXa8EAAAA&amp;oh=00_AT_bYYCYn2RkVgOhOxahHXcHGAJhLsPu1jVYprChAiDnUQ&amp;oe=6356578D&quot;,&quot;150&quot;:&quot;https:\\\/\\\/scontent-ecv1-1.cdninstagram.com\\\/v\\\/t51.29350-15\\\/301273989_478774703744764_4658379006958460692_n.jpg?_nc_cat=107&amp;ccb=1-7&amp;_nc_sid=8ae9d6&amp;_nc_ohc=tw8prZODE7gAX9ggmMW&amp;_nc_ht=scontent-ecv1-1.cdninstagram.com&amp;edm=AM6HXa8EAAAA&amp;oh=00_AT_bYYCYn2RkVgOhOxahHXcHGAJhLsPu1jVYprChAiDnUQ&amp;oe=6356578D&quot;,&quot;320&quot;:&quot;https:\\\/\\\/scontent-ecv1-1.cdninstagram.com\\\/v\\\/t51.29350-15\\\/301273989_478774703744764_4658379006958460692_n.jpg?_nc_cat=107&amp;ccb=1-7&amp;_nc_sid=8ae9d6&amp;_nc_ohc=tw8prZODE7gAX9ggmMW&amp;_nc_ht=scontent-ecv1-1.cdninstagram.com&amp;edm=AM6HXa8EAAAA&amp;oh=00_AT_bYYCYn2RkVgOhOxahHXcHGAJhLsPu1jVYprChAiDnUQ&amp;oe=6356578D&quot;,&quot;640&quot;:&quot;https:\\\/\\\/scontent-ecv1-1.cdninstagram.com\\\/v\\\/t51.29350-15\\\/301273989_478774703744764_4658379006958460692_n.jpg?_nc_cat=107&amp;ccb=1-7&amp;_nc_sid=8ae9d6&amp;_nc_ohc=tw8prZODE7gAX9ggmMW&amp;_nc_ht=scontent-ecv1-1.cdninstagram.com&amp;edm=AM6HXa8EAAAA&amp;oh=00_AT_bYYCYn2RkVgOhOxahHXcHGAJhLsPu1jVYprChAiDnUQ&amp;oe=6356578D&quot;}\">\n\t\t\t<span class=\"sbi-screenreader\">\ud83d\udc77\ud83c\udffd\u200d\u2642\ufe0f\u2600\ufe0fESP \u2022 Trabajos de saneami<\/span>\n\t\t\t<svg class=\"svg-inline--fa fa-clone fa-w-16 sbi_lightbox_carousel_icon\" aria-hidden=\"true\" aria-label=\"Clone\" data-fa-pro\u0192cessed=\"\" data-prefix=\"far\" data-icon=\"clone\" role=\"img\" xmlns=\"http:\/\/www.w3.org\/2000\/svg\" viewBox=\"0 0 512 512\">\n                    <path fill=\"currentColor\" d=\"M464 0H144c-26.51 0-48 21.49-48 48v48H48c-26.51 0-48 21.49-48 48v320c0 26.51 21.49 48 48 48h320c26.51 0 48-21.49 48-48v-48h48c26.51 0 48-21.49 48-48V48c0-26.51-21.49-48-48-48zM362 464H54a6 6 0 0 1-6-6V150a6 6 0 0 1 6-6h42v224c0 26.51 21.49 48 48 48h224v42a6 6 0 0 1-6 6zm96-96H150a6 6 0 0 1-6-6V54a6 6 0 0 1 6-6h308a6 6 0 0 1 6 6v308a6 6 0 0 1-6 6z\"><\/path>\n                <\/svg>\t\t\t\t\t\t<img decoding=\"async\" src=\"http:\/\/www.imuntanya.com\/wp-content\/plugins\/instagram-feed\/img\/placeholder.png\" alt=\"\ud83d\udc77\ud83c\udffd\u200d\u2642\ufe0f\u2600\ufe0fESP \u2022 Trabajos de saneamiento de rocas inestables, instalaci\u00f3n de malla y cables de refuerzo en la  #playasocorro de #Tenerife . Ahora disfrutar de la arena volc\u00e1nica de esta preciosa \ud83c\udfdd! \n\n\ud83d\udc77\ud83c\udffc\u200d\u2642\ufe0f\u2600\ufe0fCAT \u2022 Treballs de #sanejamentblocsinestables i #estabilitzaciodetalussos en una platja d\u2019arena negra volc\u00e0nica a les Illes Can\u00e0ries.\n\n\ud83d\udc77\ud83c\udfff\u200d\u2642\ufe0f\u2600\ufe0fENG \u2022 In an amazing location of the #canarianislands our team worked hard to protect a well-known beach with #slopestabilization and #fallrockprotection\n\n#estabilizaciondetaludes #slopestability #esllavissada #estabilitzaciovessant #geotecniavertical #ropeaccess #treballsverticals #trabajosenaltura\" aria-hidden=\"true\">\n\t\t<\/a>\n\t<\/div>\n<\/div>\t<\/div>\n\n\t<div id=\"sbi_load\" >\n\n\t\n\t\n<\/div>\n\t\t<span class=\"sbi_resized_image_data\" data-feed-id=\"sbi_imuntanya#10\"\n\t\t  data-resized=\"{&quot;17902883606657620&quot;:{&quot;id&quot;:&quot;310458257_5309478662434491_59655211665029113_n&quot;,&quot;ratio&quot;:&quot;1.00&quot;,&quot;sizes&quot;:{&quot;full&quot;:640,&quot;low&quot;:320,&quot;thumb&quot;:150}},&quot;17986974163543139&quot;:{&quot;id&quot;:&quot;309165650_555070736377870_5231020589490189583_n&quot;,&quot;ratio&quot;:&quot;1.00&quot;,&quot;sizes&quot;:{&quot;full&quot;:640,&quot;low&quot;:320,&quot;thumb&quot;:150}},&quot;17967719959847253&quot;:{&quot;id&quot;:&quot;307772227_601077075060431_4838153233422742659_n&quot;,&quot;ratio&quot;:&quot;1.00&quot;,&quot;sizes&quot;:{&quot;full&quot;:640,&quot;low&quot;:320,&quot;thumb&quot;:150}},&quot;18026498311405897&quot;:{&quot;id&quot;:&quot;307309280_135898339159647_2351055287679535420_n&quot;,&quot;ratio&quot;:&quot;1.00&quot;,&quot;sizes&quot;:{&quot;full&quot;:640,&quot;low&quot;:320,&quot;thumb&quot;:150}},&quot;17967263863858521&quot;:{&quot;id&quot;:&quot;306520949_4943662745734406_7903246370543982266_n&quot;,&quot;ratio&quot;:&quot;1.00&quot;,&quot;sizes&quot;:{&quot;full&quot;:640,&quot;low&quot;:320,&quot;thumb&quot;:150}},&quot;17861741957789494&quot;:{&quot;id&quot;:&quot;305409637_481382483535505_1662132541209340558_n&quot;,&quot;ratio&quot;:&quot;1.00&quot;,&quot;sizes&quot;:{&quot;full&quot;:640,&quot;low&quot;:320,&quot;thumb&quot;:150}},&quot;17953651952067901&quot;:{&quot;id&quot;:&quot;301273989_478774703744764_4658379006958460692_n&quot;,&quot;ratio&quot;:&quot;1.00&quot;,&quot;sizes&quot;:{&quot;full&quot;:640,&quot;low&quot;:320,&quot;thumb&quot;:150}},&quot;18024344614422679&quot;:{&quot;id&quot;:&quot;311004773_411319697840741_1890376904453732176_n&quot;,&quot;ratio&quot;:&quot;1.00&quot;,&quot;sizes&quot;:{&quot;full&quot;:640,&quot;low&quot;:320,&quot;thumb&quot;:150}},&quot;18239822200130655&quot;:{&quot;id&quot;:&quot;309298859_859552341727988_3094135676533252408_n&quot;,&quot;ratio&quot;:&quot;0.56&quot;,&quot;sizes&quot;:{&quot;full&quot;:640,&quot;low&quot;:320,&quot;thumb&quot;:150}},&quot;18058497049343644&quot;:{&quot;id&quot;:&quot;312064931_432340502373906_8193819767404002975_n&quot;,&quot;ratio&quot;:&quot;1.00&quot;,&quot;sizes&quot;:{&quot;full&quot;:640,&quot;low&quot;:320,&quot;thumb&quot;:150}}}\">\n\t<\/span>\n\t<\/div>\n\n[\/et_pb_code][\/et_pb_column][\/et_pb_row][\/et_pb_section][et_pb_section fb_built=\u00a0\u00bb1&Prime; admin_label=\u00a0\u00bbQualitat i medi ambient\u00a0\u00bb module_id=\u00a0\u00bbqualitat-medi-ambient\u00a0\u00bb _builder_version=\u00a0\u00bb3.25.4&Prime; custom_margin=\u00a0\u00bb30px||30px\u00a0\u00bb locked=\u00a0\u00bboff\u00a0\u00bb collapsed=\u00a0\u00bboff\u00a0\u00bb][et_pb_row column_structure=\u00a0\u00bb1_2,1_2&Prime; _builder_version=\u00a0\u00bb3.25.4&Prime; background_size=\u00a0\u00bbinitial\u00a0\u00bb background_position=\u00a0\u00bbtop_left\u00a0\u00bb background_repeat=\u00a0\u00bbrepeat\u00a0\u00bb][et_pb_column type=\u00a0\u00bb1_2&Prime; _builder_version=\u00a0\u00bb3.0.47&Prime; custom_padding=\u00a0\u00bb|||\u00a0\u00bb custom_padding__hover=\u00a0\u00bb|||\u00a0\u00bb][\/et_pb_column][et_pb_column type=\u00a0\u00bb1_2&Prime; _builder_version=\u00a0\u00bb3.25.4&Prime;][et_pb_text _builder_version=\u00a0\u00bb4.4.5&Prime; text_font=\u00a0\u00bbRubik|300|||||||\u00a0\u00bb text_text_color=\u00a0\u00bb#999999&Prime; text_font_size=\u00a0\u00bb38px\u00a0\u00bb text_letter_spacing=\u00a0\u00bb2px\u00a0\u00bb background_layout=\u00a0\u00bbdark\u00a0\u00bb inline_fonts=\u00a0\u00bbRubik\u00a0\u00bb]Qualit\u00e9 et environnement[\/et_pb_text][\/et_pb_column][\/et_pb_row][et_pb_row column_structure=\u00a0\u00bb1_2,1_2&Prime; _builder_version=\u00a0\u00bb3.25.4&Prime; custom_margin=\u00a0\u00bb|||\u00a0\u00bb custom_padding=\u00a0\u00bb|||\u00a0\u00bb][et_pb_column type=\u00a0\u00bb1_2&Prime; _builder_version=\u00a0\u00bb3.25.4&Prime; custom_padding=\u00a0\u00bb|||\u00a0\u00bb custom_padding__hover=\u00a0\u00bb|||\u00a0\u00bb][et_pb_image src=\u00a0\u00bbhttp:\/\/www.imuntanya.com\/wp-content\/uploads\/2020\/09\/iMU_segellsCertificacions_xQUISOM_2.jpg\u00a0\u00bb title_text=\u00a0\u00bbiMU_segellsCertificacions_xQUISOM_2&Prime; _builder_version=\u00a0\u00bb4.4.5&Prime; custom_margin=\u00a0\u00bb-90px||||false|false\u00a0\u00bb][\/et_pb_image][\/et_pb_column][et_pb_column type=\u00a0\u00bb1_2&Prime; _builder_version=\u00a0\u00bb3.25.4&Prime; background_color=\u00a0\u00bbrgba(0,0,0,0)\u00a0\u00bb custom_padding=\u00a0\u00bb|||\u00a0\u00bb custom_padding__hover=\u00a0\u00bb|||\u00a0\u00bb][et_pb_text _builder_version=\u00a0\u00bb4.4.5&Prime; text_font=\u00a0\u00bbRubik||||||||\u00a0\u00bb text_line_height=\u00a0\u00bb24px\u00a0\u00bb]<\/p>\n<p class=\"p1\">Infraestructuras de Muntanya S.L. poss\u00e8de des certificats de syst\u00e8me de gestion de la qualit\u00e9 et de syst\u00e8me de gestion de l&rsquo;environnement conform\u00e9ment aux exigences des normes UNE-EN ISO 9001: 2015 et UNE-EN ISO 14001: 2015.<\/p>\n<p class=\"p1\">Pour les activit\u00e9s de ex\u00e9cution d\u2019ouvrages en zones de montagnes et\/ou difficiles d\u2019acc\u00e8s. Plus pr\u00e9cis\u00e9ment:<\/p>\n<ul class=\"ul1\">\n<li style=\"list-style-type: none;\">\n<ul class=\"ul1\">\n<li class=\"li1\">Installation de syst\u00e8mes actifs et passifs de protection contre les risques g\u00e9ologiques.<\/li>\n<li class=\"li1\">R\u00e9alisation de travaux sp\u00e9ciaux (adaptation et cr\u00e9ation de sentiers, restauration et installation d\u2019infrastructures).<\/li>\n<li class=\"li1\">Installation de ponts suspendus et passerelles.<\/li>\n<\/ul>\n<\/li>\n<\/ul>\n<p class=\"p1\">Si vous souhaitez plus d&rsquo;informations sur notre politique de qualit\u00e9 et environnementale ainsi que sur notre engagement environnemental, vous pouvez en faire la demande par e-mail <a href=\"mailto:imuntanya@imuntanya.com\"><span class=\"s1\">imuntanya@imuntanya.com<\/span><\/a><\/p>\n<p>[\/et_pb_text][\/et_pb_column][\/et_pb_row][\/et_pb_section][et_pb_section fb_built=\u00a0\u00bb1&Prime; admin_label=\u00a0\u00bbNuestras historia\u00a0\u00bb _builder_version=\u00a0\u00bb3.22&Prime; collapsed=\u00a0\u00bboff\u00a0\u00bb][et_pb_row _builder_version=\u00a0\u00bb3.25&Prime; background_size=\u00a0\u00bbinitial\u00a0\u00bb background_position=\u00a0\u00bbtop_left\u00a0\u00bb background_repeat=\u00a0\u00bbrepeat\u00a0\u00bb][et_pb_column type=\u00a0\u00bb4_4&Prime; _builder_version=\u00a0\u00bb3.0.47&Prime; custom_padding=\u00a0\u00bb|||\u00a0\u00bb custom_padding__hover=\u00a0\u00bb|||\u00a0\u00bb][et_pb_text _builder_version=\u00a0\u00bb3.27.4&Prime; text_font=\u00a0\u00bbRubik|300|||||||\u00a0\u00bb text_text_color=\u00a0\u00bb#999999&Prime; text_font_size=\u00a0\u00bb38px\u00a0\u00bb text_letter_spacing=\u00a0\u00bb2px\u00a0\u00bb background_layout=\u00a0\u00bbdark\u00a0\u00bb inline_fonts=\u00a0\u00bbRubik\u00a0\u00bb]Notre Histoire<br \/>\n[\/et_pb_text][\/et_pb_column][\/et_pb_row][et_pb_row column_structure=\u00a0\u00bb1_2,1_2&Prime; _builder_version=\u00a0\u00bb3.25&Prime; custom_margin=\u00a0\u00bb|||\u00a0\u00bb custom_padding=\u00a0\u00bb|||\u00a0\u00bb][et_pb_column type=\u00a0\u00bb1_2&Prime; _builder_version=\u00a0\u00bb3.0.47&Prime; custom_padding=\u00a0\u00bb|||\u00a0\u00bb custom_padding__hover=\u00a0\u00bb|||\u00a0\u00bb][et_pb_text _builder_version=\u00a0\u00bb4.4.5&Prime; text_font=\u00a0\u00bbRubik||||||||\u00a0\u00bb text_line_height=\u00a0\u00bb24px\u00a0\u00bb]<\/p>\n<h4><span style=\"color: #adca2f; line-height: 26px;\">En 2003, un groupe pluridisciplinaire de technicien a cr\u00e9\u00e9 Infraestructures de Muntanya S.L., iMuntanya. Des ing\u00e9nieurs des ponts et chauss\u00e9es, industrielles et g\u00e9ologues se sont unis pour r\u00e9pondre \u00e0 la demande de r\u00e9alisation de travaux dans des zones de haute montagne et difficiles d\u2019acc\u00e8s.<\/span><\/h4>\n<p>Pour effectuer ce type de projets, partenaires et employ\u00e9s se sont form\u00e9s en techniques de travail vertical et de perforation dans des zones difficiles d\u2019acc\u00e8s. D\u00e8s lors, les r\u00e9parations d\u2019installations en haute montagne, le montage d\u2019infrastructures dans les environnements naturels, les travaux de stabilisation du terrain et de r\u00e9cup\u00e9ration des chemins et sentiers ont \u00e9t\u00e9 des projets de iMuntanya.\u00a0 <\/p>\n<p>Nous n\u2019en sommes pas rest\u00e9s l\u00e0. L\u2019exp\u00e9rience acquise avec la disponibilit\u00e9 des machines et des connaissances nous ont conduits \u00e0 d\u00e9velopper notre propre produit, l\u00e9ger et facile \u00e0 transporter, mais qui requiert un montage sp\u00e9cialis\u00e9 : les ponts suspendus pour pi\u00e9tons et v\u00e9los.\u00a0 <\/p>\n<p>Nous sommes fiers de tout ce que nous avons construit. Avec ce produit, nous montrons notre admiration pour les cadres naturels avec des structures qui s\u2019int\u00e8grent dans l\u2019environnement et offrent une connexion entre les chemins, ouvrent des possibilit\u00e9s au tourisme rural et de montagne et rend les zones pour les grimpeurs et pour la randonn\u00e9e familiale accessibles. C\u2019est un patrimoine qui a une valeur maintenant et qui l\u2019aura \u00e0 l\u2019avenir.\u00a0 [\/et_pb_text][\/et_pb_column][et_pb_column type=\u00a0\u00bb1_2&Prime; _builder_version=\u00a0\u00bb3.0.47&Prime; custom_padding=\u00a0\u00bb|||\u00a0\u00bb custom_padding__hover=\u00a0\u00bb|||\u00a0\u00bb][et_pb_slider use_bg_overlay=\u00a0\u00bboff\u00a0\u00bb arrows_custom_color=\u00a0\u00bb#ffffff\u00a0\u00bb _builder_version=\u00a0\u00bb4.4.5&Prime; background_color=\u00a0\u00bbrgba(0,0,0,0)\u00a0\u00bb max_height=\u00a0\u00bb530px\u00a0\u00bb locked=\u00a0\u00bboff\u00a0\u00bb][et_pb_slide image=\u00a0\u00bbhttp:\/\/www.imuntanya.com\/wp-content\/uploads\/2021\/03\/iMu_2021_foto-equip-web_700x470.jpeg\u00a0\u00bb _builder_version=\u00a0\u00bb4.4.5&Prime;][\/et_pb_slide][et_pb_slide image=\u00a0\u00bbhttp:\/\/www.imuntanya.com\/wp-content\/uploads\/2020\/02\/1_2004-Barruera-Pont.jpg\u00a0\u00bb _builder_version=\u00a0\u00bb3.25.4&Prime;][\/et_pb_slide][et_pb_slide image=\u00a0\u00bbhttp:\/\/www.imuntanya.com\/wp-content\/uploads\/2020\/02\/2_2005-Boi-Reparacio-Esglesia.jpg\u00a0\u00bb _builder_version=\u00a0\u00bb3.25.4&Prime;][\/et_pb_slide][et_pb_slide image=\u00a0\u00bbhttp:\/\/www.imuntanya.com\/wp-content\/uploads\/2020\/02\/3_2007-Colomers-Depuradora.jpg\u00a0\u00bb _builder_version=\u00a0\u00bb3.25.4&Prime;][\/et_pb_slide][et_pb_slide image=\u00a0\u00bbhttp:\/\/www.imuntanya.com\/wp-content\/uploads\/2020\/02\/4_2009-Baro-Pont.jpg\u00a0\u00bb _builder_version=\u00a0\u00bb3.25.4&Prime;][\/et_pb_slide][et_pb_slide image=\u00a0\u00bbhttp:\/\/www.imuntanya.com\/wp-content\/uploads\/2020\/02\/5_2011-Eix-Estabilitzacio-Talus.jpg\u00a0\u00bb _builder_version=\u00a0\u00bb3.25.4&Prime;][\/et_pb_slide][et_pb_slide image=\u00a0\u00bbhttp:\/\/www.imuntanya.com\/wp-content\/uploads\/2020\/02\/6_2012-Neriolo-Reparacio-Presa.jpg\u00a0\u00bb _builder_version=\u00a0\u00bb3.25.4&Prime;][\/et_pb_slide][et_pb_slide image=\u00a0\u00bbhttp:\/\/www.imuntanya.com\/wp-content\/uploads\/2020\/02\/8_2018-Montserrat-Escales.jpg\u00a0\u00bb _builder_version=\u00a0\u00bb3.25.4&Prime;][\/et_pb_slide][et_pb_slide image=\u00a0\u00bbhttp:\/\/www.imuntanya.com\/wp-content\/uploads\/2020\/02\/9_2019-Maho-Estabilitzacio.jpg\u00a0\u00bb _builder_version=\u00a0\u00bb3.25.4&Prime;][\/et_pb_slide][et_pb_slide image=\u00a0\u00bbhttp:\/\/www.imuntanya.com\/wp-content\/uploads\/2020\/02\/9_2019-mequinensa-Estabilitzacio.jpg\u00a0\u00bb _builder_version=\u00a0\u00bb3.25.4&Prime;][\/et_pb_slide][\/et_pb_slider][\/et_pb_column][\/et_pb_row][\/et_pb_section]<\/p>\n","protected":false},"excerpt":{"rendered":"<p>Que faisons-nous? Infraestructures de Muntanya S.L. est une entreprise qui offre des solutions de\u00a0g\u00e9otechnie et r\u00e9alise des projets uniques dans des zones difficiles d\u2019acc\u00e8s et en haute montagne. Nous sommes experts en\u00a0passerelles suspenduesprincipalement pour les pi\u00e9tons et v\u00e9los.\n<div id=\"sb_instagram\"  class=\"sbi sbi_mob_col_1 sbi_tab_col_2 sbi_col_10\" style=\"padding-bottom: 10px; width: 100%;\"\t data-feedid=\"sbi_imuntanya#10\"  data-res=\"auto\" data-cols=\"10\" data-colsmobile=\"1\" data-colstablet=\"2\" data-num=\"10\" data-nummobile=\"\" data-item-padding=\"5\"\t data-shortcode-atts=\"{}\"  data-postid=\"1527\" data-locatornonce=\"a3fa3f46db\" data-imageaspectratio=\"1:1\" data-sbi-flags=\"favorLocal\">\n\t<div class=\"sb_instagram_header \"   >\n\t<a class=\"sbi_header_link\" target=\"_blank\"\n\t   rel=\"nofollow noopener\" href=\"https:\/\/www.instagram.com\/imuntanya\/\" title=\"@imuntanya\">\n\t\t<div class=\"sbi_header_text sbi_no_bio\">\n\t\t\t<div class=\"sbi_header_img\"  data-avatar-url=\"https:\/\/scontent-ecv1-1.xx.fbcdn.net\/v\/t51.2885-15\/40034194_289400928338211_8685855471011102720_n.jpg?_nc_cat=103&amp;ccb=1-7&amp;_nc_sid=86c713&amp;_nc_ohc=N7vjGdOcRmkAX-lekFV&amp;_nc_ht=scontent-ecv1-1.xx&amp;edm=AL-3X8kEAAAA&amp;oh=00_AT_1oDmE9Z8CFkXSS2TZJf3W8roWIg5rG0DMFKD0x7CRaA&amp;oe=635741FC\">\n\t\t\t\t\t\t\t\t\t<div class=\"sbi_header_img_hover\"  ><svg class=\"sbi_new_logo fa-instagram fa-w-14\" aria-hidden=\"true\" data-fa-processed=\"\" aria-label=\"Instagram\" data-prefix=\"fab\" data-icon=\"instagram\" role=\"img\" viewBox=\"0 0 448 512\">\n                    <path fill=\"currentColor\" d=\"M224.1 141c-63.6 0-114.9 51.3-114.9 114.9s51.3 114.9 114.9 114.9S339 319.5 339 255.9 287.7 141 224.1 141zm0 189.6c-41.1 0-74.7-33.5-74.7-74.7s33.5-74.7 74.7-74.7 74.7 33.5 74.7 74.7-33.6 74.7-74.7 74.7zm146.4-194.3c0 14.9-12 26.8-26.8 26.8-14.9 0-26.8-12-26.8-26.8s12-26.8 26.8-26.8 26.8 12 26.8 26.8zm76.1 27.2c-1.7-35.9-9.9-67.7-36.2-93.9-26.2-26.2-58-34.4-93.9-36.2-37-2.1-147.9-2.1-184.9 0-35.8 1.7-67.6 9.9-93.9 36.1s-34.4 58-36.2 93.9c-2.1 37-2.1 147.9 0 184.9 1.7 35.9 9.9 67.7 36.2 93.9s58 34.4 93.9 36.2c37 2.1 147.9 2.1 184.9 0 35.9-1.7 67.7-9.9 93.9-36.2 26.2-26.2 34.4-58 36.2-93.9 2.1-37 2.1-147.8 0-184.8zM398.8 388c-7.8 19.6-22.9 34.7-42.6 42.6-29.5 11.7-99.5 9-132.1 9s-102.7 2.6-132.1-9c-19.6-7.8-34.7-22.9-42.6-42.6-11.7-29.5-9-99.5-9-132.1s-2.6-102.7 9-132.1c7.8-19.6 22.9-34.7 42.6-42.6 29.5-11.7 99.5-9 132.1-9s102.7-2.6 132.1 9c19.6 7.8 34.7 22.9 42.6 42.6 11.7 29.5 9 99.5 9 132.1s2.7 102.7-9 132.1z\"><\/path>\n                <\/svg><\/div>\n\t\t\t\t\t<img loading=\"lazy\" decoding=\"async\"  src=\"http:\/\/www.imuntanya.com\/wp-content\/uploads\/sb-instagram-feed-images\/imuntanya.jpg\" alt=\"\" width=\"50\" height=\"50\">\n\t\t\t\t\n\t\t\t\t\t\t\t<\/div>\n\n\t\t\t<div class=\"sbi_feedtheme_header_text\">\n\t\t\t\t<h3>imuntanya<\/h3>\n\t\t\t\t\t\t\t<\/div>\n\t\t<\/div>\n\t<\/a>\n<\/div>\n\n\t<div id=\"sbi_images\"  style=\"gap: 10px;\">\n\t\t<div class=\"sbi_item sbi_type_carousel sbi_new sbi_transition\"\n\tid=\"sbi_18058497049343644\" data-date=\"1666222514\">\n\t<div class=\"sbi_photo_wrap\">\n\t\t<a class=\"sbi_photo\" href=\"https:\/\/www.instagram.com\/p\/Cj6feQoBWXk\/\" target=\"_blank\" rel=\"noopener nofollow\"\n\t\t\tdata-full-res=\"https:\/\/scontent-ecv1-1.cdninstagram.com\/v\/t51.29350-15\/312064931_432340502373906_8193819767404002975_n.jpg?_nc_cat=108&#038;ccb=1-7&#038;_nc_sid=8ae9d6&#038;_nc_ohc=qcbCz89N0BIAX9V0MWP&#038;_nc_oc=AQkaJrrjk0fMteL7u5DnmaRQuzGNbFx8h34nsqWPPI5HkHxquSElB5gawTYMLO9osl8&#038;_nc_ht=scontent-ecv1-1.cdninstagram.com&#038;edm=AM6HXa8EAAAA&#038;oh=00_AT8Owm5QvCNRYqXuDNTMsEOs9ts66qvbHqGXjRHZ6p2efw&#038;oe=6356FA8C\"\n\t\t\tdata-img-src-set=\"{&quot;d&quot;:&quot;https:\\\/\\\/scontent-ecv1-1.cdninstagram.com\\\/v\\\/t51.29350-15\\\/312064931_432340502373906_8193819767404002975_n.jpg?_nc_cat=108&amp;ccb=1-7&amp;_nc_sid=8ae9d6&amp;_nc_ohc=qcbCz89N0BIAX9V0MWP&amp;_nc_oc=AQkaJrrjk0fMteL7u5DnmaRQuzGNbFx8h34nsqWPPI5HkHxquSElB5gawTYMLO9osl8&amp;_nc_ht=scontent-ecv1-1.cdninstagram.com&amp;edm=AM6HXa8EAAAA&amp;oh=00_AT8Owm5QvCNRYqXuDNTMsEOs9ts66qvbHqGXjRHZ6p2efw&amp;oe=6356FA8C&quot;,&quot;150&quot;:&quot;https:\\\/\\\/scontent-ecv1-1.cdninstagram.com\\\/v\\\/t51.29350-15\\\/312064931_432340502373906_8193819767404002975_n.jpg?_nc_cat=108&amp;ccb=1-7&amp;_nc_sid=8ae9d6&amp;_nc_ohc=qcbCz89N0BIAX9V0MWP&amp;_nc_oc=AQkaJrrjk0fMteL7u5DnmaRQuzGNbFx8h34nsqWPPI5HkHxquSElB5gawTYMLO9osl8&amp;_nc_ht=scontent-ecv1-1.cdninstagram.com&amp;edm=AM6HXa8EAAAA&amp;oh=00_AT8Owm5QvCNRYqXuDNTMsEOs9ts66qvbHqGXjRHZ6p2efw&amp;oe=6356FA8C&quot;,&quot;320&quot;:&quot;https:\\\/\\\/scontent-ecv1-1.cdninstagram.com\\\/v\\\/t51.29350-15\\\/312064931_432340502373906_8193819767404002975_n.jpg?_nc_cat=108&amp;ccb=1-7&amp;_nc_sid=8ae9d6&amp;_nc_ohc=qcbCz89N0BIAX9V0MWP&amp;_nc_oc=AQkaJrrjk0fMteL7u5DnmaRQuzGNbFx8h34nsqWPPI5HkHxquSElB5gawTYMLO9osl8&amp;_nc_ht=scontent-ecv1-1.cdninstagram.com&amp;edm=AM6HXa8EAAAA&amp;oh=00_AT8Owm5QvCNRYqXuDNTMsEOs9ts66qvbHqGXjRHZ6p2efw&amp;oe=6356FA8C&quot;,&quot;640&quot;:&quot;https:\\\/\\\/scontent-ecv1-1.cdninstagram.com\\\/v\\\/t51.29350-15\\\/312064931_432340502373906_8193819767404002975_n.jpg?_nc_cat=108&amp;ccb=1-7&amp;_nc_sid=8ae9d6&amp;_nc_ohc=qcbCz89N0BIAX9V0MWP&amp;_nc_oc=AQkaJrrjk0fMteL7u5DnmaRQuzGNbFx8h34nsqWPPI5HkHxquSElB5gawTYMLO9osl8&amp;_nc_ht=scontent-ecv1-1.cdninstagram.com&amp;edm=AM6HXa8EAAAA&amp;oh=00_AT8Owm5QvCNRYqXuDNTMsEOs9ts66qvbHqGXjRHZ6p2efw&amp;oe=6356FA8C&quot;}\">\n\t\t\t<span class=\"sbi-screenreader\">\ud83c\udff0 CAT \u2022 Inici dels treballs d\u2019adequaci\u00f3 i <\/span>\n\t\t\t<svg class=\"svg-inline--fa fa-clone fa-w-16 sbi_lightbox_carousel_icon\" aria-hidden=\"true\" aria-label=\"Clone\" data-fa-pro\u0192cessed=\"\" data-prefix=\"far\" data-icon=\"clone\" role=\"img\" xmlns=\"http:\/\/www.w3.org\/2000\/svg\" viewBox=\"0 0 512 512\">\n                    <path fill=\"currentColor\" d=\"M464 0H144c-26.51 0-48 21.49-48 48v48H48c-26.51 0-48 21.49-48 48v320c0 26.51 21.49 48 48 48h320c26.51 0 48-21.49 48-48v-48h48c26.51 0 48-21.49 48-48V48c0-26.51-21.49-48-48-48zM362 464H54a6 6 0 0 1-6-6V150a6 6 0 0 1 6-6h42v224c0 26.51 21.49 48 48 48h224v42a6 6 0 0 1-6 6zm96-96H150a6 6 0 0 1-6-6V54a6 6 0 0 1 6-6h308a6 6 0 0 1 6 6v308a6 6 0 0 1-6 6z\"><\/path>\n                <\/svg>\t\t\t\t\t\t<img decoding=\"async\" src=\"http:\/\/www.imuntanya.com\/wp-content\/plugins\/instagram-feed\/img\/placeholder.png\" alt=\"\ud83c\udff0 CAT \u2022 Inici dels treballs d\u2019adequaci\u00f3 i millora de l\u2019accessibilitat a la part alta del #castell d\u2019#Aitona. Posteriorment, s&#039;hi instal\u00b7lar\u00e0 una passarel\u00b7la i escales al mirador, des d\u2019on es podr\u00e0 observar la fortalesa i gaudir a la primavera de l\u2019espectacle dels arbres en flor, una de les propostes de @fruiturisme . \n\nAquest monument est\u00e0 catalogat com a #BCIN (b\u00e9 cultural d\u2019inter\u00e8s nacional). \n\n\ud83c\udff0 ESP \u2022 Inicio de los trabajos para dar de accesibilidad el mirador del #castellaitona en la provincia de Lleida. Este monumento est\u00e1 catalogado y permitir\u00e1 acceder a vistas espectaculares durante la floraci\u00f3n de los \u00e1rboles. \n\n\ud83c\udff0 ENG \u2022 Working on #culturalheritage , making this castle accesible with a walkway to a balcony to beautiful views of flourished fruit trees in Spring. \n\n#proteccionpatrimoniocultural #bensculturalsinteresnacional #bensculturalsdinteresnacional\" aria-hidden=\"true\">\n\t\t<\/a>\n\t<\/div>\n<\/div><div class=\"sbi_item sbi_type_video sbi_new sbi_transition\"\n\tid=\"sbi_18239822200130655\" data-date=\"1666054636\">\n\t<div class=\"sbi_photo_wrap\">\n\t\t<a class=\"sbi_photo\" href=\"https:\/\/www.instagram.com\/reel\/Cj1fGsWPbrG\/\" target=\"_blank\" rel=\"noopener nofollow\"\n\t\t\tdata-full-res=\"https:\/\/scontent-ecv1-1.cdninstagram.com\/v\/t51.29350-15\/309298859_859552341727988_3094135676533252408_n.jpg?_nc_cat=101&#038;ccb=1-7&#038;_nc_sid=8ae9d6&#038;_nc_ohc=kqqRf_oB-AMAX-rhuma&#038;_nc_ht=scontent-ecv1-1.cdninstagram.com&#038;edm=AM6HXa8EAAAA&#038;oh=00_AT8AumoK-AgB-hYvdtO_mAl5ZPwEgU9_5lNSh8RNVhhQhA&#038;oe=6356B5AC\"\n\t\t\tdata-img-src-set=\"{&quot;d&quot;:&quot;https:\\\/\\\/scontent-ecv1-1.cdninstagram.com\\\/v\\\/t51.29350-15\\\/309298859_859552341727988_3094135676533252408_n.jpg?_nc_cat=101&amp;ccb=1-7&amp;_nc_sid=8ae9d6&amp;_nc_ohc=kqqRf_oB-AMAX-rhuma&amp;_nc_ht=scontent-ecv1-1.cdninstagram.com&amp;edm=AM6HXa8EAAAA&amp;oh=00_AT8AumoK-AgB-hYvdtO_mAl5ZPwEgU9_5lNSh8RNVhhQhA&amp;oe=6356B5AC&quot;,&quot;150&quot;:&quot;https:\\\/\\\/scontent-ecv1-1.cdninstagram.com\\\/v\\\/t51.29350-15\\\/309298859_859552341727988_3094135676533252408_n.jpg?_nc_cat=101&amp;ccb=1-7&amp;_nc_sid=8ae9d6&amp;_nc_ohc=kqqRf_oB-AMAX-rhuma&amp;_nc_ht=scontent-ecv1-1.cdninstagram.com&amp;edm=AM6HXa8EAAAA&amp;oh=00_AT8AumoK-AgB-hYvdtO_mAl5ZPwEgU9_5lNSh8RNVhhQhA&amp;oe=6356B5AC&quot;,&quot;320&quot;:&quot;https:\\\/\\\/scontent-ecv1-1.cdninstagram.com\\\/v\\\/t51.29350-15\\\/309298859_859552341727988_3094135676533252408_n.jpg?_nc_cat=101&amp;ccb=1-7&amp;_nc_sid=8ae9d6&amp;_nc_ohc=kqqRf_oB-AMAX-rhuma&amp;_nc_ht=scontent-ecv1-1.cdninstagram.com&amp;edm=AM6HXa8EAAAA&amp;oh=00_AT8AumoK-AgB-hYvdtO_mAl5ZPwEgU9_5lNSh8RNVhhQhA&amp;oe=6356B5AC&quot;,&quot;640&quot;:&quot;https:\\\/\\\/scontent-ecv1-1.cdninstagram.com\\\/v\\\/t51.29350-15\\\/309298859_859552341727988_3094135676533252408_n.jpg?_nc_cat=101&amp;ccb=1-7&amp;_nc_sid=8ae9d6&amp;_nc_ohc=kqqRf_oB-AMAX-rhuma&amp;_nc_ht=scontent-ecv1-1.cdninstagram.com&amp;edm=AM6HXa8EAAAA&amp;oh=00_AT8AumoK-AgB-hYvdtO_mAl5ZPwEgU9_5lNSh8RNVhhQhA&amp;oe=6356B5AC&quot;}\">\n\t\t\t<span class=\"sbi-screenreader\">\ud83d\udc77\ud83c\udffc\u200d\u2642\ufe0f\ud83d\udc77\u200d\u2642\ufe0f Buscamos operarios <\/span>\n\t\t\t\t\t\t<svg style=\"color: rgba(255,255,255,1)\" class=\"svg-inline--fa fa-play fa-w-14 sbi_playbtn\" aria-label=\"Play\" aria-hidden=\"true\" data-fa-processed=\"\" data-prefix=\"fa\" data-icon=\"play\" role=\"presentation\" xmlns=\"http:\/\/www.w3.org\/2000\/svg\" viewBox=\"0 0 448 512\"><path fill=\"currentColor\" d=\"M424.4 214.7L72.4 6.6C43.8-10.3 0 6.1 0 47.9V464c0 37.5 40.7 60.1 72.4 41.3l352-208c31.4-18.5 31.5-64.1 0-82.6z\"><\/path><\/svg>\t\t\t<img decoding=\"async\" src=\"http:\/\/www.imuntanya.com\/wp-content\/plugins\/instagram-feed\/img\/placeholder.png\" alt=\"\ud83d\udc77\ud83c\udffc\u200d\u2642\ufe0f\ud83d\udc77\u200d\u2642\ufe0f Buscamos operarios de obra! Para m\u00e1s informaci\u00f3n, contactad con nosotros: imuntanya@imuntanya.com \n\n\ud83d\udc77\ud83c\udffd\u200d\u2642\ufe0f\ud83d\udc77\ud83c\udffb\u200d\u2642\ufe0fCerquem operaris d\u2019obra amb formaci\u00f3 en treballs verticals, amb disponibilitat per a viatjar a nivell nacional. Treballs diversos en entorns naturals i obres de valor patrimonial, talussos i t\u00fanels. M\u00e9s informaci\u00f3 contacteu amb nosaltres a: imuntanya@imuntanya.com\n\n#ofertafeina #operariosdeobra #operarisdeobra #ofertatrabajo #treballsverticals #trabajosenaltura\" aria-hidden=\"true\">\n\t\t<\/a>\n\t<\/div>\n<\/div><div class=\"sbi_item sbi_type_carousel sbi_new sbi_transition\"\n\tid=\"sbi_18024344614422679\" data-date=\"1665448068\">\n\t<div class=\"sbi_photo_wrap\">\n\t\t<a class=\"sbi_photo\" href=\"https:\/\/www.instagram.com\/p\/CjjaVcdvFqP\/\" target=\"_blank\" rel=\"noopener nofollow\"\n\t\t\tdata-full-res=\"https:\/\/scontent-ecv1-1.cdninstagram.com\/v\/t51.29350-15\/311004773_411319697840741_1890376904453732176_n.jpg?_nc_cat=102&#038;ccb=1-7&#038;_nc_sid=8ae9d6&#038;_nc_ohc=ZMGp-jaKHBUAX--Ujeh&#038;_nc_oc=AQkokF8Q6UG40tqdFZjqKWsI8pue9ugqOJTnoS0kM_T_p3mZHC2xP_okNLJlJnC2s-Q&#038;_nc_ht=scontent-ecv1-1.cdninstagram.com&#038;edm=AM6HXa8EAAAA&#038;oh=00_AT-_eJfDgtMRA8HOs6b1HWu63Rt39ZlQ3Z2q_3h21kS5kQ&#038;oe=635722B8\"\n\t\t\tdata-img-src-set=\"{&quot;d&quot;:&quot;https:\\\/\\\/scontent-ecv1-1.cdninstagram.com\\\/v\\\/t51.29350-15\\\/311004773_411319697840741_1890376904453732176_n.jpg?_nc_cat=102&amp;ccb=1-7&amp;_nc_sid=8ae9d6&amp;_nc_ohc=ZMGp-jaKHBUAX--Ujeh&amp;_nc_oc=AQkokF8Q6UG40tqdFZjqKWsI8pue9ugqOJTnoS0kM_T_p3mZHC2xP_okNLJlJnC2s-Q&amp;_nc_ht=scontent-ecv1-1.cdninstagram.com&amp;edm=AM6HXa8EAAAA&amp;oh=00_AT-_eJfDgtMRA8HOs6b1HWu63Rt39ZlQ3Z2q_3h21kS5kQ&amp;oe=635722B8&quot;,&quot;150&quot;:&quot;https:\\\/\\\/scontent-ecv1-1.cdninstagram.com\\\/v\\\/t51.29350-15\\\/311004773_411319697840741_1890376904453732176_n.jpg?_nc_cat=102&amp;ccb=1-7&amp;_nc_sid=8ae9d6&amp;_nc_ohc=ZMGp-jaKHBUAX--Ujeh&amp;_nc_oc=AQkokF8Q6UG40tqdFZjqKWsI8pue9ugqOJTnoS0kM_T_p3mZHC2xP_okNLJlJnC2s-Q&amp;_nc_ht=scontent-ecv1-1.cdninstagram.com&amp;edm=AM6HXa8EAAAA&amp;oh=00_AT-_eJfDgtMRA8HOs6b1HWu63Rt39ZlQ3Z2q_3h21kS5kQ&amp;oe=635722B8&quot;,&quot;320&quot;:&quot;https:\\\/\\\/scontent-ecv1-1.cdninstagram.com\\\/v\\\/t51.29350-15\\\/311004773_411319697840741_1890376904453732176_n.jpg?_nc_cat=102&amp;ccb=1-7&amp;_nc_sid=8ae9d6&amp;_nc_ohc=ZMGp-jaKHBUAX--Ujeh&amp;_nc_oc=AQkokF8Q6UG40tqdFZjqKWsI8pue9ugqOJTnoS0kM_T_p3mZHC2xP_okNLJlJnC2s-Q&amp;_nc_ht=scontent-ecv1-1.cdninstagram.com&amp;edm=AM6HXa8EAAAA&amp;oh=00_AT-_eJfDgtMRA8HOs6b1HWu63Rt39ZlQ3Z2q_3h21kS5kQ&amp;oe=635722B8&quot;,&quot;640&quot;:&quot;https:\\\/\\\/scontent-ecv1-1.cdninstagram.com\\\/v\\\/t51.29350-15\\\/311004773_411319697840741_1890376904453732176_n.jpg?_nc_cat=102&amp;ccb=1-7&amp;_nc_sid=8ae9d6&amp;_nc_ohc=ZMGp-jaKHBUAX--Ujeh&amp;_nc_oc=AQkokF8Q6UG40tqdFZjqKWsI8pue9ugqOJTnoS0kM_T_p3mZHC2xP_okNLJlJnC2s-Q&amp;_nc_ht=scontent-ecv1-1.cdninstagram.com&amp;edm=AM6HXa8EAAAA&amp;oh=00_AT-_eJfDgtMRA8HOs6b1HWu63Rt39ZlQ3Z2q_3h21kS5kQ&amp;oe=635722B8&quot;}\">\n\t\t\t<span class=\"sbi-screenreader\">\ud83c\udfd7FR \u2022 La derni\u00e8re partie du montage du #pont<\/span>\n\t\t\t<svg class=\"svg-inline--fa fa-clone fa-w-16 sbi_lightbox_carousel_icon\" aria-hidden=\"true\" aria-label=\"Clone\" data-fa-pro\u0192cessed=\"\" data-prefix=\"far\" data-icon=\"clone\" role=\"img\" xmlns=\"http:\/\/www.w3.org\/2000\/svg\" viewBox=\"0 0 512 512\">\n                    <path fill=\"currentColor\" d=\"M464 0H144c-26.51 0-48 21.49-48 48v48H48c-26.51 0-48 21.49-48 48v320c0 26.51 21.49 48 48 48h320c26.51 0 48-21.49 48-48v-48h48c26.51 0 48-21.49 48-48V48c0-26.51-21.49-48-48-48zM362 464H54a6 6 0 0 1-6-6V150a6 6 0 0 1 6-6h42v224c0 26.51 21.49 48 48 48h224v42a6 6 0 0 1-6 6zm96-96H150a6 6 0 0 1-6-6V54a6 6 0 0 1 6-6h308a6 6 0 0 1 6 6v308a6 6 0 0 1-6 6z\"><\/path>\n                <\/svg>\t\t\t\t\t\t<img decoding=\"async\" src=\"http:\/\/www.imuntanya.com\/wp-content\/plugins\/instagram-feed\/img\/placeholder.png\" alt=\"\ud83c\udfd7FR \u2022 La derni\u00e8re partie du montage du #pontahaubans de l&#039;\u00eele de l&#039;Oiselay commence dans la ville fran\u00e7aise de #Sorgues, en r\u00e9gion Provence-Alpes-C\u00f4te d&#039;Azur.\n\n\ud83c\udfd7CAT \u2022 Comen\u00e7a la part final del muntatge del #pontatirantat de l&#039;illa de l&#039;Oiselay a la localitat francesa Sorgues, a la regi\u00f3 Provence-Alpes-C\u00f4te d&#039;Azur.\n\n\ud83c\udfd7ESP \u2022 Empieza la parte final montaje del #puenteatirantado en la localidad francesa Sorgues, en la regi\u00f3n Provenza - Alpes - Costa Azul.\n\n\ud83c\udfd7 ENG \u2022 It\u2019s the last and most beautiful part\u2026 when you get to see a #footbridge like this one put together. Is happening near Avi\u00f1\u00f3n, in France.\n\n#pontsuspendu #puentecolgante #puentescolgantes #pontspenjants #geotecniavertical #passerelledusorgues #passerellehimalayene #suspendedwalkway\" aria-hidden=\"true\">\n\t\t<\/a>\n\t<\/div>\n<\/div><div class=\"sbi_item sbi_type_carousel sbi_new sbi_transition\"\n\tid=\"sbi_17902883606657620\" data-date=\"1665011409\">\n\t<div class=\"sbi_photo_wrap\">\n\t\t<a class=\"sbi_photo\" href=\"https:\/\/www.instagram.com\/p\/CjWZeU1POEb\/\" target=\"_blank\" rel=\"noopener nofollow\"\n\t\t\tdata-full-res=\"https:\/\/scontent-ecv1-1.cdninstagram.com\/v\/t51.29350-15\/310458257_5309478662434491_59655211665029113_n.jpg?_nc_cat=104&#038;ccb=1-7&#038;_nc_sid=8ae9d6&#038;_nc_ohc=lelbbRQiSvkAX88DYT_&#038;_nc_ht=scontent-ecv1-1.cdninstagram.com&#038;edm=AM6HXa8EAAAA&#038;oh=00_AT9PZ2xNrxkX3qnm4p9Epi9OlvWsqexQ51lT0t9_f23zjQ&#038;oe=6355F093\"\n\t\t\tdata-img-src-set=\"{&quot;d&quot;:&quot;https:\\\/\\\/scontent-ecv1-1.cdninstagram.com\\\/v\\\/t51.29350-15\\\/310458257_5309478662434491_59655211665029113_n.jpg?_nc_cat=104&amp;ccb=1-7&amp;_nc_sid=8ae9d6&amp;_nc_ohc=lelbbRQiSvkAX88DYT_&amp;_nc_ht=scontent-ecv1-1.cdninstagram.com&amp;edm=AM6HXa8EAAAA&amp;oh=00_AT9PZ2xNrxkX3qnm4p9Epi9OlvWsqexQ51lT0t9_f23zjQ&amp;oe=6355F093&quot;,&quot;150&quot;:&quot;https:\\\/\\\/scontent-ecv1-1.cdninstagram.com\\\/v\\\/t51.29350-15\\\/310458257_5309478662434491_59655211665029113_n.jpg?_nc_cat=104&amp;ccb=1-7&amp;_nc_sid=8ae9d6&amp;_nc_ohc=lelbbRQiSvkAX88DYT_&amp;_nc_ht=scontent-ecv1-1.cdninstagram.com&amp;edm=AM6HXa8EAAAA&amp;oh=00_AT9PZ2xNrxkX3qnm4p9Epi9OlvWsqexQ51lT0t9_f23zjQ&amp;oe=6355F093&quot;,&quot;320&quot;:&quot;https:\\\/\\\/scontent-ecv1-1.cdninstagram.com\\\/v\\\/t51.29350-15\\\/310458257_5309478662434491_59655211665029113_n.jpg?_nc_cat=104&amp;ccb=1-7&amp;_nc_sid=8ae9d6&amp;_nc_ohc=lelbbRQiSvkAX88DYT_&amp;_nc_ht=scontent-ecv1-1.cdninstagram.com&amp;edm=AM6HXa8EAAAA&amp;oh=00_AT9PZ2xNrxkX3qnm4p9Epi9OlvWsqexQ51lT0t9_f23zjQ&amp;oe=6355F093&quot;,&quot;640&quot;:&quot;https:\\\/\\\/scontent-ecv1-1.cdninstagram.com\\\/v\\\/t51.29350-15\\\/310458257_5309478662434491_59655211665029113_n.jpg?_nc_cat=104&amp;ccb=1-7&amp;_nc_sid=8ae9d6&amp;_nc_ohc=lelbbRQiSvkAX88DYT_&amp;_nc_ht=scontent-ecv1-1.cdninstagram.com&amp;edm=AM6HXa8EAAAA&amp;oh=00_AT9PZ2xNrxkX3qnm4p9Epi9OlvWsqexQ51lT0t9_f23zjQ&amp;oe=6355F093&quot;}\">\n\t\t\t<span class=\"sbi-screenreader\">\ud83d\udea7ESP \u2022 Antes y despu\u00e9s, de un lado y del otr<\/span>\n\t\t\t<svg class=\"svg-inline--fa fa-clone fa-w-16 sbi_lightbox_carousel_icon\" aria-hidden=\"true\" aria-label=\"Clone\" data-fa-pro\u0192cessed=\"\" data-prefix=\"far\" data-icon=\"clone\" role=\"img\" xmlns=\"http:\/\/www.w3.org\/2000\/svg\" viewBox=\"0 0 512 512\">\n                    <path fill=\"currentColor\" d=\"M464 0H144c-26.51 0-48 21.49-48 48v48H48c-26.51 0-48 21.49-48 48v320c0 26.51 21.49 48 48 48h320c26.51 0 48-21.49 48-48v-48h48c26.51 0 48-21.49 48-48V48c0-26.51-21.49-48-48-48zM362 464H54a6 6 0 0 1-6-6V150a6 6 0 0 1 6-6h42v224c0 26.51 21.49 48 48 48h224v42a6 6 0 0 1-6 6zm96-96H150a6 6 0 0 1-6-6V54a6 6 0 0 1 6-6h308a6 6 0 0 1 6 6v308a6 6 0 0 1-6 6z\"><\/path>\n                <\/svg>\t\t\t\t\t\t<img decoding=\"async\" src=\"http:\/\/www.imuntanya.com\/wp-content\/plugins\/instagram-feed\/img\/placeholder.png\" alt=\"\ud83d\udea7ESP \u2022 Antes y despu\u00e9s, de un lado y del otro, las cimentaciones de un #puentecolgante que estamos construyendo en #jubrique, M\u00e1laga.\n\n\ud83d\udea7CAT\u2022 Abans i despr\u00e9s, d\u2019un cant\u00f3 i de l\u2019altre, les fonamentacions d\u2019un #pontpenjant que estem construint a Jubrique, M\u00e0laga.\n\n\ud83d\udea7 ENG \u2022 Foundations of a future #footbridge we\u2019re building in the beautiful region of #Malaga, south of Spain. \n\n#walkway #pedestrianbridge #passarelasuspesa #pasarelapeatonal #suspendedwalkway #puentescolgantes\" aria-hidden=\"true\">\n\t\t<\/a>\n\t<\/div>\n<\/div><div class=\"sbi_item sbi_type_carousel sbi_new sbi_transition\"\n\tid=\"sbi_17986974163543139\" data-date=\"1664522451\">\n\t<div class=\"sbi_photo_wrap\">\n\t\t<a class=\"sbi_photo\" href=\"https:\/\/www.instagram.com\/p\/CjH03E3LNMV\/\" target=\"_blank\" rel=\"noopener nofollow\"\n\t\t\tdata-full-res=\"https:\/\/scontent-ecv1-1.cdninstagram.com\/v\/t51.29350-15\/309165650_555070736377870_5231020589490189583_n.jpg?_nc_cat=101&#038;ccb=1-7&#038;_nc_sid=8ae9d6&#038;_nc_ohc=e8CaZw1KOdEAX-Uj2U8&#038;_nc_ht=scontent-ecv1-1.cdninstagram.com&#038;edm=AM6HXa8EAAAA&#038;oh=00_AT_oMT5Db6YGc28ZlInDvFOaI8SiGFpWszsWEDwNVn2K8Q&#038;oe=63561DE6\"\n\t\t\tdata-img-src-set=\"{&quot;d&quot;:&quot;https:\\\/\\\/scontent-ecv1-1.cdninstagram.com\\\/v\\\/t51.29350-15\\\/309165650_555070736377870_5231020589490189583_n.jpg?_nc_cat=101&amp;ccb=1-7&amp;_nc_sid=8ae9d6&amp;_nc_ohc=e8CaZw1KOdEAX-Uj2U8&amp;_nc_ht=scontent-ecv1-1.cdninstagram.com&amp;edm=AM6HXa8EAAAA&amp;oh=00_AT_oMT5Db6YGc28ZlInDvFOaI8SiGFpWszsWEDwNVn2K8Q&amp;oe=63561DE6&quot;,&quot;150&quot;:&quot;https:\\\/\\\/scontent-ecv1-1.cdninstagram.com\\\/v\\\/t51.29350-15\\\/309165650_555070736377870_5231020589490189583_n.jpg?_nc_cat=101&amp;ccb=1-7&amp;_nc_sid=8ae9d6&amp;_nc_ohc=e8CaZw1KOdEAX-Uj2U8&amp;_nc_ht=scontent-ecv1-1.cdninstagram.com&amp;edm=AM6HXa8EAAAA&amp;oh=00_AT_oMT5Db6YGc28ZlInDvFOaI8SiGFpWszsWEDwNVn2K8Q&amp;oe=63561DE6&quot;,&quot;320&quot;:&quot;https:\\\/\\\/scontent-ecv1-1.cdninstagram.com\\\/v\\\/t51.29350-15\\\/309165650_555070736377870_5231020589490189583_n.jpg?_nc_cat=101&amp;ccb=1-7&amp;_nc_sid=8ae9d6&amp;_nc_ohc=e8CaZw1KOdEAX-Uj2U8&amp;_nc_ht=scontent-ecv1-1.cdninstagram.com&amp;edm=AM6HXa8EAAAA&amp;oh=00_AT_oMT5Db6YGc28ZlInDvFOaI8SiGFpWszsWEDwNVn2K8Q&amp;oe=63561DE6&quot;,&quot;640&quot;:&quot;https:\\\/\\\/scontent-ecv1-1.cdninstagram.com\\\/v\\\/t51.29350-15\\\/309165650_555070736377870_5231020589490189583_n.jpg?_nc_cat=101&amp;ccb=1-7&amp;_nc_sid=8ae9d6&amp;_nc_ohc=e8CaZw1KOdEAX-Uj2U8&amp;_nc_ht=scontent-ecv1-1.cdninstagram.com&amp;edm=AM6HXa8EAAAA&amp;oh=00_AT_oMT5Db6YGc28ZlInDvFOaI8SiGFpWszsWEDwNVn2K8Q&amp;oe=63561DE6&quot;}\">\n\t\t\t<span class=\"sbi-screenreader\">\ud83c\udfdeCAT \u2022 A la Vall de Card\u00f3s, #pallarssobir\u00e0 <\/span>\n\t\t\t<svg class=\"svg-inline--fa fa-clone fa-w-16 sbi_lightbox_carousel_icon\" aria-hidden=\"true\" aria-label=\"Clone\" data-fa-pro\u0192cessed=\"\" data-prefix=\"far\" data-icon=\"clone\" role=\"img\" xmlns=\"http:\/\/www.w3.org\/2000\/svg\" viewBox=\"0 0 512 512\">\n                    <path fill=\"currentColor\" d=\"M464 0H144c-26.51 0-48 21.49-48 48v48H48c-26.51 0-48 21.49-48 48v320c0 26.51 21.49 48 48 48h320c26.51 0 48-21.49 48-48v-48h48c26.51 0 48-21.49 48-48V48c0-26.51-21.49-48-48-48zM362 464H54a6 6 0 0 1-6-6V150a6 6 0 0 1 6-6h42v224c0 26.51 21.49 48 48 48h224v42a6 6 0 0 1-6 6zm96-96H150a6 6 0 0 1-6-6V54a6 6 0 0 1 6-6h308a6 6 0 0 1 6 6v308a6 6 0 0 1-6 6z\"><\/path>\n                <\/svg>\t\t\t\t\t\t<img decoding=\"async\" src=\"http:\/\/www.imuntanya.com\/wp-content\/plugins\/instagram-feed\/img\/placeholder.png\" alt=\"\ud83c\udfdeCAT \u2022 A la Vall de Card\u00f3s, #pallarssobir\u00e0 , aquest #sender que estem obrint donar\u00e0 acc\u00e9s a les bordes. \u00c9s un projecte molt reivindicat pels ve\u00efns i la entitat municipal descentralitzada (EMD) d\u2019Estaon. \n\n\ud83c\udfdeESP \u2022 Apertura de nuevos #senderos en el Valle de Card\u00f3s para dar acceso a las bordas. \n\n\ud83c\udfdeENG \u2022 New #pathways in a northeast valley of Spain. \n\n#camins #estaon #valldecardos\" aria-hidden=\"true\">\n\t\t<\/a>\n\t<\/div>\n<\/div><div class=\"sbi_item sbi_type_carousel sbi_new sbi_transition\"\n\tid=\"sbi_17967719959847253\" data-date=\"1663720231\">\n\t<div class=\"sbi_photo_wrap\">\n\t\t<a class=\"sbi_photo\" href=\"https:\/\/www.instagram.com\/p\/Civ6v3SPw1c\/\" target=\"_blank\" rel=\"noopener nofollow\"\n\t\t\tdata-full-res=\"https:\/\/scontent-ecv1-1.cdninstagram.com\/v\/t51.29350-15\/307772227_601077075060431_4838153233422742659_n.jpg?_nc_cat=103&#038;ccb=1-7&#038;_nc_sid=8ae9d6&#038;_nc_ohc=7zQ5MWgqgbUAX-jtYT8&#038;_nc_ht=scontent-ecv1-1.cdninstagram.com&#038;edm=AM6HXa8EAAAA&#038;oh=00_AT9uF5X2KOVKzYiDQccU2azLUJNJpVAnDXKGJp4gfNNABQ&#038;oe=6356BBCF\"\n\t\t\tdata-img-src-set=\"{&quot;d&quot;:&quot;https:\\\/\\\/scontent-ecv1-1.cdninstagram.com\\\/v\\\/t51.29350-15\\\/307772227_601077075060431_4838153233422742659_n.jpg?_nc_cat=103&amp;ccb=1-7&amp;_nc_sid=8ae9d6&amp;_nc_ohc=7zQ5MWgqgbUAX-jtYT8&amp;_nc_ht=scontent-ecv1-1.cdninstagram.com&amp;edm=AM6HXa8EAAAA&amp;oh=00_AT9uF5X2KOVKzYiDQccU2azLUJNJpVAnDXKGJp4gfNNABQ&amp;oe=6356BBCF&quot;,&quot;150&quot;:&quot;https:\\\/\\\/scontent-ecv1-1.cdninstagram.com\\\/v\\\/t51.29350-15\\\/307772227_601077075060431_4838153233422742659_n.jpg?_nc_cat=103&amp;ccb=1-7&amp;_nc_sid=8ae9d6&amp;_nc_ohc=7zQ5MWgqgbUAX-jtYT8&amp;_nc_ht=scontent-ecv1-1.cdninstagram.com&amp;edm=AM6HXa8EAAAA&amp;oh=00_AT9uF5X2KOVKzYiDQccU2azLUJNJpVAnDXKGJp4gfNNABQ&amp;oe=6356BBCF&quot;,&quot;320&quot;:&quot;https:\\\/\\\/scontent-ecv1-1.cdninstagram.com\\\/v\\\/t51.29350-15\\\/307772227_601077075060431_4838153233422742659_n.jpg?_nc_cat=103&amp;ccb=1-7&amp;_nc_sid=8ae9d6&amp;_nc_ohc=7zQ5MWgqgbUAX-jtYT8&amp;_nc_ht=scontent-ecv1-1.cdninstagram.com&amp;edm=AM6HXa8EAAAA&amp;oh=00_AT9uF5X2KOVKzYiDQccU2azLUJNJpVAnDXKGJp4gfNNABQ&amp;oe=6356BBCF&quot;,&quot;640&quot;:&quot;https:\\\/\\\/scontent-ecv1-1.cdninstagram.com\\\/v\\\/t51.29350-15\\\/307772227_601077075060431_4838153233422742659_n.jpg?_nc_cat=103&amp;ccb=1-7&amp;_nc_sid=8ae9d6&amp;_nc_ohc=7zQ5MWgqgbUAX-jtYT8&amp;_nc_ht=scontent-ecv1-1.cdninstagram.com&amp;edm=AM6HXa8EAAAA&amp;oh=00_AT9uF5X2KOVKzYiDQccU2azLUJNJpVAnDXKGJp4gfNNABQ&amp;oe=6356BBCF&quot;}\">\n\t\t\t<span class=\"sbi-screenreader\">\ud83c\udf01ESP\u2022 Materiales de los #puentescolgantes de <\/span>\n\t\t\t<svg class=\"svg-inline--fa fa-clone fa-w-16 sbi_lightbox_carousel_icon\" aria-hidden=\"true\" aria-label=\"Clone\" data-fa-pro\u0192cessed=\"\" data-prefix=\"far\" data-icon=\"clone\" role=\"img\" xmlns=\"http:\/\/www.w3.org\/2000\/svg\" viewBox=\"0 0 512 512\">\n                    <path fill=\"currentColor\" d=\"M464 0H144c-26.51 0-48 21.49-48 48v48H48c-26.51 0-48 21.49-48 48v320c0 26.51 21.49 48 48 48h320c26.51 0 48-21.49 48-48v-48h48c26.51 0 48-21.49 48-48V48c0-26.51-21.49-48-48-48zM362 464H54a6 6 0 0 1-6-6V150a6 6 0 0 1 6-6h42v224c0 26.51 21.49 48 48 48h224v42a6 6 0 0 1-6 6zm96-96H150a6 6 0 0 1-6-6V54a6 6 0 0 1 6-6h308a6 6 0 0 1 6 6v308a6 6 0 0 1-6 6z\"><\/path>\n                <\/svg>\t\t\t\t\t\t<img decoding=\"async\" src=\"http:\/\/www.imuntanya.com\/wp-content\/plugins\/instagram-feed\/img\/placeholder.png\" alt=\"\ud83c\udf01ESP\u2022 Materiales de los #puentescolgantes de #Jubrique antes y despu\u00e9s del premontaje en nuestro taller. Por la elevada dificultad de transporte y acceso al lugar de su construcci\u00f3n, hemos mejorado el dise\u00f1o original reduciendo soldadura en obra y evitando al m\u00e1ximo imprevistos durante su instalaci\u00f3n. \n\n\ud83c\udf09CAT \u2022 Materials dels #pontspenjants que instal\u00b7larem a Jubrique, M\u00e0laga, abans i despr\u00e9s del premuntatge que hem dut a terme al nostre taller. Hem millorat el disseny dels ponts per redu\u00efr les soldadures en obra ja que l\u2019acc\u00e9s i transport a la seva ubicaci\u00f3 \u00e9s molt complicat. \n\n\ud83c\udf01ENG \u2022 In our workshop we tested and pre-assembled two new #footbridges that will be soon installed in an area of very difficult access in the south of Spain. \n\n#walkway #passarelasuspesa #pasarelapeatonal #suspendedwalkway #pontpenjant #puentecolgante\" aria-hidden=\"true\">\n\t\t<\/a>\n\t<\/div>\n<\/div><div class=\"sbi_item sbi_type_carousel sbi_new sbi_transition\"\n\tid=\"sbi_18026498311405897\" data-date=\"1663397854\">\n\t<div class=\"sbi_photo_wrap\">\n\t\t<a class=\"sbi_photo\" href=\"https:\/\/www.instagram.com\/p\/CimT3LpLv4o\/\" target=\"_blank\" rel=\"noopener nofollow\"\n\t\t\tdata-full-res=\"https:\/\/scontent-ecv1-1.cdninstagram.com\/v\/t51.29350-15\/307309280_135898339159647_2351055287679535420_n.jpg?_nc_cat=101&#038;ccb=1-7&#038;_nc_sid=8ae9d6&#038;_nc_ohc=Jf456-ZNsKYAX9E08YQ&#038;_nc_ht=scontent-ecv1-1.cdninstagram.com&#038;edm=AM6HXa8EAAAA&#038;oh=00_AT8PALMuvpZPC98-KVeTk_t6bi3V9fKX5sgkLccURR0scA&#038;oe=6357044D\"\n\t\t\tdata-img-src-set=\"{&quot;d&quot;:&quot;https:\\\/\\\/scontent-ecv1-1.cdninstagram.com\\\/v\\\/t51.29350-15\\\/307309280_135898339159647_2351055287679535420_n.jpg?_nc_cat=101&amp;ccb=1-7&amp;_nc_sid=8ae9d6&amp;_nc_ohc=Jf456-ZNsKYAX9E08YQ&amp;_nc_ht=scontent-ecv1-1.cdninstagram.com&amp;edm=AM6HXa8EAAAA&amp;oh=00_AT8PALMuvpZPC98-KVeTk_t6bi3V9fKX5sgkLccURR0scA&amp;oe=6357044D&quot;,&quot;150&quot;:&quot;https:\\\/\\\/scontent-ecv1-1.cdninstagram.com\\\/v\\\/t51.29350-15\\\/307309280_135898339159647_2351055287679535420_n.jpg?_nc_cat=101&amp;ccb=1-7&amp;_nc_sid=8ae9d6&amp;_nc_ohc=Jf456-ZNsKYAX9E08YQ&amp;_nc_ht=scontent-ecv1-1.cdninstagram.com&amp;edm=AM6HXa8EAAAA&amp;oh=00_AT8PALMuvpZPC98-KVeTk_t6bi3V9fKX5sgkLccURR0scA&amp;oe=6357044D&quot;,&quot;320&quot;:&quot;https:\\\/\\\/scontent-ecv1-1.cdninstagram.com\\\/v\\\/t51.29350-15\\\/307309280_135898339159647_2351055287679535420_n.jpg?_nc_cat=101&amp;ccb=1-7&amp;_nc_sid=8ae9d6&amp;_nc_ohc=Jf456-ZNsKYAX9E08YQ&amp;_nc_ht=scontent-ecv1-1.cdninstagram.com&amp;edm=AM6HXa8EAAAA&amp;oh=00_AT8PALMuvpZPC98-KVeTk_t6bi3V9fKX5sgkLccURR0scA&amp;oe=6357044D&quot;,&quot;640&quot;:&quot;https:\\\/\\\/scontent-ecv1-1.cdninstagram.com\\\/v\\\/t51.29350-15\\\/307309280_135898339159647_2351055287679535420_n.jpg?_nc_cat=101&amp;ccb=1-7&amp;_nc_sid=8ae9d6&amp;_nc_ohc=Jf456-ZNsKYAX9E08YQ&amp;_nc_ht=scontent-ecv1-1.cdninstagram.com&amp;edm=AM6HXa8EAAAA&amp;oh=00_AT8PALMuvpZPC98-KVeTk_t6bi3V9fKX5sgkLccURR0scA&amp;oe=6357044D&quot;}\">\n\t\t\t<span class=\"sbi-screenreader\">\ud83d\udc77\ud83c\udffc\u200d\u2640\ufe0f\ud83d\udc77\ud83c\udffd\u200d\u2642\ufe0fCAT \u2022 Cerquem <\/span>\n\t\t\t<svg class=\"svg-inline--fa fa-clone fa-w-16 sbi_lightbox_carousel_icon\" aria-hidden=\"true\" aria-label=\"Clone\" data-fa-pro\u0192cessed=\"\" data-prefix=\"far\" data-icon=\"clone\" role=\"img\" xmlns=\"http:\/\/www.w3.org\/2000\/svg\" viewBox=\"0 0 512 512\">\n                    <path fill=\"currentColor\" d=\"M464 0H144c-26.51 0-48 21.49-48 48v48H48c-26.51 0-48 21.49-48 48v320c0 26.51 21.49 48 48 48h320c26.51 0 48-21.49 48-48v-48h48c26.51 0 48-21.49 48-48V48c0-26.51-21.49-48-48-48zM362 464H54a6 6 0 0 1-6-6V150a6 6 0 0 1 6-6h42v224c0 26.51 21.49 48 48 48h224v42a6 6 0 0 1-6 6zm96-96H150a6 6 0 0 1-6-6V54a6 6 0 0 1 6-6h308a6 6 0 0 1 6 6v308a6 6 0 0 1-6 6z\"><\/path>\n                <\/svg>\t\t\t\t\t\t<img decoding=\"async\" src=\"http:\/\/www.imuntanya.com\/wp-content\/plugins\/instagram-feed\/img\/placeholder.png\" alt=\"\ud83d\udc77\ud83c\udffc\u200d\u2640\ufe0f\ud83d\udc77\ud83c\udffd\u200d\u2642\ufe0fCAT \u2022 Cerquem operaris d\u2019obra amb formaci\u00f3 en treballs verticals, amb disponibilitat per viatjar a nivell nacional per a obres en talussos, t\u00fanels i de paleta. M\u00e9s informaci\u00f3, contacteu amb nosaltres! \n\n#ofertafeina #estabilitzaciovessant #estabilitzaciotalussos #ofertatrabajo #estabilizaciondetaludes #geotecnia\" aria-hidden=\"true\">\n\t\t<\/a>\n\t<\/div>\n<\/div><div class=\"sbi_item sbi_type_carousel sbi_new sbi_transition\"\n\tid=\"sbi_17967263863858521\" data-date=\"1663030771\">\n\t<div class=\"sbi_photo_wrap\">\n\t\t<a class=\"sbi_photo\" href=\"https:\/\/www.instagram.com\/p\/CibXtNsPgz4\/\" target=\"_blank\" rel=\"noopener nofollow\"\n\t\t\tdata-full-res=\"https:\/\/scontent-ecv1-1.cdninstagram.com\/v\/t51.29350-15\/306520949_4943662745734406_7903246370543982266_n.jpg?_nc_cat=108&#038;ccb=1-7&#038;_nc_sid=8ae9d6&#038;_nc_ohc=i9VjTeKG7iIAX92iqnv&#038;_nc_ht=scontent-ecv1-1.cdninstagram.com&#038;edm=AM6HXa8EAAAA&#038;oh=00_AT_kPP3zJXhrYGTWHxEfFGCa7Q22jlzUFeFncMEKAYxUCg&#038;oe=6355F9BB\"\n\t\t\tdata-img-src-set=\"{&quot;d&quot;:&quot;https:\\\/\\\/scontent-ecv1-1.cdninstagram.com\\\/v\\\/t51.29350-15\\\/306520949_4943662745734406_7903246370543982266_n.jpg?_nc_cat=108&amp;ccb=1-7&amp;_nc_sid=8ae9d6&amp;_nc_ohc=i9VjTeKG7iIAX92iqnv&amp;_nc_ht=scontent-ecv1-1.cdninstagram.com&amp;edm=AM6HXa8EAAAA&amp;oh=00_AT_kPP3zJXhrYGTWHxEfFGCa7Q22jlzUFeFncMEKAYxUCg&amp;oe=6355F9BB&quot;,&quot;150&quot;:&quot;https:\\\/\\\/scontent-ecv1-1.cdninstagram.com\\\/v\\\/t51.29350-15\\\/306520949_4943662745734406_7903246370543982266_n.jpg?_nc_cat=108&amp;ccb=1-7&amp;_nc_sid=8ae9d6&amp;_nc_ohc=i9VjTeKG7iIAX92iqnv&amp;_nc_ht=scontent-ecv1-1.cdninstagram.com&amp;edm=AM6HXa8EAAAA&amp;oh=00_AT_kPP3zJXhrYGTWHxEfFGCa7Q22jlzUFeFncMEKAYxUCg&amp;oe=6355F9BB&quot;,&quot;320&quot;:&quot;https:\\\/\\\/scontent-ecv1-1.cdninstagram.com\\\/v\\\/t51.29350-15\\\/306520949_4943662745734406_7903246370543982266_n.jpg?_nc_cat=108&amp;ccb=1-7&amp;_nc_sid=8ae9d6&amp;_nc_ohc=i9VjTeKG7iIAX92iqnv&amp;_nc_ht=scontent-ecv1-1.cdninstagram.com&amp;edm=AM6HXa8EAAAA&amp;oh=00_AT_kPP3zJXhrYGTWHxEfFGCa7Q22jlzUFeFncMEKAYxUCg&amp;oe=6355F9BB&quot;,&quot;640&quot;:&quot;https:\\\/\\\/scontent-ecv1-1.cdninstagram.com\\\/v\\\/t51.29350-15\\\/306520949_4943662745734406_7903246370543982266_n.jpg?_nc_cat=108&amp;ccb=1-7&amp;_nc_sid=8ae9d6&amp;_nc_ohc=i9VjTeKG7iIAX92iqnv&amp;_nc_ht=scontent-ecv1-1.cdninstagram.com&amp;edm=AM6HXa8EAAAA&amp;oh=00_AT_kPP3zJXhrYGTWHxEfFGCa7Q22jlzUFeFncMEKAYxUCg&amp;oe=6355F9BB&quot;}\">\n\t\t\t<span class=\"sbi-screenreader\">\ud83c\udfdeESP \u2022 Caminos empedrados para salvar una fue<\/span>\n\t\t\t<svg class=\"svg-inline--fa fa-clone fa-w-16 sbi_lightbox_carousel_icon\" aria-hidden=\"true\" aria-label=\"Clone\" data-fa-pro\u0192cessed=\"\" data-prefix=\"far\" data-icon=\"clone\" role=\"img\" xmlns=\"http:\/\/www.w3.org\/2000\/svg\" viewBox=\"0 0 512 512\">\n                    <path fill=\"currentColor\" d=\"M464 0H144c-26.51 0-48 21.49-48 48v48H48c-26.51 0-48 21.49-48 48v320c0 26.51 21.49 48 48 48h320c26.51 0 48-21.49 48-48v-48h48c26.51 0 48-21.49 48-48V48c0-26.51-21.49-48-48-48zM362 464H54a6 6 0 0 1-6-6V150a6 6 0 0 1 6-6h42v224c0 26.51 21.49 48 48 48h224v42a6 6 0 0 1-6 6zm96-96H150a6 6 0 0 1-6-6V54a6 6 0 0 1 6-6h308a6 6 0 0 1 6 6v308a6 6 0 0 1-6 6z\"><\/path>\n                <\/svg>\t\t\t\t\t\t<img decoding=\"async\" src=\"http:\/\/www.imuntanya.com\/wp-content\/plugins\/instagram-feed\/img\/placeholder.png\" alt=\"\ud83c\udfdeESP \u2022 Caminos empedrados para salvar una fuerte pendiente de los nuevos senderos en #Jubrique #malaga. Pronto os mostraremos los #puentescolgantes que forman parte de esta obra. \n\n\ud83c\udfdeCAT \u2022 Empedrat dels camins que formen part de nous recorreguts a La Costa del Sol espanyola. Pr\u00f2ximament us mostrarem els treballs en #pontspenjants d\u2019aquesta obra. \n\n\ud83c\udfdeENG \u2022 New pathways that will include two #footbridges designed and built by us in #Andalusia, south of Spain. \n\n#senders #senderos #walkways #footbridge #camins #empedrat #caminos\" aria-hidden=\"true\">\n\t\t<\/a>\n\t<\/div>\n<\/div><div class=\"sbi_item sbi_type_carousel sbi_new sbi_transition\"\n\tid=\"sbi_17861741957789494\" data-date=\"1662428334\">\n\t<div class=\"sbi_photo_wrap\">\n\t\t<a class=\"sbi_photo\" href=\"https:\/\/www.instagram.com\/p\/CiJapl1rbUl\/\" target=\"_blank\" rel=\"noopener nofollow\"\n\t\t\tdata-full-res=\"https:\/\/scontent-ecv1-1.cdninstagram.com\/v\/t51.29350-15\/305409637_481382483535505_1662132541209340558_n.jpg?_nc_cat=103&#038;ccb=1-7&#038;_nc_sid=8ae9d6&#038;_nc_ohc=yrpUEjDtEP4AX9N9egP&#038;_nc_ht=scontent-ecv1-1.cdninstagram.com&#038;edm=AM6HXa8EAAAA&#038;oh=00_AT_m6qhEl96TEre6Z6Tz7v-FX_xF8EQpFPkOR43nFQ9Isg&#038;oe=63571524\"\n\t\t\tdata-img-src-set=\"{&quot;d&quot;:&quot;https:\\\/\\\/scontent-ecv1-1.cdninstagram.com\\\/v\\\/t51.29350-15\\\/305409637_481382483535505_1662132541209340558_n.jpg?_nc_cat=103&amp;ccb=1-7&amp;_nc_sid=8ae9d6&amp;_nc_ohc=yrpUEjDtEP4AX9N9egP&amp;_nc_ht=scontent-ecv1-1.cdninstagram.com&amp;edm=AM6HXa8EAAAA&amp;oh=00_AT_m6qhEl96TEre6Z6Tz7v-FX_xF8EQpFPkOR43nFQ9Isg&amp;oe=63571524&quot;,&quot;150&quot;:&quot;https:\\\/\\\/scontent-ecv1-1.cdninstagram.com\\\/v\\\/t51.29350-15\\\/305409637_481382483535505_1662132541209340558_n.jpg?_nc_cat=103&amp;ccb=1-7&amp;_nc_sid=8ae9d6&amp;_nc_ohc=yrpUEjDtEP4AX9N9egP&amp;_nc_ht=scontent-ecv1-1.cdninstagram.com&amp;edm=AM6HXa8EAAAA&amp;oh=00_AT_m6qhEl96TEre6Z6Tz7v-FX_xF8EQpFPkOR43nFQ9Isg&amp;oe=63571524&quot;,&quot;320&quot;:&quot;https:\\\/\\\/scontent-ecv1-1.cdninstagram.com\\\/v\\\/t51.29350-15\\\/305409637_481382483535505_1662132541209340558_n.jpg?_nc_cat=103&amp;ccb=1-7&amp;_nc_sid=8ae9d6&amp;_nc_ohc=yrpUEjDtEP4AX9N9egP&amp;_nc_ht=scontent-ecv1-1.cdninstagram.com&amp;edm=AM6HXa8EAAAA&amp;oh=00_AT_m6qhEl96TEre6Z6Tz7v-FX_xF8EQpFPkOR43nFQ9Isg&amp;oe=63571524&quot;,&quot;640&quot;:&quot;https:\\\/\\\/scontent-ecv1-1.cdninstagram.com\\\/v\\\/t51.29350-15\\\/305409637_481382483535505_1662132541209340558_n.jpg?_nc_cat=103&amp;ccb=1-7&amp;_nc_sid=8ae9d6&amp;_nc_ohc=yrpUEjDtEP4AX9N9egP&amp;_nc_ht=scontent-ecv1-1.cdninstagram.com&amp;edm=AM6HXa8EAAAA&amp;oh=00_AT_m6qhEl96TEre6Z6Tz7v-FX_xF8EQpFPkOR43nFQ9Isg&amp;oe=63571524&quot;}\">\n\t\t\t<span class=\"sbi-screenreader\">ESP \u2022 \ud83d\udc77\ud83c\udffd\u200d\u2642\ufe0f Estamos donde nos necesi<\/span>\n\t\t\t<svg class=\"svg-inline--fa fa-clone fa-w-16 sbi_lightbox_carousel_icon\" aria-hidden=\"true\" aria-label=\"Clone\" data-fa-pro\u0192cessed=\"\" data-prefix=\"far\" data-icon=\"clone\" role=\"img\" xmlns=\"http:\/\/www.w3.org\/2000\/svg\" viewBox=\"0 0 512 512\">\n                    <path fill=\"currentColor\" d=\"M464 0H144c-26.51 0-48 21.49-48 48v48H48c-26.51 0-48 21.49-48 48v320c0 26.51 21.49 48 48 48h320c26.51 0 48-21.49 48-48v-48h48c26.51 0 48-21.49 48-48V48c0-26.51-21.49-48-48-48zM362 464H54a6 6 0 0 1-6-6V150a6 6 0 0 1 6-6h42v224c0 26.51 21.49 48 48 48h224v42a6 6 0 0 1-6 6zm96-96H150a6 6 0 0 1-6-6V54a6 6 0 0 1 6-6h308a6 6 0 0 1 6 6v308a6 6 0 0 1-6 6z\"><\/path>\n                <\/svg>\t\t\t\t\t\t<img decoding=\"async\" src=\"http:\/\/www.imuntanya.com\/wp-content\/plugins\/instagram-feed\/img\/placeholder.png\" alt=\"ESP \u2022 \ud83d\udc77\ud83c\udffd\u200d\u2642\ufe0f Estamos donde nos necesiten! \ud83d\udcf7 Estabilizaci\u00f3n de un muro de terrapl\u00e9n en la peque\u00f1a aldea de #Chinamada, en el norte de Santa Cruz de Tenerife. \n\nCAT \u2022 \ud83d\udc77\ud83c\udffb\u200d\u2642\ufe0f Serem all\u00ed on faci falta! #estabilitzacioterraple en una petita vila del nord de l\u2019illa de #Tenerife. \n\nENG \u2022 \ud83d\udc77\ud83c\udfff\u200d\u2642\ufe0f Working on a remote yet touristy hamlet in the north of #tenerifeisland known for it\u2019s cave dwellings and good walks.\n\n#estabilizaciondetaludes #estabilitzaciovessant #estabilitzaciotalussos #slopestability #geotecniavertical\" aria-hidden=\"true\">\n\t\t<\/a>\n\t<\/div>\n<\/div><div class=\"sbi_item sbi_type_carousel sbi_new sbi_transition\"\n\tid=\"sbi_17953651952067901\" data-date=\"1661470354\">\n\t<div class=\"sbi_photo_wrap\">\n\t\t<a class=\"sbi_photo\" href=\"https:\/\/www.instagram.com\/p\/Chs3cocvDrm\/\" target=\"_blank\" rel=\"noopener nofollow\"\n\t\t\tdata-full-res=\"https:\/\/scontent-ecv1-1.cdninstagram.com\/v\/t51.29350-15\/301273989_478774703744764_4658379006958460692_n.jpg?_nc_cat=107&#038;ccb=1-7&#038;_nc_sid=8ae9d6&#038;_nc_ohc=tw8prZODE7gAX9ggmMW&#038;_nc_ht=scontent-ecv1-1.cdninstagram.com&#038;edm=AM6HXa8EAAAA&#038;oh=00_AT_bYYCYn2RkVgOhOxahHXcHGAJhLsPu1jVYprChAiDnUQ&#038;oe=6356578D\"\n\t\t\tdata-img-src-set=\"{&quot;d&quot;:&quot;https:\\\/\\\/scontent-ecv1-1.cdninstagram.com\\\/v\\\/t51.29350-15\\\/301273989_478774703744764_4658379006958460692_n.jpg?_nc_cat=107&amp;ccb=1-7&amp;_nc_sid=8ae9d6&amp;_nc_ohc=tw8prZODE7gAX9ggmMW&amp;_nc_ht=scontent-ecv1-1.cdninstagram.com&amp;edm=AM6HXa8EAAAA&amp;oh=00_AT_bYYCYn2RkVgOhOxahHXcHGAJhLsPu1jVYprChAiDnUQ&amp;oe=6356578D&quot;,&quot;150&quot;:&quot;https:\\\/\\\/scontent-ecv1-1.cdninstagram.com\\\/v\\\/t51.29350-15\\\/301273989_478774703744764_4658379006958460692_n.jpg?_nc_cat=107&amp;ccb=1-7&amp;_nc_sid=8ae9d6&amp;_nc_ohc=tw8prZODE7gAX9ggmMW&amp;_nc_ht=scontent-ecv1-1.cdninstagram.com&amp;edm=AM6HXa8EAAAA&amp;oh=00_AT_bYYCYn2RkVgOhOxahHXcHGAJhLsPu1jVYprChAiDnUQ&amp;oe=6356578D&quot;,&quot;320&quot;:&quot;https:\\\/\\\/scontent-ecv1-1.cdninstagram.com\\\/v\\\/t51.29350-15\\\/301273989_478774703744764_4658379006958460692_n.jpg?_nc_cat=107&amp;ccb=1-7&amp;_nc_sid=8ae9d6&amp;_nc_ohc=tw8prZODE7gAX9ggmMW&amp;_nc_ht=scontent-ecv1-1.cdninstagram.com&amp;edm=AM6HXa8EAAAA&amp;oh=00_AT_bYYCYn2RkVgOhOxahHXcHGAJhLsPu1jVYprChAiDnUQ&amp;oe=6356578D&quot;,&quot;640&quot;:&quot;https:\\\/\\\/scontent-ecv1-1.cdninstagram.com\\\/v\\\/t51.29350-15\\\/301273989_478774703744764_4658379006958460692_n.jpg?_nc_cat=107&amp;ccb=1-7&amp;_nc_sid=8ae9d6&amp;_nc_ohc=tw8prZODE7gAX9ggmMW&amp;_nc_ht=scontent-ecv1-1.cdninstagram.com&amp;edm=AM6HXa8EAAAA&amp;oh=00_AT_bYYCYn2RkVgOhOxahHXcHGAJhLsPu1jVYprChAiDnUQ&amp;oe=6356578D&quot;}\">\n\t\t\t<span class=\"sbi-screenreader\">\ud83d\udc77\ud83c\udffd\u200d\u2642\ufe0f\u2600\ufe0fESP \u2022 Trabajos de saneami<\/span>\n\t\t\t<svg class=\"svg-inline--fa fa-clone fa-w-16 sbi_lightbox_carousel_icon\" aria-hidden=\"true\" aria-label=\"Clone\" data-fa-pro\u0192cessed=\"\" data-prefix=\"far\" data-icon=\"clone\" role=\"img\" xmlns=\"http:\/\/www.w3.org\/2000\/svg\" viewBox=\"0 0 512 512\">\n                    <path fill=\"currentColor\" d=\"M464 0H144c-26.51 0-48 21.49-48 48v48H48c-26.51 0-48 21.49-48 48v320c0 26.51 21.49 48 48 48h320c26.51 0 48-21.49 48-48v-48h48c26.51 0 48-21.49 48-48V48c0-26.51-21.49-48-48-48zM362 464H54a6 6 0 0 1-6-6V150a6 6 0 0 1 6-6h42v224c0 26.51 21.49 48 48 48h224v42a6 6 0 0 1-6 6zm96-96H150a6 6 0 0 1-6-6V54a6 6 0 0 1 6-6h308a6 6 0 0 1 6 6v308a6 6 0 0 1-6 6z\"><\/path>\n                <\/svg>\t\t\t\t\t\t<img decoding=\"async\" src=\"http:\/\/www.imuntanya.com\/wp-content\/plugins\/instagram-feed\/img\/placeholder.png\" alt=\"\ud83d\udc77\ud83c\udffd\u200d\u2642\ufe0f\u2600\ufe0fESP \u2022 Trabajos de saneamiento de rocas inestables, instalaci\u00f3n de malla y cables de refuerzo en la  #playasocorro de #Tenerife . Ahora disfrutar de la arena volc\u00e1nica de esta preciosa \ud83c\udfdd! \n\n\ud83d\udc77\ud83c\udffc\u200d\u2642\ufe0f\u2600\ufe0fCAT \u2022 Treballs de #sanejamentblocsinestables i #estabilitzaciodetalussos en una platja d\u2019arena negra volc\u00e0nica a les Illes Can\u00e0ries.\n\n\ud83d\udc77\ud83c\udfff\u200d\u2642\ufe0f\u2600\ufe0fENG \u2022 In an amazing location of the #canarianislands our team worked hard to protect a well-known beach with #slopestabilization and #fallrockprotection\n\n#estabilizaciondetaludes #slopestability #esllavissada #estabilitzaciovessant #geotecniavertical #ropeaccess #treballsverticals #trabajosenaltura\" aria-hidden=\"true\">\n\t\t<\/a>\n\t<\/div>\n<\/div>\t<\/div>\n\n\t<div id=\"sbi_load\" >\n\n\t\n\t\n<\/div>\n\t\t<span class=\"sbi_resized_image_data\" data-feed-id=\"sbi_imuntanya#10\"\n\t\t  data-resized=\"{&quot;17902883606657620&quot;:{&quot;id&quot;:&quot;310458257_5309478662434491_59655211665029113_n&quot;,&quot;ratio&quot;:&quot;1.00&quot;,&quot;sizes&quot;:{&quot;full&quot;:640,&quot;low&quot;:320,&quot;thumb&quot;:150}},&quot;17986974163543139&quot;:{&quot;id&quot;:&quot;309165650_555070736377870_5231020589490189583_n&quot;,&quot;ratio&quot;:&quot;1.00&quot;,&quot;sizes&quot;:{&quot;full&quot;:640,&quot;low&quot;:320,&quot;thumb&quot;:150}},&quot;17967719959847253&quot;:{&quot;id&quot;:&quot;307772227_601077075060431_4838153233422742659_n&quot;,&quot;ratio&quot;:&quot;1.00&quot;,&quot;sizes&quot;:{&quot;full&quot;:640,&quot;low&quot;:320,&quot;thumb&quot;:150}},&quot;18026498311405897&quot;:{&quot;id&quot;:&quot;307309280_135898339159647_2351055287679535420_n&quot;,&quot;ratio&quot;:&quot;1.00&quot;,&quot;sizes&quot;:{&quot;full&quot;:640,&quot;low&quot;:320,&quot;thumb&quot;:150}},&quot;17967263863858521&quot;:{&quot;id&quot;:&quot;306520949_4943662745734406_7903246370543982266_n&quot;,&quot;ratio&quot;:&quot;1.00&quot;,&quot;sizes&quot;:{&quot;full&quot;:640,&quot;low&quot;:320,&quot;thumb&quot;:150}},&quot;17861741957789494&quot;:{&quot;id&quot;:&quot;305409637_481382483535505_1662132541209340558_n&quot;,&quot;ratio&quot;:&quot;1.00&quot;,&quot;sizes&quot;:{&quot;full&quot;:640,&quot;low&quot;:320,&quot;thumb&quot;:150}},&quot;17953651952067901&quot;:{&quot;id&quot;:&quot;301273989_478774703744764_4658379006958460692_n&quot;,&quot;ratio&quot;:&quot;1.00&quot;,&quot;sizes&quot;:{&quot;full&quot;:640,&quot;low&quot;:320,&quot;thumb&quot;:150}},&quot;18024344614422679&quot;:{&quot;id&quot;:&quot;311004773_411319697840741_1890376904453732176_n&quot;,&quot;ratio&quot;:&quot;1.00&quot;,&quot;sizes&quot;:{&quot;full&quot;:640,&quot;low&quot;:320,&quot;thumb&quot;:150}},&quot;18239822200130655&quot;:{&quot;id&quot;:&quot;309298859_859552341727988_3094135676533252408_n&quot;,&quot;ratio&quot;:&quot;0.56&quot;,&quot;sizes&quot;:{&quot;full&quot;:640,&quot;low&quot;:320,&quot;thumb&quot;:150}},&quot;18058497049343644&quot;:{&quot;id&quot;:&quot;312064931_432340502373906_8193819767404002975_n&quot;,&quot;ratio&quot;:&quot;1.00&quot;,&quot;sizes&quot;:{&quot;full&quot;:640,&quot;low&quot;:320,&quot;thumb&quot;:150}}}\">\n\t<\/span>\n\t<\/div>\n\nQualit\u00e9 et environnementInfraestructuras de Muntanya S.L. poss\u00e8de des certificats de syst\u00e8me de gestion de la qualit\u00e9 et de [&hellip;]<\/p>\n","protected":false},"author":1,"featured_media":0,"parent":0,"menu_order":0,"comment_status":"closed","ping_status":"closed","template":"","meta":{"_et_pb_use_builder":"on","_et_pb_old_content":"","_et_gb_content_width":"","footnotes":""},"class_list":["post-1527","page","type-page","status-publish","hentry"],"yoast_head":"<!-- This site is optimized with the Yoast SEO plugin v26.1.1 - https:\/\/yoast.com\/wordpress\/plugins\/seo\/ -->\n<title>nous conna\u00eetre | imuntanya<\/title>\n<meta name=\"robots\" content=\"index, follow, max-snippet:-1, max-image-preview:large, max-video-preview:-1\" \/>\n<link rel=\"canonical\" href=\"http:\/\/www.imuntanya.com\/qui-som\/\" \/>\n<meta property=\"og:locale\" content=\"fr_FR\" \/>\n<meta property=\"og:type\" content=\"article\" \/>\n<meta property=\"og:title\" content=\"nous conna\u00eetre | imuntanya\" \/>\n<meta property=\"og:description\" content=\"Que faisons-nous? Infraestructures de Muntanya S.L. est une entreprise qui offre des solutions de\u00a0g\u00e9otechnie et r\u00e9alise des projets uniques dans des zones difficiles d\u2019acc\u00e8s et en haute montagne. Nous sommes experts en\u00a0passerelles suspenduesprincipalement pour les pi\u00e9tons et v\u00e9los.Qualit\u00e9 et environnementInfraestructuras de Muntanya S.L. poss\u00e8de des certificats de syst\u00e8me de gestion de la qualit\u00e9 et de [&hellip;]\" \/>\n<meta property=\"og:url\" content=\"http:\/\/www.imuntanya.com\/qui-som\/\" \/>\n<meta property=\"og:site_name\" content=\"imuntanya\" \/>\n<meta property=\"article:publisher\" content=\"https:\/\/www.facebook.com\/imuntanya\" \/>\n<meta property=\"article:modified_time\" content=\"2022-06-08T16:15:43+00:00\" \/>\n<meta name=\"twitter:card\" content=\"summary_large_image\" \/>\n<meta name=\"twitter:site\" content=\"@imuntanya15\" \/>\n<meta name=\"twitter:label1\" content=\"Dur\u00e9e de lecture estim\u00e9e\" \/>\n\t<meta name=\"twitter:data1\" content=\"6 minutes\" \/>\n<script type=\"application\/ld+json\" class=\"yoast-schema-graph\">{\"@context\":\"https:\/\/schema.org\",\"@graph\":[{\"@type\":\"WebPage\",\"@id\":\"http:\/\/www.imuntanya.com\/qui-som\/\",\"url\":\"http:\/\/www.imuntanya.com\/qui-som\/\",\"name\":\"nous conna\u00eetre | imuntanya\",\"isPartOf\":{\"@id\":\"http:\/\/www.imuntanya.com\/#website\"},\"datePublished\":\"2018-12-10T10:55:53+00:00\",\"dateModified\":\"2022-06-08T16:15:43+00:00\",\"breadcrumb\":{\"@id\":\"http:\/\/www.imuntanya.com\/qui-som\/#breadcrumb\"},\"inLanguage\":\"fr-FR\",\"potentialAction\":[{\"@type\":\"ReadAction\",\"target\":[\"http:\/\/www.imuntanya.com\/qui-som\/\"]}]},{\"@type\":\"BreadcrumbList\",\"@id\":\"http:\/\/www.imuntanya.com\/qui-som\/#breadcrumb\",\"itemListElement\":[{\"@type\":\"ListItem\",\"position\":1,\"name\":\"Inici\",\"item\":\"http:\/\/www.imuntanya.com\/fr\/\"},{\"@type\":\"ListItem\",\"position\":2,\"name\":\"nous conna\u00eetre\"}]},{\"@type\":\"WebSite\",\"@id\":\"http:\/\/www.imuntanya.com\/#website\",\"url\":\"http:\/\/www.imuntanya.com\/\",\"name\":\"iMuntanya\",\"description\":\"Infraestructures per alta muntanya i en zones de dif\u00edcil acc\u00e9s\",\"publisher\":{\"@id\":\"http:\/\/www.imuntanya.com\/#organization\"},\"potentialAction\":[{\"@type\":\"SearchAction\",\"target\":{\"@type\":\"EntryPoint\",\"urlTemplate\":\"http:\/\/www.imuntanya.com\/?s={search_term_string}\"},\"query-input\":{\"@type\":\"PropertyValueSpecification\",\"valueRequired\":true,\"valueName\":\"search_term_string\"}}],\"inLanguage\":\"fr-FR\"},{\"@type\":\"Organization\",\"@id\":\"http:\/\/www.imuntanya.com\/#organization\",\"name\":\"iMuntanya \u00b7 Infraestructures de Muntanya S.L.\",\"url\":\"http:\/\/www.imuntanya.com\/\",\"logo\":{\"@type\":\"ImageObject\",\"inLanguage\":\"fr-FR\",\"@id\":\"http:\/\/www.imuntanya.com\/#\/schema\/logo\/image\/\",\"url\":\"http:\/\/www.imuntanya.com\/wp-content\/uploads\/2019\/07\/imu-cat-2.png\",\"contentUrl\":\"http:\/\/www.imuntanya.com\/wp-content\/uploads\/2019\/07\/imu-cat-2.png\",\"width\":640,\"height\":83,\"caption\":\"iMuntanya \u00b7 Infraestructures de Muntanya S.L.\"},\"image\":{\"@id\":\"http:\/\/www.imuntanya.com\/#\/schema\/logo\/image\/\"},\"sameAs\":[\"https:\/\/www.facebook.com\/imuntanya\",\"https:\/\/x.com\/imuntanya15\",\"https:\/\/www.instagram.com\/imuntanya\/\",\"https:\/\/www.linkedin.com\/company\/imuntanya\/\",\"https:\/\/www.youtube.com\/user\/imuntanyaatyoutub\"]}]}<\/script>\n<!-- \/ Yoast SEO plugin. -->","yoast_head_json":{"title":"nous conna\u00eetre | imuntanya","robots":{"index":"index","follow":"follow","max-snippet":"max-snippet:-1","max-image-preview":"max-image-preview:large","max-video-preview":"max-video-preview:-1"},"canonical":"http:\/\/www.imuntanya.com\/qui-som\/","og_locale":"fr_FR","og_type":"article","og_title":"nous conna\u00eetre | imuntanya","og_description":"Que faisons-nous? Infraestructures de Muntanya S.L. est une entreprise qui offre des solutions de\u00a0g\u00e9otechnie et r\u00e9alise des projets uniques dans des zones difficiles d\u2019acc\u00e8s et en haute montagne. Nous sommes experts en\u00a0passerelles suspenduesprincipalement pour les pi\u00e9tons et v\u00e9los.Qualit\u00e9 et environnementInfraestructuras de Muntanya S.L. poss\u00e8de des certificats de syst\u00e8me de gestion de la qualit\u00e9 et de [&hellip;]","og_url":"http:\/\/www.imuntanya.com\/qui-som\/","og_site_name":"imuntanya","article_publisher":"https:\/\/www.facebook.com\/imuntanya","article_modified_time":"2022-06-08T16:15:43+00:00","twitter_card":"summary_large_image","twitter_site":"@imuntanya15","twitter_misc":{"Dur\u00e9e de lecture estim\u00e9e":"6 minutes"},"schema":{"@context":"https:\/\/schema.org","@graph":[{"@type":"WebPage","@id":"http:\/\/www.imuntanya.com\/qui-som\/","url":"http:\/\/www.imuntanya.com\/qui-som\/","name":"nous conna\u00eetre | imuntanya","isPartOf":{"@id":"http:\/\/www.imuntanya.com\/#website"},"datePublished":"2018-12-10T10:55:53+00:00","dateModified":"2022-06-08T16:15:43+00:00","breadcrumb":{"@id":"http:\/\/www.imuntanya.com\/qui-som\/#breadcrumb"},"inLanguage":"fr-FR","potentialAction":[{"@type":"ReadAction","target":["http:\/\/www.imuntanya.com\/qui-som\/"]}]},{"@type":"BreadcrumbList","@id":"http:\/\/www.imuntanya.com\/qui-som\/#breadcrumb","itemListElement":[{"@type":"ListItem","position":1,"name":"Inici","item":"http:\/\/www.imuntanya.com\/fr\/"},{"@type":"ListItem","position":2,"name":"nous conna\u00eetre"}]},{"@type":"WebSite","@id":"http:\/\/www.imuntanya.com\/#website","url":"http:\/\/www.imuntanya.com\/","name":"iMuntanya","description":"Infraestructures per alta muntanya i en zones de dif\u00edcil acc\u00e9s","publisher":{"@id":"http:\/\/www.imuntanya.com\/#organization"},"potentialAction":[{"@type":"SearchAction","target":{"@type":"EntryPoint","urlTemplate":"http:\/\/www.imuntanya.com\/?s={search_term_string}"},"query-input":{"@type":"PropertyValueSpecification","valueRequired":true,"valueName":"search_term_string"}}],"inLanguage":"fr-FR"},{"@type":"Organization","@id":"http:\/\/www.imuntanya.com\/#organization","name":"iMuntanya \u00b7 Infraestructures de Muntanya S.L.","url":"http:\/\/www.imuntanya.com\/","logo":{"@type":"ImageObject","inLanguage":"fr-FR","@id":"http:\/\/www.imuntanya.com\/#\/schema\/logo\/image\/","url":"http:\/\/www.imuntanya.com\/wp-content\/uploads\/2019\/07\/imu-cat-2.png","contentUrl":"http:\/\/www.imuntanya.com\/wp-content\/uploads\/2019\/07\/imu-cat-2.png","width":640,"height":83,"caption":"iMuntanya \u00b7 Infraestructures de Muntanya S.L."},"image":{"@id":"http:\/\/www.imuntanya.com\/#\/schema\/logo\/image\/"},"sameAs":["https:\/\/www.facebook.com\/imuntanya","https:\/\/x.com\/imuntanya15","https:\/\/www.instagram.com\/imuntanya\/","https:\/\/www.linkedin.com\/company\/imuntanya\/","https:\/\/www.youtube.com\/user\/imuntanyaatyoutub"]}]}},"_links":{"self":[{"href":"http:\/\/www.imuntanya.com\/fr\/wp-json\/wp\/v2\/pages\/1527","targetHints":{"allow":["GET"]}}],"collection":[{"href":"http:\/\/www.imuntanya.com\/fr\/wp-json\/wp\/v2\/pages"}],"about":[{"href":"http:\/\/www.imuntanya.com\/fr\/wp-json\/wp\/v2\/types\/page"}],"author":[{"embeddable":true,"href":"http:\/\/www.imuntanya.com\/fr\/wp-json\/wp\/v2\/users\/1"}],"replies":[{"embeddable":true,"href":"http:\/\/www.imuntanya.com\/fr\/wp-json\/wp\/v2\/comments?post=1527"}],"version-history":[{"count":18,"href":"http:\/\/www.imuntanya.com\/fr\/wp-json\/wp\/v2\/pages\/1527\/revisions"}],"predecessor-version":[{"id":6413,"href":"http:\/\/www.imuntanya.com\/fr\/wp-json\/wp\/v2\/pages\/1527\/revisions\/6413"}],"wp:attachment":[{"href":"http:\/\/www.imuntanya.com\/fr\/wp-json\/wp\/v2\/media?parent=1527"}],"curies":[{"name":"wp","href":"https:\/\/api.w.org\/{rel}","templated":true}]}}